{"nbFiches":1,"dataPrest":{"infoPrest":{"pave1":{"libelle":"Slogan","contenu":"\u003Cdiv data-fulltext=\"\" data-placeholder=\"Traduction\" dir=\"ltr\" id=\"tw-target-text\"\u003EVerkauf von K&auml;sesorten und Schafmilchjoghurt von April bis Dezember und Farmbesichtigungen auf Vorbestellung.\u003C\/div\u003E\r\n"},"pave2":{"libelle":"Descriptif","contenu":""},"pave3":{"libelle":"","contenu":""},"pave4":{"libelle":"","contenu":""},"pave5":{"libelle":"","contenu":""},"pave6":{"libelle":"","contenu":""},"pave7":{"libelle":"","contenu":""},"pave8":{"libelle":"","contenu":""},"pave9":{"libelle":"","contenu":""},"pave10":{"libelle":"","contenu":""},"pave11":{"libelle":"","contenu":""},"pave12":{"libelle":"","contenu":""},"pave13":{"libelle":"","contenu":""},"pave14":{"libelle":"","contenu":""},"pave15":{"libelle":"","contenu":""},"pave16":{"libelle":"","contenu":""},"pave17":{"libelle":"","contenu":""},"pave18":{"libelle":"","contenu":""},"pave19":{"libelle":"","contenu":""},"pave20":{"libelle":"","contenu":""},"pave21":{"libelle":"","contenu":""},"pave22":{"libelle":"","contenu":""},"pave23":{"libelle":"","contenu":""},"pave24":{"libelle":"","contenu":""},"pave25":{"libelle":"","contenu":""},"Libelle":"Bauernhof Le Chaudron","Nom":"Ferme Pr\u00e9f\u00e9Retz","Prenom":"","NomPrenom":"Ferme Pr\u00e9f\u00e9Retz ","CiviliteNomPrenom":"Ferme Pr\u00e9f\u00e9Retz ","Cle":"D|FERMEPREFERETZ","PrestataireParent":"","ContexteStat":"PRESTATAIRE-D-FERMEPREFERETZ","DateModificationIso":"2024-05-21T10:26:00+02:00","Type":"PRESTATAIRE","TypePrestataire":"D","Adresse":{"LigneAdresse1":"5 Le Bois Rouaud","LigneAdresse2":"","LigneAdresse3":"","CodePostal":"44320","Ville":"ST PERE EN RETZ","Cedex":"","Etat":"","Pays":"FRA"},"Email":"angelique.vasseur6244@gmail.com","Telephone":"","TelephoneBureau":"","Portable":"06 08 28 77 61","SiteWeb":"https:\/\/www.facebook.com\/Preferetz","Fax":"","Id":"d-fermepreferetz","Code":"D|FERMEPREFERETZ","Fichier":{"Image":[{"url":"https:\/\/www.saint-brevin.com\/medias\/images\/prestataires\/800x600-logo-19506-8384.jpg","chemin":"..\/medias\/images\/prestataires\/800x600-logo-19506-8384.jpg","libelle":"800x600-logo-19506-8384","extension":"jpg","categorie":"","largeur":800,"theme":"","hauteur":799,"type":"Image","origine":"","liaisonPave":"","langue":"","id":"8384","urlVignette":"https:\/\/www.saint-brevin.com\/medias\/images\/prestataires\/v-800x600-logo-19506-8384.jpg","alt":"800x600-logo-19506-8384","title":"800x600-logo-19506-8384","MultiTaille":{"1920x1440":{"url":"https:\/\/www.saint-brevin.com\/medias\/images\/prestataires\/multitailles\/1920x1440_800x600-logo-19506-8384.jpg"},"1200x900":{"url":"https:\/\/www.saint-brevin.com\/medias\/images\/prestataires\/multitailles\/1200x900_800x600-logo-19506-8384.jpg"},"800x600":{"url":"https:\/\/www.saint-brevin.com\/medias\/images\/prestataires\/multitailles\/800x600_800x600-logo-19506-8384.jpg"},"640x480":{"url":"https:\/\/www.saint-brevin.com\/medias\/images\/prestataires\/multitailles\/640x480_800x600-logo-19506-8384.jpg"},"320x240":{"url":"https:\/\/www.saint-brevin.com\/medias\/images\/prestataires\/multitailles\/320x240_800x600-logo-19506-8384.jpg"},"160x120":{"url":"https:\/\/www.saint-brevin.com\/medias\/images\/prestataires\/multitailles\/160x120_800x600-logo-19506-8384.jpg"},"origine":{"url":"https:\/\/www.saint-brevin.com\/medias\/images\/prestataires\/800x600-logo-19506-8384.jpg"}},"urlLien":"","typeLien":"","nofollow":"N","copyright":""},{"url":"https:\/\/www.saint-brevin.com\/medias\/images\/prestataires\/ferme-preferetz-recolte-cereales-8435.jpg","chemin":"..\/medias\/images\/prestataires\/ferme-preferetz-recolte-cereales-8435.jpg","libelle":"ferme-preferetz-recolte-cereales-8435","extension":"jpg","categorie":"","largeur":960,"theme":"","hauteur":1200,"type":"Image","origine":"","liaisonPave":"","langue":"","id":"8435","urlVignette":"https:\/\/www.saint-brevin.com\/medias\/images\/prestataires\/v-ferme-preferetz-recolte-cereales-8435.jpg","alt":"ferme-preferetz-recolte-cereales-8435","title":"ferme-preferetz-recolte-cereales-8435","MultiTaille":{"1920x1440":{"url":"https:\/\/www.saint-brevin.com\/medias\/images\/prestataires\/multitailles\/1920x1440_ferme-preferetz-recolte-cereales-8435.jpg"},"1200x900":{"url":"https:\/\/www.saint-brevin.com\/medias\/images\/prestataires\/multitailles\/1200x900_ferme-preferetz-recolte-cereales-8435.jpg"},"800x600":{"url":"https:\/\/www.saint-brevin.com\/medias\/images\/prestataires\/multitailles\/800x600_ferme-preferetz-recolte-cereales-8435.jpg"},"640x480":{"url":"https:\/\/www.saint-brevin.com\/medias\/images\/prestataires\/multitailles\/640x480_ferme-preferetz-recolte-cereales-8435.jpg"},"320x240":{"url":"https:\/\/www.saint-brevin.com\/medias\/images\/prestataires\/multitailles\/320x240_ferme-preferetz-recolte-cereales-8435.jpg"},"160x120":{"url":"https:\/\/www.saint-brevin.com\/medias\/images\/prestataires\/multitailles\/160x120_ferme-preferetz-recolte-cereales-8435.jpg"},"origine":{"url":"https:\/\/www.saint-brevin.com\/medias\/images\/prestataires\/ferme-preferetz-recolte-cereales-8435.jpg"}},"urlLien":"","typeLien":"","nofollow":"N","copyright":""},{"url":"https:\/\/www.saint-brevin.com\/medias\/images\/prestataires\/img-0541-8385.jpg","chemin":"..\/medias\/images\/prestataires\/img-0541-8385.jpg","libelle":"img-0541-8385","extension":"jpg","categorie":"","largeur":4032,"theme":"","hauteur":3024,"type":"Image","origine":"","liaisonPave":"","langue":"","id":"8385","urlVignette":"https:\/\/www.saint-brevin.com\/medias\/images\/prestataires\/v-img-0541-8385.jpg","alt":"img-0541-8385","title":"img-0541-8385","MultiTaille":{"1920x1440":{"url":"https:\/\/www.saint-brevin.com\/medias\/images\/prestataires\/multitailles\/1920x1440_img-0541-8385.jpg"},"1200x900":{"url":"https:\/\/www.saint-brevin.com\/medias\/images\/prestataires\/multitailles\/1200x900_img-0541-8385.jpg"},"800x600":{"url":"https:\/\/www.saint-brevin.com\/medias\/images\/prestataires\/multitailles\/800x600_img-0541-8385.jpg"},"640x480":{"url":"https:\/\/www.saint-brevin.com\/medias\/images\/prestataires\/multitailles\/640x480_img-0541-8385.jpg"},"320x240":{"url":"https:\/\/www.saint-brevin.com\/medias\/images\/prestataires\/multitailles\/320x240_img-0541-8385.jpg"},"160x120":{"url":"https:\/\/www.saint-brevin.com\/medias\/images\/prestataires\/multitailles\/160x120_img-0541-8385.jpg"},"origine":{"url":"https:\/\/www.saint-brevin.com\/medias\/images\/prestataires\/img-0541-8385.jpg"}},"urlLien":"","typeLien":"","nofollow":"N","copyright":""},{"url":"https:\/\/www.saint-brevin.com\/medias\/images\/prestataires\/ferme-preferetz-pates-8432.jpg","chemin":"..\/medias\/images\/prestataires\/ferme-preferetz-pates-8432.jpg","libelle":"ferme-preferetz-pates-8432","extension":"jpg","categorie":"","largeur":1228,"theme":"","hauteur":1536,"type":"Image","origine":"","liaisonPave":"","langue":"","id":"8432","urlVignette":"https:\/\/www.saint-brevin.com\/medias\/images\/prestataires\/v-ferme-preferetz-pates-8432.jpg","alt":"ferme-preferetz-pates-8432","title":"ferme-preferetz-pates-8432","MultiTaille":{"1920x1440":{"url":"https:\/\/www.saint-brevin.com\/medias\/images\/prestataires\/multitailles\/1920x1440_ferme-preferetz-pates-8432.jpg"},"1200x900":{"url":"https:\/\/www.saint-brevin.com\/medias\/images\/prestataires\/multitailles\/1200x900_ferme-preferetz-pates-8432.jpg"},"800x600":{"url":"https:\/\/www.saint-brevin.com\/medias\/images\/prestataires\/multitailles\/800x600_ferme-preferetz-pates-8432.jpg"},"640x480":{"url":"https:\/\/www.saint-brevin.com\/medias\/images\/prestataires\/multitailles\/640x480_ferme-preferetz-pates-8432.jpg"},"320x240":{"url":"https:\/\/www.saint-brevin.com\/medias\/images\/prestataires\/multitailles\/320x240_ferme-preferetz-pates-8432.jpg"},"160x120":{"url":"https:\/\/www.saint-brevin.com\/medias\/images\/prestataires\/multitailles\/160x120_ferme-preferetz-pates-8432.jpg"},"origine":{"url":"https:\/\/www.saint-brevin.com\/medias\/images\/prestataires\/ferme-preferetz-pates-8432.jpg"}},"urlLien":"","typeLien":"","nofollow":"N","copyright":""},{"url":"https:\/\/www.saint-brevin.com\/medias\/images\/prestataires\/img-9591-8386.jpg","chemin":"..\/medias\/images\/prestataires\/img-9591-8386.jpg","libelle":"img-9591-8386","extension":"jpg","categorie":"","largeur":4032,"theme":"","hauteur":3024,"type":"Image","origine":"","liaisonPave":"","langue":"","id":"8386","urlVignette":"https:\/\/www.saint-brevin.com\/medias\/images\/prestataires\/v-img-9591-8386.jpg","alt":"img-9591-8386","title":"img-9591-8386","MultiTaille":{"1920x1440":{"url":"https:\/\/www.saint-brevin.com\/medias\/images\/prestataires\/multitailles\/1920x1440_img-9591-8386.jpg"},"1200x900":{"url":"https:\/\/www.saint-brevin.com\/medias\/images\/prestataires\/multitailles\/1200x900_img-9591-8386.jpg"},"800x600":{"url":"https:\/\/www.saint-brevin.com\/medias\/images\/prestataires\/multitailles\/800x600_img-9591-8386.jpg"},"640x480":{"url":"https:\/\/www.saint-brevin.com\/medias\/images\/prestataires\/multitailles\/640x480_img-9591-8386.jpg"},"320x240":{"url":"https:\/\/www.saint-brevin.com\/medias\/images\/prestataires\/multitailles\/320x240_img-9591-8386.jpg"},"160x120":{"url":"https:\/\/www.saint-brevin.com\/medias\/images\/prestataires\/multitailles\/160x120_img-9591-8386.jpg"},"origine":{"url":"https:\/\/www.saint-brevin.com\/medias\/images\/prestataires\/img-9591-8386.jpg"}},"urlLien":"","typeLien":"","nofollow":"N","copyright":""},{"url":"https:\/\/www.saint-brevin.com\/medias\/images\/prestataires\/ferme-preferetz-boutique2-8433.jpg","chemin":"..\/medias\/images\/prestataires\/ferme-preferetz-boutique2-8433.jpg","libelle":"ferme-preferetz-boutique2-8433","extension":"jpg","categorie":"","largeur":1228,"theme":"","hauteur":1536,"type":"Image","origine":"","liaisonPave":"","langue":"","id":"8433","urlVignette":"https:\/\/www.saint-brevin.com\/medias\/images\/prestataires\/v-ferme-preferetz-boutique2-8433.jpg","alt":"ferme-preferetz-boutique2-8433","title":"ferme-preferetz-boutique2-8433","MultiTaille":{"1920x1440":{"url":"https:\/\/www.saint-brevin.com\/medias\/images\/prestataires\/multitailles\/1920x1440_ferme-preferetz-boutique2-8433.jpg"},"1200x900":{"url":"https:\/\/www.saint-brevin.com\/medias\/images\/prestataires\/multitailles\/1200x900_ferme-preferetz-boutique2-8433.jpg"},"800x600":{"url":"https:\/\/www.saint-brevin.com\/medias\/images\/prestataires\/multitailles\/800x600_ferme-preferetz-boutique2-8433.jpg"},"640x480":{"url":"https:\/\/www.saint-brevin.com\/medias\/images\/prestataires\/multitailles\/640x480_ferme-preferetz-boutique2-8433.jpg"},"320x240":{"url":"https:\/\/www.saint-brevin.com\/medias\/images\/prestataires\/multitailles\/320x240_ferme-preferetz-boutique2-8433.jpg"},"160x120":{"url":"https:\/\/www.saint-brevin.com\/medias\/images\/prestataires\/multitailles\/160x120_ferme-preferetz-boutique2-8433.jpg"},"origine":{"url":"https:\/\/www.saint-brevin.com\/medias\/images\/prestataires\/ferme-preferetz-boutique2-8433.jpg"}},"urlLien":"","typeLien":"","nofollow":"N","copyright":""},{"url":"https:\/\/www.saint-brevin.com\/medias\/images\/prestataires\/ferme-preferetz-boutique-8434.jpg","chemin":"..\/medias\/images\/prestataires\/ferme-preferetz-boutique-8434.jpg","libelle":"ferme-preferetz-boutique-8434","extension":"jpg","categorie":"","largeur":1228,"theme":"","hauteur":1536,"type":"Image","origine":"","liaisonPave":"","langue":"","id":"8434","urlVignette":"https:\/\/www.saint-brevin.com\/medias\/images\/prestataires\/v-ferme-preferetz-boutique-8434.jpg","alt":"ferme-preferetz-boutique-8434","title":"ferme-preferetz-boutique-8434","MultiTaille":{"1920x1440":{"url":"https:\/\/www.saint-brevin.com\/medias\/images\/prestataires\/multitailles\/1920x1440_ferme-preferetz-boutique-8434.jpg"},"1200x900":{"url":"https:\/\/www.saint-brevin.com\/medias\/images\/prestataires\/multitailles\/1200x900_ferme-preferetz-boutique-8434.jpg"},"800x600":{"url":"https:\/\/www.saint-brevin.com\/medias\/images\/prestataires\/multitailles\/800x600_ferme-preferetz-boutique-8434.jpg"},"640x480":{"url":"https:\/\/www.saint-brevin.com\/medias\/images\/prestataires\/multitailles\/640x480_ferme-preferetz-boutique-8434.jpg"},"320x240":{"url":"https:\/\/www.saint-brevin.com\/medias\/images\/prestataires\/multitailles\/320x240_ferme-preferetz-boutique-8434.jpg"},"160x120":{"url":"https:\/\/www.saint-brevin.com\/medias\/images\/prestataires\/multitailles\/160x120_ferme-preferetz-boutique-8434.jpg"},"origine":{"url":"https:\/\/www.saint-brevin.com\/medias\/images\/prestataires\/ferme-preferetz-boutique-8434.jpg"}},"urlLien":"","typeLien":"","nofollow":"N","copyright":""},{"url":"https:\/\/www.saint-brevin.com\/medias\/images\/prestataires\/huile-chanvre-preferetz-8431.jpg","chemin":"..\/medias\/images\/prestataires\/huile-chanvre-preferetz-8431.jpg","libelle":"huile-chanvre-preferetz-8431","extension":"jpg","categorie":"","largeur":1080,"theme":"","hauteur":1080,"type":"Image","origine":"","liaisonPave":"","langue":"","id":"8431","urlVignette":"https:\/\/www.saint-brevin.com\/medias\/images\/prestataires\/v-huile-chanvre-preferetz-8431.jpg","alt":"huile-chanvre-preferetz-8431","title":"huile-chanvre-preferetz-8431","MultiTaille":{"1920x1440":{"url":"https:\/\/www.saint-brevin.com\/medias\/images\/prestataires\/multitailles\/1920x1440_huile-chanvre-preferetz-8431.jpg"},"1200x900":{"url":"https:\/\/www.saint-brevin.com\/medias\/images\/prestataires\/multitailles\/1200x900_huile-chanvre-preferetz-8431.jpg"},"800x600":{"url":"https:\/\/www.saint-brevin.com\/medias\/images\/prestataires\/multitailles\/800x600_huile-chanvre-preferetz-8431.jpg"},"640x480":{"url":"https:\/\/www.saint-brevin.com\/medias\/images\/prestataires\/multitailles\/640x480_huile-chanvre-preferetz-8431.jpg"},"320x240":{"url":"https:\/\/www.saint-brevin.com\/medias\/images\/prestataires\/multitailles\/320x240_huile-chanvre-preferetz-8431.jpg"},"160x120":{"url":"https:\/\/www.saint-brevin.com\/medias\/images\/prestataires\/multitailles\/160x120_huile-chanvre-preferetz-8431.jpg"},"origine":{"url":"https:\/\/www.saint-brevin.com\/medias\/images\/prestataires\/huile-chanvre-preferetz-8431.jpg"}},"urlLien":"","typeLien":"","nofollow":"N","copyright":""}],"ByCategorie":{"":[{"url":"https:\/\/www.saint-brevin.com\/medias\/images\/prestataires\/800x600-logo-19506-8384.jpg","chemin":"..\/medias\/images\/prestataires\/800x600-logo-19506-8384.jpg","libelle":"800x600-logo-19506-8384","extension":"jpg","categorie":"","largeur":800,"theme":"","hauteur":799,"type":"Image","origine":"","liaisonPave":"","langue":"","id":"8384","urlVignette":"https:\/\/www.saint-brevin.com\/medias\/images\/prestataires\/v-800x600-logo-19506-8384.jpg","alt":"800x600-logo-19506-8384","title":"800x600-logo-19506-8384","MultiTaille":{"1920x1440":{"url":"https:\/\/www.saint-brevin.com\/medias\/images\/prestataires\/multitailles\/1920x1440_800x600-logo-19506-8384.jpg"},"1200x900":{"url":"https:\/\/www.saint-brevin.com\/medias\/images\/prestataires\/multitailles\/1200x900_800x600-logo-19506-8384.jpg"},"800x600":{"url":"https:\/\/www.saint-brevin.com\/medias\/images\/prestataires\/multitailles\/800x600_800x600-logo-19506-8384.jpg"},"640x480":{"url":"https:\/\/www.saint-brevin.com\/medias\/images\/prestataires\/multitailles\/640x480_800x600-logo-19506-8384.jpg"},"320x240":{"url":"https:\/\/www.saint-brevin.com\/medias\/images\/prestataires\/multitailles\/320x240_800x600-logo-19506-8384.jpg"},"160x120":{"url":"https:\/\/www.saint-brevin.com\/medias\/images\/prestataires\/multitailles\/160x120_800x600-logo-19506-8384.jpg"},"origine":{"url":"https:\/\/www.saint-brevin.com\/medias\/images\/prestataires\/800x600-logo-19506-8384.jpg"}},"urlLien":"","typeLien":"","nofollow":"N","copyright":""},{"url":"https:\/\/www.saint-brevin.com\/medias\/images\/prestataires\/ferme-preferetz-recolte-cereales-8435.jpg","chemin":"..\/medias\/images\/prestataires\/ferme-preferetz-recolte-cereales-8435.jpg","libelle":"ferme-preferetz-recolte-cereales-8435","extension":"jpg","categorie":"","largeur":960,"theme":"","hauteur":1200,"type":"Image","origine":"","liaisonPave":"","langue":"","id":"8435","urlVignette":"https:\/\/www.saint-brevin.com\/medias\/images\/prestataires\/v-ferme-preferetz-recolte-cereales-8435.jpg","alt":"ferme-preferetz-recolte-cereales-8435","title":"ferme-preferetz-recolte-cereales-8435","MultiTaille":{"1920x1440":{"url":"https:\/\/www.saint-brevin.com\/medias\/images\/prestataires\/multitailles\/1920x1440_ferme-preferetz-recolte-cereales-8435.jpg"},"1200x900":{"url":"https:\/\/www.saint-brevin.com\/medias\/images\/prestataires\/multitailles\/1200x900_ferme-preferetz-recolte-cereales-8435.jpg"},"800x600":{"url":"https:\/\/www.saint-brevin.com\/medias\/images\/prestataires\/multitailles\/800x600_ferme-preferetz-recolte-cereales-8435.jpg"},"640x480":{"url":"https:\/\/www.saint-brevin.com\/medias\/images\/prestataires\/multitailles\/640x480_ferme-preferetz-recolte-cereales-8435.jpg"},"320x240":{"url":"https:\/\/www.saint-brevin.com\/medias\/images\/prestataires\/multitailles\/320x240_ferme-preferetz-recolte-cereales-8435.jpg"},"160x120":{"url":"https:\/\/www.saint-brevin.com\/medias\/images\/prestataires\/multitailles\/160x120_ferme-preferetz-recolte-cereales-8435.jpg"},"origine":{"url":"https:\/\/www.saint-brevin.com\/medias\/images\/prestataires\/ferme-preferetz-recolte-cereales-8435.jpg"}},"urlLien":"","typeLien":"","nofollow":"N","copyright":""},{"url":"https:\/\/www.saint-brevin.com\/medias\/images\/prestataires\/img-0541-8385.jpg","chemin":"..\/medias\/images\/prestataires\/img-0541-8385.jpg","libelle":"img-0541-8385","extension":"jpg","categorie":"","largeur":4032,"theme":"","hauteur":3024,"type":"Image","origine":"","liaisonPave":"","langue":"","id":"8385","urlVignette":"https:\/\/www.saint-brevin.com\/medias\/images\/prestataires\/v-img-0541-8385.jpg","alt":"img-0541-8385","title":"img-0541-8385","MultiTaille":{"1920x1440":{"url":"https:\/\/www.saint-brevin.com\/medias\/images\/prestataires\/multitailles\/1920x1440_img-0541-8385.jpg"},"1200x900":{"url":"https:\/\/www.saint-brevin.com\/medias\/images\/prestataires\/multitailles\/1200x900_img-0541-8385.jpg"},"800x600":{"url":"https:\/\/www.saint-brevin.com\/medias\/images\/prestataires\/multitailles\/800x600_img-0541-8385.jpg"},"640x480":{"url":"https:\/\/www.saint-brevin.com\/medias\/images\/prestataires\/multitailles\/640x480_img-0541-8385.jpg"},"320x240":{"url":"https:\/\/www.saint-brevin.com\/medias\/images\/prestataires\/multitailles\/320x240_img-0541-8385.jpg"},"160x120":{"url":"https:\/\/www.saint-brevin.com\/medias\/images\/prestataires\/multitailles\/160x120_img-0541-8385.jpg"},"origine":{"url":"https:\/\/www.saint-brevin.com\/medias\/images\/prestataires\/img-0541-8385.jpg"}},"urlLien":"","typeLien":"","nofollow":"N","copyright":""},{"url":"https:\/\/www.saint-brevin.com\/medias\/images\/prestataires\/ferme-preferetz-pates-8432.jpg","chemin":"..\/medias\/images\/prestataires\/ferme-preferetz-pates-8432.jpg","libelle":"ferme-preferetz-pates-8432","extension":"jpg","categorie":"","largeur":1228,"theme":"","hauteur":1536,"type":"Image","origine":"","liaisonPave":"","langue":"","id":"8432","urlVignette":"https:\/\/www.saint-brevin.com\/medias\/images\/prestataires\/v-ferme-preferetz-pates-8432.jpg","alt":"ferme-preferetz-pates-8432","title":"ferme-preferetz-pates-8432","MultiTaille":{"1920x1440":{"url":"https:\/\/www.saint-brevin.com\/medias\/images\/prestataires\/multitailles\/1920x1440_ferme-preferetz-pates-8432.jpg"},"1200x900":{"url":"https:\/\/www.saint-brevin.com\/medias\/images\/prestataires\/multitailles\/1200x900_ferme-preferetz-pates-8432.jpg"},"800x600":{"url":"https:\/\/www.saint-brevin.com\/medias\/images\/prestataires\/multitailles\/800x600_ferme-preferetz-pates-8432.jpg"},"640x480":{"url":"https:\/\/www.saint-brevin.com\/medias\/images\/prestataires\/multitailles\/640x480_ferme-preferetz-pates-8432.jpg"},"320x240":{"url":"https:\/\/www.saint-brevin.com\/medias\/images\/prestataires\/multitailles\/320x240_ferme-preferetz-pates-8432.jpg"},"160x120":{"url":"https:\/\/www.saint-brevin.com\/medias\/images\/prestataires\/multitailles\/160x120_ferme-preferetz-pates-8432.jpg"},"origine":{"url":"https:\/\/www.saint-brevin.com\/medias\/images\/prestataires\/ferme-preferetz-pates-8432.jpg"}},"urlLien":"","typeLien":"","nofollow":"N","copyright":""},{"url":"https:\/\/www.saint-brevin.com\/medias\/images\/prestataires\/img-9591-8386.jpg","chemin":"..\/medias\/images\/prestataires\/img-9591-8386.jpg","libelle":"img-9591-8386","extension":"jpg","categorie":"","largeur":4032,"theme":"","hauteur":3024,"type":"Image","origine":"","liaisonPave":"","langue":"","id":"8386","urlVignette":"https:\/\/www.saint-brevin.com\/medias\/images\/prestataires\/v-img-9591-8386.jpg","alt":"img-9591-8386","title":"img-9591-8386","MultiTaille":{"1920x1440":{"url":"https:\/\/www.saint-brevin.com\/medias\/images\/prestataires\/multitailles\/1920x1440_img-9591-8386.jpg"},"1200x900":{"url":"https:\/\/www.saint-brevin.com\/medias\/images\/prestataires\/multitailles\/1200x900_img-9591-8386.jpg"},"800x600":{"url":"https:\/\/www.saint-brevin.com\/medias\/images\/prestataires\/multitailles\/800x600_img-9591-8386.jpg"},"640x480":{"url":"https:\/\/www.saint-brevin.com\/medias\/images\/prestataires\/multitailles\/640x480_img-9591-8386.jpg"},"320x240":{"url":"https:\/\/www.saint-brevin.com\/medias\/images\/prestataires\/multitailles\/320x240_img-9591-8386.jpg"},"160x120":{"url":"https:\/\/www.saint-brevin.com\/medias\/images\/prestataires\/multitailles\/160x120_img-9591-8386.jpg"},"origine":{"url":"https:\/\/www.saint-brevin.com\/medias\/images\/prestataires\/img-9591-8386.jpg"}},"urlLien":"","typeLien":"","nofollow":"N","copyright":""},{"url":"https:\/\/www.saint-brevin.com\/medias\/images\/prestataires\/ferme-preferetz-boutique2-8433.jpg","chemin":"..\/medias\/images\/prestataires\/ferme-preferetz-boutique2-8433.jpg","libelle":"ferme-preferetz-boutique2-8433","extension":"jpg","categorie":"","largeur":1228,"theme":"","hauteur":1536,"type":"Image","origine":"","liaisonPave":"","langue":"","id":"8433","urlVignette":"https:\/\/www.saint-brevin.com\/medias\/images\/prestataires\/v-ferme-preferetz-boutique2-8433.jpg","alt":"ferme-preferetz-boutique2-8433","title":"ferme-preferetz-boutique2-8433","MultiTaille":{"1920x1440":{"url":"https:\/\/www.saint-brevin.com\/medias\/images\/prestataires\/multitailles\/1920x1440_ferme-preferetz-boutique2-8433.jpg"},"1200x900":{"url":"https:\/\/www.saint-brevin.com\/medias\/images\/prestataires\/multitailles\/1200x900_ferme-preferetz-boutique2-8433.jpg"},"800x600":{"url":"https:\/\/www.saint-brevin.com\/medias\/images\/prestataires\/multitailles\/800x600_ferme-preferetz-boutique2-8433.jpg"},"640x480":{"url":"https:\/\/www.saint-brevin.com\/medias\/images\/prestataires\/multitailles\/640x480_ferme-preferetz-boutique2-8433.jpg"},"320x240":{"url":"https:\/\/www.saint-brevin.com\/medias\/images\/prestataires\/multitailles\/320x240_ferme-preferetz-boutique2-8433.jpg"},"160x120":{"url":"https:\/\/www.saint-brevin.com\/medias\/images\/prestataires\/multitailles\/160x120_ferme-preferetz-boutique2-8433.jpg"},"origine":{"url":"https:\/\/www.saint-brevin.com\/medias\/images\/prestataires\/ferme-preferetz-boutique2-8433.jpg"}},"urlLien":"","typeLien":"","nofollow":"N","copyright":""},{"url":"https:\/\/www.saint-brevin.com\/medias\/images\/prestataires\/ferme-preferetz-boutique-8434.jpg","chemin":"..\/medias\/images\/prestataires\/ferme-preferetz-boutique-8434.jpg","libelle":"ferme-preferetz-boutique-8434","extension":"jpg","categorie":"","largeur":1228,"theme":"","hauteur":1536,"type":"Image","origine":"","liaisonPave":"","langue":"","id":"8434","urlVignette":"https:\/\/www.saint-brevin.com\/medias\/images\/prestataires\/v-ferme-preferetz-boutique-8434.jpg","alt":"ferme-preferetz-boutique-8434","title":"ferme-preferetz-boutique-8434","MultiTaille":{"1920x1440":{"url":"https:\/\/www.saint-brevin.com\/medias\/images\/prestataires\/multitailles\/1920x1440_ferme-preferetz-boutique-8434.jpg"},"1200x900":{"url":"https:\/\/www.saint-brevin.com\/medias\/images\/prestataires\/multitailles\/1200x900_ferme-preferetz-boutique-8434.jpg"},"800x600":{"url":"https:\/\/www.saint-brevin.com\/medias\/images\/prestataires\/multitailles\/800x600_ferme-preferetz-boutique-8434.jpg"},"640x480":{"url":"https:\/\/www.saint-brevin.com\/medias\/images\/prestataires\/multitailles\/640x480_ferme-preferetz-boutique-8434.jpg"},"320x240":{"url":"https:\/\/www.saint-brevin.com\/medias\/images\/prestataires\/multitailles\/320x240_ferme-preferetz-boutique-8434.jpg"},"160x120":{"url":"https:\/\/www.saint-brevin.com\/medias\/images\/prestataires\/multitailles\/160x120_ferme-preferetz-boutique-8434.jpg"},"origine":{"url":"https:\/\/www.saint-brevin.com\/medias\/images\/prestataires\/ferme-preferetz-boutique-8434.jpg"}},"urlLien":"","typeLien":"","nofollow":"N","copyright":""},{"url":"https:\/\/www.saint-brevin.com\/medias\/images\/prestataires\/huile-chanvre-preferetz-8431.jpg","chemin":"..\/medias\/images\/prestataires\/huile-chanvre-preferetz-8431.jpg","libelle":"huile-chanvre-preferetz-8431","extension":"jpg","categorie":"","largeur":1080,"theme":"","hauteur":1080,"type":"Image","origine":"","liaisonPave":"","langue":"","id":"8431","urlVignette":"https:\/\/www.saint-brevin.com\/medias\/images\/prestataires\/v-huile-chanvre-preferetz-8431.jpg","alt":"huile-chanvre-preferetz-8431","title":"huile-chanvre-preferetz-8431","MultiTaille":{"1920x1440":{"url":"https:\/\/www.saint-brevin.com\/medias\/images\/prestataires\/multitailles\/1920x1440_huile-chanvre-preferetz-8431.jpg"},"1200x900":{"url":"https:\/\/www.saint-brevin.com\/medias\/images\/prestataires\/multitailles\/1200x900_huile-chanvre-preferetz-8431.jpg"},"800x600":{"url":"https:\/\/www.saint-brevin.com\/medias\/images\/prestataires\/multitailles\/800x600_huile-chanvre-preferetz-8431.jpg"},"640x480":{"url":"https:\/\/www.saint-brevin.com\/medias\/images\/prestataires\/multitailles\/640x480_huile-chanvre-preferetz-8431.jpg"},"320x240":{"url":"https:\/\/www.saint-brevin.com\/medias\/images\/prestataires\/multitailles\/320x240_huile-chanvre-preferetz-8431.jpg"},"160x120":{"url":"https:\/\/www.saint-brevin.com\/medias\/images\/prestataires\/multitailles\/160x120_huile-chanvre-preferetz-8431.jpg"},"origine":{"url":"https:\/\/www.saint-brevin.com\/medias\/images\/prestataires\/huile-chanvre-preferetz-8431.jpg"}},"urlLien":"","typeLien":"","nofollow":"N","copyright":""}]}},"Url":"bauernhof-le-chaudron.html","Localisation":{"GoogleMap":{"Latitude":"47.26275","Longitude":"-2.02186"}},"ZoneGeo":"","Criteres":{"NIVPARTENAIRE[COMPLET":"","DESTINATION[DESTINATIONCCSE":"","COMMUNES[SAINTPEREENRETZ":"","LIEU[SAINTPEREENRETZ":"","DSECAC[DAGR":"","DTYPRO[PRODUITSREGIONAUX":"","DSTATU[DPROD":"","DEQUI[DVESSI":"","LABELS[BFERME":"","LVISI[VIUSR":"","MAJINGENIE[DATEDERNIEREMAJ":"20240521","MISEAJOUR[MAELLE":""},"DateFinPublication":"","PrixAPartirDe":"","PrixPour":"","FicheListeEnCours":"fiche_liste_decouverte_savoir_faire_degust_v2017","ParametresModele":{"AfficherPhotos":"1","NbPhotosMax":6,"AfficherReserver":0,"AfficherContact":0,"AfficherSalle":1,"AfficherZoneGeo":0,"AfficherEnSavoirPlus":"1","AfficherUneSeuleOuverture":0,"AfficherContactCarte":1,"AfficherTarifsChaudAPartirDe":0,"AfficherTarifChaudSansRecherche":0,"AfficherLiensCarnetVoyage":"1","BlocCritereInfo":{"critere1":{"libelle":""},"critere2":{"libelle":""},"critere3":{"libelle":""},"critere4":{"libelle":""},"critere5":{"libelle":""},"critere6":{"libelle":""},"critere7":{"libelle":"","liste_critere":["COMMUNES|D"]},"critere8":{"libelle":""},"critere9":{"libelle":""},"afficherpictoetpaslibelle":"1"},"Criteres":"NIVPARTENAIRE[COMPLET","CriteresComportementResa":"RESABILLET[RESAENLIGNE","PositionBloc":"NOM|GALLERIE|CARNET_VOYAGE|URL","TypePrestataire":"D","ComportementResa":false,"ComportementDispo":false},"AffichageCoordonnees":[],"Coordonnees":{"Ville":"ST PERE EN RETZ"},"ContexteId":"PRESTATAIRE|D|FERMEPREFERETZ","ContexteIdHtml":"PRESTATAIRE-D-FERMEPREFERETZ","cleContexte":"D|FERMEPREFERETZ","Bloc":{"texte1":"","texte3":"","critere1":{"libelle":"","contenu":[]},"critere2":{"libelle":"","contenu":[]},"critere3":{"libelle":"","contenu":[]},"critere4":{"libelle":"","contenu":[]},"critere5":{"libelle":"","contenu":[]},"critere6":{"libelle":"","contenu":[]},"critere7":{"libelle":"","contenu":{"COMMUNES":{"libelle":"geographische Zone","contenu":{"5":"Saint-P\u00e8re en Retz"},"codesValeurs":{"5":"COMMUNES|SAINTPEREENRETZ|D"},"criteres_datas":{"valeurs":{"5":{"SAINTPEREENRETZ":{"descriptif":""}}}}}}},"critere8":{"libelle":"","contenu":[]},"critere9":{"libelle":"","contenu":[]}},"LocalisationGps":{"Latitude":"47.26275","Longitude":"-2.02186"},"libelleDuPrestataire":"","listeCriteres":{"NIVPARTENAIRE":{"COMPLET":""},"DESTINATION":{"DESTINATIONCCSE":""},"COMMUNES":{"SAINTPEREENRETZ":""},"LIEU":{"SAINTPEREENRETZ":""},"DSECAC":{"DAGR":""},"DTYPRO":{"PRODUITSREGIONAUX":""},"DSTATU":{"DPROD":""},"DEQUI":{"DVESSI":""},"LABELS":{"BFERME":""},"LVISI":{"VIUSR":""},"MAJINGENIE":{"DATEDERNIEREMAJ":"20240521"},"MISEAJOUR":{"MAELLE":""}},"dansCarnetVoyage":true,"Ouverture":""},"html":" \n \u003Cdiv id=\"CV-PRESTATAIRE-D-FERMEPREFERETZ\" data-contexte-id=\"PRESTATAIRE|D|FERMEPREFERETZ\" data-cle=\"D|FERMEPREFERETZ\" class=\"fiche-liste\"\u003E\n    \n\n    \u003C!-- partie photo --\u003E\n    \u003Cdiv class=\"photo\"\u003E\t\t\t\t\t\t\t\t\t\t\t\t\t\t\t\t\t\t\t\t\t\n        \u003Cdiv class=\"cadre_photo_principale\"\u003E\t\t\n        \n            \t\t\t\t\t\n                    \u003Ca href=\"bauernhof-le-chaudron.html?origine=carnet#media\"\u003E\n                        \u003Cimg class=\"photo_principale\" alt=\"800x600-logo-19506-8384\" src=\"https:\/\/www.saint-brevin.com\/medias\/images\/prestataires\/multitailles\/320x240_800x600-logo-19506-8384.jpg\" itemprop=\"image\"\u003E\n                    \u003C\/a\u003E\t\t\t\t\t\t\n                \n                    \u003C\/div\u003E\t\t\t\t\t\t\t\t\t\t\t\t\t\t\t\t\t\t\t \t\t\n    \u003C\/div\u003E\n    \n    \u003C!-- partie nom prest --\u003E\n    \u003Cdiv class=\"nom\"\u003E\n        \u003Ch2\u003EBauernhof Le Chaudron\u003C\/h2\u003E\n        \n            \u003C\/div\u003E\n\n         \n    \u003C!-- partie adresse --\u003E\n    \u003Cdiv class=\"adresse\"\u003E\n    \n          \n    \u003C\/div\u003E\n    \n    \u003C!-- partie liens --\u003E\n    \u003Cdiv class=\"liens\"\u003E\n            \u003Ca class=\"btn-icon btn-view \" title=\"Detail  \" href=\"bauernhof-le-chaudron.html?origine=carnet\"\u003E\u003C\/a\u003E\u003C!--\u003Ca class=\"btn-icon btn-view \" title=\"\" href=\"?origine=carnet#thaut\"\u003E\u003C\/a\u003E--\u003E\n      \u003Ca class=\"btn-icon btn-trash carnet_voyage_supprimer\" title=\"Zur\u00fcckziehen \" href=\"carnet-voyage?action=remove&fiche=D|FERMEPREFERETZ\"\u003E\u003C\/a\u003E\n    \u003C\/div\u003E\n\n\u003C\/div\u003E\n\n","icon":"https:\/\/static.ingenie.fr\/images\/carnetVoyageV3\/D.png"},"fiche":"D|FERMEPREFERETZ","popup":"\u003Cdiv id=\"bloc_popup_ajout_fiche_carnet\"\u003E\n    \u003Cdiv class=\"info_popup_ajout_fiche_carnet\"\u003E\n        Sie haben gerade diesen Artikel zu Ihrer Auswahl hinzugef\u00fcgt :    \u003C\/div\u003E\n    \u003Cdiv class=\"prest_popup_ajout_fiche_carnet\"\u003E\n        Bauernhof Le Chaudron    \u003C\/div\u003E\n    \u003Cdiv class=\"bloc_btn_ajout_fiche_carnet form_submit_div\"\u003E\n        \u003Cinput type=\"button\" value=\"Fortsetzen  \" title=\"Fortsetzen  \" name=\"btn_close\" class=\"btn_close_popup_carnet form_submit\" onclick=\"$.colorbox.close()\" \/\u003E\n        \u003Cinput type=\"button\" value=\"Bewertung meiner Auswahl  \" title=\"Bewertung meiner Auswahl  \" name=\"btn_panier\" class=\"btn_panier_popup_carnet form_submit\" onclick=\"if(typeof CarnetVoyage != 'undefined') {CarnetVoyage.voirCarnet();}\" \/\u003E\n    \u003C\/div\u003E\n    \u003Cdiv class=\"bloc_btn_ajout_fiche_carnet\"\u003E\n        \u003Cinput type=\"checkbox\" value=\"1\" name=\"desactiver_popup\" id=\"desactiver_popup\" \/\u003E\n        \u003Clabel for=\"desactiver_popup\"\u003EStoppen Sie diese Nachricht aficher \u003C\/label\u003E\n    \u003C\/div\u003E\n\u003C\/div\u003E","success":1}