{"nbFiches":1,"dataPrest":{"infoPrest":{"pave1":{"libelle":"Slogan","contenu":"","fichiers":[]},"pave2":{"libelle":"Descriptif","contenu":"\u003Cp data-end=\"238\" data-start=\"42\"\u003E\u003Cstrong data-end=\"83\" data-start=\"42\"\u003EIn Saint-Brevin, im Stadtteil &bdquo;Oc&eacute;an&ldquo;\u003C\/strong\u003E, in einer Residenz direkt am Meer, erwartet Sie eine helle und funktionale 70 m&sup2; gro&szlig;e Wohnung, die sch&ouml;ne Momente mit Familie oder Freunden erm&ouml;glicht.\u003C\/p\u003E\r\n\r\n\u003Cp data-end=\"489\" data-start=\"240\"\u003EDie Wohnung ist als \u003Cstrong data-end=\"286\" data-start=\"260\"\u003E3-Sterne-Ferienwohnung\u003C\/strong\u003E klassifiziert und ideal f&uuml;r 4 Personen.\u003Cbr data-end=\"329\" data-start=\"326\" \/\u003E\r\nDie Lage bietet einen \u003Cstrong data-end=\"405\" data-start=\"351\"\u003Eau&szlig;ergew&ouml;hnlichen Blick auf den breiten Sandstrand\u003C\/strong\u003E, nur 20 Meter zu Fu&szlig; vom Strand entfernt und 150 Meter von Einkaufsm&ouml;glichkeiten.\u003C\/p\u003E\r\n\r\n\u003Cp data-end=\"877\" data-start=\"491\"\u003EDie Wohnung befindet sich im \u003Cstrong data-end=\"543\" data-start=\"520\"\u003E4. Stock mit Aufzug\u003C\/strong\u003E und verf&uuml;gt &uuml;ber ein Wohnzimmer mit Zugang zum \u003Cstrong data-end=\"624\" data-start=\"591\"\u003Es&uuml;dlich ausgerichteten Balkon\u003C\/strong\u003E mit elektrischem Sonnenschutz, eine offene K&uuml;che mit Kochinsel, eine separate Toilette mit Handwaschbecken, ein Badezimmer (italienische Dusche mit klappbarem Sitz und Haltegriff), zwei Schlafzimmer (jeweils mit 140 cm Bett) sowie einen Ankleideraum.\u003C\/p\u003E\r\n\r\n\u003Cp data-end=\"897\" data-start=\"879\"\u003E\u003Cstrong data-end=\"895\" data-start=\"879\"\u003EAusstattung:\u003C\/strong\u003E\u003C\/p\u003E\r\n\r\n\u003Cul data-end=\"1324\" data-start=\"898\"\u003E\r\n\t\u003Cli data-end=\"1083\" data-start=\"898\"\u003E\r\n\t\u003Cp data-end=\"1083\" data-start=\"900\"\u003EVoll ausgestattete K&uuml;che mit K&uuml;hlschrank\/Gefrierfach, Geschirrsp&uuml;ler, Backofen, Mikrowelle, Induktionskochfeld, Espressomaschine, Toaster, Elektrogrill und zahlreichen Kleinger&auml;ten.\u003C\/p\u003E\r\n\t\u003C\/li\u003E\r\n\t\u003Cli data-end=\"1138\" data-start=\"1084\"\u003E\r\n\t\u003Cp data-end=\"1138\" data-start=\"1086\"\u003EWaschmaschine und Trockner im Hauswirtschaftsraum.\u003C\/p\u003E\r\n\t\u003C\/li\u003E\r\n\t\u003Cli data-end=\"1157\" data-start=\"1139\"\u003E\r\n\t\u003Cp data-end=\"1157\" data-start=\"1141\"\u003EViel Stauraum.\u003C\/p\u003E\r\n\t\u003C\/li\u003E\r\n\t\u003Cli data-end=\"1177\" data-start=\"1158\"\u003E\r\n\t\u003Cp data-end=\"1177\" data-start=\"1160\"\u003EZwei Fernseher.\u003C\/p\u003E\r\n\t\u003C\/li\u003E\r\n\t\u003Cli data-end=\"1266\" data-start=\"1178\"\u003E\r\n\t\u003Cp data-end=\"1266\" data-start=\"1180\"\u003EBalkonm&ouml;bel (Tisch und St&uuml;hle), Liegestuhl und Sonnenliege je nach Saison verf&uuml;gbar.\u003C\/p\u003E\r\n\t\u003C\/li\u003E\r\n\t\u003Cli data-end=\"1324\" data-start=\"1268\"\u003E\r\n\t\u003Cp data-end=\"1324\" data-start=\"1270\"\u003EEin Babybett kann auf Anfrage bereitgestellt werden.\u003C\/p\u003E\r\n\t\u003C\/li\u003E\r\n\u003C\/ul\u003E\r\n\r\n\u003Cp data-end=\"1577\" data-start=\"1326\"\u003EPrivater, sicherer Parkplatz.\u003Cbr data-end=\"1358\" data-start=\"1355\" \/\u003E\r\nNichtraucherwohnung, keine Haustiere erlaubt.\u003Cbr data-end=\"1406\" data-start=\"1403\" \/\u003E\r\nMindestmietdauer: 7 Tage (Nebensaison), 10 Tage (Schulferien oder Hochsaison).\u003Cbr data-end=\"1487\" data-start=\"1484\" \/\u003E\r\nM&ouml;glichkeit von Aufenthalten bis zu 3 Monaten je nach Verf&uuml;gbarkeit (angepasster Preis).\u003C\/p\u003E\r\n","fichiers":[]},"pave3":{"libelle":"","contenu":""},"pave4":{"libelle":"","contenu":""},"pave5":{"libelle":"","contenu":""},"pave6":{"libelle":"","contenu":""},"pave7":{"libelle":"","contenu":""},"pave8":{"libelle":"","contenu":""},"pave9":{"libelle":"","contenu":""},"pave10":{"libelle":"","contenu":""},"pave11":{"libelle":"","contenu":""},"pave12":{"libelle":"","contenu":""},"pave13":{"libelle":"","contenu":""},"pave14":{"libelle":"","contenu":""},"pave15":{"libelle":"","contenu":""},"pave16":{"libelle":"","contenu":""},"pave17":{"libelle":"","contenu":""},"pave18":{"libelle":"","contenu":""},"pave19":{"libelle":"","contenu":""},"pave20":{"libelle":"","contenu":""},"pave21":{"libelle":"","contenu":""},"pave22":{"libelle":"","contenu":""},"pave23":{"libelle":"","contenu":""},"pave24":{"libelle":"","contenu":""},"pave25":{"libelle":"","contenu":""},"Libelle":"Helle 70 m\u00b2 gro\u00dfe Wohnung direkt am Meer \u2013 ideal f\u00fcr Familie oder Freunde","Reference":"","Reftar":"","Type":"PRESTATION","TypePrestataire":"G","ContexteStat":"PRESTATION-G-AGNESMINARD-APPARTEMENTFACEMER70M2","DateModificationIso":"2025-11-03T12:44:00+01:00","Adresse":{"LigneAdresse1":"All\u00e9e de la Tour Carr\u00e9e","LigneAdresse2":"","LigneAdresse3":"","CodePostal":"44250","Ville":"ST BREVIN LES PINS","Cedex":"","Etat":"","Pays":"FRA"},"Id":"g-agnesminard-appartementfacemer70m2","Code":"G|AGNESMINARD|APPARTEMENTFACEMER70M2","Cle":"G|AGNESMINARD|APPARTEMENTFACEMER70M2","Url":"","Localisation":{"GoogleMap":{"Latitude":"47.22899","Longitude":"-2.17528"}},"ZoneGeo":"","Criteres":{"PARTENAIRE[COMPLET":"","COMMUNES[SAINTBREVIN":"","LIEU[SAINTBREVINOCEAN":"","GTYP2[APPT":"","GRESID[LESALGUES":"","QUARTIER[OCEAN":"","NBPIECES[4PIEC":"","CAPACITE[4PERS":"","ETAGE[4ETAGAVASC":"","SURFAC[METRE":"70","MAJINGENIE[DATEDERNIEREMAJ":"20251103","GSITUA[MER":"","MISEAJOUR[ANNABELLE":"","GNCH[G2CH":"","DISTANCEDUCENTRE[KMCENTREBREVINPIN":"2.5","DISTANCEDUCENTRE[MCENTREBREVINOCEAN":"0","GCLASS[G3ETOI":"","DISTANCEDELAGARE[KMGARESAINTBAZAIRE":"15","DISTANCEDELAGARE[KMGAREPORNIC":"20","DISTANCEMER[MOINSDE100":"","GEQINT[CHAUFFIND":"","GEQINT[CONGE":"","GEQINT[ETENDTOIR":"","GEQINT[GFOUR":"","GEQINT[MICRO":"","GEQINT[PLAQUEINDUC":"","GEQINT[FRIOG":"","GEQINT[LINGE":"","GEQINT[SECHE":"","GEQINT[VAISSE":"","GEQINT[SECHECHEVEUX":"","GEQINT[STOREINTRIEURELECTRIQUEANT":"","GEQINT[TABLEETFER":"","GEQINT[VENTILATEUR":"","GMATCUIS[CROQUESGAUFRES":"","GMATCUIS[BLENDER":"","GMATCUIS[BOUILLOIRE":"","GMATCUIS[GRILPAI":"","GMATCUIS[MACHEXPRESSGRAIN":"","GMATCUIS[ROBOTMULTIFONCTIONS":"","GMULTI[GTV":"","GMULTI[GACCIN":"","GEQEXT[GBALC":"","GEQEXT[MEUBLE":"","GEQEXT[BARBECELEC":"","GEQEXT[STOREBANNEELEC":"","GEQEXT[STATIO":"","GEQEXT[LOCALVELO":"","GLOCLINGE[LOLMSD":"","GMOYP[ESPECES":"","GMOYP[VIREMENTMEUB":"","GESSI[GCVLL":"","GESSI[GCVLV":"","GESSI[GCVFMF":"","GESSI[GCVMO":"","GESSI[GCVAI":"","GESSI[GCVT":"","GESSI[GCVSP":"","GESSI[GCVJ":"","GCHARGES[CONSOELECEAUGAZ":"","GCHARGES[MCAUTIONM":"120\u20ac","GCAPACITTRANCHES[GDE3A5PERS":""},"Prestataire":{"pave1":{"libelle":"","contenu":""},"pave2":{"libelle":"","contenu":""},"pave3":{"libelle":"","contenu":""},"pave4":{"libelle":"","contenu":""},"pave5":{"libelle":"","contenu":""},"pave6":{"libelle":"","contenu":""},"pave7":{"libelle":"","contenu":""},"pave8":{"libelle":"","contenu":""},"pave9":{"libelle":"","contenu":""},"pave10":{"libelle":"","contenu":""},"pave11":{"libelle":"","contenu":""},"pave12":{"libelle":"","contenu":""},"pave13":{"libelle":"","contenu":""},"pave14":{"libelle":"","contenu":""},"pave15":{"libelle":"","contenu":""},"pave16":{"libelle":"","contenu":""},"pave17":{"libelle":"","contenu":""},"pave18":{"libelle":"","contenu":""},"pave19":{"libelle":"","contenu":""},"pave20":{"libelle":"","contenu":""},"pave21":{"libelle":"","contenu":""},"pave22":{"libelle":"","contenu":""},"pave23":{"libelle":"","contenu":""},"pave24":{"libelle":"","contenu":""},"pave25":{"libelle":"","contenu":""},"Libelle":"Mme Minard Agn\u00e8s","Nom":"Minard","Prenom":"Agn\u00e8s","NomPrenom":"Minard Agn\u00e8s ","CiviliteNomPrenom":"Mme Minard Agn\u00e8s ","Cle":"G|AGNESMINARD","PrestataireParent":"","ContexteStat":"PRESTATAIRE-G-AGNESMINARD","DateModificationIso":"2024-09-17T15:36:00+02:00","CiviliteLibelleNomPrenom":"Madame Minard Agn\u00e8s ","Type":"PRESTATAIRE","TypePrestataire":"G","Adresse":{"LigneAdresse1":"R\u00e9sidence Mimosa","LigneAdresse2":"19 rue du Genetay","LigneAdresse3":"","CodePostal":"44230","Ville":"ST SEBASTIEN SUR LOIRE","Cedex":"","Etat":"","Pays":"FRA"},"Email":"agnesminard@free.fr","Telephone":"","TelephoneBureau":"","Portable":"06 31 32 77 26","SiteWeb":"","Fax":"","Id":"g-agnesminard","Code":"G|AGNESMINARD","Fichier":[],"Url":"","Localisation":{"GoogleMap":{"Latitude":"","Longitude":""}},"ZoneGeo":"","Criteres":{"TYPPRO[PARTICULIEROT":"","MAJINGENIEP[DATEDERNIEREMAJ":"20240917","MISEAJOURP[ANNABELLE":""},"DateFinPublication":""},"Fichier":{"Image":[{"url":"https:\/\/www.saint-brevin.com\/medias\/images\/prestations\/appartement-face-mer-70m2-agnes-minard-24250.jpg","chemin":"..\/medias\/images\/prestations\/appartement-face-mer-70m2-agnes-minard-24250.jpg","libelle":"appartement-face-mer-70m2-agnes-minard-24250","extension":"jpg","categorie":"","largeur":4000,"theme":"","hauteur":3000,"type":"Image","origine":"","liaisonPave":"","langue":"","id":"24250","urlVignette":"https:\/\/www.saint-brevin.com\/medias\/images\/prestations\/v-appartement-face-mer-70m2-agnes-minard-24250.jpg","alt":"appartement-face-mer-70m2-agnes-minard-24250","title":"appartement-face-mer-70m2-agnes-minard-24250","MultiTaille":{"1920x1440":{"url":"https:\/\/www.saint-brevin.com\/medias\/images\/prestations\/multitailles\/1920x1440_appartement-face-mer-70m2-agnes-minard-24250.jpg"},"1200x900":{"url":"https:\/\/www.saint-brevin.com\/medias\/images\/prestations\/multitailles\/1200x900_appartement-face-mer-70m2-agnes-minard-24250.jpg"},"800x600":{"url":"https:\/\/www.saint-brevin.com\/medias\/images\/prestations\/multitailles\/800x600_appartement-face-mer-70m2-agnes-minard-24250.jpg"},"640x480":{"url":"https:\/\/www.saint-brevin.com\/medias\/images\/prestations\/multitailles\/640x480_appartement-face-mer-70m2-agnes-minard-24250.jpg"},"320x240":{"url":"https:\/\/www.saint-brevin.com\/medias\/images\/prestations\/multitailles\/320x240_appartement-face-mer-70m2-agnes-minard-24250.jpg"},"160x120":{"url":"https:\/\/www.saint-brevin.com\/medias\/images\/prestations\/multitailles\/160x120_appartement-face-mer-70m2-agnes-minard-24250.jpg"},"origine":{"url":"https:\/\/www.saint-brevin.com\/medias\/images\/prestations\/appartement-face-mer-70m2-agnes-minard-24250.jpg"}},"urlLien":"","typeLien":"","nofollow":"N","copyright":""},{"url":"https:\/\/www.saint-brevin.com\/medias\/images\/prestations\/20230807-085426-24291.jpg","chemin":"..\/medias\/images\/prestations\/20230807-085426-24291.jpg","libelle":"20230807-085426-24291","extension":"jpg","categorie":"","largeur":4000,"theme":"","hauteur":3000,"type":"Image","origine":"","liaisonPave":"","langue":"","id":"24291","urlVignette":"https:\/\/www.saint-brevin.com\/medias\/images\/prestations\/v-20230807-085426-24291.jpg","alt":"20230807-085426-24291","title":"20230807-085426-24291","MultiTaille":{"1920x1440":{"url":"https:\/\/www.saint-brevin.com\/medias\/images\/prestations\/multitailles\/1920x1440_20230807-085426-24291.jpg"},"1200x900":{"url":"https:\/\/www.saint-brevin.com\/medias\/images\/prestations\/multitailles\/1200x900_20230807-085426-24291.jpg"},"800x600":{"url":"https:\/\/www.saint-brevin.com\/medias\/images\/prestations\/multitailles\/800x600_20230807-085426-24291.jpg"},"640x480":{"url":"https:\/\/www.saint-brevin.com\/medias\/images\/prestations\/multitailles\/640x480_20230807-085426-24291.jpg"},"320x240":{"url":"https:\/\/www.saint-brevin.com\/medias\/images\/prestations\/multitailles\/320x240_20230807-085426-24291.jpg"},"160x120":{"url":"https:\/\/www.saint-brevin.com\/medias\/images\/prestations\/multitailles\/160x120_20230807-085426-24291.jpg"},"origine":{"url":"https:\/\/www.saint-brevin.com\/medias\/images\/prestations\/20230807-085426-24291.jpg"}},"urlLien":"","typeLien":"","nofollow":"N","copyright":""},{"url":"https:\/\/www.saint-brevin.com\/medias\/images\/prestations\/2022-11-12-cuisine-24276.jpg","chemin":"..\/medias\/images\/prestations\/2022-11-12-cuisine-24276.jpg","libelle":"2022-11-12-cuisine-24276","extension":"jpg","categorie":"","largeur":4000,"theme":"","hauteur":3000,"type":"Image","origine":"","liaisonPave":"","langue":"","id":"24276","urlVignette":"https:\/\/www.saint-brevin.com\/medias\/images\/prestations\/v-2022-11-12-cuisine-24276.jpg","alt":"2022-11-12-cuisine-24276","title":"2022-11-12-cuisine-24276","MultiTaille":{"1920x1440":{"url":"https:\/\/www.saint-brevin.com\/medias\/images\/prestations\/multitailles\/1920x1440_2022-11-12-cuisine-24276.jpg"},"1200x900":{"url":"https:\/\/www.saint-brevin.com\/medias\/images\/prestations\/multitailles\/1200x900_2022-11-12-cuisine-24276.jpg"},"800x600":{"url":"https:\/\/www.saint-brevin.com\/medias\/images\/prestations\/multitailles\/800x600_2022-11-12-cuisine-24276.jpg"},"640x480":{"url":"https:\/\/www.saint-brevin.com\/medias\/images\/prestations\/multitailles\/640x480_2022-11-12-cuisine-24276.jpg"},"320x240":{"url":"https:\/\/www.saint-brevin.com\/medias\/images\/prestations\/multitailles\/320x240_2022-11-12-cuisine-24276.jpg"},"160x120":{"url":"https:\/\/www.saint-brevin.com\/medias\/images\/prestations\/multitailles\/160x120_2022-11-12-cuisine-24276.jpg"},"origine":{"url":"https:\/\/www.saint-brevin.com\/medias\/images\/prestations\/2022-11-12-cuisine-24276.jpg"}},"urlLien":"","typeLien":"","nofollow":"N","copyright":""},{"url":"https:\/\/www.saint-brevin.com\/medias\/images\/prestations\/2022-11-12-tv-cuisine-1-24282.jpg","chemin":"..\/medias\/images\/prestations\/2022-11-12-tv-cuisine-1-24282.jpg","libelle":"2022-11-12-tv-cuisine-1-24282","extension":"jpg","categorie":"","largeur":4000,"theme":"","hauteur":3000,"type":"Image","origine":"","liaisonPave":"","langue":"","id":"24282","urlVignette":"https:\/\/www.saint-brevin.com\/medias\/images\/prestations\/v-2022-11-12-tv-cuisine-1-24282.jpg","alt":"2022-11-12-tv-cuisine-1-24282","title":"2022-11-12-tv-cuisine-1-24282","MultiTaille":{"1920x1440":{"url":"https:\/\/www.saint-brevin.com\/medias\/images\/prestations\/multitailles\/1920x1440_2022-11-12-tv-cuisine-1-24282.jpg"},"1200x900":{"url":"https:\/\/www.saint-brevin.com\/medias\/images\/prestations\/multitailles\/1200x900_2022-11-12-tv-cuisine-1-24282.jpg"},"800x600":{"url":"https:\/\/www.saint-brevin.com\/medias\/images\/prestations\/multitailles\/800x600_2022-11-12-tv-cuisine-1-24282.jpg"},"640x480":{"url":"https:\/\/www.saint-brevin.com\/medias\/images\/prestations\/multitailles\/640x480_2022-11-12-tv-cuisine-1-24282.jpg"},"320x240":{"url":"https:\/\/www.saint-brevin.com\/medias\/images\/prestations\/multitailles\/320x240_2022-11-12-tv-cuisine-1-24282.jpg"},"160x120":{"url":"https:\/\/www.saint-brevin.com\/medias\/images\/prestations\/multitailles\/160x120_2022-11-12-tv-cuisine-1-24282.jpg"},"origine":{"url":"https:\/\/www.saint-brevin.com\/medias\/images\/prestations\/2022-11-12-tv-cuisine-1-24282.jpg"}},"urlLien":"","typeLien":"","nofollow":"N","copyright":""},{"url":"https:\/\/www.saint-brevin.com\/medias\/images\/prestations\/20221007-155240-24290.jpg","chemin":"..\/medias\/images\/prestations\/20221007-155240-24290.jpg","libelle":"20221007-155240-24290","extension":"jpg","categorie":"","largeur":4000,"theme":"","hauteur":3000,"type":"Image","origine":"","liaisonPave":"","langue":"","id":"24290","urlVignette":"https:\/\/www.saint-brevin.com\/medias\/images\/prestations\/v-20221007-155240-24290.jpg","alt":"20221007-155240-24290","title":"20221007-155240-24290","MultiTaille":{"1920x1440":{"url":"https:\/\/www.saint-brevin.com\/medias\/images\/prestations\/multitailles\/1920x1440_20221007-155240-24290.jpg"},"1200x900":{"url":"https:\/\/www.saint-brevin.com\/medias\/images\/prestations\/multitailles\/1200x900_20221007-155240-24290.jpg"},"800x600":{"url":"https:\/\/www.saint-brevin.com\/medias\/images\/prestations\/multitailles\/800x600_20221007-155240-24290.jpg"},"640x480":{"url":"https:\/\/www.saint-brevin.com\/medias\/images\/prestations\/multitailles\/640x480_20221007-155240-24290.jpg"},"320x240":{"url":"https:\/\/www.saint-brevin.com\/medias\/images\/prestations\/multitailles\/320x240_20221007-155240-24290.jpg"},"160x120":{"url":"https:\/\/www.saint-brevin.com\/medias\/images\/prestations\/multitailles\/160x120_20221007-155240-24290.jpg"},"origine":{"url":"https:\/\/www.saint-brevin.com\/medias\/images\/prestations\/20221007-155240-24290.jpg"}},"urlLien":"","typeLien":"","nofollow":"N","copyright":""},{"url":"https:\/\/www.saint-brevin.com\/medias\/images\/prestations\/2022-11-12-tv-cuisine-24284.jpg","chemin":"..\/medias\/images\/prestations\/2022-11-12-tv-cuisine-24284.jpg","libelle":"2022-11-12-tv-cuisine-24284","extension":"jpg","categorie":"","largeur":4000,"theme":"","hauteur":3000,"type":"Image","origine":"","liaisonPave":"","langue":"","id":"24284","urlVignette":"https:\/\/www.saint-brevin.com\/medias\/images\/prestations\/v-2022-11-12-tv-cuisine-24284.jpg","alt":"2022-11-12-tv-cuisine-24284","title":"2022-11-12-tv-cuisine-24284","MultiTaille":{"1920x1440":{"url":"https:\/\/www.saint-brevin.com\/medias\/images\/prestations\/multitailles\/1920x1440_2022-11-12-tv-cuisine-24284.jpg"},"1200x900":{"url":"https:\/\/www.saint-brevin.com\/medias\/images\/prestations\/multitailles\/1200x900_2022-11-12-tv-cuisine-24284.jpg"},"800x600":{"url":"https:\/\/www.saint-brevin.com\/medias\/images\/prestations\/multitailles\/800x600_2022-11-12-tv-cuisine-24284.jpg"},"640x480":{"url":"https:\/\/www.saint-brevin.com\/medias\/images\/prestations\/multitailles\/640x480_2022-11-12-tv-cuisine-24284.jpg"},"320x240":{"url":"https:\/\/www.saint-brevin.com\/medias\/images\/prestations\/multitailles\/320x240_2022-11-12-tv-cuisine-24284.jpg"},"160x120":{"url":"https:\/\/www.saint-brevin.com\/medias\/images\/prestations\/multitailles\/160x120_2022-11-12-tv-cuisine-24284.jpg"},"origine":{"url":"https:\/\/www.saint-brevin.com\/medias\/images\/prestations\/2022-11-12-tv-cuisine-24284.jpg"}},"urlLien":"","typeLien":"","nofollow":"N","copyright":""},{"url":"https:\/\/www.saint-brevin.com\/medias\/images\/prestations\/2022-11-12-chambre-1-24272.jpg","chemin":"..\/medias\/images\/prestations\/2022-11-12-chambre-1-24272.jpg","libelle":"2022-11-12-chambre-1-24272","extension":"jpg","categorie":"","largeur":2880,"theme":"","hauteur":2160,"type":"Image","origine":"","liaisonPave":"","langue":"","id":"24272","urlVignette":"https:\/\/www.saint-brevin.com\/medias\/images\/prestations\/v-2022-11-12-chambre-1-24272.jpg","alt":"2022-11-12-chambre-1-24272","title":"2022-11-12-chambre-1-24272","MultiTaille":{"1920x1440":{"url":"https:\/\/www.saint-brevin.com\/medias\/images\/prestations\/multitailles\/1920x1440_2022-11-12-chambre-1-24272.jpg"},"1200x900":{"url":"https:\/\/www.saint-brevin.com\/medias\/images\/prestations\/multitailles\/1200x900_2022-11-12-chambre-1-24272.jpg"},"800x600":{"url":"https:\/\/www.saint-brevin.com\/medias\/images\/prestations\/multitailles\/800x600_2022-11-12-chambre-1-24272.jpg"},"640x480":{"url":"https:\/\/www.saint-brevin.com\/medias\/images\/prestations\/multitailles\/640x480_2022-11-12-chambre-1-24272.jpg"},"320x240":{"url":"https:\/\/www.saint-brevin.com\/medias\/images\/prestations\/multitailles\/320x240_2022-11-12-chambre-1-24272.jpg"},"160x120":{"url":"https:\/\/www.saint-brevin.com\/medias\/images\/prestations\/multitailles\/160x120_2022-11-12-chambre-1-24272.jpg"},"origine":{"url":"https:\/\/www.saint-brevin.com\/medias\/images\/prestations\/2022-11-12-chambre-1-24272.jpg"}},"urlLien":"","typeLien":"","nofollow":"N","copyright":""},{"url":"https:\/\/www.saint-brevin.com\/medias\/images\/prestations\/2022-11-12-chambre-2-24271.jpg","chemin":"..\/medias\/images\/prestations\/2022-11-12-chambre-2-24271.jpg","libelle":"2022-11-12-chambre-2-24271","extension":"jpg","categorie":"","largeur":2880,"theme":"","hauteur":2160,"type":"Image","origine":"","liaisonPave":"","langue":"","id":"24271","urlVignette":"https:\/\/www.saint-brevin.com\/medias\/images\/prestations\/v-2022-11-12-chambre-2-24271.jpg","alt":"2022-11-12-chambre-2-24271","title":"2022-11-12-chambre-2-24271","MultiTaille":{"1920x1440":{"url":"https:\/\/www.saint-brevin.com\/medias\/images\/prestations\/multitailles\/1920x1440_2022-11-12-chambre-2-24271.jpg"},"1200x900":{"url":"https:\/\/www.saint-brevin.com\/medias\/images\/prestations\/multitailles\/1200x900_2022-11-12-chambre-2-24271.jpg"},"800x600":{"url":"https:\/\/www.saint-brevin.com\/medias\/images\/prestations\/multitailles\/800x600_2022-11-12-chambre-2-24271.jpg"},"640x480":{"url":"https:\/\/www.saint-brevin.com\/medias\/images\/prestations\/multitailles\/640x480_2022-11-12-chambre-2-24271.jpg"},"320x240":{"url":"https:\/\/www.saint-brevin.com\/medias\/images\/prestations\/multitailles\/320x240_2022-11-12-chambre-2-24271.jpg"},"160x120":{"url":"https:\/\/www.saint-brevin.com\/medias\/images\/prestations\/multitailles\/160x120_2022-11-12-chambre-2-24271.jpg"},"origine":{"url":"https:\/\/www.saint-brevin.com\/medias\/images\/prestations\/2022-11-12-chambre-2-24271.jpg"}},"urlLien":"","typeLien":"","nofollow":"N","copyright":""},{"url":"https:\/\/www.saint-brevin.com\/medias\/images\/prestations\/2022-11-12-chambre-tv-1-24273.jpg","chemin":"..\/medias\/images\/prestations\/2022-11-12-chambre-tv-1-24273.jpg","libelle":"2022-11-12-chambre-tv-1-24273","extension":"jpg","categorie":"","largeur":2880,"theme":"","hauteur":2160,"type":"Image","origine":"","liaisonPave":"","langue":"","id":"24273","urlVignette":"https:\/\/www.saint-brevin.com\/medias\/images\/prestations\/v-2022-11-12-chambre-tv-1-24273.jpg","alt":"2022-11-12-chambre-tv-1-24273","title":"2022-11-12-chambre-tv-1-24273","MultiTaille":{"1920x1440":{"url":"https:\/\/www.saint-brevin.com\/medias\/images\/prestations\/multitailles\/1920x1440_2022-11-12-chambre-tv-1-24273.jpg"},"1200x900":{"url":"https:\/\/www.saint-brevin.com\/medias\/images\/prestations\/multitailles\/1200x900_2022-11-12-chambre-tv-1-24273.jpg"},"800x600":{"url":"https:\/\/www.saint-brevin.com\/medias\/images\/prestations\/multitailles\/800x600_2022-11-12-chambre-tv-1-24273.jpg"},"640x480":{"url":"https:\/\/www.saint-brevin.com\/medias\/images\/prestations\/multitailles\/640x480_2022-11-12-chambre-tv-1-24273.jpg"},"320x240":{"url":"https:\/\/www.saint-brevin.com\/medias\/images\/prestations\/multitailles\/320x240_2022-11-12-chambre-tv-1-24273.jpg"},"160x120":{"url":"https:\/\/www.saint-brevin.com\/medias\/images\/prestations\/multitailles\/160x120_2022-11-12-chambre-tv-1-24273.jpg"},"origine":{"url":"https:\/\/www.saint-brevin.com\/medias\/images\/prestations\/2022-11-12-chambre-tv-1-24273.jpg"}},"urlLien":"","typeLien":"","nofollow":"N","copyright":""},{"url":"https:\/\/www.saint-brevin.com\/medias\/images\/prestations\/2022-11-12-chambre-tv-24274.jpg","chemin":"..\/medias\/images\/prestations\/2022-11-12-chambre-tv-24274.jpg","libelle":"2022-11-12-chambre-tv-24274","extension":"jpg","categorie":"","largeur":2880,"theme":"","hauteur":2160,"type":"Image","origine":"","liaisonPave":"","langue":"","id":"24274","urlVignette":"https:\/\/www.saint-brevin.com\/medias\/images\/prestations\/v-2022-11-12-chambre-tv-24274.jpg","alt":"2022-11-12-chambre-tv-24274","title":"2022-11-12-chambre-tv-24274","MultiTaille":{"1920x1440":{"url":"https:\/\/www.saint-brevin.com\/medias\/images\/prestations\/multitailles\/1920x1440_2022-11-12-chambre-tv-24274.jpg"},"1200x900":{"url":"https:\/\/www.saint-brevin.com\/medias\/images\/prestations\/multitailles\/1200x900_2022-11-12-chambre-tv-24274.jpg"},"800x600":{"url":"https:\/\/www.saint-brevin.com\/medias\/images\/prestations\/multitailles\/800x600_2022-11-12-chambre-tv-24274.jpg"},"640x480":{"url":"https:\/\/www.saint-brevin.com\/medias\/images\/prestations\/multitailles\/640x480_2022-11-12-chambre-tv-24274.jpg"},"320x240":{"url":"https:\/\/www.saint-brevin.com\/medias\/images\/prestations\/multitailles\/320x240_2022-11-12-chambre-tv-24274.jpg"},"160x120":{"url":"https:\/\/www.saint-brevin.com\/medias\/images\/prestations\/multitailles\/160x120_2022-11-12-chambre-tv-24274.jpg"},"origine":{"url":"https:\/\/www.saint-brevin.com\/medias\/images\/prestations\/2022-11-12-chambre-tv-24274.jpg"}},"urlLien":"","typeLien":"","nofollow":"N","copyright":""},{"url":"https:\/\/www.saint-brevin.com\/medias\/images\/prestations\/2022-11-12-dressing-1-24275.jpg","chemin":"..\/medias\/images\/prestations\/2022-11-12-dressing-1-24275.jpg","libelle":"2022-11-12-dressing-1-24275","extension":"jpg","categorie":"","largeur":2880,"theme":"","hauteur":2160,"type":"Image","origine":"","liaisonPave":"","langue":"","id":"24275","urlVignette":"https:\/\/www.saint-brevin.com\/medias\/images\/prestations\/v-2022-11-12-dressing-1-24275.jpg","alt":"2022-11-12-dressing-1-24275","title":"2022-11-12-dressing-1-24275","MultiTaille":{"1920x1440":{"url":"https:\/\/www.saint-brevin.com\/medias\/images\/prestations\/multitailles\/1920x1440_2022-11-12-dressing-1-24275.jpg"},"1200x900":{"url":"https:\/\/www.saint-brevin.com\/medias\/images\/prestations\/multitailles\/1200x900_2022-11-12-dressing-1-24275.jpg"},"800x600":{"url":"https:\/\/www.saint-brevin.com\/medias\/images\/prestations\/multitailles\/800x600_2022-11-12-dressing-1-24275.jpg"},"640x480":{"url":"https:\/\/www.saint-brevin.com\/medias\/images\/prestations\/multitailles\/640x480_2022-11-12-dressing-1-24275.jpg"},"320x240":{"url":"https:\/\/www.saint-brevin.com\/medias\/images\/prestations\/multitailles\/320x240_2022-11-12-dressing-1-24275.jpg"},"160x120":{"url":"https:\/\/www.saint-brevin.com\/medias\/images\/prestations\/multitailles\/160x120_2022-11-12-dressing-1-24275.jpg"},"origine":{"url":"https:\/\/www.saint-brevin.com\/medias\/images\/prestations\/2022-11-12-dressing-1-24275.jpg"}},"urlLien":"","typeLien":"","nofollow":"N","copyright":""},{"url":"https:\/\/www.saint-brevin.com\/medias\/images\/prestations\/2022-11-12-sdb-3-24277.jpg","chemin":"..\/medias\/images\/prestations\/2022-11-12-sdb-3-24277.jpg","libelle":"2022-11-12-sdb-3-24277","extension":"jpg","categorie":"","largeur":2880,"theme":"","hauteur":2160,"type":"Image","origine":"","liaisonPave":"","langue":"","id":"24277","urlVignette":"https:\/\/www.saint-brevin.com\/medias\/images\/prestations\/v-2022-11-12-sdb-3-24277.jpg","alt":"2022-11-12-sdb-3-24277","title":"2022-11-12-sdb-3-24277","MultiTaille":{"1920x1440":{"url":"https:\/\/www.saint-brevin.com\/medias\/images\/prestations\/multitailles\/1920x1440_2022-11-12-sdb-3-24277.jpg"},"1200x900":{"url":"https:\/\/www.saint-brevin.com\/medias\/images\/prestations\/multitailles\/1200x900_2022-11-12-sdb-3-24277.jpg"},"800x600":{"url":"https:\/\/www.saint-brevin.com\/medias\/images\/prestations\/multitailles\/800x600_2022-11-12-sdb-3-24277.jpg"},"640x480":{"url":"https:\/\/www.saint-brevin.com\/medias\/images\/prestations\/multitailles\/640x480_2022-11-12-sdb-3-24277.jpg"},"320x240":{"url":"https:\/\/www.saint-brevin.com\/medias\/images\/prestations\/multitailles\/320x240_2022-11-12-sdb-3-24277.jpg"},"160x120":{"url":"https:\/\/www.saint-brevin.com\/medias\/images\/prestations\/multitailles\/160x120_2022-11-12-sdb-3-24277.jpg"},"origine":{"url":"https:\/\/www.saint-brevin.com\/medias\/images\/prestations\/2022-11-12-sdb-3-24277.jpg"}},"urlLien":"","typeLien":"","nofollow":"N","copyright":""},{"url":"https:\/\/www.saint-brevin.com\/medias\/images\/prestations\/2022-11-12-sdb-5-24278.jpg","chemin":"..\/medias\/images\/prestations\/2022-11-12-sdb-5-24278.jpg","libelle":"2022-11-12-sdb-5-24278","extension":"jpg","categorie":"","largeur":2880,"theme":"","hauteur":2160,"type":"Image","origine":"","liaisonPave":"","langue":"","id":"24278","urlVignette":"https:\/\/www.saint-brevin.com\/medias\/images\/prestations\/v-2022-11-12-sdb-5-24278.jpg","alt":"2022-11-12-sdb-5-24278","title":"2022-11-12-sdb-5-24278","MultiTaille":{"1920x1440":{"url":"https:\/\/www.saint-brevin.com\/medias\/images\/prestations\/multitailles\/1920x1440_2022-11-12-sdb-5-24278.jpg"},"1200x900":{"url":"https:\/\/www.saint-brevin.com\/medias\/images\/prestations\/multitailles\/1200x900_2022-11-12-sdb-5-24278.jpg"},"800x600":{"url":"https:\/\/www.saint-brevin.com\/medias\/images\/prestations\/multitailles\/800x600_2022-11-12-sdb-5-24278.jpg"},"640x480":{"url":"https:\/\/www.saint-brevin.com\/medias\/images\/prestations\/multitailles\/640x480_2022-11-12-sdb-5-24278.jpg"},"320x240":{"url":"https:\/\/www.saint-brevin.com\/medias\/images\/prestations\/multitailles\/320x240_2022-11-12-sdb-5-24278.jpg"},"160x120":{"url":"https:\/\/www.saint-brevin.com\/medias\/images\/prestations\/multitailles\/160x120_2022-11-12-sdb-5-24278.jpg"},"origine":{"url":"https:\/\/www.saint-brevin.com\/medias\/images\/prestations\/2022-11-12-sdb-5-24278.jpg"}},"urlLien":"","typeLien":"","nofollow":"N","copyright":""},{"url":"https:\/\/www.saint-brevin.com\/medias\/images\/prestations\/2022-11-12-sdb-7-24279.jpg","chemin":"..\/medias\/images\/prestations\/2022-11-12-sdb-7-24279.jpg","libelle":"2022-11-12-sdb-7-24279","extension":"jpg","categorie":"","largeur":2880,"theme":"","hauteur":2160,"type":"Image","origine":"","liaisonPave":"","langue":"","id":"24279","urlVignette":"https:\/\/www.saint-brevin.com\/medias\/images\/prestations\/v-2022-11-12-sdb-7-24279.jpg","alt":"2022-11-12-sdb-7-24279","title":"2022-11-12-sdb-7-24279","MultiTaille":{"1920x1440":{"url":"https:\/\/www.saint-brevin.com\/medias\/images\/prestations\/multitailles\/1920x1440_2022-11-12-sdb-7-24279.jpg"},"1200x900":{"url":"https:\/\/www.saint-brevin.com\/medias\/images\/prestations\/multitailles\/1200x900_2022-11-12-sdb-7-24279.jpg"},"800x600":{"url":"https:\/\/www.saint-brevin.com\/medias\/images\/prestations\/multitailles\/800x600_2022-11-12-sdb-7-24279.jpg"},"640x480":{"url":"https:\/\/www.saint-brevin.com\/medias\/images\/prestations\/multitailles\/640x480_2022-11-12-sdb-7-24279.jpg"},"320x240":{"url":"https:\/\/www.saint-brevin.com\/medias\/images\/prestations\/multitailles\/320x240_2022-11-12-sdb-7-24279.jpg"},"160x120":{"url":"https:\/\/www.saint-brevin.com\/medias\/images\/prestations\/multitailles\/160x120_2022-11-12-sdb-7-24279.jpg"},"origine":{"url":"https:\/\/www.saint-brevin.com\/medias\/images\/prestations\/2022-11-12-sdb-7-24279.jpg"}},"urlLien":"","typeLien":"","nofollow":"N","copyright":""},{"url":"https:\/\/www.saint-brevin.com\/medias\/images\/prestations\/2022-11-12-toilettes-24280.jpg","chemin":"..\/medias\/images\/prestations\/2022-11-12-toilettes-24280.jpg","libelle":"2022-11-12-toilettes-24280","extension":"jpg","categorie":"","largeur":2880,"theme":"","hauteur":2160,"type":"Image","origine":"","liaisonPave":"","langue":"","id":"24280","urlVignette":"https:\/\/www.saint-brevin.com\/medias\/images\/prestations\/v-2022-11-12-toilettes-24280.jpg","alt":"2022-11-12-toilettes-24280","title":"2022-11-12-toilettes-24280","MultiTaille":{"1920x1440":{"url":"https:\/\/www.saint-brevin.com\/medias\/images\/prestations\/multitailles\/1920x1440_2022-11-12-toilettes-24280.jpg"},"1200x900":{"url":"https:\/\/www.saint-brevin.com\/medias\/images\/prestations\/multitailles\/1200x900_2022-11-12-toilettes-24280.jpg"},"800x600":{"url":"https:\/\/www.saint-brevin.com\/medias\/images\/prestations\/multitailles\/800x600_2022-11-12-toilettes-24280.jpg"},"640x480":{"url":"https:\/\/www.saint-brevin.com\/medias\/images\/prestations\/multitailles\/640x480_2022-11-12-toilettes-24280.jpg"},"320x240":{"url":"https:\/\/www.saint-brevin.com\/medias\/images\/prestations\/multitailles\/320x240_2022-11-12-toilettes-24280.jpg"},"160x120":{"url":"https:\/\/www.saint-brevin.com\/medias\/images\/prestations\/multitailles\/160x120_2022-11-12-toilettes-24280.jpg"},"origine":{"url":"https:\/\/www.saint-brevin.com\/medias\/images\/prestations\/2022-11-12-toilettes-24280.jpg"}},"urlLien":"","typeLien":"","nofollow":"N","copyright":""},{"url":"https:\/\/www.saint-brevin.com\/medias\/images\/prestations\/20210716-155753-24286.jpg","chemin":"..\/medias\/images\/prestations\/20210716-155753-24286.jpg","libelle":"20210716-155753-24286","extension":"jpg","categorie":"","largeur":2880,"theme":"","hauteur":2160,"type":"Image","origine":"","liaisonPave":"","langue":"","id":"24286","urlVignette":"https:\/\/www.saint-brevin.com\/medias\/images\/prestations\/v-20210716-155753-24286.jpg","alt":"20210716-155753-24286","title":"20210716-155753-24286","MultiTaille":{"1920x1440":{"url":"https:\/\/www.saint-brevin.com\/medias\/images\/prestations\/multitailles\/1920x1440_20210716-155753-24286.jpg"},"1200x900":{"url":"https:\/\/www.saint-brevin.com\/medias\/images\/prestations\/multitailles\/1200x900_20210716-155753-24286.jpg"},"800x600":{"url":"https:\/\/www.saint-brevin.com\/medias\/images\/prestations\/multitailles\/800x600_20210716-155753-24286.jpg"},"640x480":{"url":"https:\/\/www.saint-brevin.com\/medias\/images\/prestations\/multitailles\/640x480_20210716-155753-24286.jpg"},"320x240":{"url":"https:\/\/www.saint-brevin.com\/medias\/images\/prestations\/multitailles\/320x240_20210716-155753-24286.jpg"},"160x120":{"url":"https:\/\/www.saint-brevin.com\/medias\/images\/prestations\/multitailles\/160x120_20210716-155753-24286.jpg"},"origine":{"url":"https:\/\/www.saint-brevin.com\/medias\/images\/prestations\/20210716-155753-24286.jpg"}},"urlLien":"","typeLien":"","nofollow":"N","copyright":""},{"url":"https:\/\/www.saint-brevin.com\/medias\/images\/prestations\/20210716-155808-24287.jpg","chemin":"..\/medias\/images\/prestations\/20210716-155808-24287.jpg","libelle":"20210716-155808-24287","extension":"jpg","categorie":"","largeur":933,"theme":"","hauteur":700,"type":"Image","origine":"","liaisonPave":"","langue":"","id":"24287","urlVignette":"https:\/\/www.saint-brevin.com\/medias\/images\/prestations\/v-20210716-155808-24287.jpg","alt":"20210716-155808-24287","title":"20210716-155808-24287","MultiTaille":{"1920x1440":{"url":"https:\/\/www.saint-brevin.com\/medias\/images\/prestations\/multitailles\/1920x1440_20210716-155808-24287.jpg"},"1200x900":{"url":"https:\/\/www.saint-brevin.com\/medias\/images\/prestations\/multitailles\/1200x900_20210716-155808-24287.jpg"},"800x600":{"url":"https:\/\/www.saint-brevin.com\/medias\/images\/prestations\/multitailles\/800x600_20210716-155808-24287.jpg"},"640x480":{"url":"https:\/\/www.saint-brevin.com\/medias\/images\/prestations\/multitailles\/640x480_20210716-155808-24287.jpg"},"320x240":{"url":"https:\/\/www.saint-brevin.com\/medias\/images\/prestations\/multitailles\/320x240_20210716-155808-24287.jpg"},"160x120":{"url":"https:\/\/www.saint-brevin.com\/medias\/images\/prestations\/multitailles\/160x120_20210716-155808-24287.jpg"},"origine":{"url":"https:\/\/www.saint-brevin.com\/medias\/images\/prestations\/20210716-155808-24287.jpg"}},"urlLien":"","typeLien":"","nofollow":"N","copyright":""},{"url":"https:\/\/www.saint-brevin.com\/medias\/images\/prestations\/20210828-111136-24288.jpg","chemin":"..\/medias\/images\/prestations\/20210828-111136-24288.jpg","libelle":"20210828-111136-24288","extension":"jpg","categorie":"","largeur":933,"theme":"","hauteur":700,"type":"Image","origine":"","liaisonPave":"","langue":"","id":"24288","urlVignette":"https:\/\/www.saint-brevin.com\/medias\/images\/prestations\/v-20210828-111136-24288.jpg","alt":"20210828-111136-24288","title":"20210828-111136-24288","MultiTaille":{"1920x1440":{"url":"https:\/\/www.saint-brevin.com\/medias\/images\/prestations\/multitailles\/1920x1440_20210828-111136-24288.jpg"},"1200x900":{"url":"https:\/\/www.saint-brevin.com\/medias\/images\/prestations\/multitailles\/1200x900_20210828-111136-24288.jpg"},"800x600":{"url":"https:\/\/www.saint-brevin.com\/medias\/images\/prestations\/multitailles\/800x600_20210828-111136-24288.jpg"},"640x480":{"url":"https:\/\/www.saint-brevin.com\/medias\/images\/prestations\/multitailles\/640x480_20210828-111136-24288.jpg"},"320x240":{"url":"https:\/\/www.saint-brevin.com\/medias\/images\/prestations\/multitailles\/320x240_20210828-111136-24288.jpg"},"160x120":{"url":"https:\/\/www.saint-brevin.com\/medias\/images\/prestations\/multitailles\/160x120_20210828-111136-24288.jpg"},"origine":{"url":"https:\/\/www.saint-brevin.com\/medias\/images\/prestations\/20210828-111136-24288.jpg"}},"urlLien":"","typeLien":"","nofollow":"N","copyright":""},{"url":"https:\/\/www.saint-brevin.com\/medias\/images\/prestations\/catamaran-st-br-vin-24289.jpg","chemin":"..\/medias\/images\/prestations\/catamaran-st-br-vin-24289.jpg","libelle":"catamaran-st-br-vin-24289","extension":"jpg","categorie":"","largeur":1225,"theme":"","hauteur":800,"type":"Image","origine":"","liaisonPave":"","langue":"","id":"24289","urlVignette":"https:\/\/www.saint-brevin.com\/medias\/images\/prestations\/v-catamaran-st-br-vin-24289.jpg","alt":"catamaran-st-br-vin-24289","title":"catamaran-st-br-vin-24289","MultiTaille":{"1920x1440":{"url":"https:\/\/www.saint-brevin.com\/medias\/images\/prestations\/multitailles\/1920x1440_catamaran-st-br-vin-24289.jpg"},"1200x900":{"url":"https:\/\/www.saint-brevin.com\/medias\/images\/prestations\/multitailles\/1200x900_catamaran-st-br-vin-24289.jpg"},"800x600":{"url":"https:\/\/www.saint-brevin.com\/medias\/images\/prestations\/multitailles\/800x600_catamaran-st-br-vin-24289.jpg"},"640x480":{"url":"https:\/\/www.saint-brevin.com\/medias\/images\/prestations\/multitailles\/640x480_catamaran-st-br-vin-24289.jpg"},"320x240":{"url":"https:\/\/www.saint-brevin.com\/medias\/images\/prestations\/multitailles\/320x240_catamaran-st-br-vin-24289.jpg"},"160x120":{"url":"https:\/\/www.saint-brevin.com\/medias\/images\/prestations\/multitailles\/160x120_catamaran-st-br-vin-24289.jpg"},"origine":{"url":"https:\/\/www.saint-brevin.com\/medias\/images\/prestations\/catamaran-st-br-vin-24289.jpg"}},"urlLien":"","typeLien":"","nofollow":"N","copyright":""},{"url":"https:\/\/www.saint-brevin.com\/medias\/images\/prestations\/2024-char-voile-24281.jpg","chemin":"..\/medias\/images\/prestations\/2024-char-voile-24281.jpg","libelle":"2024-char-voile-24281","extension":"jpg","categorie":"","largeur":2048,"theme":"","hauteur":1536,"type":"Image","origine":"","liaisonPave":"","langue":"","id":"24281","urlVignette":"https:\/\/www.saint-brevin.com\/medias\/images\/prestations\/v-2024-char-voile-24281.jpg","alt":"2024-char-voile-24281","title":"2024-char-voile-24281","MultiTaille":{"1920x1440":{"url":"https:\/\/www.saint-brevin.com\/medias\/images\/prestations\/multitailles\/1920x1440_2024-char-voile-24281.jpg"},"1200x900":{"url":"https:\/\/www.saint-brevin.com\/medias\/images\/prestations\/multitailles\/1200x900_2024-char-voile-24281.jpg"},"800x600":{"url":"https:\/\/www.saint-brevin.com\/medias\/images\/prestations\/multitailles\/800x600_2024-char-voile-24281.jpg"},"640x480":{"url":"https:\/\/www.saint-brevin.com\/medias\/images\/prestations\/multitailles\/640x480_2024-char-voile-24281.jpg"},"320x240":{"url":"https:\/\/www.saint-brevin.com\/medias\/images\/prestations\/multitailles\/320x240_2024-char-voile-24281.jpg"},"160x120":{"url":"https:\/\/www.saint-brevin.com\/medias\/images\/prestations\/multitailles\/160x120_2024-char-voile-24281.jpg"},"origine":{"url":"https:\/\/www.saint-brevin.com\/medias\/images\/prestations\/2024-char-voile-24281.jpg"}},"urlLien":"","typeLien":"","nofollow":"N","copyright":""},{"url":"https:\/\/www.saint-brevin.com\/medias\/images\/prestations\/2024-plage-au-cr-puscule-et-quitation-24285.jpg","chemin":"..\/medias\/images\/prestations\/2024-plage-au-cr-puscule-et-quitation-24285.jpg","libelle":"2024-plage-au-cr-puscule-et-quitation-24285","extension":"jpg","categorie":"","largeur":2048,"theme":"","hauteur":1536,"type":"Image","origine":"","liaisonPave":"","langue":"","id":"24285","urlVignette":"https:\/\/www.saint-brevin.com\/medias\/images\/prestations\/v-2024-plage-au-cr-puscule-et-quitation-24285.jpg","alt":"2024-plage-au-cr-puscule-et-quitation-24285","title":"2024-plage-au-cr-puscule-et-quitation-24285","MultiTaille":{"1920x1440":{"url":"https:\/\/www.saint-brevin.com\/medias\/images\/prestations\/multitailles\/1920x1440_2024-plage-au-cr-puscule-et-quitation-24285.jpg"},"1200x900":{"url":"https:\/\/www.saint-brevin.com\/medias\/images\/prestations\/multitailles\/1200x900_2024-plage-au-cr-puscule-et-quitation-24285.jpg"},"800x600":{"url":"https:\/\/www.saint-brevin.com\/medias\/images\/prestations\/multitailles\/800x600_2024-plage-au-cr-puscule-et-quitation-24285.jpg"},"640x480":{"url":"https:\/\/www.saint-brevin.com\/medias\/images\/prestations\/multitailles\/640x480_2024-plage-au-cr-puscule-et-quitation-24285.jpg"},"320x240":{"url":"https:\/\/www.saint-brevin.com\/medias\/images\/prestations\/multitailles\/320x240_2024-plage-au-cr-puscule-et-quitation-24285.jpg"},"160x120":{"url":"https:\/\/www.saint-brevin.com\/medias\/images\/prestations\/multitailles\/160x120_2024-plage-au-cr-puscule-et-quitation-24285.jpg"},"origine":{"url":"https:\/\/www.saint-brevin.com\/medias\/images\/prestations\/2024-plage-au-cr-puscule-et-quitation-24285.jpg"}},"urlLien":"","typeLien":"","nofollow":"N","copyright":""},{"url":"https:\/\/www.saint-brevin.com\/medias\/images\/prestations\/2024-le-serpent-de-l-oc-an-24283.jpg","chemin":"..\/medias\/images\/prestations\/2024-le-serpent-de-l-oc-an-24283.jpg","libelle":"2024-le-serpent-de-l-oc-an-24283","extension":"jpg","categorie":"","largeur":1536,"theme":"","hauteur":2048,"type":"Image","origine":"","liaisonPave":"","langue":"","id":"24283","urlVignette":"https:\/\/www.saint-brevin.com\/medias\/images\/prestations\/v-2024-le-serpent-de-l-oc-an-24283.jpg","alt":"2024-le-serpent-de-l-oc-an-24283","title":"2024-le-serpent-de-l-oc-an-24283","MultiTaille":{"1920x1440":{"url":"https:\/\/www.saint-brevin.com\/medias\/images\/prestations\/multitailles\/1920x1440_2024-le-serpent-de-l-oc-an-24283.jpg"},"1200x900":{"url":"https:\/\/www.saint-brevin.com\/medias\/images\/prestations\/multitailles\/1200x900_2024-le-serpent-de-l-oc-an-24283.jpg"},"800x600":{"url":"https:\/\/www.saint-brevin.com\/medias\/images\/prestations\/multitailles\/800x600_2024-le-serpent-de-l-oc-an-24283.jpg"},"640x480":{"url":"https:\/\/www.saint-brevin.com\/medias\/images\/prestations\/multitailles\/640x480_2024-le-serpent-de-l-oc-an-24283.jpg"},"320x240":{"url":"https:\/\/www.saint-brevin.com\/medias\/images\/prestations\/multitailles\/320x240_2024-le-serpent-de-l-oc-an-24283.jpg"},"160x120":{"url":"https:\/\/www.saint-brevin.com\/medias\/images\/prestations\/multitailles\/160x120_2024-le-serpent-de-l-oc-an-24283.jpg"},"origine":{"url":"https:\/\/www.saint-brevin.com\/medias\/images\/prestations\/2024-le-serpent-de-l-oc-an-24283.jpg"}},"urlLien":"","typeLien":"","nofollow":"N","copyright":""}],"ByCategorie":{"":[{"url":"https:\/\/www.saint-brevin.com\/medias\/images\/prestations\/appartement-face-mer-70m2-agnes-minard-24250.jpg","chemin":"..\/medias\/images\/prestations\/appartement-face-mer-70m2-agnes-minard-24250.jpg","libelle":"appartement-face-mer-70m2-agnes-minard-24250","extension":"jpg","categorie":"","largeur":4000,"theme":"","hauteur":3000,"type":"Image","origine":"","liaisonPave":"","langue":"","id":"24250","urlVignette":"https:\/\/www.saint-brevin.com\/medias\/images\/prestations\/v-appartement-face-mer-70m2-agnes-minard-24250.jpg","alt":"appartement-face-mer-70m2-agnes-minard-24250","title":"appartement-face-mer-70m2-agnes-minard-24250","MultiTaille":{"1920x1440":{"url":"https:\/\/www.saint-brevin.com\/medias\/images\/prestations\/multitailles\/1920x1440_appartement-face-mer-70m2-agnes-minard-24250.jpg"},"1200x900":{"url":"https:\/\/www.saint-brevin.com\/medias\/images\/prestations\/multitailles\/1200x900_appartement-face-mer-70m2-agnes-minard-24250.jpg"},"800x600":{"url":"https:\/\/www.saint-brevin.com\/medias\/images\/prestations\/multitailles\/800x600_appartement-face-mer-70m2-agnes-minard-24250.jpg"},"640x480":{"url":"https:\/\/www.saint-brevin.com\/medias\/images\/prestations\/multitailles\/640x480_appartement-face-mer-70m2-agnes-minard-24250.jpg"},"320x240":{"url":"https:\/\/www.saint-brevin.com\/medias\/images\/prestations\/multitailles\/320x240_appartement-face-mer-70m2-agnes-minard-24250.jpg"},"160x120":{"url":"https:\/\/www.saint-brevin.com\/medias\/images\/prestations\/multitailles\/160x120_appartement-face-mer-70m2-agnes-minard-24250.jpg"},"origine":{"url":"https:\/\/www.saint-brevin.com\/medias\/images\/prestations\/appartement-face-mer-70m2-agnes-minard-24250.jpg"}},"urlLien":"","typeLien":"","nofollow":"N","copyright":""},{"url":"https:\/\/www.saint-brevin.com\/medias\/images\/prestations\/20230807-085426-24291.jpg","chemin":"..\/medias\/images\/prestations\/20230807-085426-24291.jpg","libelle":"20230807-085426-24291","extension":"jpg","categorie":"","largeur":4000,"theme":"","hauteur":3000,"type":"Image","origine":"","liaisonPave":"","langue":"","id":"24291","urlVignette":"https:\/\/www.saint-brevin.com\/medias\/images\/prestations\/v-20230807-085426-24291.jpg","alt":"20230807-085426-24291","title":"20230807-085426-24291","MultiTaille":{"1920x1440":{"url":"https:\/\/www.saint-brevin.com\/medias\/images\/prestations\/multitailles\/1920x1440_20230807-085426-24291.jpg"},"1200x900":{"url":"https:\/\/www.saint-brevin.com\/medias\/images\/prestations\/multitailles\/1200x900_20230807-085426-24291.jpg"},"800x600":{"url":"https:\/\/www.saint-brevin.com\/medias\/images\/prestations\/multitailles\/800x600_20230807-085426-24291.jpg"},"640x480":{"url":"https:\/\/www.saint-brevin.com\/medias\/images\/prestations\/multitailles\/640x480_20230807-085426-24291.jpg"},"320x240":{"url":"https:\/\/www.saint-brevin.com\/medias\/images\/prestations\/multitailles\/320x240_20230807-085426-24291.jpg"},"160x120":{"url":"https:\/\/www.saint-brevin.com\/medias\/images\/prestations\/multitailles\/160x120_20230807-085426-24291.jpg"},"origine":{"url":"https:\/\/www.saint-brevin.com\/medias\/images\/prestations\/20230807-085426-24291.jpg"}},"urlLien":"","typeLien":"","nofollow":"N","copyright":""},{"url":"https:\/\/www.saint-brevin.com\/medias\/images\/prestations\/2022-11-12-cuisine-24276.jpg","chemin":"..\/medias\/images\/prestations\/2022-11-12-cuisine-24276.jpg","libelle":"2022-11-12-cuisine-24276","extension":"jpg","categorie":"","largeur":4000,"theme":"","hauteur":3000,"type":"Image","origine":"","liaisonPave":"","langue":"","id":"24276","urlVignette":"https:\/\/www.saint-brevin.com\/medias\/images\/prestations\/v-2022-11-12-cuisine-24276.jpg","alt":"2022-11-12-cuisine-24276","title":"2022-11-12-cuisine-24276","MultiTaille":{"1920x1440":{"url":"https:\/\/www.saint-brevin.com\/medias\/images\/prestations\/multitailles\/1920x1440_2022-11-12-cuisine-24276.jpg"},"1200x900":{"url":"https:\/\/www.saint-brevin.com\/medias\/images\/prestations\/multitailles\/1200x900_2022-11-12-cuisine-24276.jpg"},"800x600":{"url":"https:\/\/www.saint-brevin.com\/medias\/images\/prestations\/multitailles\/800x600_2022-11-12-cuisine-24276.jpg"},"640x480":{"url":"https:\/\/www.saint-brevin.com\/medias\/images\/prestations\/multitailles\/640x480_2022-11-12-cuisine-24276.jpg"},"320x240":{"url":"https:\/\/www.saint-brevin.com\/medias\/images\/prestations\/multitailles\/320x240_2022-11-12-cuisine-24276.jpg"},"160x120":{"url":"https:\/\/www.saint-brevin.com\/medias\/images\/prestations\/multitailles\/160x120_2022-11-12-cuisine-24276.jpg"},"origine":{"url":"https:\/\/www.saint-brevin.com\/medias\/images\/prestations\/2022-11-12-cuisine-24276.jpg"}},"urlLien":"","typeLien":"","nofollow":"N","copyright":""},{"url":"https:\/\/www.saint-brevin.com\/medias\/images\/prestations\/2022-11-12-tv-cuisine-1-24282.jpg","chemin":"..\/medias\/images\/prestations\/2022-11-12-tv-cuisine-1-24282.jpg","libelle":"2022-11-12-tv-cuisine-1-24282","extension":"jpg","categorie":"","largeur":4000,"theme":"","hauteur":3000,"type":"Image","origine":"","liaisonPave":"","langue":"","id":"24282","urlVignette":"https:\/\/www.saint-brevin.com\/medias\/images\/prestations\/v-2022-11-12-tv-cuisine-1-24282.jpg","alt":"2022-11-12-tv-cuisine-1-24282","title":"2022-11-12-tv-cuisine-1-24282","MultiTaille":{"1920x1440":{"url":"https:\/\/www.saint-brevin.com\/medias\/images\/prestations\/multitailles\/1920x1440_2022-11-12-tv-cuisine-1-24282.jpg"},"1200x900":{"url":"https:\/\/www.saint-brevin.com\/medias\/images\/prestations\/multitailles\/1200x900_2022-11-12-tv-cuisine-1-24282.jpg"},"800x600":{"url":"https:\/\/www.saint-brevin.com\/medias\/images\/prestations\/multitailles\/800x600_2022-11-12-tv-cuisine-1-24282.jpg"},"640x480":{"url":"https:\/\/www.saint-brevin.com\/medias\/images\/prestations\/multitailles\/640x480_2022-11-12-tv-cuisine-1-24282.jpg"},"320x240":{"url":"https:\/\/www.saint-brevin.com\/medias\/images\/prestations\/multitailles\/320x240_2022-11-12-tv-cuisine-1-24282.jpg"},"160x120":{"url":"https:\/\/www.saint-brevin.com\/medias\/images\/prestations\/multitailles\/160x120_2022-11-12-tv-cuisine-1-24282.jpg"},"origine":{"url":"https:\/\/www.saint-brevin.com\/medias\/images\/prestations\/2022-11-12-tv-cuisine-1-24282.jpg"}},"urlLien":"","typeLien":"","nofollow":"N","copyright":""},{"url":"https:\/\/www.saint-brevin.com\/medias\/images\/prestations\/20221007-155240-24290.jpg","chemin":"..\/medias\/images\/prestations\/20221007-155240-24290.jpg","libelle":"20221007-155240-24290","extension":"jpg","categorie":"","largeur":4000,"theme":"","hauteur":3000,"type":"Image","origine":"","liaisonPave":"","langue":"","id":"24290","urlVignette":"https:\/\/www.saint-brevin.com\/medias\/images\/prestations\/v-20221007-155240-24290.jpg","alt":"20221007-155240-24290","title":"20221007-155240-24290","MultiTaille":{"1920x1440":{"url":"https:\/\/www.saint-brevin.com\/medias\/images\/prestations\/multitailles\/1920x1440_20221007-155240-24290.jpg"},"1200x900":{"url":"https:\/\/www.saint-brevin.com\/medias\/images\/prestations\/multitailles\/1200x900_20221007-155240-24290.jpg"},"800x600":{"url":"https:\/\/www.saint-brevin.com\/medias\/images\/prestations\/multitailles\/800x600_20221007-155240-24290.jpg"},"640x480":{"url":"https:\/\/www.saint-brevin.com\/medias\/images\/prestations\/multitailles\/640x480_20221007-155240-24290.jpg"},"320x240":{"url":"https:\/\/www.saint-brevin.com\/medias\/images\/prestations\/multitailles\/320x240_20221007-155240-24290.jpg"},"160x120":{"url":"https:\/\/www.saint-brevin.com\/medias\/images\/prestations\/multitailles\/160x120_20221007-155240-24290.jpg"},"origine":{"url":"https:\/\/www.saint-brevin.com\/medias\/images\/prestations\/20221007-155240-24290.jpg"}},"urlLien":"","typeLien":"","nofollow":"N","copyright":""},{"url":"https:\/\/www.saint-brevin.com\/medias\/images\/prestations\/2022-11-12-tv-cuisine-24284.jpg","chemin":"..\/medias\/images\/prestations\/2022-11-12-tv-cuisine-24284.jpg","libelle":"2022-11-12-tv-cuisine-24284","extension":"jpg","categorie":"","largeur":4000,"theme":"","hauteur":3000,"type":"Image","origine":"","liaisonPave":"","langue":"","id":"24284","urlVignette":"https:\/\/www.saint-brevin.com\/medias\/images\/prestations\/v-2022-11-12-tv-cuisine-24284.jpg","alt":"2022-11-12-tv-cuisine-24284","title":"2022-11-12-tv-cuisine-24284","MultiTaille":{"1920x1440":{"url":"https:\/\/www.saint-brevin.com\/medias\/images\/prestations\/multitailles\/1920x1440_2022-11-12-tv-cuisine-24284.jpg"},"1200x900":{"url":"https:\/\/www.saint-brevin.com\/medias\/images\/prestations\/multitailles\/1200x900_2022-11-12-tv-cuisine-24284.jpg"},"800x600":{"url":"https:\/\/www.saint-brevin.com\/medias\/images\/prestations\/multitailles\/800x600_2022-11-12-tv-cuisine-24284.jpg"},"640x480":{"url":"https:\/\/www.saint-brevin.com\/medias\/images\/prestations\/multitailles\/640x480_2022-11-12-tv-cuisine-24284.jpg"},"320x240":{"url":"https:\/\/www.saint-brevin.com\/medias\/images\/prestations\/multitailles\/320x240_2022-11-12-tv-cuisine-24284.jpg"},"160x120":{"url":"https:\/\/www.saint-brevin.com\/medias\/images\/prestations\/multitailles\/160x120_2022-11-12-tv-cuisine-24284.jpg"},"origine":{"url":"https:\/\/www.saint-brevin.com\/medias\/images\/prestations\/2022-11-12-tv-cuisine-24284.jpg"}},"urlLien":"","typeLien":"","nofollow":"N","copyright":""},{"url":"https:\/\/www.saint-brevin.com\/medias\/images\/prestations\/2022-11-12-chambre-1-24272.jpg","chemin":"..\/medias\/images\/prestations\/2022-11-12-chambre-1-24272.jpg","libelle":"2022-11-12-chambre-1-24272","extension":"jpg","categorie":"","largeur":2880,"theme":"","hauteur":2160,"type":"Image","origine":"","liaisonPave":"","langue":"","id":"24272","urlVignette":"https:\/\/www.saint-brevin.com\/medias\/images\/prestations\/v-2022-11-12-chambre-1-24272.jpg","alt":"2022-11-12-chambre-1-24272","title":"2022-11-12-chambre-1-24272","MultiTaille":{"1920x1440":{"url":"https:\/\/www.saint-brevin.com\/medias\/images\/prestations\/multitailles\/1920x1440_2022-11-12-chambre-1-24272.jpg"},"1200x900":{"url":"https:\/\/www.saint-brevin.com\/medias\/images\/prestations\/multitailles\/1200x900_2022-11-12-chambre-1-24272.jpg"},"800x600":{"url":"https:\/\/www.saint-brevin.com\/medias\/images\/prestations\/multitailles\/800x600_2022-11-12-chambre-1-24272.jpg"},"640x480":{"url":"https:\/\/www.saint-brevin.com\/medias\/images\/prestations\/multitailles\/640x480_2022-11-12-chambre-1-24272.jpg"},"320x240":{"url":"https:\/\/www.saint-brevin.com\/medias\/images\/prestations\/multitailles\/320x240_2022-11-12-chambre-1-24272.jpg"},"160x120":{"url":"https:\/\/www.saint-brevin.com\/medias\/images\/prestations\/multitailles\/160x120_2022-11-12-chambre-1-24272.jpg"},"origine":{"url":"https:\/\/www.saint-brevin.com\/medias\/images\/prestations\/2022-11-12-chambre-1-24272.jpg"}},"urlLien":"","typeLien":"","nofollow":"N","copyright":""},{"url":"https:\/\/www.saint-brevin.com\/medias\/images\/prestations\/2022-11-12-chambre-2-24271.jpg","chemin":"..\/medias\/images\/prestations\/2022-11-12-chambre-2-24271.jpg","libelle":"2022-11-12-chambre-2-24271","extension":"jpg","categorie":"","largeur":2880,"theme":"","hauteur":2160,"type":"Image","origine":"","liaisonPave":"","langue":"","id":"24271","urlVignette":"https:\/\/www.saint-brevin.com\/medias\/images\/prestations\/v-2022-11-12-chambre-2-24271.jpg","alt":"2022-11-12-chambre-2-24271","title":"2022-11-12-chambre-2-24271","MultiTaille":{"1920x1440":{"url":"https:\/\/www.saint-brevin.com\/medias\/images\/prestations\/multitailles\/1920x1440_2022-11-12-chambre-2-24271.jpg"},"1200x900":{"url":"https:\/\/www.saint-brevin.com\/medias\/images\/prestations\/multitailles\/1200x900_2022-11-12-chambre-2-24271.jpg"},"800x600":{"url":"https:\/\/www.saint-brevin.com\/medias\/images\/prestations\/multitailles\/800x600_2022-11-12-chambre-2-24271.jpg"},"640x480":{"url":"https:\/\/www.saint-brevin.com\/medias\/images\/prestations\/multitailles\/640x480_2022-11-12-chambre-2-24271.jpg"},"320x240":{"url":"https:\/\/www.saint-brevin.com\/medias\/images\/prestations\/multitailles\/320x240_2022-11-12-chambre-2-24271.jpg"},"160x120":{"url":"https:\/\/www.saint-brevin.com\/medias\/images\/prestations\/multitailles\/160x120_2022-11-12-chambre-2-24271.jpg"},"origine":{"url":"https:\/\/www.saint-brevin.com\/medias\/images\/prestations\/2022-11-12-chambre-2-24271.jpg"}},"urlLien":"","typeLien":"","nofollow":"N","copyright":""},{"url":"https:\/\/www.saint-brevin.com\/medias\/images\/prestations\/2022-11-12-chambre-tv-1-24273.jpg","chemin":"..\/medias\/images\/prestations\/2022-11-12-chambre-tv-1-24273.jpg","libelle":"2022-11-12-chambre-tv-1-24273","extension":"jpg","categorie":"","largeur":2880,"theme":"","hauteur":2160,"type":"Image","origine":"","liaisonPave":"","langue":"","id":"24273","urlVignette":"https:\/\/www.saint-brevin.com\/medias\/images\/prestations\/v-2022-11-12-chambre-tv-1-24273.jpg","alt":"2022-11-12-chambre-tv-1-24273","title":"2022-11-12-chambre-tv-1-24273","MultiTaille":{"1920x1440":{"url":"https:\/\/www.saint-brevin.com\/medias\/images\/prestations\/multitailles\/1920x1440_2022-11-12-chambre-tv-1-24273.jpg"},"1200x900":{"url":"https:\/\/www.saint-brevin.com\/medias\/images\/prestations\/multitailles\/1200x900_2022-11-12-chambre-tv-1-24273.jpg"},"800x600":{"url":"https:\/\/www.saint-brevin.com\/medias\/images\/prestations\/multitailles\/800x600_2022-11-12-chambre-tv-1-24273.jpg"},"640x480":{"url":"https:\/\/www.saint-brevin.com\/medias\/images\/prestations\/multitailles\/640x480_2022-11-12-chambre-tv-1-24273.jpg"},"320x240":{"url":"https:\/\/www.saint-brevin.com\/medias\/images\/prestations\/multitailles\/320x240_2022-11-12-chambre-tv-1-24273.jpg"},"160x120":{"url":"https:\/\/www.saint-brevin.com\/medias\/images\/prestations\/multitailles\/160x120_2022-11-12-chambre-tv-1-24273.jpg"},"origine":{"url":"https:\/\/www.saint-brevin.com\/medias\/images\/prestations\/2022-11-12-chambre-tv-1-24273.jpg"}},"urlLien":"","typeLien":"","nofollow":"N","copyright":""},{"url":"https:\/\/www.saint-brevin.com\/medias\/images\/prestations\/2022-11-12-chambre-tv-24274.jpg","chemin":"..\/medias\/images\/prestations\/2022-11-12-chambre-tv-24274.jpg","libelle":"2022-11-12-chambre-tv-24274","extension":"jpg","categorie":"","largeur":2880,"theme":"","hauteur":2160,"type":"Image","origine":"","liaisonPave":"","langue":"","id":"24274","urlVignette":"https:\/\/www.saint-brevin.com\/medias\/images\/prestations\/v-2022-11-12-chambre-tv-24274.jpg","alt":"2022-11-12-chambre-tv-24274","title":"2022-11-12-chambre-tv-24274","MultiTaille":{"1920x1440":{"url":"https:\/\/www.saint-brevin.com\/medias\/images\/prestations\/multitailles\/1920x1440_2022-11-12-chambre-tv-24274.jpg"},"1200x900":{"url":"https:\/\/www.saint-brevin.com\/medias\/images\/prestations\/multitailles\/1200x900_2022-11-12-chambre-tv-24274.jpg"},"800x600":{"url":"https:\/\/www.saint-brevin.com\/medias\/images\/prestations\/multitailles\/800x600_2022-11-12-chambre-tv-24274.jpg"},"640x480":{"url":"https:\/\/www.saint-brevin.com\/medias\/images\/prestations\/multitailles\/640x480_2022-11-12-chambre-tv-24274.jpg"},"320x240":{"url":"https:\/\/www.saint-brevin.com\/medias\/images\/prestations\/multitailles\/320x240_2022-11-12-chambre-tv-24274.jpg"},"160x120":{"url":"https:\/\/www.saint-brevin.com\/medias\/images\/prestations\/multitailles\/160x120_2022-11-12-chambre-tv-24274.jpg"},"origine":{"url":"https:\/\/www.saint-brevin.com\/medias\/images\/prestations\/2022-11-12-chambre-tv-24274.jpg"}},"urlLien":"","typeLien":"","nofollow":"N","copyright":""},{"url":"https:\/\/www.saint-brevin.com\/medias\/images\/prestations\/2022-11-12-dressing-1-24275.jpg","chemin":"..\/medias\/images\/prestations\/2022-11-12-dressing-1-24275.jpg","libelle":"2022-11-12-dressing-1-24275","extension":"jpg","categorie":"","largeur":2880,"theme":"","hauteur":2160,"type":"Image","origine":"","liaisonPave":"","langue":"","id":"24275","urlVignette":"https:\/\/www.saint-brevin.com\/medias\/images\/prestations\/v-2022-11-12-dressing-1-24275.jpg","alt":"2022-11-12-dressing-1-24275","title":"2022-11-12-dressing-1-24275","MultiTaille":{"1920x1440":{"url":"https:\/\/www.saint-brevin.com\/medias\/images\/prestations\/multitailles\/1920x1440_2022-11-12-dressing-1-24275.jpg"},"1200x900":{"url":"https:\/\/www.saint-brevin.com\/medias\/images\/prestations\/multitailles\/1200x900_2022-11-12-dressing-1-24275.jpg"},"800x600":{"url":"https:\/\/www.saint-brevin.com\/medias\/images\/prestations\/multitailles\/800x600_2022-11-12-dressing-1-24275.jpg"},"640x480":{"url":"https:\/\/www.saint-brevin.com\/medias\/images\/prestations\/multitailles\/640x480_2022-11-12-dressing-1-24275.jpg"},"320x240":{"url":"https:\/\/www.saint-brevin.com\/medias\/images\/prestations\/multitailles\/320x240_2022-11-12-dressing-1-24275.jpg"},"160x120":{"url":"https:\/\/www.saint-brevin.com\/medias\/images\/prestations\/multitailles\/160x120_2022-11-12-dressing-1-24275.jpg"},"origine":{"url":"https:\/\/www.saint-brevin.com\/medias\/images\/prestations\/2022-11-12-dressing-1-24275.jpg"}},"urlLien":"","typeLien":"","nofollow":"N","copyright":""},{"url":"https:\/\/www.saint-brevin.com\/medias\/images\/prestations\/2022-11-12-sdb-3-24277.jpg","chemin":"..\/medias\/images\/prestations\/2022-11-12-sdb-3-24277.jpg","libelle":"2022-11-12-sdb-3-24277","extension":"jpg","categorie":"","largeur":2880,"theme":"","hauteur":2160,"type":"Image","origine":"","liaisonPave":"","langue":"","id":"24277","urlVignette":"https:\/\/www.saint-brevin.com\/medias\/images\/prestations\/v-2022-11-12-sdb-3-24277.jpg","alt":"2022-11-12-sdb-3-24277","title":"2022-11-12-sdb-3-24277","MultiTaille":{"1920x1440":{"url":"https:\/\/www.saint-brevin.com\/medias\/images\/prestations\/multitailles\/1920x1440_2022-11-12-sdb-3-24277.jpg"},"1200x900":{"url":"https:\/\/www.saint-brevin.com\/medias\/images\/prestations\/multitailles\/1200x900_2022-11-12-sdb-3-24277.jpg"},"800x600":{"url":"https:\/\/www.saint-brevin.com\/medias\/images\/prestations\/multitailles\/800x600_2022-11-12-sdb-3-24277.jpg"},"640x480":{"url":"https:\/\/www.saint-brevin.com\/medias\/images\/prestations\/multitailles\/640x480_2022-11-12-sdb-3-24277.jpg"},"320x240":{"url":"https:\/\/www.saint-brevin.com\/medias\/images\/prestations\/multitailles\/320x240_2022-11-12-sdb-3-24277.jpg"},"160x120":{"url":"https:\/\/www.saint-brevin.com\/medias\/images\/prestations\/multitailles\/160x120_2022-11-12-sdb-3-24277.jpg"},"origine":{"url":"https:\/\/www.saint-brevin.com\/medias\/images\/prestations\/2022-11-12-sdb-3-24277.jpg"}},"urlLien":"","typeLien":"","nofollow":"N","copyright":""},{"url":"https:\/\/www.saint-brevin.com\/medias\/images\/prestations\/2022-11-12-sdb-5-24278.jpg","chemin":"..\/medias\/images\/prestations\/2022-11-12-sdb-5-24278.jpg","libelle":"2022-11-12-sdb-5-24278","extension":"jpg","categorie":"","largeur":2880,"theme":"","hauteur":2160,"type":"Image","origine":"","liaisonPave":"","langue":"","id":"24278","urlVignette":"https:\/\/www.saint-brevin.com\/medias\/images\/prestations\/v-2022-11-12-sdb-5-24278.jpg","alt":"2022-11-12-sdb-5-24278","title":"2022-11-12-sdb-5-24278","MultiTaille":{"1920x1440":{"url":"https:\/\/www.saint-brevin.com\/medias\/images\/prestations\/multitailles\/1920x1440_2022-11-12-sdb-5-24278.jpg"},"1200x900":{"url":"https:\/\/www.saint-brevin.com\/medias\/images\/prestations\/multitailles\/1200x900_2022-11-12-sdb-5-24278.jpg"},"800x600":{"url":"https:\/\/www.saint-brevin.com\/medias\/images\/prestations\/multitailles\/800x600_2022-11-12-sdb-5-24278.jpg"},"640x480":{"url":"https:\/\/www.saint-brevin.com\/medias\/images\/prestations\/multitailles\/640x480_2022-11-12-sdb-5-24278.jpg"},"320x240":{"url":"https:\/\/www.saint-brevin.com\/medias\/images\/prestations\/multitailles\/320x240_2022-11-12-sdb-5-24278.jpg"},"160x120":{"url":"https:\/\/www.saint-brevin.com\/medias\/images\/prestations\/multitailles\/160x120_2022-11-12-sdb-5-24278.jpg"},"origine":{"url":"https:\/\/www.saint-brevin.com\/medias\/images\/prestations\/2022-11-12-sdb-5-24278.jpg"}},"urlLien":"","typeLien":"","nofollow":"N","copyright":""},{"url":"https:\/\/www.saint-brevin.com\/medias\/images\/prestations\/2022-11-12-sdb-7-24279.jpg","chemin":"..\/medias\/images\/prestations\/2022-11-12-sdb-7-24279.jpg","libelle":"2022-11-12-sdb-7-24279","extension":"jpg","categorie":"","largeur":2880,"theme":"","hauteur":2160,"type":"Image","origine":"","liaisonPave":"","langue":"","id":"24279","urlVignette":"https:\/\/www.saint-brevin.com\/medias\/images\/prestations\/v-2022-11-12-sdb-7-24279.jpg","alt":"2022-11-12-sdb-7-24279","title":"2022-11-12-sdb-7-24279","MultiTaille":{"1920x1440":{"url":"https:\/\/www.saint-brevin.com\/medias\/images\/prestations\/multitailles\/1920x1440_2022-11-12-sdb-7-24279.jpg"},"1200x900":{"url":"https:\/\/www.saint-brevin.com\/medias\/images\/prestations\/multitailles\/1200x900_2022-11-12-sdb-7-24279.jpg"},"800x600":{"url":"https:\/\/www.saint-brevin.com\/medias\/images\/prestations\/multitailles\/800x600_2022-11-12-sdb-7-24279.jpg"},"640x480":{"url":"https:\/\/www.saint-brevin.com\/medias\/images\/prestations\/multitailles\/640x480_2022-11-12-sdb-7-24279.jpg"},"320x240":{"url":"https:\/\/www.saint-brevin.com\/medias\/images\/prestations\/multitailles\/320x240_2022-11-12-sdb-7-24279.jpg"},"160x120":{"url":"https:\/\/www.saint-brevin.com\/medias\/images\/prestations\/multitailles\/160x120_2022-11-12-sdb-7-24279.jpg"},"origine":{"url":"https:\/\/www.saint-brevin.com\/medias\/images\/prestations\/2022-11-12-sdb-7-24279.jpg"}},"urlLien":"","typeLien":"","nofollow":"N","copyright":""},{"url":"https:\/\/www.saint-brevin.com\/medias\/images\/prestations\/2022-11-12-toilettes-24280.jpg","chemin":"..\/medias\/images\/prestations\/2022-11-12-toilettes-24280.jpg","libelle":"2022-11-12-toilettes-24280","extension":"jpg","categorie":"","largeur":2880,"theme":"","hauteur":2160,"type":"Image","origine":"","liaisonPave":"","langue":"","id":"24280","urlVignette":"https:\/\/www.saint-brevin.com\/medias\/images\/prestations\/v-2022-11-12-toilettes-24280.jpg","alt":"2022-11-12-toilettes-24280","title":"2022-11-12-toilettes-24280","MultiTaille":{"1920x1440":{"url":"https:\/\/www.saint-brevin.com\/medias\/images\/prestations\/multitailles\/1920x1440_2022-11-12-toilettes-24280.jpg"},"1200x900":{"url":"https:\/\/www.saint-brevin.com\/medias\/images\/prestations\/multitailles\/1200x900_2022-11-12-toilettes-24280.jpg"},"800x600":{"url":"https:\/\/www.saint-brevin.com\/medias\/images\/prestations\/multitailles\/800x600_2022-11-12-toilettes-24280.jpg"},"640x480":{"url":"https:\/\/www.saint-brevin.com\/medias\/images\/prestations\/multitailles\/640x480_2022-11-12-toilettes-24280.jpg"},"320x240":{"url":"https:\/\/www.saint-brevin.com\/medias\/images\/prestations\/multitailles\/320x240_2022-11-12-toilettes-24280.jpg"},"160x120":{"url":"https:\/\/www.saint-brevin.com\/medias\/images\/prestations\/multitailles\/160x120_2022-11-12-toilettes-24280.jpg"},"origine":{"url":"https:\/\/www.saint-brevin.com\/medias\/images\/prestations\/2022-11-12-toilettes-24280.jpg"}},"urlLien":"","typeLien":"","nofollow":"N","copyright":""},{"url":"https:\/\/www.saint-brevin.com\/medias\/images\/prestations\/20210716-155753-24286.jpg","chemin":"..\/medias\/images\/prestations\/20210716-155753-24286.jpg","libelle":"20210716-155753-24286","extension":"jpg","categorie":"","largeur":2880,"theme":"","hauteur":2160,"type":"Image","origine":"","liaisonPave":"","langue":"","id":"24286","urlVignette":"https:\/\/www.saint-brevin.com\/medias\/images\/prestations\/v-20210716-155753-24286.jpg","alt":"20210716-155753-24286","title":"20210716-155753-24286","MultiTaille":{"1920x1440":{"url":"https:\/\/www.saint-brevin.com\/medias\/images\/prestations\/multitailles\/1920x1440_20210716-155753-24286.jpg"},"1200x900":{"url":"https:\/\/www.saint-brevin.com\/medias\/images\/prestations\/multitailles\/1200x900_20210716-155753-24286.jpg"},"800x600":{"url":"https:\/\/www.saint-brevin.com\/medias\/images\/prestations\/multitailles\/800x600_20210716-155753-24286.jpg"},"640x480":{"url":"https:\/\/www.saint-brevin.com\/medias\/images\/prestations\/multitailles\/640x480_20210716-155753-24286.jpg"},"320x240":{"url":"https:\/\/www.saint-brevin.com\/medias\/images\/prestations\/multitailles\/320x240_20210716-155753-24286.jpg"},"160x120":{"url":"https:\/\/www.saint-brevin.com\/medias\/images\/prestations\/multitailles\/160x120_20210716-155753-24286.jpg"},"origine":{"url":"https:\/\/www.saint-brevin.com\/medias\/images\/prestations\/20210716-155753-24286.jpg"}},"urlLien":"","typeLien":"","nofollow":"N","copyright":""},{"url":"https:\/\/www.saint-brevin.com\/medias\/images\/prestations\/20210716-155808-24287.jpg","chemin":"..\/medias\/images\/prestations\/20210716-155808-24287.jpg","libelle":"20210716-155808-24287","extension":"jpg","categorie":"","largeur":933,"theme":"","hauteur":700,"type":"Image","origine":"","liaisonPave":"","langue":"","id":"24287","urlVignette":"https:\/\/www.saint-brevin.com\/medias\/images\/prestations\/v-20210716-155808-24287.jpg","alt":"20210716-155808-24287","title":"20210716-155808-24287","MultiTaille":{"1920x1440":{"url":"https:\/\/www.saint-brevin.com\/medias\/images\/prestations\/multitailles\/1920x1440_20210716-155808-24287.jpg"},"1200x900":{"url":"https:\/\/www.saint-brevin.com\/medias\/images\/prestations\/multitailles\/1200x900_20210716-155808-24287.jpg"},"800x600":{"url":"https:\/\/www.saint-brevin.com\/medias\/images\/prestations\/multitailles\/800x600_20210716-155808-24287.jpg"},"640x480":{"url":"https:\/\/www.saint-brevin.com\/medias\/images\/prestations\/multitailles\/640x480_20210716-155808-24287.jpg"},"320x240":{"url":"https:\/\/www.saint-brevin.com\/medias\/images\/prestations\/multitailles\/320x240_20210716-155808-24287.jpg"},"160x120":{"url":"https:\/\/www.saint-brevin.com\/medias\/images\/prestations\/multitailles\/160x120_20210716-155808-24287.jpg"},"origine":{"url":"https:\/\/www.saint-brevin.com\/medias\/images\/prestations\/20210716-155808-24287.jpg"}},"urlLien":"","typeLien":"","nofollow":"N","copyright":""},{"url":"https:\/\/www.saint-brevin.com\/medias\/images\/prestations\/20210828-111136-24288.jpg","chemin":"..\/medias\/images\/prestations\/20210828-111136-24288.jpg","libelle":"20210828-111136-24288","extension":"jpg","categorie":"","largeur":933,"theme":"","hauteur":700,"type":"Image","origine":"","liaisonPave":"","langue":"","id":"24288","urlVignette":"https:\/\/www.saint-brevin.com\/medias\/images\/prestations\/v-20210828-111136-24288.jpg","alt":"20210828-111136-24288","title":"20210828-111136-24288","MultiTaille":{"1920x1440":{"url":"https:\/\/www.saint-brevin.com\/medias\/images\/prestations\/multitailles\/1920x1440_20210828-111136-24288.jpg"},"1200x900":{"url":"https:\/\/www.saint-brevin.com\/medias\/images\/prestations\/multitailles\/1200x900_20210828-111136-24288.jpg"},"800x600":{"url":"https:\/\/www.saint-brevin.com\/medias\/images\/prestations\/multitailles\/800x600_20210828-111136-24288.jpg"},"640x480":{"url":"https:\/\/www.saint-brevin.com\/medias\/images\/prestations\/multitailles\/640x480_20210828-111136-24288.jpg"},"320x240":{"url":"https:\/\/www.saint-brevin.com\/medias\/images\/prestations\/multitailles\/320x240_20210828-111136-24288.jpg"},"160x120":{"url":"https:\/\/www.saint-brevin.com\/medias\/images\/prestations\/multitailles\/160x120_20210828-111136-24288.jpg"},"origine":{"url":"https:\/\/www.saint-brevin.com\/medias\/images\/prestations\/20210828-111136-24288.jpg"}},"urlLien":"","typeLien":"","nofollow":"N","copyright":""},{"url":"https:\/\/www.saint-brevin.com\/medias\/images\/prestations\/catamaran-st-br-vin-24289.jpg","chemin":"..\/medias\/images\/prestations\/catamaran-st-br-vin-24289.jpg","libelle":"catamaran-st-br-vin-24289","extension":"jpg","categorie":"","largeur":1225,"theme":"","hauteur":800,"type":"Image","origine":"","liaisonPave":"","langue":"","id":"24289","urlVignette":"https:\/\/www.saint-brevin.com\/medias\/images\/prestations\/v-catamaran-st-br-vin-24289.jpg","alt":"catamaran-st-br-vin-24289","title":"catamaran-st-br-vin-24289","MultiTaille":{"1920x1440":{"url":"https:\/\/www.saint-brevin.com\/medias\/images\/prestations\/multitailles\/1920x1440_catamaran-st-br-vin-24289.jpg"},"1200x900":{"url":"https:\/\/www.saint-brevin.com\/medias\/images\/prestations\/multitailles\/1200x900_catamaran-st-br-vin-24289.jpg"},"800x600":{"url":"https:\/\/www.saint-brevin.com\/medias\/images\/prestations\/multitailles\/800x600_catamaran-st-br-vin-24289.jpg"},"640x480":{"url":"https:\/\/www.saint-brevin.com\/medias\/images\/prestations\/multitailles\/640x480_catamaran-st-br-vin-24289.jpg"},"320x240":{"url":"https:\/\/www.saint-brevin.com\/medias\/images\/prestations\/multitailles\/320x240_catamaran-st-br-vin-24289.jpg"},"160x120":{"url":"https:\/\/www.saint-brevin.com\/medias\/images\/prestations\/multitailles\/160x120_catamaran-st-br-vin-24289.jpg"},"origine":{"url":"https:\/\/www.saint-brevin.com\/medias\/images\/prestations\/catamaran-st-br-vin-24289.jpg"}},"urlLien":"","typeLien":"","nofollow":"N","copyright":""},{"url":"https:\/\/www.saint-brevin.com\/medias\/images\/prestations\/2024-char-voile-24281.jpg","chemin":"..\/medias\/images\/prestations\/2024-char-voile-24281.jpg","libelle":"2024-char-voile-24281","extension":"jpg","categorie":"","largeur":2048,"theme":"","hauteur":1536,"type":"Image","origine":"","liaisonPave":"","langue":"","id":"24281","urlVignette":"https:\/\/www.saint-brevin.com\/medias\/images\/prestations\/v-2024-char-voile-24281.jpg","alt":"2024-char-voile-24281","title":"2024-char-voile-24281","MultiTaille":{"1920x1440":{"url":"https:\/\/www.saint-brevin.com\/medias\/images\/prestations\/multitailles\/1920x1440_2024-char-voile-24281.jpg"},"1200x900":{"url":"https:\/\/www.saint-brevin.com\/medias\/images\/prestations\/multitailles\/1200x900_2024-char-voile-24281.jpg"},"800x600":{"url":"https:\/\/www.saint-brevin.com\/medias\/images\/prestations\/multitailles\/800x600_2024-char-voile-24281.jpg"},"640x480":{"url":"https:\/\/www.saint-brevin.com\/medias\/images\/prestations\/multitailles\/640x480_2024-char-voile-24281.jpg"},"320x240":{"url":"https:\/\/www.saint-brevin.com\/medias\/images\/prestations\/multitailles\/320x240_2024-char-voile-24281.jpg"},"160x120":{"url":"https:\/\/www.saint-brevin.com\/medias\/images\/prestations\/multitailles\/160x120_2024-char-voile-24281.jpg"},"origine":{"url":"https:\/\/www.saint-brevin.com\/medias\/images\/prestations\/2024-char-voile-24281.jpg"}},"urlLien":"","typeLien":"","nofollow":"N","copyright":""},{"url":"https:\/\/www.saint-brevin.com\/medias\/images\/prestations\/2024-plage-au-cr-puscule-et-quitation-24285.jpg","chemin":"..\/medias\/images\/prestations\/2024-plage-au-cr-puscule-et-quitation-24285.jpg","libelle":"2024-plage-au-cr-puscule-et-quitation-24285","extension":"jpg","categorie":"","largeur":2048,"theme":"","hauteur":1536,"type":"Image","origine":"","liaisonPave":"","langue":"","id":"24285","urlVignette":"https:\/\/www.saint-brevin.com\/medias\/images\/prestations\/v-2024-plage-au-cr-puscule-et-quitation-24285.jpg","alt":"2024-plage-au-cr-puscule-et-quitation-24285","title":"2024-plage-au-cr-puscule-et-quitation-24285","MultiTaille":{"1920x1440":{"url":"https:\/\/www.saint-brevin.com\/medias\/images\/prestations\/multitailles\/1920x1440_2024-plage-au-cr-puscule-et-quitation-24285.jpg"},"1200x900":{"url":"https:\/\/www.saint-brevin.com\/medias\/images\/prestations\/multitailles\/1200x900_2024-plage-au-cr-puscule-et-quitation-24285.jpg"},"800x600":{"url":"https:\/\/www.saint-brevin.com\/medias\/images\/prestations\/multitailles\/800x600_2024-plage-au-cr-puscule-et-quitation-24285.jpg"},"640x480":{"url":"https:\/\/www.saint-brevin.com\/medias\/images\/prestations\/multitailles\/640x480_2024-plage-au-cr-puscule-et-quitation-24285.jpg"},"320x240":{"url":"https:\/\/www.saint-brevin.com\/medias\/images\/prestations\/multitailles\/320x240_2024-plage-au-cr-puscule-et-quitation-24285.jpg"},"160x120":{"url":"https:\/\/www.saint-brevin.com\/medias\/images\/prestations\/multitailles\/160x120_2024-plage-au-cr-puscule-et-quitation-24285.jpg"},"origine":{"url":"https:\/\/www.saint-brevin.com\/medias\/images\/prestations\/2024-plage-au-cr-puscule-et-quitation-24285.jpg"}},"urlLien":"","typeLien":"","nofollow":"N","copyright":""},{"url":"https:\/\/www.saint-brevin.com\/medias\/images\/prestations\/2024-le-serpent-de-l-oc-an-24283.jpg","chemin":"..\/medias\/images\/prestations\/2024-le-serpent-de-l-oc-an-24283.jpg","libelle":"2024-le-serpent-de-l-oc-an-24283","extension":"jpg","categorie":"","largeur":1536,"theme":"","hauteur":2048,"type":"Image","origine":"","liaisonPave":"","langue":"","id":"24283","urlVignette":"https:\/\/www.saint-brevin.com\/medias\/images\/prestations\/v-2024-le-serpent-de-l-oc-an-24283.jpg","alt":"2024-le-serpent-de-l-oc-an-24283","title":"2024-le-serpent-de-l-oc-an-24283","MultiTaille":{"1920x1440":{"url":"https:\/\/www.saint-brevin.com\/medias\/images\/prestations\/multitailles\/1920x1440_2024-le-serpent-de-l-oc-an-24283.jpg"},"1200x900":{"url":"https:\/\/www.saint-brevin.com\/medias\/images\/prestations\/multitailles\/1200x900_2024-le-serpent-de-l-oc-an-24283.jpg"},"800x600":{"url":"https:\/\/www.saint-brevin.com\/medias\/images\/prestations\/multitailles\/800x600_2024-le-serpent-de-l-oc-an-24283.jpg"},"640x480":{"url":"https:\/\/www.saint-brevin.com\/medias\/images\/prestations\/multitailles\/640x480_2024-le-serpent-de-l-oc-an-24283.jpg"},"320x240":{"url":"https:\/\/www.saint-brevin.com\/medias\/images\/prestations\/multitailles\/320x240_2024-le-serpent-de-l-oc-an-24283.jpg"},"160x120":{"url":"https:\/\/www.saint-brevin.com\/medias\/images\/prestations\/multitailles\/160x120_2024-le-serpent-de-l-oc-an-24283.jpg"},"origine":{"url":"https:\/\/www.saint-brevin.com\/medias\/images\/prestations\/2024-le-serpent-de-l-oc-an-24283.jpg"}},"urlLien":"","typeLien":"","nofollow":"N","copyright":""}]}},"DateDebPublication":"","DateFinPublication":"","PrixAPartirDe":"","PrixPour":"","FicheListeEnCours":"fiche_liste_locations_de_vacances_meubles_prestation_v2017","ParametresModele":{"AfficherPhotos":"1","NbPhotosMax":6,"AfficherReserver":0,"AfficherContact":0,"AfficherSalle":1,"AfficherZoneGeo":0,"AfficherEnSavoirPlus":"1","AfficherUneSeuleOuverture":0,"AfficherContactCarte":1,"AfficherTarifsChaudAPartirDe":0,"AfficherTarifChaudSansRecherche":0,"AfficherLiensCarnetVoyage":"1","BlocCritereInfo":{"critere1":{"libelle":"","liste_critere":["GCLASS|GCL5ET|G","GCLASS|G4ETOI|G","GCLASS|G3ETOI|G","GCLASS|G2ETOI|G","GCLASS|G1ETOI|G","GCLASS|GNON|G","GCLALABELS|M1E|G","GCLALABELS|M2EP|G","GCLALABELS|M3EP|G","GCLALABELS|3EPEC|G","GCLALABELS|M4EP|G","GCLALABELS|M1CLE|G","GCLALABELS|M2CLE|G","GCLALABELS|M4CLE|G","GCLALABELS|M3CLE|G","GCLALABELS|ACCUEIL|G","GCLALABELS|LOIREAVELO|G","GCLALABELS|VELODYSSEE|G","GCLALABELS|RANDOACCUEIL|G","GCLALABELS|ECOLABEL|G"]},"critere2":{"libelle":"","liste_critere":["GRESID|G","LABELS|ACCUEILVELO|G","GANIMA|GANIM|G","GANIMA|GPASAN|G","GANIMA|GANIMNON|G"]},"critere3":{"libelle":""},"critere4":{"libelle":""},"critere5":{"libelle":""},"critere6":{"libelle":"","liste_critere":["GTYP2|G","CAPACITE|G","SURFAC|G","GNCH|G1CH|G","GNCH|G2CH|G","GNCH|G3CH|G","GNCH|G4CH|G","GNCH|G5CH|G","GNCH|G6CH|G","GNCH|7CHAMB|G","GNCH|8CHAMB|G","GNCH|9CHAMB|G","DISTANCEMER|MDELAMER|G","DISTANCEMER|KMDELAMER|G"]},"critere7":{"libelle":"","liste_critere":["LIEU|G"]},"critere8":{"libelle":""},"afficherpictoetpaslibelle":"1"},"BlocPaveInfo":{"texte1":{"pave":["1"],"longeurmax":"200","afficherLibelle":"0","garderHtml":"0"}},"Criteres":"PARTENAIRE[COMPLET","PositionBloc":"GALLERIE|NOM|CARNET_VOYAGE|URL","TypePrestataire":"G","ComportementResa":false,"ComportementDispo":false},"AffichageCoordonnees":[],"Coordonnees":{"Ville":"ST BREVIN LES PINS"},"ContexteId":"PRESTATION|G|AGNESMINARD|APPARTEMENTFACEMER70M2","ContexteIdHtml":"PRESTATION-G-AGNESMINARD-APPARTEMENTFACEMER70M2","cleContexte":"G|AGNESMINARD|APPARTEMENTFACEMER70M2","Bloc":{"texte1":"","texte3":"","critere1":{"libelle":"","contenu":{"GCLASS":{"libelle":"PR\u00c4FEKTURKLASSIFIZIERUNG","contenu":{"3":"\u003Cimg src=\"https:\/\/www.saint-brevin.com\/medias\/images\/picto\/GCLASS-G3ETOI-G.png\"  alt=\"3*\" title=\"3*\" \/\u003E"},"codesValeurs":{"3":"GCLASS|G3ETOI|G"},"criteres_datas":{"valeurs":{"3":{"G3ETOI":{"descriptif":""}}}}}}},"critere2":{"libelle":"","contenu":{"GRESID":{"libelle":"NAME DER RESIDENZ","contenu":{"24":"Les Algues"},"codesValeurs":{"24":"GRESID|LESALGUES|G"},"criteres_datas":{"valeurs":{"24":{"LESALGUES":{"descriptif":""}}}}}}},"critere3":{"libelle":"","contenu":[]},"critere4":{"libelle":"","contenu":[]},"critere5":{"libelle":"","contenu":[]},"critere6":{"libelle":"","contenu":{"GTYP2":{"libelle":"VERMIETUNGSTYP","contenu":{"1":"Appartement"},"codesValeurs":{"1":"GTYP2|APPT|G"},"criteres_datas":{"valeurs":{"1":{"APPT":{"descriptif":""}}}}},"CAPACITE":{"libelle":"CAPACITY","contenu":{"4":"4 Personen"},"codesValeurs":{"4":"CAPACITE|4PERS|G"},"criteres_datas":{"valeurs":{"4":{"4PERS":{"descriptif":""}}}}},"SURFAC":{"libelle":"WOHNFL\u00c4CHE","contenu":{"1":"\u003Cspan class=\"quantite\"\u003E70\u003C\/span\u003E \u003Cspan class=\"libelle\"\u003EM\u00b2\u003C\/span\u003E"},"codesValeurs":{"1":"SURFAC|METRE|G"},"criteres_datas":{"valeurs":{"1":{"METRE":{"descriptif":""}}}}},"GNCH":{"libelle":"SCHLAFZIMMERANZAHL","contenu":{"2":"2 Zimmer"},"codesValeurs":{"2":"GNCH|G2CH|G"},"criteres_datas":{"valeurs":{"2":{"G2CH":{"descriptif":""}}}}}}},"critere7":{"libelle":"","contenu":{"LIEU":{"libelle":"geographische Zone","contenu":{"1":"Saint-Brevin - Quartier de l'Oc\u00e9an"},"codesValeurs":{"1":"LIEU|SAINTBREVINOCEAN|G"},"criteres_datas":{"valeurs":{"1":{"SAINTBREVINOCEAN":{"descriptif":""}}}}}}},"critere8":{"libelle":"","contenu":[]},"critere9":{"libelle":"","contenu":[]}},"LocalisationGps":{"Latitude":"47.22899","Longitude":"-2.17528"},"libelleDuPrestataire":"","vuePrestataire":{"pave1":{"libelle":"","contenu":""},"pave2":{"libelle":"","contenu":""},"pave3":{"libelle":"","contenu":""},"pave4":{"libelle":"","contenu":""},"pave5":{"libelle":"","contenu":""},"pave6":{"libelle":"","contenu":""},"pave7":{"libelle":"","contenu":""},"pave8":{"libelle":"","contenu":""},"pave9":{"libelle":"","contenu":""},"pave10":{"libelle":"","contenu":""},"pave11":{"libelle":"","contenu":""},"pave12":{"libelle":"","contenu":""},"pave13":{"libelle":"","contenu":""},"pave14":{"libelle":"","contenu":""},"pave15":{"libelle":"","contenu":""},"pave16":{"libelle":"","contenu":""},"pave17":{"libelle":"","contenu":""},"pave18":{"libelle":"","contenu":""},"pave19":{"libelle":"","contenu":""},"pave20":{"libelle":"","contenu":""},"pave21":{"libelle":"","contenu":""},"pave22":{"libelle":"","contenu":""},"pave23":{"libelle":"","contenu":""},"pave24":{"libelle":"","contenu":""},"pave25":{"libelle":"","contenu":""},"Libelle":"Mme Minard Agn\u00e8s","Nom":"Minard","Prenom":"Agn\u00e8s","NomPrenom":"Minard Agn\u00e8s ","CiviliteNomPrenom":"Mme Minard Agn\u00e8s ","Cle":"G|AGNESMINARD","PrestataireParent":"","ContexteStat":"PRESTATAIRE-G-AGNESMINARD","DateModificationIso":"2024-09-17T15:36:00+02:00","CiviliteLibelleNomPrenom":"Madame Minard Agn\u00e8s ","Type":"PRESTATAIRE","TypePrestataire":"G","Adresse":{"LigneAdresse1":"R\u00e9sidence Mimosa","LigneAdresse2":"19 rue du Genetay","LigneAdresse3":"","CodePostal":"44230","Ville":"ST SEBASTIEN SUR LOIRE","Cedex":"","Etat":"","Pays":"FRA"},"Email":"agnesminard@free.fr","Telephone":"","TelephoneBureau":"","Portable":"06 31 32 77 26","SiteWeb":"","Fax":"","Id":"g-agnesminard","Code":"G|AGNESMINARD","Fichier":[],"Url":"","Localisation":{"GoogleMap":{"Latitude":"","Longitude":""}},"ZoneGeo":"","Criteres":{"TYPPRO[PARTICULIEROT":"","MAJINGENIEP[DATEDERNIEREMAJ":"20240917","MISEAJOURP[ANNABELLE":""},"DateFinPublication":"","AffichageCoordonnees":[]},"listeCriteres":{"PARTENAIRE":{"COMPLET":""},"COMMUNES":{"SAINTBREVIN":""},"LIEU":{"SAINTBREVINOCEAN":""},"GTYP2":{"APPT":""},"GRESID":{"LESALGUES":""},"QUARTIER":{"OCEAN":""},"NBPIECES":{"4PIEC":""},"CAPACITE":{"4PERS":""},"ETAGE":{"4ETAGAVASC":""},"SURFAC":{"METRE":"70"},"MAJINGENIE":{"DATEDERNIEREMAJ":"20251103"},"GSITUA":{"MER":""},"MISEAJOUR":{"ANNABELLE":""},"GNCH":{"G2CH":""},"DISTANCEDUCENTRE":{"KMCENTREBREVINPIN":"2.5","MCENTREBREVINOCEAN":"0"},"GCLASS":{"G3ETOI":""},"DISTANCEDELAGARE":{"KMGARESAINTBAZAIRE":"15","KMGAREPORNIC":"20"},"DISTANCEMER":{"MOINSDE100":""},"GEQINT":{"CHAUFFIND":"","CONGE":"","ETENDTOIR":"","GFOUR":"","MICRO":"","PLAQUEINDUC":"","FRIOG":"","LINGE":"","SECHE":"","VAISSE":"","SECHECHEVEUX":"","STOREINTRIEURELECTRIQUEANT":"","TABLEETFER":"","VENTILATEUR":""},"GMATCUIS":{"CROQUESGAUFRES":"","BLENDER":"","BOUILLOIRE":"","GRILPAI":"","MACHEXPRESSGRAIN":"","ROBOTMULTIFONCTIONS":""},"GMULTI":{"GTV":"","GACCIN":""},"GEQEXT":{"GBALC":"","MEUBLE":"","BARBECELEC":"","STOREBANNEELEC":"","STATIO":"","LOCALVELO":""},"GLOCLINGE":{"LOLMSD":""},"GMOYP":{"ESPECES":"","VIREMENTMEUB":""},"GESSI":{"GCVLL":"","GCVLV":"","GCVFMF":"","GCVMO":"","GCVAI":"","GCVT":"","GCVSP":"","GCVJ":""},"GCHARGES":{"CONSOELECEAUGAZ":"","MCAUTIONM":"120\u20ac"},"GCAPACITTRANCHES":{"GDE3A5PERS":""},"TYPPRO":{"PARTICULIEROT":""},"MAJINGENIEP":{"DATEDERNIEREMAJ":"20240917"},"MISEAJOURP":{"ANNABELLE":""}},"dansCarnetVoyage":true,"Ouverture":""},"html":" \n \u003Cdiv id=\"CV-PRESTATION-G-AGNESMINARD-APPARTEMENTFACEMER70M2\" data-contexte-id=\"PRESTATION|G|AGNESMINARD|APPARTEMENTFACEMER70M2\" data-cle=\"G|AGNESMINARD|APPARTEMENTFACEMER70M2\" class=\"fiche-liste\"\u003E\n    \n\n    \u003C!-- partie photo --\u003E\n    \u003Cdiv class=\"photo\"\u003E\t\t\t\t\t\t\t\t\t\t\t\t\t\t\t\t\t\t\t\t\t\n        \u003Cdiv class=\"cadre_photo_principale\"\u003E\t\t\n        \n            \t\t\t\t\t\n                    \u003Ca href=\"?origine=carnet#media\"\u003E\n                        \u003Cimg class=\"photo_principale\" alt=\"appartement-face-mer-70m2-agnes-minard-24250\" src=\"https:\/\/www.saint-brevin.com\/medias\/images\/prestations\/multitailles\/320x240_appartement-face-mer-70m2-agnes-minard-24250.jpg\" itemprop=\"image\"\u003E\n                    \u003C\/a\u003E\t\t\t\t\t\t\n                \n                    \u003C\/div\u003E\t\t\t\t\t\t\t\t\t\t\t\t\t\t\t\t\t\t\t \t\t\n    \u003C\/div\u003E\n    \n    \u003C!-- partie nom prest --\u003E\n    \u003Cdiv class=\"nom\"\u003E\n        \u003Ch2\u003EHelle 70 m\u00b2 gro\u00dfe Wohnung direkt am Meer \u2013 ideal f\u00fcr Familie oder Freunde\u003C\/h2\u003E\n        \n            \u003C\/div\u003E\n\n         \n    \u003C!-- partie adresse --\u003E\n    \u003Cdiv class=\"adresse\"\u003E\n    \n          \n    \u003C\/div\u003E\n    \n    \u003C!-- partie liens --\u003E\n    \u003Cdiv class=\"liens\"\u003E\n            \u003Ca class=\"btn-icon btn-view \" title=\"Detail  \" href=\"?origine=carnet\"\u003E\u003C\/a\u003E\u003C!--\u003Ca class=\"btn-icon btn-view \" title=\"\" href=\"?origine=carnet#thaut\"\u003E\u003C\/a\u003E--\u003E\n      \u003Ca class=\"btn-icon btn-trash carnet_voyage_supprimer\" title=\"Zur\u00fcckziehen \" href=\"carnet-voyage?action=remove&fiche=G|AGNESMINARD|APPARTEMENTFACEMER70M2\"\u003E\u003C\/a\u003E\n    \u003C\/div\u003E\n\n\u003C\/div\u003E\n\n","icon":"https:\/\/static.ingenie.fr\/images\/carnetVoyageV3\/G.png"},"fiche":"G|AGNESMINARD|APPARTEMENTFACEMER70M2","popup":"\u003Cdiv id=\"bloc_popup_ajout_fiche_carnet\"\u003E\n    \u003Cdiv class=\"info_popup_ajout_fiche_carnet\"\u003E\n        Sie haben gerade diesen Artikel zu Ihrer Auswahl hinzugef\u00fcgt :    \u003C\/div\u003E\n    \u003Cdiv class=\"prest_popup_ajout_fiche_carnet\"\u003E\n        Helle 70 m&sup2; gro&szlig;e Wohnung direkt am Meer &ndash; ideal f&uuml;r Familie oder Freunde    \u003C\/div\u003E\n    \u003Cdiv class=\"bloc_btn_ajout_fiche_carnet form_submit_div\"\u003E\n        \u003Cinput type=\"button\" value=\"Fortsetzen  \" title=\"Fortsetzen  \" name=\"btn_close\" class=\"btn_close_popup_carnet form_submit\" onclick=\"$.colorbox.close()\" \/\u003E\n        \u003Cinput type=\"button\" value=\"Bewertung meiner Auswahl  \" title=\"Bewertung meiner Auswahl  \" name=\"btn_panier\" class=\"btn_panier_popup_carnet form_submit\" onclick=\"if(typeof CarnetVoyage != 'undefined') {CarnetVoyage.voirCarnet();}\" \/\u003E\n    \u003C\/div\u003E\n    \u003Cdiv class=\"bloc_btn_ajout_fiche_carnet\"\u003E\n        \u003Cinput type=\"checkbox\" value=\"1\" name=\"desactiver_popup\" id=\"desactiver_popup\" \/\u003E\n        \u003Clabel for=\"desactiver_popup\"\u003EStoppen Sie diese Nachricht aficher \u003C\/label\u003E\n    \u003C\/div\u003E\n\u003C\/div\u003E","success":1}