{"nbFiches":1,"dataPrest":{"infoPrest":{"pave1":{"libelle":"","contenu":""},"pave2":{"libelle":"","contenu":""},"pave3":{"libelle":"","contenu":""},"pave4":{"libelle":"","contenu":""},"pave5":{"libelle":"","contenu":""},"pave6":{"libelle":"","contenu":""},"pave7":{"libelle":"","contenu":""},"pave8":{"libelle":"","contenu":""},"pave9":{"libelle":"","contenu":""},"pave10":{"libelle":"","contenu":""},"pave11":{"libelle":"","contenu":""},"pave12":{"libelle":"","contenu":""},"pave13":{"libelle":"","contenu":""},"pave14":{"libelle":"","contenu":""},"pave15":{"libelle":"","contenu":""},"pave16":{"libelle":"","contenu":""},"pave17":{"libelle":"","contenu":""},"pave18":{"libelle":"","contenu":""},"pave19":{"libelle":"","contenu":""},"pave20":{"libelle":"","contenu":""},"pave21":{"libelle":"","contenu":""},"pave22":{"libelle":"","contenu":""},"pave23":{"libelle":"","contenu":""},"pave24":{"libelle":"","contenu":""},"pave25":{"libelle":"","contenu":""},"Libelle":"Villa Clair Matin","Reference":"","Reftar":"","Type":"PRESTATION","TypePrestataire":"G","ContexteStat":"PRESTATION-G-BOTTINEAU-VILLACLAIRMATIN","DateModificationIso":"2026-01-05T15:22:00+01:00","Adresse":{"LigneAdresse1":"10 avenue des Moineaux","LigneAdresse2":"","LigneAdresse3":"","CodePostal":"44250","Ville":"ST BREVIN LES PINS","Cedex":"","Etat":"","Pays":"FRA"},"Id":"g-bottineau-villaclairmatin","Code":"G|BOTTINEAU|VILLACLAIRMATIN","Cle":"G|BOTTINEAU|VILLACLAIRMATIN","Url":"","Localisation":{"GoogleMap":{"Latitude":"47.22900","Longitude":"-2.16652"}},"ZoneGeo":"","Criteres":{"PARTENAIRE[COMPLET":"","COMMUNES[SAINTBREVIN":"","LIEU[SAINTBREVINOCEAN":"","GTYP2[MAIS":"","QUARTIER[OCEAN":"","NBPIECES[6PIEC":"","CAPACITE[6PERS":"","ETAGE[PLPIED":"","SURFAC[METRE":"70","MAJINGENIE[DATEDERNIEREMAJ":"","GSITUA[PLAGE":"","MISEAJOUR[ANNABELLE":"","GNCH[G3CH":"","GANIMA[GANIMNON":"","DISTANCEDUCENTRE[MCENTREBREVINOCEAN":"300","DISTANCEDELAGARE[KMGARESAINTBAZAIRE":"15","DISTANCEDELAGARE[KMGAREPORNIC":"20","DISTANCEMER[MDELAMER":"750","GEQINT[CONGE":"","GEQINT[COMPFREEZ":"","GEQINT[GFOURMULTI":"","GEQINT[GFOUR":"","GEQINT[PLAQUEINDUC":"","GEQINT[FRIOG":"","GEQINT[HOTTE":"","GEQINT[LINGE":"","GEQINT[VAISSE":"","GEQINT[SECHECHEVEUX":"","GEQINT[TABLEETFER":"","DISTANCEDUBUS[MARRETBREVIBUS":"300","GMATCUIS[BOUILLOIRE":"","GMATCUIS[GRILPAI":"","GMATCUIS[CAFETIE":"","GMATCUIS[MACHIDOS":"","GMULTI[GTV":"","GEQEXT[GBALC":"","GEQEXT[JARDIN":"","GEQEXT[GTERRASSE":"","GEQEXT[MEUBLE":"","GEQEXT[PLANCHAELEC":"","GEQEXT[STORE":"","GEQEXT[TRANSAT":"","GEQEXT[STATIO":"","GMOYP[GCHE":"","GMOYP[ESPECES":"","GMOYP[VIREMENTMEUB":"","GESSI[GCVLL":"","GESSI[GCVLV":"","GESSI[GCVFMF":"","GESSI[GCVMO":"","GESSI[GCVT":"","GESSI[GCVSP":"","GESSI[GCVJ":"","GCAPACITTRANCHES[GDE5A7PERS":""},"Prestataire":{"pave1":{"libelle":"","contenu":""},"pave2":{"libelle":"","contenu":""},"pave3":{"libelle":"","contenu":""},"pave4":{"libelle":"","contenu":""},"pave5":{"libelle":"","contenu":""},"pave6":{"libelle":"","contenu":""},"pave7":{"libelle":"","contenu":""},"pave8":{"libelle":"","contenu":""},"pave9":{"libelle":"","contenu":""},"pave10":{"libelle":"","contenu":""},"pave11":{"libelle":"","contenu":""},"pave12":{"libelle":"","contenu":""},"pave13":{"libelle":"","contenu":""},"pave14":{"libelle":"","contenu":""},"pave15":{"libelle":"","contenu":""},"pave16":{"libelle":"","contenu":""},"pave17":{"libelle":"","contenu":""},"pave18":{"libelle":"","contenu":""},"pave19":{"libelle":"","contenu":""},"pave20":{"libelle":"","contenu":""},"pave21":{"libelle":"","contenu":""},"pave22":{"libelle":"","contenu":""},"pave23":{"libelle":"","contenu":""},"pave24":{"libelle":"","contenu":""},"pave25":{"libelle":"","contenu":""},"Libelle":"M\u00e9lanie Bottineau","Nom":"M\u00e9lanie Bottineau","Prenom":"","NomPrenom":"M\u00e9lanie Bottineau ","CiviliteNomPrenom":"M\u00e9lanie Bottineau ","Cle":"G|BOTTINEAU","PrestataireParent":"","ContexteStat":"PRESTATAIRE-G-BOTTINEAU","DateModificationIso":"2025-09-01T16:43:00+02:00","Type":"PRESTATAIRE","TypePrestataire":"G","Adresse":{"LigneAdresse1":"1 rue des Gen\u00eats Drain","LigneAdresse2":"","LigneAdresse3":"","CodePostal":"49530","Ville":"OREE D ANJOU","Cedex":"","Etat":"","Pays":"FRA"},"Email":"bottineaumelanie@gmail.com","Telephone":"","TelephoneBureau":"","Portable":"06 10 52  17 30","SiteWeb":"","Fax":"","Id":"g-bottineau","Code":"G|BOTTINEAU","Fichier":[],"Url":"","Localisation":{"GoogleMap":{"Latitude":"","Longitude":""}},"ZoneGeo":"","Criteres":{"MAJINGENIEP[DATEDERNIEREMAJ":"20230127","MISEAJOURP[ANNABELLE":""},"DateFinPublication":""},"Fichier":{"Image":[{"url":"https:\/\/www.saint-brevin.com\/medias\/images\/prestations\/villa-clair-matin-facade-24620.jpeg","chemin":"..\/medias\/images\/prestations\/villa-clair-matin-facade-24620.jpeg","libelle":"villa-clair-matin-facade-24620","extension":"jpeg","categorie":"","largeur":2573,"theme":"","hauteur":1448,"type":"Image","origine":"","liaisonPave":"","langue":"","id":"24620","urlVignette":"https:\/\/www.saint-brevin.com\/medias\/images\/prestations\/v-villa-clair-matin-facade-24620.jpeg","alt":"villa-clair-matin-facade-24620","title":"villa-clair-matin-facade-24620","MultiTaille":{"1920x1440":{"url":"https:\/\/www.saint-brevin.com\/medias\/images\/prestations\/multitailles\/1920x1440_villa-clair-matin-facade-24620.jpeg"},"1200x900":{"url":"https:\/\/www.saint-brevin.com\/medias\/images\/prestations\/multitailles\/1200x900_villa-clair-matin-facade-24620.jpeg"},"800x600":{"url":"https:\/\/www.saint-brevin.com\/medias\/images\/prestations\/multitailles\/800x600_villa-clair-matin-facade-24620.jpeg"},"640x480":{"url":"https:\/\/www.saint-brevin.com\/medias\/images\/prestations\/multitailles\/640x480_villa-clair-matin-facade-24620.jpeg"},"320x240":{"url":"https:\/\/www.saint-brevin.com\/medias\/images\/prestations\/multitailles\/320x240_villa-clair-matin-facade-24620.jpeg"},"160x120":{"url":"https:\/\/www.saint-brevin.com\/medias\/images\/prestations\/multitailles\/160x120_villa-clair-matin-facade-24620.jpeg"},"origine":{"url":"https:\/\/www.saint-brevin.com\/medias\/images\/prestations\/villa-clair-matin-facade-24620.jpeg"}},"urlLien":"","typeLien":"","nofollow":"N","copyright":""},{"url":"https:\/\/www.saint-brevin.com\/medias\/images\/prestations\/villa-clair-matin-salon-24635.jpeg","chemin":"..\/medias\/images\/prestations\/villa-clair-matin-salon-24635.jpeg","libelle":"villa-clair-matin-salon-24635","extension":"jpeg","categorie":"","largeur":1448,"theme":"","hauteur":2573,"type":"Image","origine":"","liaisonPave":"","langue":"","id":"24635","urlVignette":"https:\/\/www.saint-brevin.com\/medias\/images\/prestations\/v-villa-clair-matin-salon-24635.jpeg","alt":"villa-clair-matin-salon-24635","title":"villa-clair-matin-salon-24635","MultiTaille":{"1920x1440":{"url":"https:\/\/www.saint-brevin.com\/medias\/images\/prestations\/multitailles\/1920x1440_villa-clair-matin-salon-24635.jpeg"},"1200x900":{"url":"https:\/\/www.saint-brevin.com\/medias\/images\/prestations\/multitailles\/1200x900_villa-clair-matin-salon-24635.jpeg"},"800x600":{"url":"https:\/\/www.saint-brevin.com\/medias\/images\/prestations\/multitailles\/800x600_villa-clair-matin-salon-24635.jpeg"},"640x480":{"url":"https:\/\/www.saint-brevin.com\/medias\/images\/prestations\/multitailles\/640x480_villa-clair-matin-salon-24635.jpeg"},"320x240":{"url":"https:\/\/www.saint-brevin.com\/medias\/images\/prestations\/multitailles\/320x240_villa-clair-matin-salon-24635.jpeg"},"160x120":{"url":"https:\/\/www.saint-brevin.com\/medias\/images\/prestations\/multitailles\/160x120_villa-clair-matin-salon-24635.jpeg"},"origine":{"url":"https:\/\/www.saint-brevin.com\/medias\/images\/prestations\/villa-clair-matin-salon-24635.jpeg"}},"urlLien":"","typeLien":"","nofollow":"N","copyright":""},{"url":"https:\/\/www.saint-brevin.com\/medias\/images\/prestations\/villa-clair-matin-cuisine-4-24628.jpeg","chemin":"..\/medias\/images\/prestations\/villa-clair-matin-cuisine-4-24628.jpeg","libelle":"villa-clair-matin-cuisine-4-24628","extension":"jpeg","categorie":"","largeur":1448,"theme":"","hauteur":2573,"type":"Image","origine":"","liaisonPave":"","langue":"","id":"24628","urlVignette":"https:\/\/www.saint-brevin.com\/medias\/images\/prestations\/v-villa-clair-matin-cuisine-4-24628.jpeg","alt":"villa-clair-matin-cuisine-4-24628","title":"villa-clair-matin-cuisine-4-24628","MultiTaille":{"1920x1440":{"url":"https:\/\/www.saint-brevin.com\/medias\/images\/prestations\/multitailles\/1920x1440_villa-clair-matin-cuisine-4-24628.jpeg"},"1200x900":{"url":"https:\/\/www.saint-brevin.com\/medias\/images\/prestations\/multitailles\/1200x900_villa-clair-matin-cuisine-4-24628.jpeg"},"800x600":{"url":"https:\/\/www.saint-brevin.com\/medias\/images\/prestations\/multitailles\/800x600_villa-clair-matin-cuisine-4-24628.jpeg"},"640x480":{"url":"https:\/\/www.saint-brevin.com\/medias\/images\/prestations\/multitailles\/640x480_villa-clair-matin-cuisine-4-24628.jpeg"},"320x240":{"url":"https:\/\/www.saint-brevin.com\/medias\/images\/prestations\/multitailles\/320x240_villa-clair-matin-cuisine-4-24628.jpeg"},"160x120":{"url":"https:\/\/www.saint-brevin.com\/medias\/images\/prestations\/multitailles\/160x120_villa-clair-matin-cuisine-4-24628.jpeg"},"origine":{"url":"https:\/\/www.saint-brevin.com\/medias\/images\/prestations\/villa-clair-matin-cuisine-4-24628.jpeg"}},"urlLien":"","typeLien":"","nofollow":"N","copyright":""},{"url":"https:\/\/www.saint-brevin.com\/medias\/images\/prestations\/villa-clair-matin-cuisine-2-24625.jpeg","chemin":"..\/medias\/images\/prestations\/villa-clair-matin-cuisine-2-24625.jpeg","libelle":"villa-clair-matin-cuisine-2-24625","extension":"jpeg","categorie":"","largeur":1448,"theme":"","hauteur":2573,"type":"Image","origine":"","liaisonPave":"","langue":"","id":"24625","urlVignette":"https:\/\/www.saint-brevin.com\/medias\/images\/prestations\/v-villa-clair-matin-cuisine-2-24625.jpeg","alt":"villa-clair-matin-cuisine-2-24625","title":"villa-clair-matin-cuisine-2-24625","MultiTaille":{"1920x1440":{"url":"https:\/\/www.saint-brevin.com\/medias\/images\/prestations\/multitailles\/1920x1440_villa-clair-matin-cuisine-2-24625.jpeg"},"1200x900":{"url":"https:\/\/www.saint-brevin.com\/medias\/images\/prestations\/multitailles\/1200x900_villa-clair-matin-cuisine-2-24625.jpeg"},"800x600":{"url":"https:\/\/www.saint-brevin.com\/medias\/images\/prestations\/multitailles\/800x600_villa-clair-matin-cuisine-2-24625.jpeg"},"640x480":{"url":"https:\/\/www.saint-brevin.com\/medias\/images\/prestations\/multitailles\/640x480_villa-clair-matin-cuisine-2-24625.jpeg"},"320x240":{"url":"https:\/\/www.saint-brevin.com\/medias\/images\/prestations\/multitailles\/320x240_villa-clair-matin-cuisine-2-24625.jpeg"},"160x120":{"url":"https:\/\/www.saint-brevin.com\/medias\/images\/prestations\/multitailles\/160x120_villa-clair-matin-cuisine-2-24625.jpeg"},"origine":{"url":"https:\/\/www.saint-brevin.com\/medias\/images\/prestations\/villa-clair-matin-cuisine-2-24625.jpeg"}},"urlLien":"","typeLien":"","nofollow":"N","copyright":""},{"url":"https:\/\/www.saint-brevin.com\/medias\/images\/prestations\/villa-clair-matin-cuisine-3-24627.jpeg","chemin":"..\/medias\/images\/prestations\/villa-clair-matin-cuisine-3-24627.jpeg","libelle":"villa-clair-matin-cuisine-3-24627","extension":"jpeg","categorie":"","largeur":1448,"theme":"","hauteur":2573,"type":"Image","origine":"","liaisonPave":"","langue":"","id":"24627","urlVignette":"https:\/\/www.saint-brevin.com\/medias\/images\/prestations\/v-villa-clair-matin-cuisine-3-24627.jpeg","alt":"villa-clair-matin-cuisine-3-24627","title":"villa-clair-matin-cuisine-3-24627","MultiTaille":{"1920x1440":{"url":"https:\/\/www.saint-brevin.com\/medias\/images\/prestations\/multitailles\/1920x1440_villa-clair-matin-cuisine-3-24627.jpeg"},"1200x900":{"url":"https:\/\/www.saint-brevin.com\/medias\/images\/prestations\/multitailles\/1200x900_villa-clair-matin-cuisine-3-24627.jpeg"},"800x600":{"url":"https:\/\/www.saint-brevin.com\/medias\/images\/prestations\/multitailles\/800x600_villa-clair-matin-cuisine-3-24627.jpeg"},"640x480":{"url":"https:\/\/www.saint-brevin.com\/medias\/images\/prestations\/multitailles\/640x480_villa-clair-matin-cuisine-3-24627.jpeg"},"320x240":{"url":"https:\/\/www.saint-brevin.com\/medias\/images\/prestations\/multitailles\/320x240_villa-clair-matin-cuisine-3-24627.jpeg"},"160x120":{"url":"https:\/\/www.saint-brevin.com\/medias\/images\/prestations\/multitailles\/160x120_villa-clair-matin-cuisine-3-24627.jpeg"},"origine":{"url":"https:\/\/www.saint-brevin.com\/medias\/images\/prestations\/villa-clair-matin-cuisine-3-24627.jpeg"}},"urlLien":"","typeLien":"","nofollow":"N","copyright":""},{"url":"https:\/\/www.saint-brevin.com\/medias\/images\/prestations\/villa-clair-matin-cuisine-5-24629.jpeg","chemin":"..\/medias\/images\/prestations\/villa-clair-matin-cuisine-5-24629.jpeg","libelle":"villa-clair-matin-cuisine-5-24629","extension":"jpeg","categorie":"","largeur":1448,"theme":"","hauteur":2573,"type":"Image","origine":"","liaisonPave":"","langue":"","id":"24629","urlVignette":"https:\/\/www.saint-brevin.com\/medias\/images\/prestations\/v-villa-clair-matin-cuisine-5-24629.jpeg","alt":"villa-clair-matin-cuisine-5-24629","title":"villa-clair-matin-cuisine-5-24629","MultiTaille":{"1920x1440":{"url":"https:\/\/www.saint-brevin.com\/medias\/images\/prestations\/multitailles\/1920x1440_villa-clair-matin-cuisine-5-24629.jpeg"},"1200x900":{"url":"https:\/\/www.saint-brevin.com\/medias\/images\/prestations\/multitailles\/1200x900_villa-clair-matin-cuisine-5-24629.jpeg"},"800x600":{"url":"https:\/\/www.saint-brevin.com\/medias\/images\/prestations\/multitailles\/800x600_villa-clair-matin-cuisine-5-24629.jpeg"},"640x480":{"url":"https:\/\/www.saint-brevin.com\/medias\/images\/prestations\/multitailles\/640x480_villa-clair-matin-cuisine-5-24629.jpeg"},"320x240":{"url":"https:\/\/www.saint-brevin.com\/medias\/images\/prestations\/multitailles\/320x240_villa-clair-matin-cuisine-5-24629.jpeg"},"160x120":{"url":"https:\/\/www.saint-brevin.com\/medias\/images\/prestations\/multitailles\/160x120_villa-clair-matin-cuisine-5-24629.jpeg"},"origine":{"url":"https:\/\/www.saint-brevin.com\/medias\/images\/prestations\/villa-clair-matin-cuisine-5-24629.jpeg"}},"urlLien":"","typeLien":"","nofollow":"N","copyright":""},{"url":"https:\/\/www.saint-brevin.com\/medias\/images\/prestations\/villa-clair-matin-cuisine-24630.jpeg","chemin":"..\/medias\/images\/prestations\/villa-clair-matin-cuisine-24630.jpeg","libelle":"villa-clair-matin-cuisine-24630","extension":"jpeg","categorie":"","largeur":1448,"theme":"","hauteur":2573,"type":"Image","origine":"","liaisonPave":"","langue":"","id":"24630","urlVignette":"https:\/\/www.saint-brevin.com\/medias\/images\/prestations\/v-villa-clair-matin-cuisine-24630.jpeg","alt":"villa-clair-matin-cuisine-24630","title":"villa-clair-matin-cuisine-24630","MultiTaille":{"1920x1440":{"url":"https:\/\/www.saint-brevin.com\/medias\/images\/prestations\/multitailles\/1920x1440_villa-clair-matin-cuisine-24630.jpeg"},"1200x900":{"url":"https:\/\/www.saint-brevin.com\/medias\/images\/prestations\/multitailles\/1200x900_villa-clair-matin-cuisine-24630.jpeg"},"800x600":{"url":"https:\/\/www.saint-brevin.com\/medias\/images\/prestations\/multitailles\/800x600_villa-clair-matin-cuisine-24630.jpeg"},"640x480":{"url":"https:\/\/www.saint-brevin.com\/medias\/images\/prestations\/multitailles\/640x480_villa-clair-matin-cuisine-24630.jpeg"},"320x240":{"url":"https:\/\/www.saint-brevin.com\/medias\/images\/prestations\/multitailles\/320x240_villa-clair-matin-cuisine-24630.jpeg"},"160x120":{"url":"https:\/\/www.saint-brevin.com\/medias\/images\/prestations\/multitailles\/160x120_villa-clair-matin-cuisine-24630.jpeg"},"origine":{"url":"https:\/\/www.saint-brevin.com\/medias\/images\/prestations\/villa-clair-matin-cuisine-24630.jpeg"}},"urlLien":"","typeLien":"","nofollow":"N","copyright":""},{"url":"https:\/\/www.saint-brevin.com\/medias\/images\/prestations\/villa-clair-matin-salle-a-manger-24633.jpeg","chemin":"..\/medias\/images\/prestations\/villa-clair-matin-salle-a-manger-24633.jpeg","libelle":"villa-clair-matin-salle-a-manger-24633","extension":"jpeg","categorie":"","largeur":1448,"theme":"","hauteur":2573,"type":"Image","origine":"","liaisonPave":"","langue":"","id":"24633","urlVignette":"https:\/\/www.saint-brevin.com\/medias\/images\/prestations\/v-villa-clair-matin-salle-a-manger-24633.jpeg","alt":"villa-clair-matin-salle-a-manger-24633","title":"villa-clair-matin-salle-a-manger-24633","MultiTaille":{"1920x1440":{"url":"https:\/\/www.saint-brevin.com\/medias\/images\/prestations\/multitailles\/1920x1440_villa-clair-matin-salle-a-manger-24633.jpeg"},"1200x900":{"url":"https:\/\/www.saint-brevin.com\/medias\/images\/prestations\/multitailles\/1200x900_villa-clair-matin-salle-a-manger-24633.jpeg"},"800x600":{"url":"https:\/\/www.saint-brevin.com\/medias\/images\/prestations\/multitailles\/800x600_villa-clair-matin-salle-a-manger-24633.jpeg"},"640x480":{"url":"https:\/\/www.saint-brevin.com\/medias\/images\/prestations\/multitailles\/640x480_villa-clair-matin-salle-a-manger-24633.jpeg"},"320x240":{"url":"https:\/\/www.saint-brevin.com\/medias\/images\/prestations\/multitailles\/320x240_villa-clair-matin-salle-a-manger-24633.jpeg"},"160x120":{"url":"https:\/\/www.saint-brevin.com\/medias\/images\/prestations\/multitailles\/160x120_villa-clair-matin-salle-a-manger-24633.jpeg"},"origine":{"url":"https:\/\/www.saint-brevin.com\/medias\/images\/prestations\/villa-clair-matin-salle-a-manger-24633.jpeg"}},"urlLien":"","typeLien":"","nofollow":"N","copyright":""},{"url":"https:\/\/www.saint-brevin.com\/medias\/images\/prestations\/villa-clair-matin-chambre-1-24622.jpeg","chemin":"..\/medias\/images\/prestations\/villa-clair-matin-chambre-1-24622.jpeg","libelle":"villa-clair-matin-chambre-1-24622","extension":"jpeg","categorie":"","largeur":1448,"theme":"","hauteur":2573,"type":"Image","origine":"","liaisonPave":"","langue":"","id":"24622","urlVignette":"https:\/\/www.saint-brevin.com\/medias\/images\/prestations\/v-villa-clair-matin-chambre-1-24622.jpeg","alt":"villa-clair-matin-chambre-1-24622","title":"villa-clair-matin-chambre-1-24622","MultiTaille":{"1920x1440":{"url":"https:\/\/www.saint-brevin.com\/medias\/images\/prestations\/multitailles\/1920x1440_villa-clair-matin-chambre-1-24622.jpeg"},"1200x900":{"url":"https:\/\/www.saint-brevin.com\/medias\/images\/prestations\/multitailles\/1200x900_villa-clair-matin-chambre-1-24622.jpeg"},"800x600":{"url":"https:\/\/www.saint-brevin.com\/medias\/images\/prestations\/multitailles\/800x600_villa-clair-matin-chambre-1-24622.jpeg"},"640x480":{"url":"https:\/\/www.saint-brevin.com\/medias\/images\/prestations\/multitailles\/640x480_villa-clair-matin-chambre-1-24622.jpeg"},"320x240":{"url":"https:\/\/www.saint-brevin.com\/medias\/images\/prestations\/multitailles\/320x240_villa-clair-matin-chambre-1-24622.jpeg"},"160x120":{"url":"https:\/\/www.saint-brevin.com\/medias\/images\/prestations\/multitailles\/160x120_villa-clair-matin-chambre-1-24622.jpeg"},"origine":{"url":"https:\/\/www.saint-brevin.com\/medias\/images\/prestations\/villa-clair-matin-chambre-1-24622.jpeg"}},"urlLien":"","typeLien":"","nofollow":"N","copyright":""},{"url":"https:\/\/www.saint-brevin.com\/medias\/images\/prestations\/villa-clair-matin-chambre-1-1-24623.jpeg","chemin":"..\/medias\/images\/prestations\/villa-clair-matin-chambre-1-1-24623.jpeg","libelle":"villa-clair-matin-chambre-1-1-24623","extension":"jpeg","categorie":"","largeur":1448,"theme":"","hauteur":2573,"type":"Image","origine":"","liaisonPave":"","langue":"","id":"24623","urlVignette":"https:\/\/www.saint-brevin.com\/medias\/images\/prestations\/v-villa-clair-matin-chambre-1-1-24623.jpeg","alt":"villa-clair-matin-chambre-1-1-24623","title":"villa-clair-matin-chambre-1-1-24623","MultiTaille":{"1920x1440":{"url":"https:\/\/www.saint-brevin.com\/medias\/images\/prestations\/multitailles\/1920x1440_villa-clair-matin-chambre-1-1-24623.jpeg"},"1200x900":{"url":"https:\/\/www.saint-brevin.com\/medias\/images\/prestations\/multitailles\/1200x900_villa-clair-matin-chambre-1-1-24623.jpeg"},"800x600":{"url":"https:\/\/www.saint-brevin.com\/medias\/images\/prestations\/multitailles\/800x600_villa-clair-matin-chambre-1-1-24623.jpeg"},"640x480":{"url":"https:\/\/www.saint-brevin.com\/medias\/images\/prestations\/multitailles\/640x480_villa-clair-matin-chambre-1-1-24623.jpeg"},"320x240":{"url":"https:\/\/www.saint-brevin.com\/medias\/images\/prestations\/multitailles\/320x240_villa-clair-matin-chambre-1-1-24623.jpeg"},"160x120":{"url":"https:\/\/www.saint-brevin.com\/medias\/images\/prestations\/multitailles\/160x120_villa-clair-matin-chambre-1-1-24623.jpeg"},"origine":{"url":"https:\/\/www.saint-brevin.com\/medias\/images\/prestations\/villa-clair-matin-chambre-1-1-24623.jpeg"}},"urlLien":"","typeLien":"","nofollow":"N","copyright":""},{"url":"https:\/\/www.saint-brevin.com\/medias\/images\/prestations\/villa-clair-matin-chambre-placard-24621.jpeg","chemin":"..\/medias\/images\/prestations\/villa-clair-matin-chambre-placard-24621.jpeg","libelle":"villa-clair-matin-chambre-placard-24621","extension":"jpeg","categorie":"","largeur":1448,"theme":"","hauteur":2573,"type":"Image","origine":"","liaisonPave":"","langue":"","id":"24621","urlVignette":"https:\/\/www.saint-brevin.com\/medias\/images\/prestations\/v-villa-clair-matin-chambre-placard-24621.jpeg","alt":"villa-clair-matin-chambre-placard-24621","title":"villa-clair-matin-chambre-placard-24621","MultiTaille":{"1920x1440":{"url":"https:\/\/www.saint-brevin.com\/medias\/images\/prestations\/multitailles\/1920x1440_villa-clair-matin-chambre-placard-24621.jpeg"},"1200x900":{"url":"https:\/\/www.saint-brevin.com\/medias\/images\/prestations\/multitailles\/1200x900_villa-clair-matin-chambre-placard-24621.jpeg"},"800x600":{"url":"https:\/\/www.saint-brevin.com\/medias\/images\/prestations\/multitailles\/800x600_villa-clair-matin-chambre-placard-24621.jpeg"},"640x480":{"url":"https:\/\/www.saint-brevin.com\/medias\/images\/prestations\/multitailles\/640x480_villa-clair-matin-chambre-placard-24621.jpeg"},"320x240":{"url":"https:\/\/www.saint-brevin.com\/medias\/images\/prestations\/multitailles\/320x240_villa-clair-matin-chambre-placard-24621.jpeg"},"160x120":{"url":"https:\/\/www.saint-brevin.com\/medias\/images\/prestations\/multitailles\/160x120_villa-clair-matin-chambre-placard-24621.jpeg"},"origine":{"url":"https:\/\/www.saint-brevin.com\/medias\/images\/prestations\/villa-clair-matin-chambre-placard-24621.jpeg"}},"urlLien":"","typeLien":"","nofollow":"N","copyright":""},{"url":"https:\/\/www.saint-brevin.com\/medias\/images\/prestations\/villa-clair-matin-escalier-24632.jpeg","chemin":"..\/medias\/images\/prestations\/villa-clair-matin-escalier-24632.jpeg","libelle":"villa-clair-matin-escalier-24632","extension":"jpeg","categorie":"","largeur":1448,"theme":"","hauteur":2573,"type":"Image","origine":"","liaisonPave":"","langue":"","id":"24632","urlVignette":"https:\/\/www.saint-brevin.com\/medias\/images\/prestations\/v-villa-clair-matin-escalier-24632.jpeg","alt":"villa-clair-matin-escalier-24632","title":"villa-clair-matin-escalier-24632","MultiTaille":{"1920x1440":{"url":"https:\/\/www.saint-brevin.com\/medias\/images\/prestations\/multitailles\/1920x1440_villa-clair-matin-escalier-24632.jpeg"},"1200x900":{"url":"https:\/\/www.saint-brevin.com\/medias\/images\/prestations\/multitailles\/1200x900_villa-clair-matin-escalier-24632.jpeg"},"800x600":{"url":"https:\/\/www.saint-brevin.com\/medias\/images\/prestations\/multitailles\/800x600_villa-clair-matin-escalier-24632.jpeg"},"640x480":{"url":"https:\/\/www.saint-brevin.com\/medias\/images\/prestations\/multitailles\/640x480_villa-clair-matin-escalier-24632.jpeg"},"320x240":{"url":"https:\/\/www.saint-brevin.com\/medias\/images\/prestations\/multitailles\/320x240_villa-clair-matin-escalier-24632.jpeg"},"160x120":{"url":"https:\/\/www.saint-brevin.com\/medias\/images\/prestations\/multitailles\/160x120_villa-clair-matin-escalier-24632.jpeg"},"origine":{"url":"https:\/\/www.saint-brevin.com\/medias\/images\/prestations\/villa-clair-matin-escalier-24632.jpeg"}},"urlLien":"","typeLien":"","nofollow":"N","copyright":""},{"url":"https:\/\/www.saint-brevin.com\/medias\/images\/prestations\/villa-clair-matin-salle-de-bain-24634.jpeg","chemin":"..\/medias\/images\/prestations\/villa-clair-matin-salle-de-bain-24634.jpeg","libelle":"villa-clair-matin-salle-de-bain-24634","extension":"jpeg","categorie":"","largeur":1448,"theme":"","hauteur":2573,"type":"Image","origine":"","liaisonPave":"","langue":"","id":"24634","urlVignette":"https:\/\/www.saint-brevin.com\/medias\/images\/prestations\/v-villa-clair-matin-salle-de-bain-24634.jpeg","alt":"villa-clair-matin-salle-de-bain-24634","title":"villa-clair-matin-salle-de-bain-24634","MultiTaille":{"1920x1440":{"url":"https:\/\/www.saint-brevin.com\/medias\/images\/prestations\/multitailles\/1920x1440_villa-clair-matin-salle-de-bain-24634.jpeg"},"1200x900":{"url":"https:\/\/www.saint-brevin.com\/medias\/images\/prestations\/multitailles\/1200x900_villa-clair-matin-salle-de-bain-24634.jpeg"},"800x600":{"url":"https:\/\/www.saint-brevin.com\/medias\/images\/prestations\/multitailles\/800x600_villa-clair-matin-salle-de-bain-24634.jpeg"},"640x480":{"url":"https:\/\/www.saint-brevin.com\/medias\/images\/prestations\/multitailles\/640x480_villa-clair-matin-salle-de-bain-24634.jpeg"},"320x240":{"url":"https:\/\/www.saint-brevin.com\/medias\/images\/prestations\/multitailles\/320x240_villa-clair-matin-salle-de-bain-24634.jpeg"},"160x120":{"url":"https:\/\/www.saint-brevin.com\/medias\/images\/prestations\/multitailles\/160x120_villa-clair-matin-salle-de-bain-24634.jpeg"},"origine":{"url":"https:\/\/www.saint-brevin.com\/medias\/images\/prestations\/villa-clair-matin-salle-de-bain-24634.jpeg"}},"urlLien":"","typeLien":"","nofollow":"N","copyright":""},{"url":"https:\/\/www.saint-brevin.com\/medias\/images\/prestations\/villa-clair-matin-douche-24631.jpeg","chemin":"..\/medias\/images\/prestations\/villa-clair-matin-douche-24631.jpeg","libelle":"villa-clair-matin-douche-24631","extension":"jpeg","categorie":"","largeur":1448,"theme":"","hauteur":2573,"type":"Image","origine":"","liaisonPave":"","langue":"","id":"24631","urlVignette":"https:\/\/www.saint-brevin.com\/medias\/images\/prestations\/v-villa-clair-matin-douche-24631.jpeg","alt":"villa-clair-matin-douche-24631","title":"villa-clair-matin-douche-24631","MultiTaille":{"1920x1440":{"url":"https:\/\/www.saint-brevin.com\/medias\/images\/prestations\/multitailles\/1920x1440_villa-clair-matin-douche-24631.jpeg"},"1200x900":{"url":"https:\/\/www.saint-brevin.com\/medias\/images\/prestations\/multitailles\/1200x900_villa-clair-matin-douche-24631.jpeg"},"800x600":{"url":"https:\/\/www.saint-brevin.com\/medias\/images\/prestations\/multitailles\/800x600_villa-clair-matin-douche-24631.jpeg"},"640x480":{"url":"https:\/\/www.saint-brevin.com\/medias\/images\/prestations\/multitailles\/640x480_villa-clair-matin-douche-24631.jpeg"},"320x240":{"url":"https:\/\/www.saint-brevin.com\/medias\/images\/prestations\/multitailles\/320x240_villa-clair-matin-douche-24631.jpeg"},"160x120":{"url":"https:\/\/www.saint-brevin.com\/medias\/images\/prestations\/multitailles\/160x120_villa-clair-matin-douche-24631.jpeg"},"origine":{"url":"https:\/\/www.saint-brevin.com\/medias\/images\/prestations\/villa-clair-matin-douche-24631.jpeg"}},"urlLien":"","typeLien":"","nofollow":"N","copyright":""},{"url":"https:\/\/www.saint-brevin.com\/medias\/images\/prestations\/villa-clair-matin-wc-24637.jpeg","chemin":"..\/medias\/images\/prestations\/villa-clair-matin-wc-24637.jpeg","libelle":"villa-clair-matin-wc-24637","extension":"jpeg","categorie":"","largeur":1448,"theme":"","hauteur":2573,"type":"Image","origine":"","liaisonPave":"","langue":"","id":"24637","urlVignette":"https:\/\/www.saint-brevin.com\/medias\/images\/prestations\/v-villa-clair-matin-wc-24637.jpeg","alt":"villa-clair-matin-wc-24637","title":"villa-clair-matin-wc-24637","MultiTaille":{"1920x1440":{"url":"https:\/\/www.saint-brevin.com\/medias\/images\/prestations\/multitailles\/1920x1440_villa-clair-matin-wc-24637.jpeg"},"1200x900":{"url":"https:\/\/www.saint-brevin.com\/medias\/images\/prestations\/multitailles\/1200x900_villa-clair-matin-wc-24637.jpeg"},"800x600":{"url":"https:\/\/www.saint-brevin.com\/medias\/images\/prestations\/multitailles\/800x600_villa-clair-matin-wc-24637.jpeg"},"640x480":{"url":"https:\/\/www.saint-brevin.com\/medias\/images\/prestations\/multitailles\/640x480_villa-clair-matin-wc-24637.jpeg"},"320x240":{"url":"https:\/\/www.saint-brevin.com\/medias\/images\/prestations\/multitailles\/320x240_villa-clair-matin-wc-24637.jpeg"},"160x120":{"url":"https:\/\/www.saint-brevin.com\/medias\/images\/prestations\/multitailles\/160x120_villa-clair-matin-wc-24637.jpeg"},"origine":{"url":"https:\/\/www.saint-brevin.com\/medias\/images\/prestations\/villa-clair-matin-wc-24637.jpeg"}},"urlLien":"","typeLien":"","nofollow":"N","copyright":""},{"url":"https:\/\/www.saint-brevin.com\/medias\/images\/prestations\/villa-clair-matin-cour-2-24624.jpeg","chemin":"..\/medias\/images\/prestations\/villa-clair-matin-cour-2-24624.jpeg","libelle":"villa-clair-matin-cour-2-24624","extension":"jpeg","categorie":"","largeur":1448,"theme":"","hauteur":2573,"type":"Image","origine":"","liaisonPave":"","langue":"","id":"24624","urlVignette":"https:\/\/www.saint-brevin.com\/medias\/images\/prestations\/v-villa-clair-matin-cour-2-24624.jpeg","alt":"villa-clair-matin-cour-2-24624","title":"villa-clair-matin-cour-2-24624","MultiTaille":{"1920x1440":{"url":"https:\/\/www.saint-brevin.com\/medias\/images\/prestations\/multitailles\/1920x1440_villa-clair-matin-cour-2-24624.jpeg"},"1200x900":{"url":"https:\/\/www.saint-brevin.com\/medias\/images\/prestations\/multitailles\/1200x900_villa-clair-matin-cour-2-24624.jpeg"},"800x600":{"url":"https:\/\/www.saint-brevin.com\/medias\/images\/prestations\/multitailles\/800x600_villa-clair-matin-cour-2-24624.jpeg"},"640x480":{"url":"https:\/\/www.saint-brevin.com\/medias\/images\/prestations\/multitailles\/640x480_villa-clair-matin-cour-2-24624.jpeg"},"320x240":{"url":"https:\/\/www.saint-brevin.com\/medias\/images\/prestations\/multitailles\/320x240_villa-clair-matin-cour-2-24624.jpeg"},"160x120":{"url":"https:\/\/www.saint-brevin.com\/medias\/images\/prestations\/multitailles\/160x120_villa-clair-matin-cour-2-24624.jpeg"},"origine":{"url":"https:\/\/www.saint-brevin.com\/medias\/images\/prestations\/villa-clair-matin-cour-2-24624.jpeg"}},"urlLien":"","typeLien":"","nofollow":"N","copyright":""},{"url":"https:\/\/www.saint-brevin.com\/medias\/images\/prestations\/villa-clair-matin-cour-24626.jpeg","chemin":"..\/medias\/images\/prestations\/villa-clair-matin-cour-24626.jpeg","libelle":"villa-clair-matin-cour-24626","extension":"jpeg","categorie":"","largeur":1448,"theme":"","hauteur":2573,"type":"Image","origine":"","liaisonPave":"","langue":"","id":"24626","urlVignette":"https:\/\/www.saint-brevin.com\/medias\/images\/prestations\/v-villa-clair-matin-cour-24626.jpeg","alt":"villa-clair-matin-cour-24626","title":"villa-clair-matin-cour-24626","MultiTaille":{"1920x1440":{"url":"https:\/\/www.saint-brevin.com\/medias\/images\/prestations\/multitailles\/1920x1440_villa-clair-matin-cour-24626.jpeg"},"1200x900":{"url":"https:\/\/www.saint-brevin.com\/medias\/images\/prestations\/multitailles\/1200x900_villa-clair-matin-cour-24626.jpeg"},"800x600":{"url":"https:\/\/www.saint-brevin.com\/medias\/images\/prestations\/multitailles\/800x600_villa-clair-matin-cour-24626.jpeg"},"640x480":{"url":"https:\/\/www.saint-brevin.com\/medias\/images\/prestations\/multitailles\/640x480_villa-clair-matin-cour-24626.jpeg"},"320x240":{"url":"https:\/\/www.saint-brevin.com\/medias\/images\/prestations\/multitailles\/320x240_villa-clair-matin-cour-24626.jpeg"},"160x120":{"url":"https:\/\/www.saint-brevin.com\/medias\/images\/prestations\/multitailles\/160x120_villa-clair-matin-cour-24626.jpeg"},"origine":{"url":"https:\/\/www.saint-brevin.com\/medias\/images\/prestations\/villa-clair-matin-cour-24626.jpeg"}},"urlLien":"","typeLien":"","nofollow":"N","copyright":""},{"url":"https:\/\/www.saint-brevin.com\/medias\/images\/prestations\/villa-clair-matin-terrasse-24636.jpeg","chemin":"..\/medias\/images\/prestations\/villa-clair-matin-terrasse-24636.jpeg","libelle":"villa-clair-matin-terrasse-24636","extension":"jpeg","categorie":"","largeur":1448,"theme":"","hauteur":2573,"type":"Image","origine":"","liaisonPave":"","langue":"","id":"24636","urlVignette":"https:\/\/www.saint-brevin.com\/medias\/images\/prestations\/v-villa-clair-matin-terrasse-24636.jpeg","alt":"villa-clair-matin-terrasse-24636","title":"villa-clair-matin-terrasse-24636","MultiTaille":{"1920x1440":{"url":"https:\/\/www.saint-brevin.com\/medias\/images\/prestations\/multitailles\/1920x1440_villa-clair-matin-terrasse-24636.jpeg"},"1200x900":{"url":"https:\/\/www.saint-brevin.com\/medias\/images\/prestations\/multitailles\/1200x900_villa-clair-matin-terrasse-24636.jpeg"},"800x600":{"url":"https:\/\/www.saint-brevin.com\/medias\/images\/prestations\/multitailles\/800x600_villa-clair-matin-terrasse-24636.jpeg"},"640x480":{"url":"https:\/\/www.saint-brevin.com\/medias\/images\/prestations\/multitailles\/640x480_villa-clair-matin-terrasse-24636.jpeg"},"320x240":{"url":"https:\/\/www.saint-brevin.com\/medias\/images\/prestations\/multitailles\/320x240_villa-clair-matin-terrasse-24636.jpeg"},"160x120":{"url":"https:\/\/www.saint-brevin.com\/medias\/images\/prestations\/multitailles\/160x120_villa-clair-matin-terrasse-24636.jpeg"},"origine":{"url":"https:\/\/www.saint-brevin.com\/medias\/images\/prestations\/villa-clair-matin-terrasse-24636.jpeg"}},"urlLien":"","typeLien":"","nofollow":"N","copyright":""}],"ByCategorie":{"":[{"url":"https:\/\/www.saint-brevin.com\/medias\/images\/prestations\/villa-clair-matin-facade-24620.jpeg","chemin":"..\/medias\/images\/prestations\/villa-clair-matin-facade-24620.jpeg","libelle":"villa-clair-matin-facade-24620","extension":"jpeg","categorie":"","largeur":2573,"theme":"","hauteur":1448,"type":"Image","origine":"","liaisonPave":"","langue":"","id":"24620","urlVignette":"https:\/\/www.saint-brevin.com\/medias\/images\/prestations\/v-villa-clair-matin-facade-24620.jpeg","alt":"villa-clair-matin-facade-24620","title":"villa-clair-matin-facade-24620","MultiTaille":{"1920x1440":{"url":"https:\/\/www.saint-brevin.com\/medias\/images\/prestations\/multitailles\/1920x1440_villa-clair-matin-facade-24620.jpeg"},"1200x900":{"url":"https:\/\/www.saint-brevin.com\/medias\/images\/prestations\/multitailles\/1200x900_villa-clair-matin-facade-24620.jpeg"},"800x600":{"url":"https:\/\/www.saint-brevin.com\/medias\/images\/prestations\/multitailles\/800x600_villa-clair-matin-facade-24620.jpeg"},"640x480":{"url":"https:\/\/www.saint-brevin.com\/medias\/images\/prestations\/multitailles\/640x480_villa-clair-matin-facade-24620.jpeg"},"320x240":{"url":"https:\/\/www.saint-brevin.com\/medias\/images\/prestations\/multitailles\/320x240_villa-clair-matin-facade-24620.jpeg"},"160x120":{"url":"https:\/\/www.saint-brevin.com\/medias\/images\/prestations\/multitailles\/160x120_villa-clair-matin-facade-24620.jpeg"},"origine":{"url":"https:\/\/www.saint-brevin.com\/medias\/images\/prestations\/villa-clair-matin-facade-24620.jpeg"}},"urlLien":"","typeLien":"","nofollow":"N","copyright":""},{"url":"https:\/\/www.saint-brevin.com\/medias\/images\/prestations\/villa-clair-matin-salon-24635.jpeg","chemin":"..\/medias\/images\/prestations\/villa-clair-matin-salon-24635.jpeg","libelle":"villa-clair-matin-salon-24635","extension":"jpeg","categorie":"","largeur":1448,"theme":"","hauteur":2573,"type":"Image","origine":"","liaisonPave":"","langue":"","id":"24635","urlVignette":"https:\/\/www.saint-brevin.com\/medias\/images\/prestations\/v-villa-clair-matin-salon-24635.jpeg","alt":"villa-clair-matin-salon-24635","title":"villa-clair-matin-salon-24635","MultiTaille":{"1920x1440":{"url":"https:\/\/www.saint-brevin.com\/medias\/images\/prestations\/multitailles\/1920x1440_villa-clair-matin-salon-24635.jpeg"},"1200x900":{"url":"https:\/\/www.saint-brevin.com\/medias\/images\/prestations\/multitailles\/1200x900_villa-clair-matin-salon-24635.jpeg"},"800x600":{"url":"https:\/\/www.saint-brevin.com\/medias\/images\/prestations\/multitailles\/800x600_villa-clair-matin-salon-24635.jpeg"},"640x480":{"url":"https:\/\/www.saint-brevin.com\/medias\/images\/prestations\/multitailles\/640x480_villa-clair-matin-salon-24635.jpeg"},"320x240":{"url":"https:\/\/www.saint-brevin.com\/medias\/images\/prestations\/multitailles\/320x240_villa-clair-matin-salon-24635.jpeg"},"160x120":{"url":"https:\/\/www.saint-brevin.com\/medias\/images\/prestations\/multitailles\/160x120_villa-clair-matin-salon-24635.jpeg"},"origine":{"url":"https:\/\/www.saint-brevin.com\/medias\/images\/prestations\/villa-clair-matin-salon-24635.jpeg"}},"urlLien":"","typeLien":"","nofollow":"N","copyright":""},{"url":"https:\/\/www.saint-brevin.com\/medias\/images\/prestations\/villa-clair-matin-cuisine-4-24628.jpeg","chemin":"..\/medias\/images\/prestations\/villa-clair-matin-cuisine-4-24628.jpeg","libelle":"villa-clair-matin-cuisine-4-24628","extension":"jpeg","categorie":"","largeur":1448,"theme":"","hauteur":2573,"type":"Image","origine":"","liaisonPave":"","langue":"","id":"24628","urlVignette":"https:\/\/www.saint-brevin.com\/medias\/images\/prestations\/v-villa-clair-matin-cuisine-4-24628.jpeg","alt":"villa-clair-matin-cuisine-4-24628","title":"villa-clair-matin-cuisine-4-24628","MultiTaille":{"1920x1440":{"url":"https:\/\/www.saint-brevin.com\/medias\/images\/prestations\/multitailles\/1920x1440_villa-clair-matin-cuisine-4-24628.jpeg"},"1200x900":{"url":"https:\/\/www.saint-brevin.com\/medias\/images\/prestations\/multitailles\/1200x900_villa-clair-matin-cuisine-4-24628.jpeg"},"800x600":{"url":"https:\/\/www.saint-brevin.com\/medias\/images\/prestations\/multitailles\/800x600_villa-clair-matin-cuisine-4-24628.jpeg"},"640x480":{"url":"https:\/\/www.saint-brevin.com\/medias\/images\/prestations\/multitailles\/640x480_villa-clair-matin-cuisine-4-24628.jpeg"},"320x240":{"url":"https:\/\/www.saint-brevin.com\/medias\/images\/prestations\/multitailles\/320x240_villa-clair-matin-cuisine-4-24628.jpeg"},"160x120":{"url":"https:\/\/www.saint-brevin.com\/medias\/images\/prestations\/multitailles\/160x120_villa-clair-matin-cuisine-4-24628.jpeg"},"origine":{"url":"https:\/\/www.saint-brevin.com\/medias\/images\/prestations\/villa-clair-matin-cuisine-4-24628.jpeg"}},"urlLien":"","typeLien":"","nofollow":"N","copyright":""},{"url":"https:\/\/www.saint-brevin.com\/medias\/images\/prestations\/villa-clair-matin-cuisine-2-24625.jpeg","chemin":"..\/medias\/images\/prestations\/villa-clair-matin-cuisine-2-24625.jpeg","libelle":"villa-clair-matin-cuisine-2-24625","extension":"jpeg","categorie":"","largeur":1448,"theme":"","hauteur":2573,"type":"Image","origine":"","liaisonPave":"","langue":"","id":"24625","urlVignette":"https:\/\/www.saint-brevin.com\/medias\/images\/prestations\/v-villa-clair-matin-cuisine-2-24625.jpeg","alt":"villa-clair-matin-cuisine-2-24625","title":"villa-clair-matin-cuisine-2-24625","MultiTaille":{"1920x1440":{"url":"https:\/\/www.saint-brevin.com\/medias\/images\/prestations\/multitailles\/1920x1440_villa-clair-matin-cuisine-2-24625.jpeg"},"1200x900":{"url":"https:\/\/www.saint-brevin.com\/medias\/images\/prestations\/multitailles\/1200x900_villa-clair-matin-cuisine-2-24625.jpeg"},"800x600":{"url":"https:\/\/www.saint-brevin.com\/medias\/images\/prestations\/multitailles\/800x600_villa-clair-matin-cuisine-2-24625.jpeg"},"640x480":{"url":"https:\/\/www.saint-brevin.com\/medias\/images\/prestations\/multitailles\/640x480_villa-clair-matin-cuisine-2-24625.jpeg"},"320x240":{"url":"https:\/\/www.saint-brevin.com\/medias\/images\/prestations\/multitailles\/320x240_villa-clair-matin-cuisine-2-24625.jpeg"},"160x120":{"url":"https:\/\/www.saint-brevin.com\/medias\/images\/prestations\/multitailles\/160x120_villa-clair-matin-cuisine-2-24625.jpeg"},"origine":{"url":"https:\/\/www.saint-brevin.com\/medias\/images\/prestations\/villa-clair-matin-cuisine-2-24625.jpeg"}},"urlLien":"","typeLien":"","nofollow":"N","copyright":""},{"url":"https:\/\/www.saint-brevin.com\/medias\/images\/prestations\/villa-clair-matin-cuisine-3-24627.jpeg","chemin":"..\/medias\/images\/prestations\/villa-clair-matin-cuisine-3-24627.jpeg","libelle":"villa-clair-matin-cuisine-3-24627","extension":"jpeg","categorie":"","largeur":1448,"theme":"","hauteur":2573,"type":"Image","origine":"","liaisonPave":"","langue":"","id":"24627","urlVignette":"https:\/\/www.saint-brevin.com\/medias\/images\/prestations\/v-villa-clair-matin-cuisine-3-24627.jpeg","alt":"villa-clair-matin-cuisine-3-24627","title":"villa-clair-matin-cuisine-3-24627","MultiTaille":{"1920x1440":{"url":"https:\/\/www.saint-brevin.com\/medias\/images\/prestations\/multitailles\/1920x1440_villa-clair-matin-cuisine-3-24627.jpeg"},"1200x900":{"url":"https:\/\/www.saint-brevin.com\/medias\/images\/prestations\/multitailles\/1200x900_villa-clair-matin-cuisine-3-24627.jpeg"},"800x600":{"url":"https:\/\/www.saint-brevin.com\/medias\/images\/prestations\/multitailles\/800x600_villa-clair-matin-cuisine-3-24627.jpeg"},"640x480":{"url":"https:\/\/www.saint-brevin.com\/medias\/images\/prestations\/multitailles\/640x480_villa-clair-matin-cuisine-3-24627.jpeg"},"320x240":{"url":"https:\/\/www.saint-brevin.com\/medias\/images\/prestations\/multitailles\/320x240_villa-clair-matin-cuisine-3-24627.jpeg"},"160x120":{"url":"https:\/\/www.saint-brevin.com\/medias\/images\/prestations\/multitailles\/160x120_villa-clair-matin-cuisine-3-24627.jpeg"},"origine":{"url":"https:\/\/www.saint-brevin.com\/medias\/images\/prestations\/villa-clair-matin-cuisine-3-24627.jpeg"}},"urlLien":"","typeLien":"","nofollow":"N","copyright":""},{"url":"https:\/\/www.saint-brevin.com\/medias\/images\/prestations\/villa-clair-matin-cuisine-5-24629.jpeg","chemin":"..\/medias\/images\/prestations\/villa-clair-matin-cuisine-5-24629.jpeg","libelle":"villa-clair-matin-cuisine-5-24629","extension":"jpeg","categorie":"","largeur":1448,"theme":"","hauteur":2573,"type":"Image","origine":"","liaisonPave":"","langue":"","id":"24629","urlVignette":"https:\/\/www.saint-brevin.com\/medias\/images\/prestations\/v-villa-clair-matin-cuisine-5-24629.jpeg","alt":"villa-clair-matin-cuisine-5-24629","title":"villa-clair-matin-cuisine-5-24629","MultiTaille":{"1920x1440":{"url":"https:\/\/www.saint-brevin.com\/medias\/images\/prestations\/multitailles\/1920x1440_villa-clair-matin-cuisine-5-24629.jpeg"},"1200x900":{"url":"https:\/\/www.saint-brevin.com\/medias\/images\/prestations\/multitailles\/1200x900_villa-clair-matin-cuisine-5-24629.jpeg"},"800x600":{"url":"https:\/\/www.saint-brevin.com\/medias\/images\/prestations\/multitailles\/800x600_villa-clair-matin-cuisine-5-24629.jpeg"},"640x480":{"url":"https:\/\/www.saint-brevin.com\/medias\/images\/prestations\/multitailles\/640x480_villa-clair-matin-cuisine-5-24629.jpeg"},"320x240":{"url":"https:\/\/www.saint-brevin.com\/medias\/images\/prestations\/multitailles\/320x240_villa-clair-matin-cuisine-5-24629.jpeg"},"160x120":{"url":"https:\/\/www.saint-brevin.com\/medias\/images\/prestations\/multitailles\/160x120_villa-clair-matin-cuisine-5-24629.jpeg"},"origine":{"url":"https:\/\/www.saint-brevin.com\/medias\/images\/prestations\/villa-clair-matin-cuisine-5-24629.jpeg"}},"urlLien":"","typeLien":"","nofollow":"N","copyright":""},{"url":"https:\/\/www.saint-brevin.com\/medias\/images\/prestations\/villa-clair-matin-cuisine-24630.jpeg","chemin":"..\/medias\/images\/prestations\/villa-clair-matin-cuisine-24630.jpeg","libelle":"villa-clair-matin-cuisine-24630","extension":"jpeg","categorie":"","largeur":1448,"theme":"","hauteur":2573,"type":"Image","origine":"","liaisonPave":"","langue":"","id":"24630","urlVignette":"https:\/\/www.saint-brevin.com\/medias\/images\/prestations\/v-villa-clair-matin-cuisine-24630.jpeg","alt":"villa-clair-matin-cuisine-24630","title":"villa-clair-matin-cuisine-24630","MultiTaille":{"1920x1440":{"url":"https:\/\/www.saint-brevin.com\/medias\/images\/prestations\/multitailles\/1920x1440_villa-clair-matin-cuisine-24630.jpeg"},"1200x900":{"url":"https:\/\/www.saint-brevin.com\/medias\/images\/prestations\/multitailles\/1200x900_villa-clair-matin-cuisine-24630.jpeg"},"800x600":{"url":"https:\/\/www.saint-brevin.com\/medias\/images\/prestations\/multitailles\/800x600_villa-clair-matin-cuisine-24630.jpeg"},"640x480":{"url":"https:\/\/www.saint-brevin.com\/medias\/images\/prestations\/multitailles\/640x480_villa-clair-matin-cuisine-24630.jpeg"},"320x240":{"url":"https:\/\/www.saint-brevin.com\/medias\/images\/prestations\/multitailles\/320x240_villa-clair-matin-cuisine-24630.jpeg"},"160x120":{"url":"https:\/\/www.saint-brevin.com\/medias\/images\/prestations\/multitailles\/160x120_villa-clair-matin-cuisine-24630.jpeg"},"origine":{"url":"https:\/\/www.saint-brevin.com\/medias\/images\/prestations\/villa-clair-matin-cuisine-24630.jpeg"}},"urlLien":"","typeLien":"","nofollow":"N","copyright":""},{"url":"https:\/\/www.saint-brevin.com\/medias\/images\/prestations\/villa-clair-matin-salle-a-manger-24633.jpeg","chemin":"..\/medias\/images\/prestations\/villa-clair-matin-salle-a-manger-24633.jpeg","libelle":"villa-clair-matin-salle-a-manger-24633","extension":"jpeg","categorie":"","largeur":1448,"theme":"","hauteur":2573,"type":"Image","origine":"","liaisonPave":"","langue":"","id":"24633","urlVignette":"https:\/\/www.saint-brevin.com\/medias\/images\/prestations\/v-villa-clair-matin-salle-a-manger-24633.jpeg","alt":"villa-clair-matin-salle-a-manger-24633","title":"villa-clair-matin-salle-a-manger-24633","MultiTaille":{"1920x1440":{"url":"https:\/\/www.saint-brevin.com\/medias\/images\/prestations\/multitailles\/1920x1440_villa-clair-matin-salle-a-manger-24633.jpeg"},"1200x900":{"url":"https:\/\/www.saint-brevin.com\/medias\/images\/prestations\/multitailles\/1200x900_villa-clair-matin-salle-a-manger-24633.jpeg"},"800x600":{"url":"https:\/\/www.saint-brevin.com\/medias\/images\/prestations\/multitailles\/800x600_villa-clair-matin-salle-a-manger-24633.jpeg"},"640x480":{"url":"https:\/\/www.saint-brevin.com\/medias\/images\/prestations\/multitailles\/640x480_villa-clair-matin-salle-a-manger-24633.jpeg"},"320x240":{"url":"https:\/\/www.saint-brevin.com\/medias\/images\/prestations\/multitailles\/320x240_villa-clair-matin-salle-a-manger-24633.jpeg"},"160x120":{"url":"https:\/\/www.saint-brevin.com\/medias\/images\/prestations\/multitailles\/160x120_villa-clair-matin-salle-a-manger-24633.jpeg"},"origine":{"url":"https:\/\/www.saint-brevin.com\/medias\/images\/prestations\/villa-clair-matin-salle-a-manger-24633.jpeg"}},"urlLien":"","typeLien":"","nofollow":"N","copyright":""},{"url":"https:\/\/www.saint-brevin.com\/medias\/images\/prestations\/villa-clair-matin-chambre-1-24622.jpeg","chemin":"..\/medias\/images\/prestations\/villa-clair-matin-chambre-1-24622.jpeg","libelle":"villa-clair-matin-chambre-1-24622","extension":"jpeg","categorie":"","largeur":1448,"theme":"","hauteur":2573,"type":"Image","origine":"","liaisonPave":"","langue":"","id":"24622","urlVignette":"https:\/\/www.saint-brevin.com\/medias\/images\/prestations\/v-villa-clair-matin-chambre-1-24622.jpeg","alt":"villa-clair-matin-chambre-1-24622","title":"villa-clair-matin-chambre-1-24622","MultiTaille":{"1920x1440":{"url":"https:\/\/www.saint-brevin.com\/medias\/images\/prestations\/multitailles\/1920x1440_villa-clair-matin-chambre-1-24622.jpeg"},"1200x900":{"url":"https:\/\/www.saint-brevin.com\/medias\/images\/prestations\/multitailles\/1200x900_villa-clair-matin-chambre-1-24622.jpeg"},"800x600":{"url":"https:\/\/www.saint-brevin.com\/medias\/images\/prestations\/multitailles\/800x600_villa-clair-matin-chambre-1-24622.jpeg"},"640x480":{"url":"https:\/\/www.saint-brevin.com\/medias\/images\/prestations\/multitailles\/640x480_villa-clair-matin-chambre-1-24622.jpeg"},"320x240":{"url":"https:\/\/www.saint-brevin.com\/medias\/images\/prestations\/multitailles\/320x240_villa-clair-matin-chambre-1-24622.jpeg"},"160x120":{"url":"https:\/\/www.saint-brevin.com\/medias\/images\/prestations\/multitailles\/160x120_villa-clair-matin-chambre-1-24622.jpeg"},"origine":{"url":"https:\/\/www.saint-brevin.com\/medias\/images\/prestations\/villa-clair-matin-chambre-1-24622.jpeg"}},"urlLien":"","typeLien":"","nofollow":"N","copyright":""},{"url":"https:\/\/www.saint-brevin.com\/medias\/images\/prestations\/villa-clair-matin-chambre-1-1-24623.jpeg","chemin":"..\/medias\/images\/prestations\/villa-clair-matin-chambre-1-1-24623.jpeg","libelle":"villa-clair-matin-chambre-1-1-24623","extension":"jpeg","categorie":"","largeur":1448,"theme":"","hauteur":2573,"type":"Image","origine":"","liaisonPave":"","langue":"","id":"24623","urlVignette":"https:\/\/www.saint-brevin.com\/medias\/images\/prestations\/v-villa-clair-matin-chambre-1-1-24623.jpeg","alt":"villa-clair-matin-chambre-1-1-24623","title":"villa-clair-matin-chambre-1-1-24623","MultiTaille":{"1920x1440":{"url":"https:\/\/www.saint-brevin.com\/medias\/images\/prestations\/multitailles\/1920x1440_villa-clair-matin-chambre-1-1-24623.jpeg"},"1200x900":{"url":"https:\/\/www.saint-brevin.com\/medias\/images\/prestations\/multitailles\/1200x900_villa-clair-matin-chambre-1-1-24623.jpeg"},"800x600":{"url":"https:\/\/www.saint-brevin.com\/medias\/images\/prestations\/multitailles\/800x600_villa-clair-matin-chambre-1-1-24623.jpeg"},"640x480":{"url":"https:\/\/www.saint-brevin.com\/medias\/images\/prestations\/multitailles\/640x480_villa-clair-matin-chambre-1-1-24623.jpeg"},"320x240":{"url":"https:\/\/www.saint-brevin.com\/medias\/images\/prestations\/multitailles\/320x240_villa-clair-matin-chambre-1-1-24623.jpeg"},"160x120":{"url":"https:\/\/www.saint-brevin.com\/medias\/images\/prestations\/multitailles\/160x120_villa-clair-matin-chambre-1-1-24623.jpeg"},"origine":{"url":"https:\/\/www.saint-brevin.com\/medias\/images\/prestations\/villa-clair-matin-chambre-1-1-24623.jpeg"}},"urlLien":"","typeLien":"","nofollow":"N","copyright":""},{"url":"https:\/\/www.saint-brevin.com\/medias\/images\/prestations\/villa-clair-matin-chambre-placard-24621.jpeg","chemin":"..\/medias\/images\/prestations\/villa-clair-matin-chambre-placard-24621.jpeg","libelle":"villa-clair-matin-chambre-placard-24621","extension":"jpeg","categorie":"","largeur":1448,"theme":"","hauteur":2573,"type":"Image","origine":"","liaisonPave":"","langue":"","id":"24621","urlVignette":"https:\/\/www.saint-brevin.com\/medias\/images\/prestations\/v-villa-clair-matin-chambre-placard-24621.jpeg","alt":"villa-clair-matin-chambre-placard-24621","title":"villa-clair-matin-chambre-placard-24621","MultiTaille":{"1920x1440":{"url":"https:\/\/www.saint-brevin.com\/medias\/images\/prestations\/multitailles\/1920x1440_villa-clair-matin-chambre-placard-24621.jpeg"},"1200x900":{"url":"https:\/\/www.saint-brevin.com\/medias\/images\/prestations\/multitailles\/1200x900_villa-clair-matin-chambre-placard-24621.jpeg"},"800x600":{"url":"https:\/\/www.saint-brevin.com\/medias\/images\/prestations\/multitailles\/800x600_villa-clair-matin-chambre-placard-24621.jpeg"},"640x480":{"url":"https:\/\/www.saint-brevin.com\/medias\/images\/prestations\/multitailles\/640x480_villa-clair-matin-chambre-placard-24621.jpeg"},"320x240":{"url":"https:\/\/www.saint-brevin.com\/medias\/images\/prestations\/multitailles\/320x240_villa-clair-matin-chambre-placard-24621.jpeg"},"160x120":{"url":"https:\/\/www.saint-brevin.com\/medias\/images\/prestations\/multitailles\/160x120_villa-clair-matin-chambre-placard-24621.jpeg"},"origine":{"url":"https:\/\/www.saint-brevin.com\/medias\/images\/prestations\/villa-clair-matin-chambre-placard-24621.jpeg"}},"urlLien":"","typeLien":"","nofollow":"N","copyright":""},{"url":"https:\/\/www.saint-brevin.com\/medias\/images\/prestations\/villa-clair-matin-escalier-24632.jpeg","chemin":"..\/medias\/images\/prestations\/villa-clair-matin-escalier-24632.jpeg","libelle":"villa-clair-matin-escalier-24632","extension":"jpeg","categorie":"","largeur":1448,"theme":"","hauteur":2573,"type":"Image","origine":"","liaisonPave":"","langue":"","id":"24632","urlVignette":"https:\/\/www.saint-brevin.com\/medias\/images\/prestations\/v-villa-clair-matin-escalier-24632.jpeg","alt":"villa-clair-matin-escalier-24632","title":"villa-clair-matin-escalier-24632","MultiTaille":{"1920x1440":{"url":"https:\/\/www.saint-brevin.com\/medias\/images\/prestations\/multitailles\/1920x1440_villa-clair-matin-escalier-24632.jpeg"},"1200x900":{"url":"https:\/\/www.saint-brevin.com\/medias\/images\/prestations\/multitailles\/1200x900_villa-clair-matin-escalier-24632.jpeg"},"800x600":{"url":"https:\/\/www.saint-brevin.com\/medias\/images\/prestations\/multitailles\/800x600_villa-clair-matin-escalier-24632.jpeg"},"640x480":{"url":"https:\/\/www.saint-brevin.com\/medias\/images\/prestations\/multitailles\/640x480_villa-clair-matin-escalier-24632.jpeg"},"320x240":{"url":"https:\/\/www.saint-brevin.com\/medias\/images\/prestations\/multitailles\/320x240_villa-clair-matin-escalier-24632.jpeg"},"160x120":{"url":"https:\/\/www.saint-brevin.com\/medias\/images\/prestations\/multitailles\/160x120_villa-clair-matin-escalier-24632.jpeg"},"origine":{"url":"https:\/\/www.saint-brevin.com\/medias\/images\/prestations\/villa-clair-matin-escalier-24632.jpeg"}},"urlLien":"","typeLien":"","nofollow":"N","copyright":""},{"url":"https:\/\/www.saint-brevin.com\/medias\/images\/prestations\/villa-clair-matin-salle-de-bain-24634.jpeg","chemin":"..\/medias\/images\/prestations\/villa-clair-matin-salle-de-bain-24634.jpeg","libelle":"villa-clair-matin-salle-de-bain-24634","extension":"jpeg","categorie":"","largeur":1448,"theme":"","hauteur":2573,"type":"Image","origine":"","liaisonPave":"","langue":"","id":"24634","urlVignette":"https:\/\/www.saint-brevin.com\/medias\/images\/prestations\/v-villa-clair-matin-salle-de-bain-24634.jpeg","alt":"villa-clair-matin-salle-de-bain-24634","title":"villa-clair-matin-salle-de-bain-24634","MultiTaille":{"1920x1440":{"url":"https:\/\/www.saint-brevin.com\/medias\/images\/prestations\/multitailles\/1920x1440_villa-clair-matin-salle-de-bain-24634.jpeg"},"1200x900":{"url":"https:\/\/www.saint-brevin.com\/medias\/images\/prestations\/multitailles\/1200x900_villa-clair-matin-salle-de-bain-24634.jpeg"},"800x600":{"url":"https:\/\/www.saint-brevin.com\/medias\/images\/prestations\/multitailles\/800x600_villa-clair-matin-salle-de-bain-24634.jpeg"},"640x480":{"url":"https:\/\/www.saint-brevin.com\/medias\/images\/prestations\/multitailles\/640x480_villa-clair-matin-salle-de-bain-24634.jpeg"},"320x240":{"url":"https:\/\/www.saint-brevin.com\/medias\/images\/prestations\/multitailles\/320x240_villa-clair-matin-salle-de-bain-24634.jpeg"},"160x120":{"url":"https:\/\/www.saint-brevin.com\/medias\/images\/prestations\/multitailles\/160x120_villa-clair-matin-salle-de-bain-24634.jpeg"},"origine":{"url":"https:\/\/www.saint-brevin.com\/medias\/images\/prestations\/villa-clair-matin-salle-de-bain-24634.jpeg"}},"urlLien":"","typeLien":"","nofollow":"N","copyright":""},{"url":"https:\/\/www.saint-brevin.com\/medias\/images\/prestations\/villa-clair-matin-douche-24631.jpeg","chemin":"..\/medias\/images\/prestations\/villa-clair-matin-douche-24631.jpeg","libelle":"villa-clair-matin-douche-24631","extension":"jpeg","categorie":"","largeur":1448,"theme":"","hauteur":2573,"type":"Image","origine":"","liaisonPave":"","langue":"","id":"24631","urlVignette":"https:\/\/www.saint-brevin.com\/medias\/images\/prestations\/v-villa-clair-matin-douche-24631.jpeg","alt":"villa-clair-matin-douche-24631","title":"villa-clair-matin-douche-24631","MultiTaille":{"1920x1440":{"url":"https:\/\/www.saint-brevin.com\/medias\/images\/prestations\/multitailles\/1920x1440_villa-clair-matin-douche-24631.jpeg"},"1200x900":{"url":"https:\/\/www.saint-brevin.com\/medias\/images\/prestations\/multitailles\/1200x900_villa-clair-matin-douche-24631.jpeg"},"800x600":{"url":"https:\/\/www.saint-brevin.com\/medias\/images\/prestations\/multitailles\/800x600_villa-clair-matin-douche-24631.jpeg"},"640x480":{"url":"https:\/\/www.saint-brevin.com\/medias\/images\/prestations\/multitailles\/640x480_villa-clair-matin-douche-24631.jpeg"},"320x240":{"url":"https:\/\/www.saint-brevin.com\/medias\/images\/prestations\/multitailles\/320x240_villa-clair-matin-douche-24631.jpeg"},"160x120":{"url":"https:\/\/www.saint-brevin.com\/medias\/images\/prestations\/multitailles\/160x120_villa-clair-matin-douche-24631.jpeg"},"origine":{"url":"https:\/\/www.saint-brevin.com\/medias\/images\/prestations\/villa-clair-matin-douche-24631.jpeg"}},"urlLien":"","typeLien":"","nofollow":"N","copyright":""},{"url":"https:\/\/www.saint-brevin.com\/medias\/images\/prestations\/villa-clair-matin-wc-24637.jpeg","chemin":"..\/medias\/images\/prestations\/villa-clair-matin-wc-24637.jpeg","libelle":"villa-clair-matin-wc-24637","extension":"jpeg","categorie":"","largeur":1448,"theme":"","hauteur":2573,"type":"Image","origine":"","liaisonPave":"","langue":"","id":"24637","urlVignette":"https:\/\/www.saint-brevin.com\/medias\/images\/prestations\/v-villa-clair-matin-wc-24637.jpeg","alt":"villa-clair-matin-wc-24637","title":"villa-clair-matin-wc-24637","MultiTaille":{"1920x1440":{"url":"https:\/\/www.saint-brevin.com\/medias\/images\/prestations\/multitailles\/1920x1440_villa-clair-matin-wc-24637.jpeg"},"1200x900":{"url":"https:\/\/www.saint-brevin.com\/medias\/images\/prestations\/multitailles\/1200x900_villa-clair-matin-wc-24637.jpeg"},"800x600":{"url":"https:\/\/www.saint-brevin.com\/medias\/images\/prestations\/multitailles\/800x600_villa-clair-matin-wc-24637.jpeg"},"640x480":{"url":"https:\/\/www.saint-brevin.com\/medias\/images\/prestations\/multitailles\/640x480_villa-clair-matin-wc-24637.jpeg"},"320x240":{"url":"https:\/\/www.saint-brevin.com\/medias\/images\/prestations\/multitailles\/320x240_villa-clair-matin-wc-24637.jpeg"},"160x120":{"url":"https:\/\/www.saint-brevin.com\/medias\/images\/prestations\/multitailles\/160x120_villa-clair-matin-wc-24637.jpeg"},"origine":{"url":"https:\/\/www.saint-brevin.com\/medias\/images\/prestations\/villa-clair-matin-wc-24637.jpeg"}},"urlLien":"","typeLien":"","nofollow":"N","copyright":""},{"url":"https:\/\/www.saint-brevin.com\/medias\/images\/prestations\/villa-clair-matin-cour-2-24624.jpeg","chemin":"..\/medias\/images\/prestations\/villa-clair-matin-cour-2-24624.jpeg","libelle":"villa-clair-matin-cour-2-24624","extension":"jpeg","categorie":"","largeur":1448,"theme":"","hauteur":2573,"type":"Image","origine":"","liaisonPave":"","langue":"","id":"24624","urlVignette":"https:\/\/www.saint-brevin.com\/medias\/images\/prestations\/v-villa-clair-matin-cour-2-24624.jpeg","alt":"villa-clair-matin-cour-2-24624","title":"villa-clair-matin-cour-2-24624","MultiTaille":{"1920x1440":{"url":"https:\/\/www.saint-brevin.com\/medias\/images\/prestations\/multitailles\/1920x1440_villa-clair-matin-cour-2-24624.jpeg"},"1200x900":{"url":"https:\/\/www.saint-brevin.com\/medias\/images\/prestations\/multitailles\/1200x900_villa-clair-matin-cour-2-24624.jpeg"},"800x600":{"url":"https:\/\/www.saint-brevin.com\/medias\/images\/prestations\/multitailles\/800x600_villa-clair-matin-cour-2-24624.jpeg"},"640x480":{"url":"https:\/\/www.saint-brevin.com\/medias\/images\/prestations\/multitailles\/640x480_villa-clair-matin-cour-2-24624.jpeg"},"320x240":{"url":"https:\/\/www.saint-brevin.com\/medias\/images\/prestations\/multitailles\/320x240_villa-clair-matin-cour-2-24624.jpeg"},"160x120":{"url":"https:\/\/www.saint-brevin.com\/medias\/images\/prestations\/multitailles\/160x120_villa-clair-matin-cour-2-24624.jpeg"},"origine":{"url":"https:\/\/www.saint-brevin.com\/medias\/images\/prestations\/villa-clair-matin-cour-2-24624.jpeg"}},"urlLien":"","typeLien":"","nofollow":"N","copyright":""},{"url":"https:\/\/www.saint-brevin.com\/medias\/images\/prestations\/villa-clair-matin-cour-24626.jpeg","chemin":"..\/medias\/images\/prestations\/villa-clair-matin-cour-24626.jpeg","libelle":"villa-clair-matin-cour-24626","extension":"jpeg","categorie":"","largeur":1448,"theme":"","hauteur":2573,"type":"Image","origine":"","liaisonPave":"","langue":"","id":"24626","urlVignette":"https:\/\/www.saint-brevin.com\/medias\/images\/prestations\/v-villa-clair-matin-cour-24626.jpeg","alt":"villa-clair-matin-cour-24626","title":"villa-clair-matin-cour-24626","MultiTaille":{"1920x1440":{"url":"https:\/\/www.saint-brevin.com\/medias\/images\/prestations\/multitailles\/1920x1440_villa-clair-matin-cour-24626.jpeg"},"1200x900":{"url":"https:\/\/www.saint-brevin.com\/medias\/images\/prestations\/multitailles\/1200x900_villa-clair-matin-cour-24626.jpeg"},"800x600":{"url":"https:\/\/www.saint-brevin.com\/medias\/images\/prestations\/multitailles\/800x600_villa-clair-matin-cour-24626.jpeg"},"640x480":{"url":"https:\/\/www.saint-brevin.com\/medias\/images\/prestations\/multitailles\/640x480_villa-clair-matin-cour-24626.jpeg"},"320x240":{"url":"https:\/\/www.saint-brevin.com\/medias\/images\/prestations\/multitailles\/320x240_villa-clair-matin-cour-24626.jpeg"},"160x120":{"url":"https:\/\/www.saint-brevin.com\/medias\/images\/prestations\/multitailles\/160x120_villa-clair-matin-cour-24626.jpeg"},"origine":{"url":"https:\/\/www.saint-brevin.com\/medias\/images\/prestations\/villa-clair-matin-cour-24626.jpeg"}},"urlLien":"","typeLien":"","nofollow":"N","copyright":""},{"url":"https:\/\/www.saint-brevin.com\/medias\/images\/prestations\/villa-clair-matin-terrasse-24636.jpeg","chemin":"..\/medias\/images\/prestations\/villa-clair-matin-terrasse-24636.jpeg","libelle":"villa-clair-matin-terrasse-24636","extension":"jpeg","categorie":"","largeur":1448,"theme":"","hauteur":2573,"type":"Image","origine":"","liaisonPave":"","langue":"","id":"24636","urlVignette":"https:\/\/www.saint-brevin.com\/medias\/images\/prestations\/v-villa-clair-matin-terrasse-24636.jpeg","alt":"villa-clair-matin-terrasse-24636","title":"villa-clair-matin-terrasse-24636","MultiTaille":{"1920x1440":{"url":"https:\/\/www.saint-brevin.com\/medias\/images\/prestations\/multitailles\/1920x1440_villa-clair-matin-terrasse-24636.jpeg"},"1200x900":{"url":"https:\/\/www.saint-brevin.com\/medias\/images\/prestations\/multitailles\/1200x900_villa-clair-matin-terrasse-24636.jpeg"},"800x600":{"url":"https:\/\/www.saint-brevin.com\/medias\/images\/prestations\/multitailles\/800x600_villa-clair-matin-terrasse-24636.jpeg"},"640x480":{"url":"https:\/\/www.saint-brevin.com\/medias\/images\/prestations\/multitailles\/640x480_villa-clair-matin-terrasse-24636.jpeg"},"320x240":{"url":"https:\/\/www.saint-brevin.com\/medias\/images\/prestations\/multitailles\/320x240_villa-clair-matin-terrasse-24636.jpeg"},"160x120":{"url":"https:\/\/www.saint-brevin.com\/medias\/images\/prestations\/multitailles\/160x120_villa-clair-matin-terrasse-24636.jpeg"},"origine":{"url":"https:\/\/www.saint-brevin.com\/medias\/images\/prestations\/villa-clair-matin-terrasse-24636.jpeg"}},"urlLien":"","typeLien":"","nofollow":"N","copyright":""}]}},"DateDebPublication":"","DateFinPublication":"","PrixAPartirDe":"","PrixPour":"","FicheListeEnCours":"fiche_liste_locations_de_vacances_meubles_prestation_v2017","ParametresModele":{"AfficherPhotos":"1","NbPhotosMax":6,"AfficherReserver":0,"AfficherContact":0,"AfficherSalle":1,"AfficherZoneGeo":0,"AfficherEnSavoirPlus":"1","AfficherUneSeuleOuverture":0,"AfficherContactCarte":1,"AfficherTarifsChaudAPartirDe":0,"AfficherTarifChaudSansRecherche":0,"AfficherLiensCarnetVoyage":"1","BlocCritereInfo":{"critere1":{"libelle":"","liste_critere":["GCLASS|GCL5ET|G","GCLASS|G4ETOI|G","GCLASS|G3ETOI|G","GCLASS|G2ETOI|G","GCLASS|G1ETOI|G","GCLASS|GNON|G","GCLALABELS|M1E|G","GCLALABELS|M2EP|G","GCLALABELS|M3EP|G","GCLALABELS|3EPEC|G","GCLALABELS|M4EP|G","GCLALABELS|M1CLE|G","GCLALABELS|M2CLE|G","GCLALABELS|M4CLE|G","GCLALABELS|M3CLE|G","GCLALABELS|ACCUEIL|G","GCLALABELS|LOIREAVELO|G","GCLALABELS|VELODYSSEE|G","GCLALABELS|RANDOACCUEIL|G","GCLALABELS|ECOLABEL|G"]},"critere2":{"libelle":"","liste_critere":["GRESID|G","LABELS|ACCUEILVELO|G","GANIMA|GANIM|G","GANIMA|GPASAN|G","GANIMA|GANIMNON|G"]},"critere3":{"libelle":""},"critere4":{"libelle":""},"critere5":{"libelle":""},"critere6":{"libelle":"","liste_critere":["GTYP2|G","CAPACITE|G","SURFAC|G","GNCH|G1CH|G","GNCH|G2CH|G","GNCH|G3CH|G","GNCH|G4CH|G","GNCH|G5CH|G","GNCH|G6CH|G","GNCH|7CHAMB|G","GNCH|8CHAMB|G","GNCH|9CHAMB|G","DISTANCEMER|MDELAMER|G","DISTANCEMER|KMDELAMER|G"]},"critere7":{"libelle":"","liste_critere":["LIEU|G"]},"critere8":{"libelle":""},"afficherpictoetpaslibelle":"1"},"BlocPaveInfo":{"texte1":{"pave":["1"],"longeurmax":"200","afficherLibelle":"0","garderHtml":"0"}},"Criteres":"PARTENAIRE[COMPLET","PositionBloc":"GALLERIE|NOM|CARNET_VOYAGE|URL","TypePrestataire":"G","ComportementResa":false,"ComportementDispo":false},"AffichageCoordonnees":[],"Coordonnees":{"Ville":"ST BREVIN LES PINS"},"ContexteId":"PRESTATION|G|BOTTINEAU|VILLACLAIRMATIN","ContexteIdHtml":"PRESTATION-G-BOTTINEAU-VILLACLAIRMATIN","cleContexte":"G|BOTTINEAU|VILLACLAIRMATIN","Bloc":{"texte1":"","texte3":"","critere1":{"libelle":"","contenu":[]},"critere2":{"libelle":"","contenu":{"GANIMA":{"libelle":"HAUSTIERE","contenu":{"3":"Haustiere nicht erlaubt"},"codesValeurs":{"3":"GANIMA|GANIMNON|G"},"criteres_datas":{"valeurs":{"3":{"GANIMNON":{"descriptif":""}}}}}}},"critere3":{"libelle":"","contenu":[]},"critere4":{"libelle":"","contenu":[]},"critere5":{"libelle":"","contenu":[]},"critere6":{"libelle":"","contenu":{"GTYP2":{"libelle":"VERMIETUNGSTYP","contenu":{"2":"Haus"},"codesValeurs":{"2":"GTYP2|MAIS|G"},"criteres_datas":{"valeurs":{"2":{"MAIS":{"descriptif":""}}}}},"CAPACITE":{"libelle":"CAPACITY","contenu":{"6":"6 Personen"},"codesValeurs":{"6":"CAPACITE|6PERS|G"},"criteres_datas":{"valeurs":{"6":{"6PERS":{"descriptif":""}}}}},"SURFAC":{"libelle":"WOHNFL\u00c4CHE","contenu":{"1":"\u003Cspan class=\"quantite\"\u003E70\u003C\/span\u003E \u003Cspan class=\"libelle\"\u003EM\u00b2\u003C\/span\u003E"},"codesValeurs":{"1":"SURFAC|METRE|G"},"criteres_datas":{"valeurs":{"1":{"METRE":{"descriptif":""}}}}},"GNCH":{"libelle":"SCHLAFZIMMERANZAHL","contenu":{"3":"3 Zimmer"},"codesValeurs":{"3":"GNCH|G3CH|G"},"criteres_datas":{"valeurs":{"3":{"G3CH":{"descriptif":""}}}}},"DISTANCEMER":{"libelle":"Distanz vom Meer","contenu":{"5":"\u003Cspan class=\"quantite\"\u003E750\u003C\/span\u003E \u003Cspan class=\"libelle\"\u003EM. vom Meer\u003C\/span\u003E"},"codesValeurs":{"5":"DISTANCEMER|MDELAMER|G"},"criteres_datas":{"valeurs":{"5":{"MDELAMER":{"descriptif":""}}}}}}},"critere7":{"libelle":"","contenu":{"LIEU":{"libelle":"geographische Zone","contenu":{"1":"Saint-Brevin - Quartier de l'Oc\u00e9an"},"codesValeurs":{"1":"LIEU|SAINTBREVINOCEAN|G"},"criteres_datas":{"valeurs":{"1":{"SAINTBREVINOCEAN":{"descriptif":""}}}}}}},"critere8":{"libelle":"","contenu":[]},"critere9":{"libelle":"","contenu":[]}},"LocalisationGps":{"Latitude":"47.22900","Longitude":"-2.16652"},"libelleDuPrestataire":"","vuePrestataire":{"pave1":{"libelle":"","contenu":""},"pave2":{"libelle":"","contenu":""},"pave3":{"libelle":"","contenu":""},"pave4":{"libelle":"","contenu":""},"pave5":{"libelle":"","contenu":""},"pave6":{"libelle":"","contenu":""},"pave7":{"libelle":"","contenu":""},"pave8":{"libelle":"","contenu":""},"pave9":{"libelle":"","contenu":""},"pave10":{"libelle":"","contenu":""},"pave11":{"libelle":"","contenu":""},"pave12":{"libelle":"","contenu":""},"pave13":{"libelle":"","contenu":""},"pave14":{"libelle":"","contenu":""},"pave15":{"libelle":"","contenu":""},"pave16":{"libelle":"","contenu":""},"pave17":{"libelle":"","contenu":""},"pave18":{"libelle":"","contenu":""},"pave19":{"libelle":"","contenu":""},"pave20":{"libelle":"","contenu":""},"pave21":{"libelle":"","contenu":""},"pave22":{"libelle":"","contenu":""},"pave23":{"libelle":"","contenu":""},"pave24":{"libelle":"","contenu":""},"pave25":{"libelle":"","contenu":""},"Libelle":"M\u00e9lanie Bottineau","Nom":"M\u00e9lanie Bottineau","Prenom":"","NomPrenom":"M\u00e9lanie Bottineau ","CiviliteNomPrenom":"M\u00e9lanie Bottineau ","Cle":"G|BOTTINEAU","PrestataireParent":"","ContexteStat":"PRESTATAIRE-G-BOTTINEAU","DateModificationIso":"2025-09-01T16:43:00+02:00","Type":"PRESTATAIRE","TypePrestataire":"G","Adresse":{"LigneAdresse1":"1 rue des Gen\u00eats Drain","LigneAdresse2":"","LigneAdresse3":"","CodePostal":"49530","Ville":"OREE D ANJOU","Cedex":"","Etat":"","Pays":"FRA"},"Email":"bottineaumelanie@gmail.com","Telephone":"","TelephoneBureau":"","Portable":"06 10 52  17 30","SiteWeb":"","Fax":"","Id":"g-bottineau","Code":"G|BOTTINEAU","Fichier":[],"Url":"","Localisation":{"GoogleMap":{"Latitude":"","Longitude":""}},"ZoneGeo":"","Criteres":{"MAJINGENIEP[DATEDERNIEREMAJ":"20230127","MISEAJOURP[ANNABELLE":""},"DateFinPublication":"","AffichageCoordonnees":[]},"listeCriteres":{"PARTENAIRE":{"COMPLET":""},"COMMUNES":{"SAINTBREVIN":""},"LIEU":{"SAINTBREVINOCEAN":""},"GTYP2":{"MAIS":""},"QUARTIER":{"OCEAN":""},"NBPIECES":{"6PIEC":""},"CAPACITE":{"6PERS":""},"ETAGE":{"PLPIED":""},"SURFAC":{"METRE":"70"},"MAJINGENIE":{"DATEDERNIEREMAJ":""},"GSITUA":{"PLAGE":""},"MISEAJOUR":{"ANNABELLE":""},"GNCH":{"G3CH":""},"GANIMA":{"GANIMNON":""},"DISTANCEDUCENTRE":{"MCENTREBREVINOCEAN":"300"},"DISTANCEDELAGARE":{"KMGARESAINTBAZAIRE":"15","KMGAREPORNIC":"20"},"DISTANCEMER":{"MDELAMER":"750"},"GEQINT":{"CONGE":"","COMPFREEZ":"","GFOURMULTI":"","GFOUR":"","PLAQUEINDUC":"","FRIOG":"","HOTTE":"","LINGE":"","VAISSE":"","SECHECHEVEUX":"","TABLEETFER":""},"DISTANCEDUBUS":{"MARRETBREVIBUS":"300"},"GMATCUIS":{"BOUILLOIRE":"","GRILPAI":"","CAFETIE":"","MACHIDOS":""},"GMULTI":{"GTV":""},"GEQEXT":{"GBALC":"","JARDIN":"","GTERRASSE":"","MEUBLE":"","PLANCHAELEC":"","STORE":"","TRANSAT":"","STATIO":""},"GMOYP":{"GCHE":"","ESPECES":"","VIREMENTMEUB":""},"GESSI":{"GCVLL":"","GCVLV":"","GCVFMF":"","GCVMO":"","GCVT":"","GCVSP":"","GCVJ":""},"GCAPACITTRANCHES":{"GDE5A7PERS":""},"MAJINGENIEP":{"DATEDERNIEREMAJ":"20230127"},"MISEAJOURP":{"ANNABELLE":""}},"dansCarnetVoyage":true,"Ouverture":""},"html":" \n \u003Cdiv id=\"CV-PRESTATION-G-BOTTINEAU-VILLACLAIRMATIN\" data-contexte-id=\"PRESTATION|G|BOTTINEAU|VILLACLAIRMATIN\" data-cle=\"G|BOTTINEAU|VILLACLAIRMATIN\" class=\"fiche-liste\"\u003E\n    \n\n    \u003C!-- partie photo --\u003E\n    \u003Cdiv class=\"photo\"\u003E\t\t\t\t\t\t\t\t\t\t\t\t\t\t\t\t\t\t\t\t\t\n        \u003Cdiv class=\"cadre_photo_principale\"\u003E\t\t\n        \n            \t\t\t\t\t\n                    \u003Ca href=\"?origine=carnet#media\"\u003E\n                        \u003Cimg class=\"photo_principale\" alt=\"villa-clair-matin-facade-24620\" src=\"https:\/\/www.saint-brevin.com\/medias\/images\/prestations\/multitailles\/320x240_villa-clair-matin-facade-24620.jpeg\" itemprop=\"image\"\u003E\n                    \u003C\/a\u003E\t\t\t\t\t\t\n                \n                    \u003C\/div\u003E\t\t\t\t\t\t\t\t\t\t\t\t\t\t\t\t\t\t\t \t\t\n    \u003C\/div\u003E\n    \n    \u003C!-- partie nom prest --\u003E\n    \u003Cdiv class=\"nom\"\u003E\n        \u003Ch2\u003EVilla Clair Matin\u003C\/h2\u003E\n        \n            \u003C\/div\u003E\n\n         \n    \u003C!-- partie adresse --\u003E\n    \u003Cdiv class=\"adresse\"\u003E\n    \n          \n    \u003C\/div\u003E\n    \n    \u003C!-- partie liens --\u003E\n    \u003Cdiv class=\"liens\"\u003E\n            \u003Ca class=\"btn-icon btn-view \" title=\"Detail  \" href=\"?origine=carnet\"\u003E\u003C\/a\u003E\u003C!--\u003Ca class=\"btn-icon btn-view \" title=\"\" href=\"?origine=carnet#thaut\"\u003E\u003C\/a\u003E--\u003E\n      \u003Ca class=\"btn-icon btn-trash carnet_voyage_supprimer\" title=\"Zur\u00fcckziehen \" href=\"carnet-voyage?action=remove&fiche=G|BOTTINEAU|VILLACLAIRMATIN\"\u003E\u003C\/a\u003E\n    \u003C\/div\u003E\n\n\u003C\/div\u003E\n\n","icon":"https:\/\/static.ingenie.fr\/images\/carnetVoyageV3\/G.png"},"fiche":"G|BOTTINEAU|VILLACLAIRMATIN","popup":"\u003Cdiv id=\"bloc_popup_ajout_fiche_carnet\"\u003E\n    \u003Cdiv class=\"info_popup_ajout_fiche_carnet\"\u003E\n        Sie haben gerade diesen Artikel zu Ihrer Auswahl hinzugef\u00fcgt :    \u003C\/div\u003E\n    \u003Cdiv class=\"prest_popup_ajout_fiche_carnet\"\u003E\n        Villa Clair Matin    \u003C\/div\u003E\n    \u003Cdiv class=\"bloc_btn_ajout_fiche_carnet form_submit_div\"\u003E\n        \u003Cinput type=\"button\" value=\"Fortsetzen  \" title=\"Fortsetzen  \" name=\"btn_close\" class=\"btn_close_popup_carnet form_submit\" onclick=\"$.colorbox.close()\" \/\u003E\n        \u003Cinput type=\"button\" value=\"Bewertung meiner Auswahl  \" title=\"Bewertung meiner Auswahl  \" name=\"btn_panier\" class=\"btn_panier_popup_carnet form_submit\" onclick=\"if(typeof CarnetVoyage != 'undefined') {CarnetVoyage.voirCarnet();}\" \/\u003E\n    \u003C\/div\u003E\n    \u003Cdiv class=\"bloc_btn_ajout_fiche_carnet\"\u003E\n        \u003Cinput type=\"checkbox\" value=\"1\" name=\"desactiver_popup\" id=\"desactiver_popup\" \/\u003E\n        \u003Clabel for=\"desactiver_popup\"\u003EStoppen Sie diese Nachricht aficher \u003C\/label\u003E\n    \u003C\/div\u003E\n\u003C\/div\u003E","success":1}