{"nbFiches":1,"dataPrest":{"infoPrest":{"pave1":{"libelle":"","contenu":""},"pave2":{"libelle":"","contenu":""},"pave3":{"libelle":"","contenu":""},"pave4":{"libelle":"","contenu":""},"pave5":{"libelle":"","contenu":""},"pave6":{"libelle":"","contenu":""},"pave7":{"libelle":"","contenu":""},"pave8":{"libelle":"","contenu":""},"pave9":{"libelle":"","contenu":""},"pave10":{"libelle":"","contenu":""},"pave11":{"libelle":"","contenu":""},"pave12":{"libelle":"","contenu":""},"pave13":{"libelle":"","contenu":""},"pave14":{"libelle":"","contenu":""},"pave15":{"libelle":"","contenu":""},"pave16":{"libelle":"","contenu":""},"pave17":{"libelle":"","contenu":""},"pave18":{"libelle":"","contenu":""},"pave19":{"libelle":"","contenu":""},"pave20":{"libelle":"","contenu":""},"pave21":{"libelle":"","contenu":""},"pave22":{"libelle":"","contenu":""},"pave23":{"libelle":"","contenu":""},"pave24":{"libelle":"","contenu":""},"pave25":{"libelle":"","contenu":""},"Libelle":"Maison entre Nantes et l'Oc\u00e9an","Reference":"","Reftar":"","Type":"PRESTATION","TypePrestataire":"G","ContexteStat":"PRESTATION-G-BRANGREFOURRIER-MAISONENTRENANTESETLOCEAN","DateModificationIso":"2025-01-28T12:50:00+01:00","Adresse":{"LigneAdresse1":"Le Petit Gu\u00e9 au V\u00e9","LigneAdresse2":"","LigneAdresse3":"","CodePostal":"44320","Ville":"FROSSAY","Cedex":"","Etat":"","Pays":"FRA"},"Id":"g-brangrefourrier-maisonentrenantesetlocean","Code":"G|BRANGREFOURRIER|MAISONENTRENANTESETLOCEAN","Cle":"G|BRANGREFOURRIER|MAISONENTRENANTESETLOCEAN","Url":"","Localisation":{"GoogleMap":{"Latitude":"47.21050","Longitude":"-1.91891"}},"ZoneGeo":"","Criteres":{"PARTENAIRE[COMPLET":"","COMMUNES[FROSSAY":"","LIEU[FROSSAY":"","GTYP2[MAIS":"","NBPIECES[3PIEC":"","CAPACITE[5PERS":"","DECLARMAIR[VALIDMAIRIE":"","ETAGE[PLPIED":"","SURFAC[METRE":"70","MAJINGENIE[DATEDERNIEREMAJ":"20250128","MISEAJOUR[ANNABELLE":"","GNCH[G2CH":"","GANIMA[GANIMNON":"","GCLASS[ENCOURSCLASS":"","GEQINT[CHAUFF":"","GEQINT[LINGE":"","GEQINT[VAISSE":"","GMULTI[GTV":"","GMULTI[GWIFI":"","GEQEXT[JARDIN":"","GEQEXT[MEUBLE":"","GEQEXT[BARBEC":"","GEQEXT[STATIO":"","GLOCLINGE[LINGFOUR":"","GMOYP[GCHE":"","GMOYP[GCB":"","GMOYP[ESPECES":"","GMOYP[VIREMENTMEUB":"","GESSI[GCVLL":"","GESSI[GCVLV":"","GESSI[GCVAI":"","GESSI[GCVT":"","GESSI[GCVSP":"","GESSI[GCVJ":"","GCAPACITTRANCHES[GDE3A5PERS":"","GCAPACITTRANCHES[GDE5A7PERS":"","GESSI[GCVLMF":""},"Prestataire":{"pave1":{"libelle":"","contenu":""},"pave2":{"libelle":"","contenu":""},"pave3":{"libelle":"","contenu":""},"pave4":{"libelle":"","contenu":""},"pave5":{"libelle":"","contenu":""},"pave6":{"libelle":"","contenu":""},"pave7":{"libelle":"","contenu":""},"pave8":{"libelle":"","contenu":""},"pave9":{"libelle":"","contenu":""},"pave10":{"libelle":"","contenu":""},"pave11":{"libelle":"","contenu":""},"pave12":{"libelle":"","contenu":""},"pave13":{"libelle":"","contenu":""},"pave14":{"libelle":"","contenu":""},"pave15":{"libelle":"","contenu":""},"pave16":{"libelle":"","contenu":""},"pave17":{"libelle":"","contenu":""},"pave18":{"libelle":"","contenu":""},"pave19":{"libelle":"","contenu":""},"pave20":{"libelle":"","contenu":""},"pave21":{"libelle":"","contenu":""},"pave22":{"libelle":"","contenu":""},"pave23":{"libelle":"","contenu":""},"pave24":{"libelle":"","contenu":""},"pave25":{"libelle":"","contenu":""},"Libelle":"Fourrier B\u00e9rang\u00e8re","Nom":"Fourrier","Prenom":"B\u00e9rang\u00e8re","NomPrenom":"Fourrier B\u00e9rang\u00e8re ","CiviliteNomPrenom":"Fourrier B\u00e9rang\u00e8re ","Cle":"G|BRANGREFOURRIER","PrestataireParent":"","ContexteStat":"PRESTATAIRE-G-BRANGREFOURRIER","DateModificationIso":"2025-01-28T10:00:00+01:00","Type":"PRESTATAIRE","TypePrestataire":"G","Adresse":{"LigneAdresse1":"Le Petit Gu\u00e9 au V\u00e9","LigneAdresse2":"","LigneAdresse3":"","CodePostal":"44320","Ville":"FROSSAY","Cedex":"","Etat":"","Pays":"FRA"},"Email":"berangere.pion@wanadoo.fr","Telephone":"06 62 17 14 58","TelephoneBureau":"","Portable":"","SiteWeb":"","Fax":"","Id":"g-brangrefourrier","Code":"G|BRANGREFOURRIER","Fichier":[],"Url":"","Localisation":{"GoogleMap":{"Latitude":"","Longitude":""}},"ZoneGeo":"","Criteres":{"TYPPRO[PARTICULIEROT":"","MAJINGENIEP[DATEDERNIEREMAJ":"20250128","MISEAJOURP[ANNABELLE":""},"DateFinPublication":""},"Fichier":{"Image":[{"url":"https:\/\/www.saint-brevin.com\/medias\/images\/prestations\/maison-entre-nantes-et-l-ocean-cour-25916.jpg","chemin":"..\/medias\/images\/prestations\/maison-entre-nantes-et-l-ocean-cour-25916.jpg","libelle":"maison-entre-nantes-et-l-ocean-cour-25916","extension":"jpg","categorie":"","largeur":4160,"theme":"","hauteur":3120,"type":"Image","origine":"","liaisonPave":"","langue":"","id":"25916","urlVignette":"https:\/\/www.saint-brevin.com\/medias\/images\/prestations\/v-maison-entre-nantes-et-l-ocean-cour-25916.jpg","alt":"maison-entre-nantes-et-l-ocean-cour-25916","title":"maison-entre-nantes-et-l-ocean-cour-25916","MultiTaille":{"1920x1440":{"url":"https:\/\/www.saint-brevin.com\/medias\/images\/prestations\/multitailles\/1920x1440_maison-entre-nantes-et-l-ocean-cour-25916.jpg"},"1200x900":{"url":"https:\/\/www.saint-brevin.com\/medias\/images\/prestations\/multitailles\/1200x900_maison-entre-nantes-et-l-ocean-cour-25916.jpg"},"800x600":{"url":"https:\/\/www.saint-brevin.com\/medias\/images\/prestations\/multitailles\/800x600_maison-entre-nantes-et-l-ocean-cour-25916.jpg"},"640x480":{"url":"https:\/\/www.saint-brevin.com\/medias\/images\/prestations\/multitailles\/640x480_maison-entre-nantes-et-l-ocean-cour-25916.jpg"},"320x240":{"url":"https:\/\/www.saint-brevin.com\/medias\/images\/prestations\/multitailles\/320x240_maison-entre-nantes-et-l-ocean-cour-25916.jpg"},"160x120":{"url":"https:\/\/www.saint-brevin.com\/medias\/images\/prestations\/multitailles\/160x120_maison-entre-nantes-et-l-ocean-cour-25916.jpg"},"origine":{"url":"https:\/\/www.saint-brevin.com\/medias\/images\/prestations\/maison-entre-nantes-et-l-ocean-cour-25916.jpg"}},"urlLien":"","typeLien":"","nofollow":"N","copyright":""},{"url":"https:\/\/www.saint-brevin.com\/medias\/images\/prestations\/maison-entre-nantes-et-l-ocean-sejour-25915.jpg","chemin":"..\/medias\/images\/prestations\/maison-entre-nantes-et-l-ocean-sejour-25915.jpg","libelle":"maison-entre-nantes-et-l-ocean-sejour-25915","extension":"jpg","categorie":"","largeur":3472,"theme":"","hauteur":4640,"type":"Image","origine":"","liaisonPave":"","langue":"","id":"25915","urlVignette":"https:\/\/www.saint-brevin.com\/medias\/images\/prestations\/v-maison-entre-nantes-et-l-ocean-sejour-25915.jpg","alt":"maison-entre-nantes-et-l-ocean-sejour-25915","title":"maison-entre-nantes-et-l-ocean-sejour-25915","MultiTaille":{"1920x1440":{"url":"https:\/\/www.saint-brevin.com\/medias\/images\/prestations\/multitailles\/1920x1440_maison-entre-nantes-et-l-ocean-sejour-25915.jpg"},"1200x900":{"url":"https:\/\/www.saint-brevin.com\/medias\/images\/prestations\/multitailles\/1200x900_maison-entre-nantes-et-l-ocean-sejour-25915.jpg"},"800x600":{"url":"https:\/\/www.saint-brevin.com\/medias\/images\/prestations\/multitailles\/800x600_maison-entre-nantes-et-l-ocean-sejour-25915.jpg"},"640x480":{"url":"https:\/\/www.saint-brevin.com\/medias\/images\/prestations\/multitailles\/640x480_maison-entre-nantes-et-l-ocean-sejour-25915.jpg"},"320x240":{"url":"https:\/\/www.saint-brevin.com\/medias\/images\/prestations\/multitailles\/320x240_maison-entre-nantes-et-l-ocean-sejour-25915.jpg"},"160x120":{"url":"https:\/\/www.saint-brevin.com\/medias\/images\/prestations\/multitailles\/160x120_maison-entre-nantes-et-l-ocean-sejour-25915.jpg"},"origine":{"url":"https:\/\/www.saint-brevin.com\/medias\/images\/prestations\/maison-entre-nantes-et-l-ocean-sejour-25915.jpg"}},"urlLien":"","typeLien":"","nofollow":"N","copyright":""},{"url":"https:\/\/www.saint-brevin.com\/medias\/images\/prestations\/maison-entre-nantes-et-l-ocean-cuisine-25917.jpg","chemin":"..\/medias\/images\/prestations\/maison-entre-nantes-et-l-ocean-cuisine-25917.jpg","libelle":"maison-entre-nantes-et-l-ocean-cuisine-25917","extension":"jpg","categorie":"","largeur":3472,"theme":"","hauteur":4640,"type":"Image","origine":"","liaisonPave":"","langue":"","id":"25917","urlVignette":"https:\/\/www.saint-brevin.com\/medias\/images\/prestations\/v-maison-entre-nantes-et-l-ocean-cuisine-25917.jpg","alt":"maison-entre-nantes-et-l-ocean-cuisine-25917","title":"maison-entre-nantes-et-l-ocean-cuisine-25917","MultiTaille":{"1920x1440":{"url":"https:\/\/www.saint-brevin.com\/medias\/images\/prestations\/multitailles\/1920x1440_maison-entre-nantes-et-l-ocean-cuisine-25917.jpg"},"1200x900":{"url":"https:\/\/www.saint-brevin.com\/medias\/images\/prestations\/multitailles\/1200x900_maison-entre-nantes-et-l-ocean-cuisine-25917.jpg"},"800x600":{"url":"https:\/\/www.saint-brevin.com\/medias\/images\/prestations\/multitailles\/800x600_maison-entre-nantes-et-l-ocean-cuisine-25917.jpg"},"640x480":{"url":"https:\/\/www.saint-brevin.com\/medias\/images\/prestations\/multitailles\/640x480_maison-entre-nantes-et-l-ocean-cuisine-25917.jpg"},"320x240":{"url":"https:\/\/www.saint-brevin.com\/medias\/images\/prestations\/multitailles\/320x240_maison-entre-nantes-et-l-ocean-cuisine-25917.jpg"},"160x120":{"url":"https:\/\/www.saint-brevin.com\/medias\/images\/prestations\/multitailles\/160x120_maison-entre-nantes-et-l-ocean-cuisine-25917.jpg"},"origine":{"url":"https:\/\/www.saint-brevin.com\/medias\/images\/prestations\/maison-entre-nantes-et-l-ocean-cuisine-25917.jpg"}},"urlLien":"","typeLien":"","nofollow":"N","copyright":""},{"url":"https:\/\/www.saint-brevin.com\/medias\/images\/prestations\/maison-entre-nantes-et-l-ocean-chambre-25919.jpg","chemin":"..\/medias\/images\/prestations\/maison-entre-nantes-et-l-ocean-chambre-25919.jpg","libelle":"maison-entre-nantes-et-l-ocean-chambre-25919","extension":"jpg","categorie":"","largeur":4160,"theme":"","hauteur":3120,"type":"Image","origine":"","liaisonPave":"","langue":"","id":"25919","urlVignette":"https:\/\/www.saint-brevin.com\/medias\/images\/prestations\/v-maison-entre-nantes-et-l-ocean-chambre-25919.jpg","alt":"maison-entre-nantes-et-l-ocean-chambre-25919","title":"maison-entre-nantes-et-l-ocean-chambre-25919","MultiTaille":{"1920x1440":{"url":"https:\/\/www.saint-brevin.com\/medias\/images\/prestations\/multitailles\/1920x1440_maison-entre-nantes-et-l-ocean-chambre-25919.jpg"},"1200x900":{"url":"https:\/\/www.saint-brevin.com\/medias\/images\/prestations\/multitailles\/1200x900_maison-entre-nantes-et-l-ocean-chambre-25919.jpg"},"800x600":{"url":"https:\/\/www.saint-brevin.com\/medias\/images\/prestations\/multitailles\/800x600_maison-entre-nantes-et-l-ocean-chambre-25919.jpg"},"640x480":{"url":"https:\/\/www.saint-brevin.com\/medias\/images\/prestations\/multitailles\/640x480_maison-entre-nantes-et-l-ocean-chambre-25919.jpg"},"320x240":{"url":"https:\/\/www.saint-brevin.com\/medias\/images\/prestations\/multitailles\/320x240_maison-entre-nantes-et-l-ocean-chambre-25919.jpg"},"160x120":{"url":"https:\/\/www.saint-brevin.com\/medias\/images\/prestations\/multitailles\/160x120_maison-entre-nantes-et-l-ocean-chambre-25919.jpg"},"origine":{"url":"https:\/\/www.saint-brevin.com\/medias\/images\/prestations\/maison-entre-nantes-et-l-ocean-chambre-25919.jpg"}},"urlLien":"","typeLien":"","nofollow":"N","copyright":""},{"url":"https:\/\/www.saint-brevin.com\/medias\/images\/prestations\/maison-entre-nantes-et-l-ocean-salle-d-eau-25920.jpg","chemin":"..\/medias\/images\/prestations\/maison-entre-nantes-et-l-ocean-salle-d-eau-25920.jpg","libelle":"maison-entre-nantes-et-l-ocean-salle-d-eau-25920","extension":"jpg","categorie":"","largeur":3472,"theme":"","hauteur":4640,"type":"Image","origine":"","liaisonPave":"","langue":"","id":"25920","urlVignette":"https:\/\/www.saint-brevin.com\/medias\/images\/prestations\/v-maison-entre-nantes-et-l-ocean-salle-d-eau-25920.jpg","alt":"maison-entre-nantes-et-l-ocean-salle-d-eau-25920","title":"maison-entre-nantes-et-l-ocean-salle-d-eau-25920","MultiTaille":{"1920x1440":{"url":"https:\/\/www.saint-brevin.com\/medias\/images\/prestations\/multitailles\/1920x1440_maison-entre-nantes-et-l-ocean-salle-d-eau-25920.jpg"},"1200x900":{"url":"https:\/\/www.saint-brevin.com\/medias\/images\/prestations\/multitailles\/1200x900_maison-entre-nantes-et-l-ocean-salle-d-eau-25920.jpg"},"800x600":{"url":"https:\/\/www.saint-brevin.com\/medias\/images\/prestations\/multitailles\/800x600_maison-entre-nantes-et-l-ocean-salle-d-eau-25920.jpg"},"640x480":{"url":"https:\/\/www.saint-brevin.com\/medias\/images\/prestations\/multitailles\/640x480_maison-entre-nantes-et-l-ocean-salle-d-eau-25920.jpg"},"320x240":{"url":"https:\/\/www.saint-brevin.com\/medias\/images\/prestations\/multitailles\/320x240_maison-entre-nantes-et-l-ocean-salle-d-eau-25920.jpg"},"160x120":{"url":"https:\/\/www.saint-brevin.com\/medias\/images\/prestations\/multitailles\/160x120_maison-entre-nantes-et-l-ocean-salle-d-eau-25920.jpg"},"origine":{"url":"https:\/\/www.saint-brevin.com\/medias\/images\/prestations\/maison-entre-nantes-et-l-ocean-salle-d-eau-25920.jpg"}},"urlLien":"","typeLien":"","nofollow":"N","copyright":""},{"url":"https:\/\/www.saint-brevin.com\/medias\/images\/prestations\/maison-entre-nantes-et-l-ocean-cour2-25921.jpg","chemin":"..\/medias\/images\/prestations\/maison-entre-nantes-et-l-ocean-cour2-25921.jpg","libelle":"maison-entre-nantes-et-l-ocean-cour2-25921","extension":"jpg","categorie":"","largeur":2000,"theme":"","hauteur":1496,"type":"Image","origine":"","liaisonPave":"","langue":"","id":"25921","urlVignette":"https:\/\/www.saint-brevin.com\/medias\/images\/prestations\/v-maison-entre-nantes-et-l-ocean-cour2-25921.jpg","alt":"maison-entre-nantes-et-l-ocean-cour2-25921","title":"maison-entre-nantes-et-l-ocean-cour2-25921","MultiTaille":{"1920x1440":{"url":"https:\/\/www.saint-brevin.com\/medias\/images\/prestations\/multitailles\/1920x1440_maison-entre-nantes-et-l-ocean-cour2-25921.jpg"},"1200x900":{"url":"https:\/\/www.saint-brevin.com\/medias\/images\/prestations\/multitailles\/1200x900_maison-entre-nantes-et-l-ocean-cour2-25921.jpg"},"800x600":{"url":"https:\/\/www.saint-brevin.com\/medias\/images\/prestations\/multitailles\/800x600_maison-entre-nantes-et-l-ocean-cour2-25921.jpg"},"640x480":{"url":"https:\/\/www.saint-brevin.com\/medias\/images\/prestations\/multitailles\/640x480_maison-entre-nantes-et-l-ocean-cour2-25921.jpg"},"320x240":{"url":"https:\/\/www.saint-brevin.com\/medias\/images\/prestations\/multitailles\/320x240_maison-entre-nantes-et-l-ocean-cour2-25921.jpg"},"160x120":{"url":"https:\/\/www.saint-brevin.com\/medias\/images\/prestations\/multitailles\/160x120_maison-entre-nantes-et-l-ocean-cour2-25921.jpg"},"origine":{"url":"https:\/\/www.saint-brevin.com\/medias\/images\/prestations\/maison-entre-nantes-et-l-ocean-cour2-25921.jpg"}},"urlLien":"","typeLien":"","nofollow":"N","copyright":""}],"ByCategorie":{"":[{"url":"https:\/\/www.saint-brevin.com\/medias\/images\/prestations\/maison-entre-nantes-et-l-ocean-cour-25916.jpg","chemin":"..\/medias\/images\/prestations\/maison-entre-nantes-et-l-ocean-cour-25916.jpg","libelle":"maison-entre-nantes-et-l-ocean-cour-25916","extension":"jpg","categorie":"","largeur":4160,"theme":"","hauteur":3120,"type":"Image","origine":"","liaisonPave":"","langue":"","id":"25916","urlVignette":"https:\/\/www.saint-brevin.com\/medias\/images\/prestations\/v-maison-entre-nantes-et-l-ocean-cour-25916.jpg","alt":"maison-entre-nantes-et-l-ocean-cour-25916","title":"maison-entre-nantes-et-l-ocean-cour-25916","MultiTaille":{"1920x1440":{"url":"https:\/\/www.saint-brevin.com\/medias\/images\/prestations\/multitailles\/1920x1440_maison-entre-nantes-et-l-ocean-cour-25916.jpg"},"1200x900":{"url":"https:\/\/www.saint-brevin.com\/medias\/images\/prestations\/multitailles\/1200x900_maison-entre-nantes-et-l-ocean-cour-25916.jpg"},"800x600":{"url":"https:\/\/www.saint-brevin.com\/medias\/images\/prestations\/multitailles\/800x600_maison-entre-nantes-et-l-ocean-cour-25916.jpg"},"640x480":{"url":"https:\/\/www.saint-brevin.com\/medias\/images\/prestations\/multitailles\/640x480_maison-entre-nantes-et-l-ocean-cour-25916.jpg"},"320x240":{"url":"https:\/\/www.saint-brevin.com\/medias\/images\/prestations\/multitailles\/320x240_maison-entre-nantes-et-l-ocean-cour-25916.jpg"},"160x120":{"url":"https:\/\/www.saint-brevin.com\/medias\/images\/prestations\/multitailles\/160x120_maison-entre-nantes-et-l-ocean-cour-25916.jpg"},"origine":{"url":"https:\/\/www.saint-brevin.com\/medias\/images\/prestations\/maison-entre-nantes-et-l-ocean-cour-25916.jpg"}},"urlLien":"","typeLien":"","nofollow":"N","copyright":""},{"url":"https:\/\/www.saint-brevin.com\/medias\/images\/prestations\/maison-entre-nantes-et-l-ocean-sejour-25915.jpg","chemin":"..\/medias\/images\/prestations\/maison-entre-nantes-et-l-ocean-sejour-25915.jpg","libelle":"maison-entre-nantes-et-l-ocean-sejour-25915","extension":"jpg","categorie":"","largeur":3472,"theme":"","hauteur":4640,"type":"Image","origine":"","liaisonPave":"","langue":"","id":"25915","urlVignette":"https:\/\/www.saint-brevin.com\/medias\/images\/prestations\/v-maison-entre-nantes-et-l-ocean-sejour-25915.jpg","alt":"maison-entre-nantes-et-l-ocean-sejour-25915","title":"maison-entre-nantes-et-l-ocean-sejour-25915","MultiTaille":{"1920x1440":{"url":"https:\/\/www.saint-brevin.com\/medias\/images\/prestations\/multitailles\/1920x1440_maison-entre-nantes-et-l-ocean-sejour-25915.jpg"},"1200x900":{"url":"https:\/\/www.saint-brevin.com\/medias\/images\/prestations\/multitailles\/1200x900_maison-entre-nantes-et-l-ocean-sejour-25915.jpg"},"800x600":{"url":"https:\/\/www.saint-brevin.com\/medias\/images\/prestations\/multitailles\/800x600_maison-entre-nantes-et-l-ocean-sejour-25915.jpg"},"640x480":{"url":"https:\/\/www.saint-brevin.com\/medias\/images\/prestations\/multitailles\/640x480_maison-entre-nantes-et-l-ocean-sejour-25915.jpg"},"320x240":{"url":"https:\/\/www.saint-brevin.com\/medias\/images\/prestations\/multitailles\/320x240_maison-entre-nantes-et-l-ocean-sejour-25915.jpg"},"160x120":{"url":"https:\/\/www.saint-brevin.com\/medias\/images\/prestations\/multitailles\/160x120_maison-entre-nantes-et-l-ocean-sejour-25915.jpg"},"origine":{"url":"https:\/\/www.saint-brevin.com\/medias\/images\/prestations\/maison-entre-nantes-et-l-ocean-sejour-25915.jpg"}},"urlLien":"","typeLien":"","nofollow":"N","copyright":""},{"url":"https:\/\/www.saint-brevin.com\/medias\/images\/prestations\/maison-entre-nantes-et-l-ocean-cuisine-25917.jpg","chemin":"..\/medias\/images\/prestations\/maison-entre-nantes-et-l-ocean-cuisine-25917.jpg","libelle":"maison-entre-nantes-et-l-ocean-cuisine-25917","extension":"jpg","categorie":"","largeur":3472,"theme":"","hauteur":4640,"type":"Image","origine":"","liaisonPave":"","langue":"","id":"25917","urlVignette":"https:\/\/www.saint-brevin.com\/medias\/images\/prestations\/v-maison-entre-nantes-et-l-ocean-cuisine-25917.jpg","alt":"maison-entre-nantes-et-l-ocean-cuisine-25917","title":"maison-entre-nantes-et-l-ocean-cuisine-25917","MultiTaille":{"1920x1440":{"url":"https:\/\/www.saint-brevin.com\/medias\/images\/prestations\/multitailles\/1920x1440_maison-entre-nantes-et-l-ocean-cuisine-25917.jpg"},"1200x900":{"url":"https:\/\/www.saint-brevin.com\/medias\/images\/prestations\/multitailles\/1200x900_maison-entre-nantes-et-l-ocean-cuisine-25917.jpg"},"800x600":{"url":"https:\/\/www.saint-brevin.com\/medias\/images\/prestations\/multitailles\/800x600_maison-entre-nantes-et-l-ocean-cuisine-25917.jpg"},"640x480":{"url":"https:\/\/www.saint-brevin.com\/medias\/images\/prestations\/multitailles\/640x480_maison-entre-nantes-et-l-ocean-cuisine-25917.jpg"},"320x240":{"url":"https:\/\/www.saint-brevin.com\/medias\/images\/prestations\/multitailles\/320x240_maison-entre-nantes-et-l-ocean-cuisine-25917.jpg"},"160x120":{"url":"https:\/\/www.saint-brevin.com\/medias\/images\/prestations\/multitailles\/160x120_maison-entre-nantes-et-l-ocean-cuisine-25917.jpg"},"origine":{"url":"https:\/\/www.saint-brevin.com\/medias\/images\/prestations\/maison-entre-nantes-et-l-ocean-cuisine-25917.jpg"}},"urlLien":"","typeLien":"","nofollow":"N","copyright":""},{"url":"https:\/\/www.saint-brevin.com\/medias\/images\/prestations\/maison-entre-nantes-et-l-ocean-chambre-25919.jpg","chemin":"..\/medias\/images\/prestations\/maison-entre-nantes-et-l-ocean-chambre-25919.jpg","libelle":"maison-entre-nantes-et-l-ocean-chambre-25919","extension":"jpg","categorie":"","largeur":4160,"theme":"","hauteur":3120,"type":"Image","origine":"","liaisonPave":"","langue":"","id":"25919","urlVignette":"https:\/\/www.saint-brevin.com\/medias\/images\/prestations\/v-maison-entre-nantes-et-l-ocean-chambre-25919.jpg","alt":"maison-entre-nantes-et-l-ocean-chambre-25919","title":"maison-entre-nantes-et-l-ocean-chambre-25919","MultiTaille":{"1920x1440":{"url":"https:\/\/www.saint-brevin.com\/medias\/images\/prestations\/multitailles\/1920x1440_maison-entre-nantes-et-l-ocean-chambre-25919.jpg"},"1200x900":{"url":"https:\/\/www.saint-brevin.com\/medias\/images\/prestations\/multitailles\/1200x900_maison-entre-nantes-et-l-ocean-chambre-25919.jpg"},"800x600":{"url":"https:\/\/www.saint-brevin.com\/medias\/images\/prestations\/multitailles\/800x600_maison-entre-nantes-et-l-ocean-chambre-25919.jpg"},"640x480":{"url":"https:\/\/www.saint-brevin.com\/medias\/images\/prestations\/multitailles\/640x480_maison-entre-nantes-et-l-ocean-chambre-25919.jpg"},"320x240":{"url":"https:\/\/www.saint-brevin.com\/medias\/images\/prestations\/multitailles\/320x240_maison-entre-nantes-et-l-ocean-chambre-25919.jpg"},"160x120":{"url":"https:\/\/www.saint-brevin.com\/medias\/images\/prestations\/multitailles\/160x120_maison-entre-nantes-et-l-ocean-chambre-25919.jpg"},"origine":{"url":"https:\/\/www.saint-brevin.com\/medias\/images\/prestations\/maison-entre-nantes-et-l-ocean-chambre-25919.jpg"}},"urlLien":"","typeLien":"","nofollow":"N","copyright":""},{"url":"https:\/\/www.saint-brevin.com\/medias\/images\/prestations\/maison-entre-nantes-et-l-ocean-salle-d-eau-25920.jpg","chemin":"..\/medias\/images\/prestations\/maison-entre-nantes-et-l-ocean-salle-d-eau-25920.jpg","libelle":"maison-entre-nantes-et-l-ocean-salle-d-eau-25920","extension":"jpg","categorie":"","largeur":3472,"theme":"","hauteur":4640,"type":"Image","origine":"","liaisonPave":"","langue":"","id":"25920","urlVignette":"https:\/\/www.saint-brevin.com\/medias\/images\/prestations\/v-maison-entre-nantes-et-l-ocean-salle-d-eau-25920.jpg","alt":"maison-entre-nantes-et-l-ocean-salle-d-eau-25920","title":"maison-entre-nantes-et-l-ocean-salle-d-eau-25920","MultiTaille":{"1920x1440":{"url":"https:\/\/www.saint-brevin.com\/medias\/images\/prestations\/multitailles\/1920x1440_maison-entre-nantes-et-l-ocean-salle-d-eau-25920.jpg"},"1200x900":{"url":"https:\/\/www.saint-brevin.com\/medias\/images\/prestations\/multitailles\/1200x900_maison-entre-nantes-et-l-ocean-salle-d-eau-25920.jpg"},"800x600":{"url":"https:\/\/www.saint-brevin.com\/medias\/images\/prestations\/multitailles\/800x600_maison-entre-nantes-et-l-ocean-salle-d-eau-25920.jpg"},"640x480":{"url":"https:\/\/www.saint-brevin.com\/medias\/images\/prestations\/multitailles\/640x480_maison-entre-nantes-et-l-ocean-salle-d-eau-25920.jpg"},"320x240":{"url":"https:\/\/www.saint-brevin.com\/medias\/images\/prestations\/multitailles\/320x240_maison-entre-nantes-et-l-ocean-salle-d-eau-25920.jpg"},"160x120":{"url":"https:\/\/www.saint-brevin.com\/medias\/images\/prestations\/multitailles\/160x120_maison-entre-nantes-et-l-ocean-salle-d-eau-25920.jpg"},"origine":{"url":"https:\/\/www.saint-brevin.com\/medias\/images\/prestations\/maison-entre-nantes-et-l-ocean-salle-d-eau-25920.jpg"}},"urlLien":"","typeLien":"","nofollow":"N","copyright":""},{"url":"https:\/\/www.saint-brevin.com\/medias\/images\/prestations\/maison-entre-nantes-et-l-ocean-cour2-25921.jpg","chemin":"..\/medias\/images\/prestations\/maison-entre-nantes-et-l-ocean-cour2-25921.jpg","libelle":"maison-entre-nantes-et-l-ocean-cour2-25921","extension":"jpg","categorie":"","largeur":2000,"theme":"","hauteur":1496,"type":"Image","origine":"","liaisonPave":"","langue":"","id":"25921","urlVignette":"https:\/\/www.saint-brevin.com\/medias\/images\/prestations\/v-maison-entre-nantes-et-l-ocean-cour2-25921.jpg","alt":"maison-entre-nantes-et-l-ocean-cour2-25921","title":"maison-entre-nantes-et-l-ocean-cour2-25921","MultiTaille":{"1920x1440":{"url":"https:\/\/www.saint-brevin.com\/medias\/images\/prestations\/multitailles\/1920x1440_maison-entre-nantes-et-l-ocean-cour2-25921.jpg"},"1200x900":{"url":"https:\/\/www.saint-brevin.com\/medias\/images\/prestations\/multitailles\/1200x900_maison-entre-nantes-et-l-ocean-cour2-25921.jpg"},"800x600":{"url":"https:\/\/www.saint-brevin.com\/medias\/images\/prestations\/multitailles\/800x600_maison-entre-nantes-et-l-ocean-cour2-25921.jpg"},"640x480":{"url":"https:\/\/www.saint-brevin.com\/medias\/images\/prestations\/multitailles\/640x480_maison-entre-nantes-et-l-ocean-cour2-25921.jpg"},"320x240":{"url":"https:\/\/www.saint-brevin.com\/medias\/images\/prestations\/multitailles\/320x240_maison-entre-nantes-et-l-ocean-cour2-25921.jpg"},"160x120":{"url":"https:\/\/www.saint-brevin.com\/medias\/images\/prestations\/multitailles\/160x120_maison-entre-nantes-et-l-ocean-cour2-25921.jpg"},"origine":{"url":"https:\/\/www.saint-brevin.com\/medias\/images\/prestations\/maison-entre-nantes-et-l-ocean-cour2-25921.jpg"}},"urlLien":"","typeLien":"","nofollow":"N","copyright":""}]}},"DateDebPublication":"","DateFinPublication":"","PrixAPartirDe":"","PrixPour":"","FicheListeEnCours":"fiche_liste_locations_de_vacances_meubles_prestation_v2017","ParametresModele":{"AfficherPhotos":"1","NbPhotosMax":6,"AfficherReserver":0,"AfficherContact":0,"AfficherSalle":1,"AfficherZoneGeo":0,"AfficherEnSavoirPlus":"1","AfficherUneSeuleOuverture":0,"AfficherContactCarte":1,"AfficherTarifsChaudAPartirDe":0,"AfficherTarifChaudSansRecherche":0,"AfficherLiensCarnetVoyage":"1","BlocCritereInfo":{"critere1":{"libelle":"","liste_critere":["GCLASS|GCL5ET|G","GCLASS|G4ETOI|G","GCLASS|G3ETOI|G","GCLASS|G2ETOI|G","GCLASS|G1ETOI|G","GCLASS|GNON|G","GCLALABELS|M1E|G","GCLALABELS|M2EP|G","GCLALABELS|M3EP|G","GCLALABELS|3EPEC|G","GCLALABELS|M4EP|G","GCLALABELS|M1CLE|G","GCLALABELS|M2CLE|G","GCLALABELS|M4CLE|G","GCLALABELS|M3CLE|G","GCLALABELS|ACCUEIL|G","GCLALABELS|LOIREAVELO|G","GCLALABELS|VELODYSSEE|G","GCLALABELS|RANDOACCUEIL|G","GCLALABELS|ECOLABEL|G"]},"critere2":{"libelle":"","liste_critere":["GRESID|G","LABELS|ACCUEILVELO|G","GANIMA|GANIM|G","GANIMA|GPASAN|G","GANIMA|GANIMNON|G"]},"critere3":{"libelle":""},"critere4":{"libelle":""},"critere5":{"libelle":""},"critere6":{"libelle":"","liste_critere":["GTYP2|G","CAPACITE|G","SURFAC|G","GNCH|G1CH|G","GNCH|G2CH|G","GNCH|G3CH|G","GNCH|G4CH|G","GNCH|G5CH|G","GNCH|G6CH|G","GNCH|7CHAMB|G","GNCH|8CHAMB|G","GNCH|9CHAMB|G","DISTANCEMER|MDELAMER|G","DISTANCEMER|KMDELAMER|G"]},"critere7":{"libelle":"","liste_critere":["LIEU|G"]},"critere8":{"libelle":""},"afficherpictoetpaslibelle":"1"},"BlocPaveInfo":{"texte1":{"pave":["1"],"longeurmax":"200","afficherLibelle":"0","garderHtml":"0"}},"Criteres":"PARTENAIRE[COMPLET","PositionBloc":"GALLERIE|NOM|CARNET_VOYAGE|URL","TypePrestataire":"G","ComportementResa":false,"ComportementDispo":false},"AffichageCoordonnees":[],"Coordonnees":{"Ville":"FROSSAY"},"ContexteId":"PRESTATION|G|BRANGREFOURRIER|MAISONENTRENANTESETLOCEAN","ContexteIdHtml":"PRESTATION-G-BRANGREFOURRIER-MAISONENTRENANTESETLOCEAN","cleContexte":"G|BRANGREFOURRIER|MAISONENTRENANTESETLOCEAN","Bloc":{"texte1":"","texte3":"","critere1":{"libelle":"","contenu":[]},"critere2":{"libelle":"","contenu":{"GANIMA":{"libelle":"HAUSTIERE","contenu":{"3":"Haustiere nicht erlaubt"},"codesValeurs":{"3":"GANIMA|GANIMNON|G"},"criteres_datas":{"valeurs":{"3":{"GANIMNON":{"descriptif":""}}}}}}},"critere3":{"libelle":"","contenu":[]},"critere4":{"libelle":"","contenu":[]},"critere5":{"libelle":"","contenu":[]},"critere6":{"libelle":"","contenu":{"GTYP2":{"libelle":"VERMIETUNGSTYP","contenu":{"2":"Haus"},"codesValeurs":{"2":"GTYP2|MAIS|G"},"criteres_datas":{"valeurs":{"2":{"MAIS":{"descriptif":""}}}}},"CAPACITE":{"libelle":"CAPACITY","contenu":{"5":"5 Personen"},"codesValeurs":{"5":"CAPACITE|5PERS|G"},"criteres_datas":{"valeurs":{"5":{"5PERS":{"descriptif":""}}}}},"SURFAC":{"libelle":"WOHNFL\u00c4CHE","contenu":{"1":"\u003Cspan class=\"quantite\"\u003E70\u003C\/span\u003E \u003Cspan class=\"libelle\"\u003EM\u00b2\u003C\/span\u003E"},"codesValeurs":{"1":"SURFAC|METRE|G"},"criteres_datas":{"valeurs":{"1":{"METRE":{"descriptif":""}}}}},"GNCH":{"libelle":"SCHLAFZIMMERANZAHL","contenu":{"2":"2 Zimmer"},"codesValeurs":{"2":"GNCH|G2CH|G"},"criteres_datas":{"valeurs":{"2":{"G2CH":{"descriptif":""}}}}}}},"critere7":{"libelle":"","contenu":{"LIEU":{"libelle":"geographische Zone","contenu":{"9":"Frossay - Autres Quartiers"},"codesValeurs":{"9":"LIEU|FROSSAY|G"},"criteres_datas":{"valeurs":{"9":{"FROSSAY":{"descriptif":""}}}}}}},"critere8":{"libelle":"","contenu":[]},"critere9":{"libelle":"","contenu":[]}},"LocalisationGps":{"Latitude":"47.21050","Longitude":"-1.91891"},"libelleDuPrestataire":"","vuePrestataire":{"pave1":{"libelle":"","contenu":""},"pave2":{"libelle":"","contenu":""},"pave3":{"libelle":"","contenu":""},"pave4":{"libelle":"","contenu":""},"pave5":{"libelle":"","contenu":""},"pave6":{"libelle":"","contenu":""},"pave7":{"libelle":"","contenu":""},"pave8":{"libelle":"","contenu":""},"pave9":{"libelle":"","contenu":""},"pave10":{"libelle":"","contenu":""},"pave11":{"libelle":"","contenu":""},"pave12":{"libelle":"","contenu":""},"pave13":{"libelle":"","contenu":""},"pave14":{"libelle":"","contenu":""},"pave15":{"libelle":"","contenu":""},"pave16":{"libelle":"","contenu":""},"pave17":{"libelle":"","contenu":""},"pave18":{"libelle":"","contenu":""},"pave19":{"libelle":"","contenu":""},"pave20":{"libelle":"","contenu":""},"pave21":{"libelle":"","contenu":""},"pave22":{"libelle":"","contenu":""},"pave23":{"libelle":"","contenu":""},"pave24":{"libelle":"","contenu":""},"pave25":{"libelle":"","contenu":""},"Libelle":"Fourrier B\u00e9rang\u00e8re","Nom":"Fourrier","Prenom":"B\u00e9rang\u00e8re","NomPrenom":"Fourrier B\u00e9rang\u00e8re ","CiviliteNomPrenom":"Fourrier B\u00e9rang\u00e8re ","Cle":"G|BRANGREFOURRIER","PrestataireParent":"","ContexteStat":"PRESTATAIRE-G-BRANGREFOURRIER","DateModificationIso":"2025-01-28T10:00:00+01:00","Type":"PRESTATAIRE","TypePrestataire":"G","Adresse":{"LigneAdresse1":"Le Petit Gu\u00e9 au V\u00e9","LigneAdresse2":"","LigneAdresse3":"","CodePostal":"44320","Ville":"FROSSAY","Cedex":"","Etat":"","Pays":"FRA"},"Email":"berangere.pion@wanadoo.fr","Telephone":"06 62 17 14 58","TelephoneBureau":"","Portable":"","SiteWeb":"","Fax":"","Id":"g-brangrefourrier","Code":"G|BRANGREFOURRIER","Fichier":[],"Url":"","Localisation":{"GoogleMap":{"Latitude":"","Longitude":""}},"ZoneGeo":"","Criteres":{"TYPPRO[PARTICULIEROT":"","MAJINGENIEP[DATEDERNIEREMAJ":"20250128","MISEAJOURP[ANNABELLE":""},"DateFinPublication":"","AffichageCoordonnees":[]},"listeCriteres":{"PARTENAIRE":{"COMPLET":""},"COMMUNES":{"FROSSAY":""},"LIEU":{"FROSSAY":""},"GTYP2":{"MAIS":""},"NBPIECES":{"3PIEC":""},"CAPACITE":{"5PERS":""},"DECLARMAIR":{"VALIDMAIRIE":""},"ETAGE":{"PLPIED":""},"SURFAC":{"METRE":"70"},"MAJINGENIE":{"DATEDERNIEREMAJ":"20250128"},"MISEAJOUR":{"ANNABELLE":""},"GNCH":{"G2CH":""},"GANIMA":{"GANIMNON":""},"GCLASS":{"ENCOURSCLASS":""},"GEQINT":{"CHAUFF":"","LINGE":"","VAISSE":""},"GMULTI":{"GTV":"","GWIFI":""},"GEQEXT":{"JARDIN":"","MEUBLE":"","BARBEC":"","STATIO":""},"GLOCLINGE":{"LINGFOUR":""},"GMOYP":{"GCHE":"","GCB":"","ESPECES":"","VIREMENTMEUB":""},"GESSI":{"GCVLL":"","GCVLV":"","GCVAI":"","GCVT":"","GCVSP":"","GCVJ":"","GCVLMF":""},"GCAPACITTRANCHES":{"GDE3A5PERS":"","GDE5A7PERS":""},"TYPPRO":{"PARTICULIEROT":""},"MAJINGENIEP":{"DATEDERNIEREMAJ":"20250128"},"MISEAJOURP":{"ANNABELLE":""}},"dansCarnetVoyage":true,"Ouverture":""},"html":" \n \u003Cdiv id=\"CV-PRESTATION-G-BRANGREFOURRIER-MAISONENTRENANTESETLOCEAN\" data-contexte-id=\"PRESTATION|G|BRANGREFOURRIER|MAISONENTRENANTESETLOCEAN\" data-cle=\"G|BRANGREFOURRIER|MAISONENTRENANTESETLOCEAN\" class=\"fiche-liste\"\u003E\n    \n\n    \u003C!-- partie photo --\u003E\n    \u003Cdiv class=\"photo\"\u003E\t\t\t\t\t\t\t\t\t\t\t\t\t\t\t\t\t\t\t\t\t\n        \u003Cdiv class=\"cadre_photo_principale\"\u003E\t\t\n        \n            \t\t\t\t\t\n                    \u003Ca href=\"?origine=carnet#media\"\u003E\n                        \u003Cimg class=\"photo_principale\" alt=\"maison-entre-nantes-et-l-ocean-cour-25916\" src=\"https:\/\/www.saint-brevin.com\/medias\/images\/prestations\/multitailles\/320x240_maison-entre-nantes-et-l-ocean-cour-25916.jpg\" itemprop=\"image\"\u003E\n                    \u003C\/a\u003E\t\t\t\t\t\t\n                \n                    \u003C\/div\u003E\t\t\t\t\t\t\t\t\t\t\t\t\t\t\t\t\t\t\t \t\t\n    \u003C\/div\u003E\n    \n    \u003C!-- partie nom prest --\u003E\n    \u003Cdiv class=\"nom\"\u003E\n        \u003Ch2\u003EMaison entre Nantes et l'Oc\u00e9an\u003C\/h2\u003E\n        \n            \u003C\/div\u003E\n\n         \n    \u003C!-- partie adresse --\u003E\n    \u003Cdiv class=\"adresse\"\u003E\n    \n          \n    \u003C\/div\u003E\n    \n    \u003C!-- partie liens --\u003E\n    \u003Cdiv class=\"liens\"\u003E\n            \u003Ca class=\"btn-icon btn-view \" title=\"Detail  \" href=\"?origine=carnet\"\u003E\u003C\/a\u003E\u003C!--\u003Ca class=\"btn-icon btn-view \" title=\"\" href=\"?origine=carnet#thaut\"\u003E\u003C\/a\u003E--\u003E\n      \u003Ca class=\"btn-icon btn-trash carnet_voyage_supprimer\" title=\"Zur\u00fcckziehen \" href=\"carnet-voyage?action=remove&fiche=G|BRANGREFOURRIER|MAISONENTRENANTESETLOCEAN\"\u003E\u003C\/a\u003E\n    \u003C\/div\u003E\n\n\u003C\/div\u003E\n\n","icon":"https:\/\/static.ingenie.fr\/images\/carnetVoyageV3\/G.png"},"fiche":"G|BRANGREFOURRIER|MAISONENTRENANTESETLOCEAN","popup":"\u003Cdiv id=\"bloc_popup_ajout_fiche_carnet\"\u003E\n    \u003Cdiv class=\"info_popup_ajout_fiche_carnet\"\u003E\n        Sie haben gerade diesen Artikel zu Ihrer Auswahl hinzugef\u00fcgt :    \u003C\/div\u003E\n    \u003Cdiv class=\"prest_popup_ajout_fiche_carnet\"\u003E\n        Maison entre Nantes et l&#039;Oc&eacute;an    \u003C\/div\u003E\n    \u003Cdiv class=\"bloc_btn_ajout_fiche_carnet form_submit_div\"\u003E\n        \u003Cinput type=\"button\" value=\"Fortsetzen  \" title=\"Fortsetzen  \" name=\"btn_close\" class=\"btn_close_popup_carnet form_submit\" onclick=\"$.colorbox.close()\" \/\u003E\n        \u003Cinput type=\"button\" value=\"Bewertung meiner Auswahl  \" title=\"Bewertung meiner Auswahl  \" name=\"btn_panier\" class=\"btn_panier_popup_carnet form_submit\" onclick=\"if(typeof CarnetVoyage != 'undefined') {CarnetVoyage.voirCarnet();}\" \/\u003E\n    \u003C\/div\u003E\n    \u003Cdiv class=\"bloc_btn_ajout_fiche_carnet\"\u003E\n        \u003Cinput type=\"checkbox\" value=\"1\" name=\"desactiver_popup\" id=\"desactiver_popup\" \/\u003E\n        \u003Clabel for=\"desactiver_popup\"\u003EStoppen Sie diese Nachricht aficher \u003C\/label\u003E\n    \u003C\/div\u003E\n\u003C\/div\u003E","success":1}