{"nbFiches":1,"dataPrest":{"infoPrest":{"pave1":{"libelle":"Slogan","contenu":""},"pave2":{"libelle":"Descriptif","contenu":"Chantal empf&auml;ngt Sie im Haus ihrer Gastgeber. Das Zimmer befindet sich rez des Gartens mit seinem unabh&auml;ngigen Eingang zu einem Haus von Charakter gibt.\u003Cbr \/\u003E\r\nSie werden die Benutzerfreundlichkeit, die Ruhe und den Komfort des Ortes zu sch&auml;tzen wissen. Ein reichhaltiges Fr&uuml;hst&uuml;ck wird je nach Jahreszeit im Freien oder im Speisesaal serviert.\u003Cbr \/\u003E\r\nDas Bed and Breakfast liegt in der N&auml;he der Route der Loire mit dem Fahrrad."},"pave3":{"libelle":"","contenu":""},"pave4":{"libelle":"","contenu":""},"pave5":{"libelle":"","contenu":""},"pave6":{"libelle":"","contenu":""},"pave7":{"libelle":"","contenu":""},"pave8":{"libelle":"","contenu":""},"pave9":{"libelle":"","contenu":""},"pave10":{"libelle":"","contenu":""},"pave11":{"libelle":"","contenu":""},"pave12":{"libelle":"","contenu":""},"pave13":{"libelle":"","contenu":""},"pave14":{"libelle":"","contenu":""},"pave15":{"libelle":"","contenu":""},"pave16":{"libelle":"","contenu":""},"pave17":{"libelle":"","contenu":""},"pave18":{"libelle":"","contenu":""},"pave19":{"libelle":"","contenu":""},"pave20":{"libelle":"","contenu":""},"pave21":{"libelle":"","contenu":""},"pave22":{"libelle":"","contenu":""},"pave23":{"libelle":"","contenu":""},"pave24":{"libelle":"","contenu":""},"pave25":{"libelle":"","contenu":""},"ContactsParType":{"ETAB":{"2055":{"id_contact":"2055","type_contact":"ETAB","categorie_contact":"PRESTATAIRE","societe_contact":"","fonction_contact":"","civilite_nom_prenom_contact":"M BUROS G\u00e9rard ","adresse1_contact":"17 rue Saint Gilles","adresse2_contact":"","adresse3_contact":"","cpostal_contact":"44560","ville_contact":"PAIMBOEUF","teldom_contact":"","telbur_contact":"","fax_contact":"","portable_contact":"06 87 52 00 10","email_contact":"piedaterrechambre@gmail.com","siteweb_contact":"https:\/\/piedaterre-chambredhote.com\/","commentaire_contact":"","langue_contact":"FR","autre_moyen_com":[]}}},"Libelle":"Pied \u00e0 terre","Nom":"Pied \u00e0 terre","Prenom":"","NomPrenom":"Pied \u00e0 terre ","CiviliteNomPrenom":"Pied \u00e0 terre ","Cle":"H|CHAMBREPIEDATERREPBF","PrestataireParent":"","ContexteStat":"PRESTATAIRE-H-CHAMBREPIEDATERREPBF","DateModificationIso":"2026-04-08T13:35:00+02:00","Type":"PRESTATAIRE","TypePrestataire":"H","Adresse":{"LigneAdresse1":"17 rue Saint-Gilles","LigneAdresse2":"","LigneAdresse3":"","CodePostal":"44560","Ville":"PAIMBOEUF","Cedex":"","Etat":"","Pays":"FRA"},"Email":"piedaterrechambre@gmail.com","Telephone":"","TelephoneBureau":"","Portable":"06 87 52 00 10","SiteWeb":"https:\/\/www.piedaterre-chambredhote.com\/","Fax":"","Id":"h-chambrepiedaterrepbf","Code":"H|CHAMBREPIEDATERREPBF","Fichier":{"Image":[{"url":"https:\/\/www.saint-brevin.com\/medias\/images\/prestataires\/20210822-162926-2-8507.jpg","chemin":"..\/medias\/images\/prestataires\/20210822-162926-2-8507.jpg","libelle":"20210822-162926-2-8507","extension":"jpg","categorie":"","largeur":789,"theme":"","hauteur":586,"type":"Image","origine":"","liaisonPave":"","langue":"","id":"8507","urlVignette":"https:\/\/www.saint-brevin.com\/medias\/images\/prestataires\/v-20210822-162926-2-8507.jpg","alt":"20210822-162926-2-8507","title":"20210822-162926-2-8507","MultiTaille":{"1920x1440":{"url":"https:\/\/www.saint-brevin.com\/medias\/images\/prestataires\/multitailles\/1920x1440_20210822-162926-2-8507.jpg"},"1200x900":{"url":"https:\/\/www.saint-brevin.com\/medias\/images\/prestataires\/multitailles\/1200x900_20210822-162926-2-8507.jpg"},"800x600":{"url":"https:\/\/www.saint-brevin.com\/medias\/images\/prestataires\/multitailles\/800x600_20210822-162926-2-8507.jpg"},"640x480":{"url":"https:\/\/www.saint-brevin.com\/medias\/images\/prestataires\/multitailles\/640x480_20210822-162926-2-8507.jpg"},"320x240":{"url":"https:\/\/www.saint-brevin.com\/medias\/images\/prestataires\/multitailles\/320x240_20210822-162926-2-8507.jpg"},"160x120":{"url":"https:\/\/www.saint-brevin.com\/medias\/images\/prestataires\/multitailles\/160x120_20210822-162926-2-8507.jpg"},"origine":{"url":"https:\/\/www.saint-brevin.com\/medias\/images\/prestataires\/20210822-162926-2-8507.jpg"}},"urlLien":"","typeLien":"","nofollow":"N","copyright":""},{"url":"https:\/\/www.saint-brevin.com\/medias\/images\/prestataires\/20210822-162926-1-8508.jpg","chemin":"..\/medias\/images\/prestataires\/20210822-162926-1-8508.jpg","libelle":"20210822-162926-1-8508","extension":"jpg","categorie":"","largeur":3024,"theme":"","hauteur":4032,"type":"Image","origine":"","liaisonPave":"","langue":"","id":"8508","urlVignette":"https:\/\/www.saint-brevin.com\/medias\/images\/prestataires\/v-20210822-162926-1-8508.jpg","alt":"20210822-162926-1-8508","title":"20210822-162926-1-8508","MultiTaille":{"1920x1440":{"url":"https:\/\/www.saint-brevin.com\/medias\/images\/prestataires\/multitailles\/1920x1440_20210822-162926-1-8508.jpg"},"1200x900":{"url":"https:\/\/www.saint-brevin.com\/medias\/images\/prestataires\/multitailles\/1200x900_20210822-162926-1-8508.jpg"},"800x600":{"url":"https:\/\/www.saint-brevin.com\/medias\/images\/prestataires\/multitailles\/800x600_20210822-162926-1-8508.jpg"},"640x480":{"url":"https:\/\/www.saint-brevin.com\/medias\/images\/prestataires\/multitailles\/640x480_20210822-162926-1-8508.jpg"},"320x240":{"url":"https:\/\/www.saint-brevin.com\/medias\/images\/prestataires\/multitailles\/320x240_20210822-162926-1-8508.jpg"},"160x120":{"url":"https:\/\/www.saint-brevin.com\/medias\/images\/prestataires\/multitailles\/160x120_20210822-162926-1-8508.jpg"},"origine":{"url":"https:\/\/www.saint-brevin.com\/medias\/images\/prestataires\/20210822-162926-1-8508.jpg"}},"urlLien":"","typeLien":"","nofollow":"N","copyright":""},{"url":"https:\/\/www.saint-brevin.com\/medias\/images\/prestataires\/tete-de-lit-6180.jpg","chemin":"..\/medias\/images\/prestataires\/tete-de-lit-6180.jpg","libelle":"tete-de-lit-6180","extension":"jpg","categorie":"","largeur":1920,"theme":"","hauteur":1280,"type":"Image","origine":"","liaisonPave":"","langue":"","id":"6180","urlVignette":"https:\/\/www.saint-brevin.com\/medias\/images\/prestataires\/v-tete-de-lit-6180.jpg","alt":"tete-de-lit-6180","title":"tete-de-lit-6180","MultiTaille":{"1920x1440":{"url":"https:\/\/www.saint-brevin.com\/medias\/images\/prestataires\/multitailles\/1920x1440_tete-de-lit-6180.jpg"},"1200x900":{"url":"https:\/\/www.saint-brevin.com\/medias\/images\/prestataires\/multitailles\/1200x900_tete-de-lit-6180.jpg"},"800x600":{"url":"https:\/\/www.saint-brevin.com\/medias\/images\/prestataires\/multitailles\/800x600_tete-de-lit-6180.jpg"},"640x480":{"url":"https:\/\/www.saint-brevin.com\/medias\/images\/prestataires\/multitailles\/640x480_tete-de-lit-6180.jpg"},"320x240":{"url":"https:\/\/www.saint-brevin.com\/medias\/images\/prestataires\/multitailles\/320x240_tete-de-lit-6180.jpg"},"160x120":{"url":"https:\/\/www.saint-brevin.com\/medias\/images\/prestataires\/multitailles\/160x120_tete-de-lit-6180.jpg"},"origine":{"url":"https:\/\/www.saint-brevin.com\/medias\/images\/prestataires\/tete-de-lit-6180.jpg"}},"urlLien":"","typeLien":"","nofollow":"N","copyright":""},{"url":"https:\/\/www.saint-brevin.com\/medias\/images\/prestataires\/chambre-6175.jpg","chemin":"..\/medias\/images\/prestataires\/chambre-6175.jpg","libelle":"chambre-6175","extension":"jpg","categorie":"","largeur":1440,"theme":"","hauteur":1920,"type":"Image","origine":"","liaisonPave":"","langue":"","id":"6175","urlVignette":"https:\/\/www.saint-brevin.com\/medias\/images\/prestataires\/v-chambre-6175.jpg","alt":"chambre-6175","title":"chambre-6175","MultiTaille":{"1920x1440":{"url":"https:\/\/www.saint-brevin.com\/medias\/images\/prestataires\/multitailles\/1920x1440_chambre-6175.jpg"},"1200x900":{"url":"https:\/\/www.saint-brevin.com\/medias\/images\/prestataires\/multitailles\/1200x900_chambre-6175.jpg"},"800x600":{"url":"https:\/\/www.saint-brevin.com\/medias\/images\/prestataires\/multitailles\/800x600_chambre-6175.jpg"},"640x480":{"url":"https:\/\/www.saint-brevin.com\/medias\/images\/prestataires\/multitailles\/640x480_chambre-6175.jpg"},"320x240":{"url":"https:\/\/www.saint-brevin.com\/medias\/images\/prestataires\/multitailles\/320x240_chambre-6175.jpg"},"160x120":{"url":"https:\/\/www.saint-brevin.com\/medias\/images\/prestataires\/multitailles\/160x120_chambre-6175.jpg"},"origine":{"url":"https:\/\/www.saint-brevin.com\/medias\/images\/prestataires\/chambre-6175.jpg"}},"urlLien":"","typeLien":"","nofollow":"N","copyright":""},{"url":"https:\/\/www.saint-brevin.com\/medias\/images\/prestataires\/sdb-1-6178.jpg","chemin":"..\/medias\/images\/prestataires\/sdb-1-6178.jpg","libelle":"sdb-1-6178","extension":"jpg","categorie":"","largeur":1920,"theme":"","hauteur":1280,"type":"Image","origine":"","liaisonPave":"","langue":"","id":"6178","urlVignette":"https:\/\/www.saint-brevin.com\/medias\/images\/prestataires\/v-sdb-1-6178.jpg","alt":"sdb-1-6178","title":"sdb-1-6178","MultiTaille":{"1920x1440":{"url":"https:\/\/www.saint-brevin.com\/medias\/images\/prestataires\/multitailles\/1920x1440_sdb-1-6178.jpg"},"1200x900":{"url":"https:\/\/www.saint-brevin.com\/medias\/images\/prestataires\/multitailles\/1200x900_sdb-1-6178.jpg"},"800x600":{"url":"https:\/\/www.saint-brevin.com\/medias\/images\/prestataires\/multitailles\/800x600_sdb-1-6178.jpg"},"640x480":{"url":"https:\/\/www.saint-brevin.com\/medias\/images\/prestataires\/multitailles\/640x480_sdb-1-6178.jpg"},"320x240":{"url":"https:\/\/www.saint-brevin.com\/medias\/images\/prestataires\/multitailles\/320x240_sdb-1-6178.jpg"},"160x120":{"url":"https:\/\/www.saint-brevin.com\/medias\/images\/prestataires\/multitailles\/160x120_sdb-1-6178.jpg"},"origine":{"url":"https:\/\/www.saint-brevin.com\/medias\/images\/prestataires\/sdb-1-6178.jpg"}},"urlLien":"","typeLien":"","nofollow":"N","copyright":""},{"url":"https:\/\/www.saint-brevin.com\/medias\/images\/prestataires\/sdb-2-6179.jpg","chemin":"..\/medias\/images\/prestataires\/sdb-2-6179.jpg","libelle":"sdb-2-6179","extension":"jpg","categorie":"","largeur":1348,"theme":"","hauteur":1920,"type":"Image","origine":"","liaisonPave":"","langue":"","id":"6179","urlVignette":"https:\/\/www.saint-brevin.com\/medias\/images\/prestataires\/v-sdb-2-6179.jpg","alt":"sdb-2-6179","title":"sdb-2-6179","MultiTaille":{"1920x1440":{"url":"https:\/\/www.saint-brevin.com\/medias\/images\/prestataires\/multitailles\/1920x1440_sdb-2-6179.jpg"},"1200x900":{"url":"https:\/\/www.saint-brevin.com\/medias\/images\/prestataires\/multitailles\/1200x900_sdb-2-6179.jpg"},"800x600":{"url":"https:\/\/www.saint-brevin.com\/medias\/images\/prestataires\/multitailles\/800x600_sdb-2-6179.jpg"},"640x480":{"url":"https:\/\/www.saint-brevin.com\/medias\/images\/prestataires\/multitailles\/640x480_sdb-2-6179.jpg"},"320x240":{"url":"https:\/\/www.saint-brevin.com\/medias\/images\/prestataires\/multitailles\/320x240_sdb-2-6179.jpg"},"160x120":{"url":"https:\/\/www.saint-brevin.com\/medias\/images\/prestataires\/multitailles\/160x120_sdb-2-6179.jpg"},"origine":{"url":"https:\/\/www.saint-brevin.com\/medias\/images\/prestataires\/sdb-2-6179.jpg"}},"urlLien":"","typeLien":"","nofollow":"N","copyright":""},{"url":"https:\/\/www.saint-brevin.com\/medias\/images\/prestataires\/chambre-2-6176.jpg","chemin":"..\/medias\/images\/prestataires\/chambre-2-6176.jpg","libelle":"chambre-2-6176","extension":"jpg","categorie":"","largeur":1920,"theme":"","hauteur":1280,"type":"Image","origine":"","liaisonPave":"","langue":"","id":"6176","urlVignette":"https:\/\/www.saint-brevin.com\/medias\/images\/prestataires\/v-chambre-2-6176.jpg","alt":"chambre-2-6176","title":"chambre-2-6176","MultiTaille":{"1920x1440":{"url":"https:\/\/www.saint-brevin.com\/medias\/images\/prestataires\/multitailles\/1920x1440_chambre-2-6176.jpg"},"1200x900":{"url":"https:\/\/www.saint-brevin.com\/medias\/images\/prestataires\/multitailles\/1200x900_chambre-2-6176.jpg"},"800x600":{"url":"https:\/\/www.saint-brevin.com\/medias\/images\/prestataires\/multitailles\/800x600_chambre-2-6176.jpg"},"640x480":{"url":"https:\/\/www.saint-brevin.com\/medias\/images\/prestataires\/multitailles\/640x480_chambre-2-6176.jpg"},"320x240":{"url":"https:\/\/www.saint-brevin.com\/medias\/images\/prestataires\/multitailles\/320x240_chambre-2-6176.jpg"},"160x120":{"url":"https:\/\/www.saint-brevin.com\/medias\/images\/prestataires\/multitailles\/160x120_chambre-2-6176.jpg"},"origine":{"url":"https:\/\/www.saint-brevin.com\/medias\/images\/prestataires\/chambre-2-6176.jpg"}},"urlLien":"","typeLien":"","nofollow":"N","copyright":""},{"url":"https:\/\/www.saint-brevin.com\/medias\/images\/prestataires\/sdb-3-6181.jpg","chemin":"..\/medias\/images\/prestataires\/sdb-3-6181.jpg","libelle":"sdb-3-6181","extension":"jpg","categorie":"","largeur":1280,"theme":"","hauteur":1920,"type":"Image","origine":"","liaisonPave":"","langue":"","id":"6181","urlVignette":"https:\/\/www.saint-brevin.com\/medias\/images\/prestataires\/v-sdb-3-6181.jpg","alt":"sdb-3-6181","title":"sdb-3-6181","MultiTaille":{"1920x1440":{"url":"https:\/\/www.saint-brevin.com\/medias\/images\/prestataires\/multitailles\/1920x1440_sdb-3-6181.jpg"},"1200x900":{"url":"https:\/\/www.saint-brevin.com\/medias\/images\/prestataires\/multitailles\/1200x900_sdb-3-6181.jpg"},"800x600":{"url":"https:\/\/www.saint-brevin.com\/medias\/images\/prestataires\/multitailles\/800x600_sdb-3-6181.jpg"},"640x480":{"url":"https:\/\/www.saint-brevin.com\/medias\/images\/prestataires\/multitailles\/640x480_sdb-3-6181.jpg"},"320x240":{"url":"https:\/\/www.saint-brevin.com\/medias\/images\/prestataires\/multitailles\/320x240_sdb-3-6181.jpg"},"160x120":{"url":"https:\/\/www.saint-brevin.com\/medias\/images\/prestataires\/multitailles\/160x120_sdb-3-6181.jpg"},"origine":{"url":"https:\/\/www.saint-brevin.com\/medias\/images\/prestataires\/sdb-3-6181.jpg"}},"urlLien":"","typeLien":"","nofollow":"N","copyright":""},{"url":"https:\/\/www.saint-brevin.com\/medias\/images\/prestataires\/chambre-2-6177.jpg","chemin":"..\/medias\/images\/prestataires\/chambre-2-6177.jpg","libelle":"chambre-2-6177","extension":"jpg","categorie":"","largeur":1297,"theme":"","hauteur":1920,"type":"Image","origine":"","liaisonPave":"","langue":"","id":"6177","urlVignette":"https:\/\/www.saint-brevin.com\/medias\/images\/prestataires\/v-chambre-2-6177.jpg","alt":"chambre-2-6177","title":"chambre-2-6177","MultiTaille":{"1920x1440":{"url":"https:\/\/www.saint-brevin.com\/medias\/images\/prestataires\/multitailles\/1920x1440_chambre-2-6177.jpg"},"1200x900":{"url":"https:\/\/www.saint-brevin.com\/medias\/images\/prestataires\/multitailles\/1200x900_chambre-2-6177.jpg"},"800x600":{"url":"https:\/\/www.saint-brevin.com\/medias\/images\/prestataires\/multitailles\/800x600_chambre-2-6177.jpg"},"640x480":{"url":"https:\/\/www.saint-brevin.com\/medias\/images\/prestataires\/multitailles\/640x480_chambre-2-6177.jpg"},"320x240":{"url":"https:\/\/www.saint-brevin.com\/medias\/images\/prestataires\/multitailles\/320x240_chambre-2-6177.jpg"},"160x120":{"url":"https:\/\/www.saint-brevin.com\/medias\/images\/prestataires\/multitailles\/160x120_chambre-2-6177.jpg"},"origine":{"url":"https:\/\/www.saint-brevin.com\/medias\/images\/prestataires\/chambre-2-6177.jpg"}},"urlLien":"","typeLien":"","nofollow":"N","copyright":""},{"url":"https:\/\/www.saint-brevin.com\/medias\/images\/prestataires\/pied-terre-petit-d-j-8205.jpeg","chemin":"..\/medias\/images\/prestataires\/pied-terre-petit-d-j-8205.jpeg","libelle":"pied-terre-petit-d-j-8205","extension":"jpeg","categorie":"","largeur":3058,"theme":"","hauteur":2147,"type":"Image","origine":"","liaisonPave":"","langue":"","id":"8205","urlVignette":"https:\/\/www.saint-brevin.com\/medias\/images\/prestataires\/v-pied-terre-petit-d-j-8205.jpeg","alt":"pied-terre-petit-d-j-8205","title":"pied-terre-petit-d-j-8205","MultiTaille":{"1920x1440":{"url":"https:\/\/www.saint-brevin.com\/medias\/images\/prestataires\/multitailles\/1920x1440_pied-terre-petit-d-j-8205.jpeg"},"1200x900":{"url":"https:\/\/www.saint-brevin.com\/medias\/images\/prestataires\/multitailles\/1200x900_pied-terre-petit-d-j-8205.jpeg"},"800x600":{"url":"https:\/\/www.saint-brevin.com\/medias\/images\/prestataires\/multitailles\/800x600_pied-terre-petit-d-j-8205.jpeg"},"640x480":{"url":"https:\/\/www.saint-brevin.com\/medias\/images\/prestataires\/multitailles\/640x480_pied-terre-petit-d-j-8205.jpeg"},"320x240":{"url":"https:\/\/www.saint-brevin.com\/medias\/images\/prestataires\/multitailles\/320x240_pied-terre-petit-d-j-8205.jpeg"},"160x120":{"url":"https:\/\/www.saint-brevin.com\/medias\/images\/prestataires\/multitailles\/160x120_pied-terre-petit-d-j-8205.jpeg"},"origine":{"url":"https:\/\/www.saint-brevin.com\/medias\/images\/prestataires\/pied-terre-petit-d-j-8205.jpeg"}},"urlLien":"","typeLien":"","nofollow":"N","copyright":""},{"url":"https:\/\/www.saint-brevin.com\/medias\/images\/prestataires\/pied-a-terre-salle-8206.jpeg","chemin":"..\/medias\/images\/prestataires\/pied-a-terre-salle-8206.jpeg","libelle":"pied-a-terre-salle-8206","extension":"jpeg","categorie":"","largeur":3556,"theme":"","hauteur":2667,"type":"Image","origine":"","liaisonPave":"","langue":"","id":"8206","urlVignette":"https:\/\/www.saint-brevin.com\/medias\/images\/prestataires\/v-pied-a-terre-salle-8206.jpeg","alt":"pied-a-terre-salle-8206","title":"pied-a-terre-salle-8206","MultiTaille":{"1920x1440":{"url":"https:\/\/www.saint-brevin.com\/medias\/images\/prestataires\/multitailles\/1920x1440_pied-a-terre-salle-8206.jpeg"},"1200x900":{"url":"https:\/\/www.saint-brevin.com\/medias\/images\/prestataires\/multitailles\/1200x900_pied-a-terre-salle-8206.jpeg"},"800x600":{"url":"https:\/\/www.saint-brevin.com\/medias\/images\/prestataires\/multitailles\/800x600_pied-a-terre-salle-8206.jpeg"},"640x480":{"url":"https:\/\/www.saint-brevin.com\/medias\/images\/prestataires\/multitailles\/640x480_pied-a-terre-salle-8206.jpeg"},"320x240":{"url":"https:\/\/www.saint-brevin.com\/medias\/images\/prestataires\/multitailles\/320x240_pied-a-terre-salle-8206.jpeg"},"160x120":{"url":"https:\/\/www.saint-brevin.com\/medias\/images\/prestataires\/multitailles\/160x120_pied-a-terre-salle-8206.jpeg"},"origine":{"url":"https:\/\/www.saint-brevin.com\/medias\/images\/prestataires\/pied-a-terre-salle-8206.jpeg"}},"urlLien":"","typeLien":"","nofollow":"N","copyright":""},{"url":"https:\/\/www.saint-brevin.com\/medias\/images\/prestataires\/pied-terre-salle2-8207.jpeg","chemin":"..\/medias\/images\/prestataires\/pied-terre-salle2-8207.jpeg","libelle":"pied-terre-salle2-8207","extension":"jpeg","categorie":"","largeur":3672,"theme":"","hauteur":2754,"type":"Image","origine":"","liaisonPave":"","langue":"","id":"8207","urlVignette":"https:\/\/www.saint-brevin.com\/medias\/images\/prestataires\/v-pied-terre-salle2-8207.jpeg","alt":"pied-terre-salle2-8207","title":"pied-terre-salle2-8207","MultiTaille":{"1920x1440":{"url":"https:\/\/www.saint-brevin.com\/medias\/images\/prestataires\/multitailles\/1920x1440_pied-terre-salle2-8207.jpeg"},"1200x900":{"url":"https:\/\/www.saint-brevin.com\/medias\/images\/prestataires\/multitailles\/1200x900_pied-terre-salle2-8207.jpeg"},"800x600":{"url":"https:\/\/www.saint-brevin.com\/medias\/images\/prestataires\/multitailles\/800x600_pied-terre-salle2-8207.jpeg"},"640x480":{"url":"https:\/\/www.saint-brevin.com\/medias\/images\/prestataires\/multitailles\/640x480_pied-terre-salle2-8207.jpeg"},"320x240":{"url":"https:\/\/www.saint-brevin.com\/medias\/images\/prestataires\/multitailles\/320x240_pied-terre-salle2-8207.jpeg"},"160x120":{"url":"https:\/\/www.saint-brevin.com\/medias\/images\/prestataires\/multitailles\/160x120_pied-terre-salle2-8207.jpeg"},"origine":{"url":"https:\/\/www.saint-brevin.com\/medias\/images\/prestataires\/pied-terre-salle2-8207.jpeg"}},"urlLien":"","typeLien":"","nofollow":"N","copyright":""},{"url":"https:\/\/www.saint-brevin.com\/medias\/images\/prestataires\/v-los-pied-a-terre-paimb-uf-g-rard-buros-11399.jpg","chemin":"..\/medias\/images\/prestataires\/v-los-pied-a-terre-paimb-uf-g-rard-buros-11399.jpg","libelle":"v-los-pied-a-terre-paimb-uf-g-rard-buros-11399","extension":"jpg","categorie":"","largeur":3024,"theme":"","hauteur":2365,"type":"Image","origine":"","liaisonPave":"","langue":"","id":"11399","urlVignette":"https:\/\/www.saint-brevin.com\/medias\/images\/prestataires\/v-v-los-pied-a-terre-paimb-uf-g-rard-buros-11399.jpg","alt":"v-los-pied-a-terre-paimb-uf-g-rard-buros-11399","title":"v-los-pied-a-terre-paimb-uf-g-rard-buros-11399","MultiTaille":{"1920x1440":{"url":"https:\/\/www.saint-brevin.com\/medias\/images\/prestataires\/multitailles\/1920x1440_v-los-pied-a-terre-paimb-uf-g-rard-buros-11399.jpg"},"1200x900":{"url":"https:\/\/www.saint-brevin.com\/medias\/images\/prestataires\/multitailles\/1200x900_v-los-pied-a-terre-paimb-uf-g-rard-buros-11399.jpg"},"800x600":{"url":"https:\/\/www.saint-brevin.com\/medias\/images\/prestataires\/multitailles\/800x600_v-los-pied-a-terre-paimb-uf-g-rard-buros-11399.jpg"},"640x480":{"url":"https:\/\/www.saint-brevin.com\/medias\/images\/prestataires\/multitailles\/640x480_v-los-pied-a-terre-paimb-uf-g-rard-buros-11399.jpg"},"320x240":{"url":"https:\/\/www.saint-brevin.com\/medias\/images\/prestataires\/multitailles\/320x240_v-los-pied-a-terre-paimb-uf-g-rard-buros-11399.jpg"},"160x120":{"url":"https:\/\/www.saint-brevin.com\/medias\/images\/prestataires\/multitailles\/160x120_v-los-pied-a-terre-paimb-uf-g-rard-buros-11399.jpg"},"origine":{"url":"https:\/\/www.saint-brevin.com\/medias\/images\/prestataires\/v-los-pied-a-terre-paimb-uf-g-rard-buros-11399.jpg"}},"urlLien":"","typeLien":"","nofollow":"N","copyright":""},{"url":"https:\/\/www.saint-brevin.com\/medias\/images\/prestataires\/quais-paimb-uf-g-rard-buros-11398.jpg","chemin":"..\/medias\/images\/prestataires\/quais-paimb-uf-g-rard-buros-11398.jpg","libelle":"quais-paimb-uf-g-rard-buros-11398","extension":"jpg","categorie":"","largeur":3660,"theme":"","hauteur":2195,"type":"Image","origine":"","liaisonPave":"","langue":"","id":"11398","urlVignette":"https:\/\/www.saint-brevin.com\/medias\/images\/prestataires\/v-quais-paimb-uf-g-rard-buros-11398.jpg","alt":"quais-paimb-uf-g-rard-buros-11398","title":"quais-paimb-uf-g-rard-buros-11398","MultiTaille":{"1920x1440":{"url":"https:\/\/www.saint-brevin.com\/medias\/images\/prestataires\/multitailles\/1920x1440_quais-paimb-uf-g-rard-buros-11398.jpg"},"1200x900":{"url":"https:\/\/www.saint-brevin.com\/medias\/images\/prestataires\/multitailles\/1200x900_quais-paimb-uf-g-rard-buros-11398.jpg"},"800x600":{"url":"https:\/\/www.saint-brevin.com\/medias\/images\/prestataires\/multitailles\/800x600_quais-paimb-uf-g-rard-buros-11398.jpg"},"640x480":{"url":"https:\/\/www.saint-brevin.com\/medias\/images\/prestataires\/multitailles\/640x480_quais-paimb-uf-g-rard-buros-11398.jpg"},"320x240":{"url":"https:\/\/www.saint-brevin.com\/medias\/images\/prestataires\/multitailles\/320x240_quais-paimb-uf-g-rard-buros-11398.jpg"},"160x120":{"url":"https:\/\/www.saint-brevin.com\/medias\/images\/prestataires\/multitailles\/160x120_quais-paimb-uf-g-rard-buros-11398.jpg"},"origine":{"url":"https:\/\/www.saint-brevin.com\/medias\/images\/prestataires\/quais-paimb-uf-g-rard-buros-11398.jpg"}},"urlLien":"","typeLien":"","nofollow":"N","copyright":""}],"ByCategorie":{"":[{"url":"https:\/\/www.saint-brevin.com\/medias\/images\/prestataires\/20210822-162926-2-8507.jpg","chemin":"..\/medias\/images\/prestataires\/20210822-162926-2-8507.jpg","libelle":"20210822-162926-2-8507","extension":"jpg","categorie":"","largeur":789,"theme":"","hauteur":586,"type":"Image","origine":"","liaisonPave":"","langue":"","id":"8507","urlVignette":"https:\/\/www.saint-brevin.com\/medias\/images\/prestataires\/v-20210822-162926-2-8507.jpg","alt":"20210822-162926-2-8507","title":"20210822-162926-2-8507","MultiTaille":{"1920x1440":{"url":"https:\/\/www.saint-brevin.com\/medias\/images\/prestataires\/multitailles\/1920x1440_20210822-162926-2-8507.jpg"},"1200x900":{"url":"https:\/\/www.saint-brevin.com\/medias\/images\/prestataires\/multitailles\/1200x900_20210822-162926-2-8507.jpg"},"800x600":{"url":"https:\/\/www.saint-brevin.com\/medias\/images\/prestataires\/multitailles\/800x600_20210822-162926-2-8507.jpg"},"640x480":{"url":"https:\/\/www.saint-brevin.com\/medias\/images\/prestataires\/multitailles\/640x480_20210822-162926-2-8507.jpg"},"320x240":{"url":"https:\/\/www.saint-brevin.com\/medias\/images\/prestataires\/multitailles\/320x240_20210822-162926-2-8507.jpg"},"160x120":{"url":"https:\/\/www.saint-brevin.com\/medias\/images\/prestataires\/multitailles\/160x120_20210822-162926-2-8507.jpg"},"origine":{"url":"https:\/\/www.saint-brevin.com\/medias\/images\/prestataires\/20210822-162926-2-8507.jpg"}},"urlLien":"","typeLien":"","nofollow":"N","copyright":""},{"url":"https:\/\/www.saint-brevin.com\/medias\/images\/prestataires\/20210822-162926-1-8508.jpg","chemin":"..\/medias\/images\/prestataires\/20210822-162926-1-8508.jpg","libelle":"20210822-162926-1-8508","extension":"jpg","categorie":"","largeur":3024,"theme":"","hauteur":4032,"type":"Image","origine":"","liaisonPave":"","langue":"","id":"8508","urlVignette":"https:\/\/www.saint-brevin.com\/medias\/images\/prestataires\/v-20210822-162926-1-8508.jpg","alt":"20210822-162926-1-8508","title":"20210822-162926-1-8508","MultiTaille":{"1920x1440":{"url":"https:\/\/www.saint-brevin.com\/medias\/images\/prestataires\/multitailles\/1920x1440_20210822-162926-1-8508.jpg"},"1200x900":{"url":"https:\/\/www.saint-brevin.com\/medias\/images\/prestataires\/multitailles\/1200x900_20210822-162926-1-8508.jpg"},"800x600":{"url":"https:\/\/www.saint-brevin.com\/medias\/images\/prestataires\/multitailles\/800x600_20210822-162926-1-8508.jpg"},"640x480":{"url":"https:\/\/www.saint-brevin.com\/medias\/images\/prestataires\/multitailles\/640x480_20210822-162926-1-8508.jpg"},"320x240":{"url":"https:\/\/www.saint-brevin.com\/medias\/images\/prestataires\/multitailles\/320x240_20210822-162926-1-8508.jpg"},"160x120":{"url":"https:\/\/www.saint-brevin.com\/medias\/images\/prestataires\/multitailles\/160x120_20210822-162926-1-8508.jpg"},"origine":{"url":"https:\/\/www.saint-brevin.com\/medias\/images\/prestataires\/20210822-162926-1-8508.jpg"}},"urlLien":"","typeLien":"","nofollow":"N","copyright":""},{"url":"https:\/\/www.saint-brevin.com\/medias\/images\/prestataires\/tete-de-lit-6180.jpg","chemin":"..\/medias\/images\/prestataires\/tete-de-lit-6180.jpg","libelle":"tete-de-lit-6180","extension":"jpg","categorie":"","largeur":1920,"theme":"","hauteur":1280,"type":"Image","origine":"","liaisonPave":"","langue":"","id":"6180","urlVignette":"https:\/\/www.saint-brevin.com\/medias\/images\/prestataires\/v-tete-de-lit-6180.jpg","alt":"tete-de-lit-6180","title":"tete-de-lit-6180","MultiTaille":{"1920x1440":{"url":"https:\/\/www.saint-brevin.com\/medias\/images\/prestataires\/multitailles\/1920x1440_tete-de-lit-6180.jpg"},"1200x900":{"url":"https:\/\/www.saint-brevin.com\/medias\/images\/prestataires\/multitailles\/1200x900_tete-de-lit-6180.jpg"},"800x600":{"url":"https:\/\/www.saint-brevin.com\/medias\/images\/prestataires\/multitailles\/800x600_tete-de-lit-6180.jpg"},"640x480":{"url":"https:\/\/www.saint-brevin.com\/medias\/images\/prestataires\/multitailles\/640x480_tete-de-lit-6180.jpg"},"320x240":{"url":"https:\/\/www.saint-brevin.com\/medias\/images\/prestataires\/multitailles\/320x240_tete-de-lit-6180.jpg"},"160x120":{"url":"https:\/\/www.saint-brevin.com\/medias\/images\/prestataires\/multitailles\/160x120_tete-de-lit-6180.jpg"},"origine":{"url":"https:\/\/www.saint-brevin.com\/medias\/images\/prestataires\/tete-de-lit-6180.jpg"}},"urlLien":"","typeLien":"","nofollow":"N","copyright":""},{"url":"https:\/\/www.saint-brevin.com\/medias\/images\/prestataires\/chambre-6175.jpg","chemin":"..\/medias\/images\/prestataires\/chambre-6175.jpg","libelle":"chambre-6175","extension":"jpg","categorie":"","largeur":1440,"theme":"","hauteur":1920,"type":"Image","origine":"","liaisonPave":"","langue":"","id":"6175","urlVignette":"https:\/\/www.saint-brevin.com\/medias\/images\/prestataires\/v-chambre-6175.jpg","alt":"chambre-6175","title":"chambre-6175","MultiTaille":{"1920x1440":{"url":"https:\/\/www.saint-brevin.com\/medias\/images\/prestataires\/multitailles\/1920x1440_chambre-6175.jpg"},"1200x900":{"url":"https:\/\/www.saint-brevin.com\/medias\/images\/prestataires\/multitailles\/1200x900_chambre-6175.jpg"},"800x600":{"url":"https:\/\/www.saint-brevin.com\/medias\/images\/prestataires\/multitailles\/800x600_chambre-6175.jpg"},"640x480":{"url":"https:\/\/www.saint-brevin.com\/medias\/images\/prestataires\/multitailles\/640x480_chambre-6175.jpg"},"320x240":{"url":"https:\/\/www.saint-brevin.com\/medias\/images\/prestataires\/multitailles\/320x240_chambre-6175.jpg"},"160x120":{"url":"https:\/\/www.saint-brevin.com\/medias\/images\/prestataires\/multitailles\/160x120_chambre-6175.jpg"},"origine":{"url":"https:\/\/www.saint-brevin.com\/medias\/images\/prestataires\/chambre-6175.jpg"}},"urlLien":"","typeLien":"","nofollow":"N","copyright":""},{"url":"https:\/\/www.saint-brevin.com\/medias\/images\/prestataires\/sdb-1-6178.jpg","chemin":"..\/medias\/images\/prestataires\/sdb-1-6178.jpg","libelle":"sdb-1-6178","extension":"jpg","categorie":"","largeur":1920,"theme":"","hauteur":1280,"type":"Image","origine":"","liaisonPave":"","langue":"","id":"6178","urlVignette":"https:\/\/www.saint-brevin.com\/medias\/images\/prestataires\/v-sdb-1-6178.jpg","alt":"sdb-1-6178","title":"sdb-1-6178","MultiTaille":{"1920x1440":{"url":"https:\/\/www.saint-brevin.com\/medias\/images\/prestataires\/multitailles\/1920x1440_sdb-1-6178.jpg"},"1200x900":{"url":"https:\/\/www.saint-brevin.com\/medias\/images\/prestataires\/multitailles\/1200x900_sdb-1-6178.jpg"},"800x600":{"url":"https:\/\/www.saint-brevin.com\/medias\/images\/prestataires\/multitailles\/800x600_sdb-1-6178.jpg"},"640x480":{"url":"https:\/\/www.saint-brevin.com\/medias\/images\/prestataires\/multitailles\/640x480_sdb-1-6178.jpg"},"320x240":{"url":"https:\/\/www.saint-brevin.com\/medias\/images\/prestataires\/multitailles\/320x240_sdb-1-6178.jpg"},"160x120":{"url":"https:\/\/www.saint-brevin.com\/medias\/images\/prestataires\/multitailles\/160x120_sdb-1-6178.jpg"},"origine":{"url":"https:\/\/www.saint-brevin.com\/medias\/images\/prestataires\/sdb-1-6178.jpg"}},"urlLien":"","typeLien":"","nofollow":"N","copyright":""},{"url":"https:\/\/www.saint-brevin.com\/medias\/images\/prestataires\/sdb-2-6179.jpg","chemin":"..\/medias\/images\/prestataires\/sdb-2-6179.jpg","libelle":"sdb-2-6179","extension":"jpg","categorie":"","largeur":1348,"theme":"","hauteur":1920,"type":"Image","origine":"","liaisonPave":"","langue":"","id":"6179","urlVignette":"https:\/\/www.saint-brevin.com\/medias\/images\/prestataires\/v-sdb-2-6179.jpg","alt":"sdb-2-6179","title":"sdb-2-6179","MultiTaille":{"1920x1440":{"url":"https:\/\/www.saint-brevin.com\/medias\/images\/prestataires\/multitailles\/1920x1440_sdb-2-6179.jpg"},"1200x900":{"url":"https:\/\/www.saint-brevin.com\/medias\/images\/prestataires\/multitailles\/1200x900_sdb-2-6179.jpg"},"800x600":{"url":"https:\/\/www.saint-brevin.com\/medias\/images\/prestataires\/multitailles\/800x600_sdb-2-6179.jpg"},"640x480":{"url":"https:\/\/www.saint-brevin.com\/medias\/images\/prestataires\/multitailles\/640x480_sdb-2-6179.jpg"},"320x240":{"url":"https:\/\/www.saint-brevin.com\/medias\/images\/prestataires\/multitailles\/320x240_sdb-2-6179.jpg"},"160x120":{"url":"https:\/\/www.saint-brevin.com\/medias\/images\/prestataires\/multitailles\/160x120_sdb-2-6179.jpg"},"origine":{"url":"https:\/\/www.saint-brevin.com\/medias\/images\/prestataires\/sdb-2-6179.jpg"}},"urlLien":"","typeLien":"","nofollow":"N","copyright":""},{"url":"https:\/\/www.saint-brevin.com\/medias\/images\/prestataires\/chambre-2-6176.jpg","chemin":"..\/medias\/images\/prestataires\/chambre-2-6176.jpg","libelle":"chambre-2-6176","extension":"jpg","categorie":"","largeur":1920,"theme":"","hauteur":1280,"type":"Image","origine":"","liaisonPave":"","langue":"","id":"6176","urlVignette":"https:\/\/www.saint-brevin.com\/medias\/images\/prestataires\/v-chambre-2-6176.jpg","alt":"chambre-2-6176","title":"chambre-2-6176","MultiTaille":{"1920x1440":{"url":"https:\/\/www.saint-brevin.com\/medias\/images\/prestataires\/multitailles\/1920x1440_chambre-2-6176.jpg"},"1200x900":{"url":"https:\/\/www.saint-brevin.com\/medias\/images\/prestataires\/multitailles\/1200x900_chambre-2-6176.jpg"},"800x600":{"url":"https:\/\/www.saint-brevin.com\/medias\/images\/prestataires\/multitailles\/800x600_chambre-2-6176.jpg"},"640x480":{"url":"https:\/\/www.saint-brevin.com\/medias\/images\/prestataires\/multitailles\/640x480_chambre-2-6176.jpg"},"320x240":{"url":"https:\/\/www.saint-brevin.com\/medias\/images\/prestataires\/multitailles\/320x240_chambre-2-6176.jpg"},"160x120":{"url":"https:\/\/www.saint-brevin.com\/medias\/images\/prestataires\/multitailles\/160x120_chambre-2-6176.jpg"},"origine":{"url":"https:\/\/www.saint-brevin.com\/medias\/images\/prestataires\/chambre-2-6176.jpg"}},"urlLien":"","typeLien":"","nofollow":"N","copyright":""},{"url":"https:\/\/www.saint-brevin.com\/medias\/images\/prestataires\/sdb-3-6181.jpg","chemin":"..\/medias\/images\/prestataires\/sdb-3-6181.jpg","libelle":"sdb-3-6181","extension":"jpg","categorie":"","largeur":1280,"theme":"","hauteur":1920,"type":"Image","origine":"","liaisonPave":"","langue":"","id":"6181","urlVignette":"https:\/\/www.saint-brevin.com\/medias\/images\/prestataires\/v-sdb-3-6181.jpg","alt":"sdb-3-6181","title":"sdb-3-6181","MultiTaille":{"1920x1440":{"url":"https:\/\/www.saint-brevin.com\/medias\/images\/prestataires\/multitailles\/1920x1440_sdb-3-6181.jpg"},"1200x900":{"url":"https:\/\/www.saint-brevin.com\/medias\/images\/prestataires\/multitailles\/1200x900_sdb-3-6181.jpg"},"800x600":{"url":"https:\/\/www.saint-brevin.com\/medias\/images\/prestataires\/multitailles\/800x600_sdb-3-6181.jpg"},"640x480":{"url":"https:\/\/www.saint-brevin.com\/medias\/images\/prestataires\/multitailles\/640x480_sdb-3-6181.jpg"},"320x240":{"url":"https:\/\/www.saint-brevin.com\/medias\/images\/prestataires\/multitailles\/320x240_sdb-3-6181.jpg"},"160x120":{"url":"https:\/\/www.saint-brevin.com\/medias\/images\/prestataires\/multitailles\/160x120_sdb-3-6181.jpg"},"origine":{"url":"https:\/\/www.saint-brevin.com\/medias\/images\/prestataires\/sdb-3-6181.jpg"}},"urlLien":"","typeLien":"","nofollow":"N","copyright":""},{"url":"https:\/\/www.saint-brevin.com\/medias\/images\/prestataires\/chambre-2-6177.jpg","chemin":"..\/medias\/images\/prestataires\/chambre-2-6177.jpg","libelle":"chambre-2-6177","extension":"jpg","categorie":"","largeur":1297,"theme":"","hauteur":1920,"type":"Image","origine":"","liaisonPave":"","langue":"","id":"6177","urlVignette":"https:\/\/www.saint-brevin.com\/medias\/images\/prestataires\/v-chambre-2-6177.jpg","alt":"chambre-2-6177","title":"chambre-2-6177","MultiTaille":{"1920x1440":{"url":"https:\/\/www.saint-brevin.com\/medias\/images\/prestataires\/multitailles\/1920x1440_chambre-2-6177.jpg"},"1200x900":{"url":"https:\/\/www.saint-brevin.com\/medias\/images\/prestataires\/multitailles\/1200x900_chambre-2-6177.jpg"},"800x600":{"url":"https:\/\/www.saint-brevin.com\/medias\/images\/prestataires\/multitailles\/800x600_chambre-2-6177.jpg"},"640x480":{"url":"https:\/\/www.saint-brevin.com\/medias\/images\/prestataires\/multitailles\/640x480_chambre-2-6177.jpg"},"320x240":{"url":"https:\/\/www.saint-brevin.com\/medias\/images\/prestataires\/multitailles\/320x240_chambre-2-6177.jpg"},"160x120":{"url":"https:\/\/www.saint-brevin.com\/medias\/images\/prestataires\/multitailles\/160x120_chambre-2-6177.jpg"},"origine":{"url":"https:\/\/www.saint-brevin.com\/medias\/images\/prestataires\/chambre-2-6177.jpg"}},"urlLien":"","typeLien":"","nofollow":"N","copyright":""},{"url":"https:\/\/www.saint-brevin.com\/medias\/images\/prestataires\/pied-terre-petit-d-j-8205.jpeg","chemin":"..\/medias\/images\/prestataires\/pied-terre-petit-d-j-8205.jpeg","libelle":"pied-terre-petit-d-j-8205","extension":"jpeg","categorie":"","largeur":3058,"theme":"","hauteur":2147,"type":"Image","origine":"","liaisonPave":"","langue":"","id":"8205","urlVignette":"https:\/\/www.saint-brevin.com\/medias\/images\/prestataires\/v-pied-terre-petit-d-j-8205.jpeg","alt":"pied-terre-petit-d-j-8205","title":"pied-terre-petit-d-j-8205","MultiTaille":{"1920x1440":{"url":"https:\/\/www.saint-brevin.com\/medias\/images\/prestataires\/multitailles\/1920x1440_pied-terre-petit-d-j-8205.jpeg"},"1200x900":{"url":"https:\/\/www.saint-brevin.com\/medias\/images\/prestataires\/multitailles\/1200x900_pied-terre-petit-d-j-8205.jpeg"},"800x600":{"url":"https:\/\/www.saint-brevin.com\/medias\/images\/prestataires\/multitailles\/800x600_pied-terre-petit-d-j-8205.jpeg"},"640x480":{"url":"https:\/\/www.saint-brevin.com\/medias\/images\/prestataires\/multitailles\/640x480_pied-terre-petit-d-j-8205.jpeg"},"320x240":{"url":"https:\/\/www.saint-brevin.com\/medias\/images\/prestataires\/multitailles\/320x240_pied-terre-petit-d-j-8205.jpeg"},"160x120":{"url":"https:\/\/www.saint-brevin.com\/medias\/images\/prestataires\/multitailles\/160x120_pied-terre-petit-d-j-8205.jpeg"},"origine":{"url":"https:\/\/www.saint-brevin.com\/medias\/images\/prestataires\/pied-terre-petit-d-j-8205.jpeg"}},"urlLien":"","typeLien":"","nofollow":"N","copyright":""},{"url":"https:\/\/www.saint-brevin.com\/medias\/images\/prestataires\/pied-a-terre-salle-8206.jpeg","chemin":"..\/medias\/images\/prestataires\/pied-a-terre-salle-8206.jpeg","libelle":"pied-a-terre-salle-8206","extension":"jpeg","categorie":"","largeur":3556,"theme":"","hauteur":2667,"type":"Image","origine":"","liaisonPave":"","langue":"","id":"8206","urlVignette":"https:\/\/www.saint-brevin.com\/medias\/images\/prestataires\/v-pied-a-terre-salle-8206.jpeg","alt":"pied-a-terre-salle-8206","title":"pied-a-terre-salle-8206","MultiTaille":{"1920x1440":{"url":"https:\/\/www.saint-brevin.com\/medias\/images\/prestataires\/multitailles\/1920x1440_pied-a-terre-salle-8206.jpeg"},"1200x900":{"url":"https:\/\/www.saint-brevin.com\/medias\/images\/prestataires\/multitailles\/1200x900_pied-a-terre-salle-8206.jpeg"},"800x600":{"url":"https:\/\/www.saint-brevin.com\/medias\/images\/prestataires\/multitailles\/800x600_pied-a-terre-salle-8206.jpeg"},"640x480":{"url":"https:\/\/www.saint-brevin.com\/medias\/images\/prestataires\/multitailles\/640x480_pied-a-terre-salle-8206.jpeg"},"320x240":{"url":"https:\/\/www.saint-brevin.com\/medias\/images\/prestataires\/multitailles\/320x240_pied-a-terre-salle-8206.jpeg"},"160x120":{"url":"https:\/\/www.saint-brevin.com\/medias\/images\/prestataires\/multitailles\/160x120_pied-a-terre-salle-8206.jpeg"},"origine":{"url":"https:\/\/www.saint-brevin.com\/medias\/images\/prestataires\/pied-a-terre-salle-8206.jpeg"}},"urlLien":"","typeLien":"","nofollow":"N","copyright":""},{"url":"https:\/\/www.saint-brevin.com\/medias\/images\/prestataires\/pied-terre-salle2-8207.jpeg","chemin":"..\/medias\/images\/prestataires\/pied-terre-salle2-8207.jpeg","libelle":"pied-terre-salle2-8207","extension":"jpeg","categorie":"","largeur":3672,"theme":"","hauteur":2754,"type":"Image","origine":"","liaisonPave":"","langue":"","id":"8207","urlVignette":"https:\/\/www.saint-brevin.com\/medias\/images\/prestataires\/v-pied-terre-salle2-8207.jpeg","alt":"pied-terre-salle2-8207","title":"pied-terre-salle2-8207","MultiTaille":{"1920x1440":{"url":"https:\/\/www.saint-brevin.com\/medias\/images\/prestataires\/multitailles\/1920x1440_pied-terre-salle2-8207.jpeg"},"1200x900":{"url":"https:\/\/www.saint-brevin.com\/medias\/images\/prestataires\/multitailles\/1200x900_pied-terre-salle2-8207.jpeg"},"800x600":{"url":"https:\/\/www.saint-brevin.com\/medias\/images\/prestataires\/multitailles\/800x600_pied-terre-salle2-8207.jpeg"},"640x480":{"url":"https:\/\/www.saint-brevin.com\/medias\/images\/prestataires\/multitailles\/640x480_pied-terre-salle2-8207.jpeg"},"320x240":{"url":"https:\/\/www.saint-brevin.com\/medias\/images\/prestataires\/multitailles\/320x240_pied-terre-salle2-8207.jpeg"},"160x120":{"url":"https:\/\/www.saint-brevin.com\/medias\/images\/prestataires\/multitailles\/160x120_pied-terre-salle2-8207.jpeg"},"origine":{"url":"https:\/\/www.saint-brevin.com\/medias\/images\/prestataires\/pied-terre-salle2-8207.jpeg"}},"urlLien":"","typeLien":"","nofollow":"N","copyright":""},{"url":"https:\/\/www.saint-brevin.com\/medias\/images\/prestataires\/v-los-pied-a-terre-paimb-uf-g-rard-buros-11399.jpg","chemin":"..\/medias\/images\/prestataires\/v-los-pied-a-terre-paimb-uf-g-rard-buros-11399.jpg","libelle":"v-los-pied-a-terre-paimb-uf-g-rard-buros-11399","extension":"jpg","categorie":"","largeur":3024,"theme":"","hauteur":2365,"type":"Image","origine":"","liaisonPave":"","langue":"","id":"11399","urlVignette":"https:\/\/www.saint-brevin.com\/medias\/images\/prestataires\/v-v-los-pied-a-terre-paimb-uf-g-rard-buros-11399.jpg","alt":"v-los-pied-a-terre-paimb-uf-g-rard-buros-11399","title":"v-los-pied-a-terre-paimb-uf-g-rard-buros-11399","MultiTaille":{"1920x1440":{"url":"https:\/\/www.saint-brevin.com\/medias\/images\/prestataires\/multitailles\/1920x1440_v-los-pied-a-terre-paimb-uf-g-rard-buros-11399.jpg"},"1200x900":{"url":"https:\/\/www.saint-brevin.com\/medias\/images\/prestataires\/multitailles\/1200x900_v-los-pied-a-terre-paimb-uf-g-rard-buros-11399.jpg"},"800x600":{"url":"https:\/\/www.saint-brevin.com\/medias\/images\/prestataires\/multitailles\/800x600_v-los-pied-a-terre-paimb-uf-g-rard-buros-11399.jpg"},"640x480":{"url":"https:\/\/www.saint-brevin.com\/medias\/images\/prestataires\/multitailles\/640x480_v-los-pied-a-terre-paimb-uf-g-rard-buros-11399.jpg"},"320x240":{"url":"https:\/\/www.saint-brevin.com\/medias\/images\/prestataires\/multitailles\/320x240_v-los-pied-a-terre-paimb-uf-g-rard-buros-11399.jpg"},"160x120":{"url":"https:\/\/www.saint-brevin.com\/medias\/images\/prestataires\/multitailles\/160x120_v-los-pied-a-terre-paimb-uf-g-rard-buros-11399.jpg"},"origine":{"url":"https:\/\/www.saint-brevin.com\/medias\/images\/prestataires\/v-los-pied-a-terre-paimb-uf-g-rard-buros-11399.jpg"}},"urlLien":"","typeLien":"","nofollow":"N","copyright":""},{"url":"https:\/\/www.saint-brevin.com\/medias\/images\/prestataires\/quais-paimb-uf-g-rard-buros-11398.jpg","chemin":"..\/medias\/images\/prestataires\/quais-paimb-uf-g-rard-buros-11398.jpg","libelle":"quais-paimb-uf-g-rard-buros-11398","extension":"jpg","categorie":"","largeur":3660,"theme":"","hauteur":2195,"type":"Image","origine":"","liaisonPave":"","langue":"","id":"11398","urlVignette":"https:\/\/www.saint-brevin.com\/medias\/images\/prestataires\/v-quais-paimb-uf-g-rard-buros-11398.jpg","alt":"quais-paimb-uf-g-rard-buros-11398","title":"quais-paimb-uf-g-rard-buros-11398","MultiTaille":{"1920x1440":{"url":"https:\/\/www.saint-brevin.com\/medias\/images\/prestataires\/multitailles\/1920x1440_quais-paimb-uf-g-rard-buros-11398.jpg"},"1200x900":{"url":"https:\/\/www.saint-brevin.com\/medias\/images\/prestataires\/multitailles\/1200x900_quais-paimb-uf-g-rard-buros-11398.jpg"},"800x600":{"url":"https:\/\/www.saint-brevin.com\/medias\/images\/prestataires\/multitailles\/800x600_quais-paimb-uf-g-rard-buros-11398.jpg"},"640x480":{"url":"https:\/\/www.saint-brevin.com\/medias\/images\/prestataires\/multitailles\/640x480_quais-paimb-uf-g-rard-buros-11398.jpg"},"320x240":{"url":"https:\/\/www.saint-brevin.com\/medias\/images\/prestataires\/multitailles\/320x240_quais-paimb-uf-g-rard-buros-11398.jpg"},"160x120":{"url":"https:\/\/www.saint-brevin.com\/medias\/images\/prestataires\/multitailles\/160x120_quais-paimb-uf-g-rard-buros-11398.jpg"},"origine":{"url":"https:\/\/www.saint-brevin.com\/medias\/images\/prestataires\/quais-paimb-uf-g-rard-buros-11398.jpg"}},"urlLien":"","typeLien":"","nofollow":"N","copyright":""}]}},"Url":"","Localisation":{"GoogleMap":{"Latitude":"47.28843","Longitude":"-2.03369"}},"ZoneGeo":"","Criteres":{"NIVPARTENAIRE[COMPLET":"","TYPHEBERG[CHOTE":"","MTYHAB[MMAI":"","COMMUNES[PAIMBOEUF":"","LIEU[PAIMBOEUFCENTRE":"","DISTANCEDELAGARE[KMGARESAINTBAZAIRE":"20","DISTANCEDELAGARE[KMGAREPORNIC":"21","DISTANCEMER[KMDELAMER":"11","DISTANCEDUCENTRE[MDUCENTREDEPAIMBOEUF":"300","DISTANCEDUBUS[MARRET":"300","DISTANCEDUBUS[MARRET16":"500","MLABEL[AVCH":"","MLABEL[LOIREAVELO":"","MLABEL[VELODYSSEE":"","MLABEL[RANDOACCUEIL":"","MCAPAC[MNBCH":"2","MCAPAC[MNBPAX":"4","MCAPAC[MNBLIT":"3","MSERV[MBABB":"","MSERV[MCH":"","MSERV[MINTWI":"","MSERV[MJDINT":"","MSERV[MLIBB":"","MSERV[MREH":"","MSERV[CHPP":"","MSERV[MSC":"","EQUIPGLOBAL[INTERNET":"","EQUIPGLOBAL[PARKING":"","EQUIPGLOBAL[EQUIPBB":"","DLTH[DHAACN":"","MEQEXT[MRDJ":"","MEQEXT[MJARD":"","MEQEXT[MGAR":"","MEQEXT[MCOUR":"","BEBEENFANTS[LITBEBE":"","BEBEENFANTS[BAIGNOIRBEBE":"","BEBEENFANTS[CHAISEHAUTE":"","BEBEENFANTS[REHAUSSEUR":"","BEBEENFANTS[JEUXINTERIEURS":"","BEBEENFANTS[WCENFANTS":"","PAIEME[ESPECE":"","PAIEME[CHBP":"","HANIM[HANINO":"","LANGUE[ANGLAI":"","INSPUBMAJ[NOTEPRESTA":"web+print 2025","INSPUBMAJ[PRINT2023":"","MISEAJOUR[FABIENNE":"","MISEAJOUR[MAELLE":"","MAJINGENIE[DATEDERNIEREMAJ":"20260407"},"DateFinPublication":"","PrixAPartirDe":"","PrixPour":"","FicheListeEnCours":"fiche_liste_residences_v2017","ParametresModele":{"AfficherPhotos":"1","NbPhotosMax":6,"AfficherReserver":0,"AfficherContact":0,"AfficherSalle":1,"AfficherZoneGeo":0,"AfficherEnSavoirPlus":"1","AfficherUneSeuleOuverture":0,"AfficherContactCarte":1,"AfficherTarifsChaudAPartirDe":0,"AfficherTarifChaudSansRecherche":0,"AfficherLiensCarnetVoyage":"1","BlocCritereInfo":{"critere1":{"libelle":"","liste_critere":["MCLCH|M1CLE|H","MCLCH|M1E|H","MCLCH|M2CLE|H","MCLCH|M2EP|H","MCLCH|M2SOL|H","MCLCH|M3CLE|H","MCLCH|M3EP|H","MCLCH|3EPEC|H","MCLCH|M3SOL|H","MCLCH|M4CLE|H","MCLCH|M4EP|H","MCLCH|4SOLEILS|H","PICTONN|H"]},"critere2":{"libelle":""},"critere3":{"libelle":""},"critere4":{"libelle":""},"critere5":{"libelle":""},"critere6":{"libelle":""},"critere7":{"libelle":"","liste_critere":["COMMUNES|H"]},"critere8":{"libelle":""},"afficherpictoetpaslibelle":"1"},"Criteres":"NIVPARTENAIRE[COMPLET|TYPHEBERG[RESID","PositionBloc":"NOM|GALLERIE|CARNET_VOYAGE|URL","TypePrestataire":"H","ComportementResa":false,"ComportementDispo":false},"AffichageCoordonnees":[],"Coordonnees":{"Ville":"PAIMBOEUF"},"ContexteId":"PRESTATAIRE|H|CHAMBREPIEDATERREPBF","ContexteIdHtml":"PRESTATAIRE-H-CHAMBREPIEDATERREPBF","cleContexte":"H|CHAMBREPIEDATERREPBF","Bloc":{"texte1":"","texte3":"","critere1":{"libelle":"","contenu":[]},"critere2":{"libelle":"","contenu":[]},"critere3":{"libelle":"","contenu":[]},"critere4":{"libelle":"","contenu":[]},"critere5":{"libelle":"","contenu":[]},"critere6":{"libelle":"","contenu":[]},"critere7":{"libelle":"","contenu":{"COMMUNES":{"libelle":"geographische Zone","contenu":{"2":"Paimboeuf"},"codesValeurs":{"2":"COMMUNES|PAIMBOEUF|H"},"criteres_datas":{"valeurs":{"2":{"PAIMBOEUF":{"descriptif":""}}}}}}},"critere8":{"libelle":"","contenu":[]},"critere9":{"libelle":"","contenu":[]}},"LocalisationGps":{"Latitude":"47.28843","Longitude":"-2.03369"},"libelleDuPrestataire":"","listeCriteres":{"NIVPARTENAIRE":{"COMPLET":""},"TYPHEBERG":{"CHOTE":""},"MTYHAB":{"MMAI":""},"COMMUNES":{"PAIMBOEUF":""},"LIEU":{"PAIMBOEUFCENTRE":""},"DISTANCEDELAGARE":{"KMGARESAINTBAZAIRE":"20","KMGAREPORNIC":"21"},"DISTANCEMER":{"KMDELAMER":"11"},"DISTANCEDUCENTRE":{"MDUCENTREDEPAIMBOEUF":"300"},"DISTANCEDUBUS":{"MARRET":"300","MARRET16":"500"},"MLABEL":{"AVCH":"","LOIREAVELO":"","VELODYSSEE":"","RANDOACCUEIL":""},"MCAPAC":{"MNBCH":"2","MNBPAX":"4","MNBLIT":"3"},"MSERV":{"MBABB":"","MCH":"","MINTWI":"","MJDINT":"","MLIBB":"","MREH":"","CHPP":"","MSC":""},"EQUIPGLOBAL":{"INTERNET":"","PARKING":"","EQUIPBB":""},"DLTH":{"DHAACN":""},"MEQEXT":{"MRDJ":"","MJARD":"","MGAR":"","MCOUR":""},"BEBEENFANTS":{"LITBEBE":"","BAIGNOIRBEBE":"","CHAISEHAUTE":"","REHAUSSEUR":"","JEUXINTERIEURS":"","WCENFANTS":""},"PAIEME":{"ESPECE":"","CHBP":""},"HANIM":{"HANINO":""},"LANGUE":{"ANGLAI":""},"INSPUBMAJ":{"NOTEPRESTA":"web+print 2025","PRINT2023":""},"MISEAJOUR":{"FABIENNE":"","MAELLE":""},"MAJINGENIE":{"DATEDERNIEREMAJ":"20260407"}},"dansCarnetVoyage":true,"Ouverture":""},"html":" \n \u003Cdiv id=\"CV-PRESTATAIRE-H-CHAMBREPIEDATERREPBF\" data-contexte-id=\"PRESTATAIRE|H|CHAMBREPIEDATERREPBF\" data-cle=\"H|CHAMBREPIEDATERREPBF\" class=\"fiche-liste\"\u003E\n    \n\n    \u003C!-- partie photo --\u003E\n    \u003Cdiv class=\"photo\"\u003E\t\t\t\t\t\t\t\t\t\t\t\t\t\t\t\t\t\t\t\t\t\n        \u003Cdiv class=\"cadre_photo_principale\"\u003E\t\t\n        \n            \t\t\t\t\t\n                    \u003Ca href=\"?origine=carnet#media\"\u003E\n                        \u003Cimg class=\"photo_principale\" alt=\"20210822-162926-2-8507\" src=\"https:\/\/www.saint-brevin.com\/medias\/images\/prestataires\/multitailles\/320x240_20210822-162926-2-8507.jpg\" itemprop=\"image\"\u003E\n                    \u003C\/a\u003E\t\t\t\t\t\t\n                \n                    \u003C\/div\u003E\t\t\t\t\t\t\t\t\t\t\t\t\t\t\t\t\t\t\t \t\t\n    \u003C\/div\u003E\n    \n    \u003C!-- partie nom prest --\u003E\n    \u003Cdiv class=\"nom\"\u003E\n        \u003Ch2\u003EPied \u00e0 terre\u003C\/h2\u003E\n        \n            \u003C\/div\u003E\n\n         \n    \u003C!-- partie adresse --\u003E\n    \u003Cdiv class=\"adresse\"\u003E\n    \n          \n    \u003C\/div\u003E\n    \n    \u003C!-- partie liens --\u003E\n    \u003Cdiv class=\"liens\"\u003E\n            \u003Ca class=\"btn-icon btn-view \" title=\"Detail  \" href=\"?origine=carnet\"\u003E\u003C\/a\u003E\u003C!--\u003Ca class=\"btn-icon btn-view \" title=\"\" href=\"?origine=carnet#thaut\"\u003E\u003C\/a\u003E--\u003E\n      \u003Ca class=\"btn-icon btn-trash carnet_voyage_supprimer\" title=\"Zur\u00fcckziehen \" href=\"carnet-voyage?action=remove&fiche=H|CHAMBREPIEDATERREPBF\"\u003E\u003C\/a\u003E\n    \u003C\/div\u003E\n\n\u003C\/div\u003E\n\n","icon":"https:\/\/static.ingenie.fr\/images\/carnetVoyageV3\/H.png"},"fiche":"H|CHAMBREPIEDATERREPBF","popup":"\u003Cdiv id=\"bloc_popup_ajout_fiche_carnet\"\u003E\n    \u003Cdiv class=\"info_popup_ajout_fiche_carnet\"\u003E\n        Sie haben gerade diesen Artikel zu Ihrer Auswahl hinzugef\u00fcgt :    \u003C\/div\u003E\n    \u003Cdiv class=\"prest_popup_ajout_fiche_carnet\"\u003E\n        Pied &agrave; terre     \u003C\/div\u003E\n    \u003Cdiv class=\"bloc_btn_ajout_fiche_carnet form_submit_div\"\u003E\n        \u003Cinput type=\"button\" value=\"Fortsetzen  \" title=\"Fortsetzen  \" name=\"btn_close\" class=\"btn_close_popup_carnet form_submit\" onclick=\"$.colorbox.close()\" \/\u003E\n        \u003Cinput type=\"button\" value=\"Bewertung meiner Auswahl  \" title=\"Bewertung meiner Auswahl  \" name=\"btn_panier\" class=\"btn_panier_popup_carnet form_submit\" onclick=\"if(typeof CarnetVoyage != 'undefined') {CarnetVoyage.voirCarnet();}\" \/\u003E\n    \u003C\/div\u003E\n    \u003Cdiv class=\"bloc_btn_ajout_fiche_carnet\"\u003E\n        \u003Cinput type=\"checkbox\" value=\"1\" name=\"desactiver_popup\" id=\"desactiver_popup\" \/\u003E\n        \u003Clabel for=\"desactiver_popup\"\u003EStoppen Sie diese Nachricht aficher \u003C\/label\u003E\n    \u003C\/div\u003E\n\u003C\/div\u003E","success":1}