{"nbFiches":1,"dataPrest":{"infoPrest":{"pave1":{"libelle":"Slogan","contenu":""},"pave2":{"libelle":"Descriptif","contenu":"Die Route der Fischereien am Loire-Ufer ist eine 30 km lange familienfreundliche Rad- und Gravel-Strecke, die Sie auf Entdeckungsreise durch die Loire-M&uuml;ndung, ihre Natursch&auml;tze und ihre emblematischen Fischereien f&uuml;hrt. Sie folgen der Route der Loire &agrave; V&eacute;lo von Paimboeuf nach Saint-Brevin und kehren dann auf Feldwegen durch die typischen D&ouml;rfer des Pays de Retz zur&uuml;ck.\u003Cbr \/\u003E\r\nUm Sie zu f&uuml;hren, k&ouml;nnen Sie den gpx-Track der Strecke von unserer Website auf Ihre bevorzugte gps-App herunterladen!"},"pave3":{"libelle":"","contenu":""},"pave4":{"libelle":"","contenu":""},"pave5":{"libelle":"","contenu":""},"pave6":{"libelle":"","contenu":""},"pave7":{"libelle":"","contenu":""},"pave8":{"libelle":"","contenu":""},"pave9":{"libelle":"","contenu":""},"pave10":{"libelle":"","contenu":""},"pave11":{"libelle":"","contenu":""},"pave12":{"libelle":"","contenu":""},"pave13":{"libelle":"","contenu":""},"pave14":{"libelle":"","contenu":""},"pave15":{"libelle":"","contenu":""},"pave16":{"libelle":"","contenu":""},"pave17":{"libelle":"","contenu":""},"pave18":{"libelle":"","contenu":""},"pave19":{"libelle":"","contenu":""},"pave20":{"libelle":"","contenu":""},"pave21":{"libelle":"","contenu":""},"pave22":{"libelle":"","contenu":""},"pave23":{"libelle":"","contenu":""},"pave24":{"libelle":"","contenu":""},"pave25":{"libelle":"","contenu":""},"Libelle":"Radtour der Fischereien am Loire-Ufer","Nom":"Circuit v\u00e9lo Les p\u00eacheries du bord de Loire","Prenom":"","NomPrenom":"Circuit v\u00e9lo Les p\u00eacheries du bord de Loire ","CiviliteNomPrenom":"Circuit v\u00e9lo Les p\u00eacheries du bord de Loire ","Cle":"I|PECHERIESDUBORDDELOIRE","PrestataireParent":"","ContexteStat":"PRESTATAIRE-I-PECHERIESDUBORDDELOIRE","DateModificationIso":"2025-11-19T15:54:00+01:00","Type":"PRESTATAIRE","TypePrestataire":"I","Adresse":{"LigneAdresse1":"Quai Sadi Carnot","LigneAdresse2":"","LigneAdresse3":"","CodePostal":"44560","Ville":"PAIMBOEUF","Cedex":"","Etat":"","Pays":"FRA"},"Email":"ot@tourisme-saint-brevin.fr","Telephone":"02 40 27 53 82","TelephoneBureau":"02 40 27 24 32","Portable":"","SiteWeb":"","Fax":"","Id":"i-pecheriesduborddeloire","Code":"I|PECHERIESDUBORDDELOIRE","Fichier":{"Document":[{"url":"https:\/\/www.saint-brevin.com\/medias\/images\/prestataires\/circuit-les-pecheries-du-bord-de-loire-10810.gpx","chemin":"..\/medias\/images\/prestataires\/circuit-les-pecheries-du-bord-de-loire-10810.gpx","libelle":"circuit-les-pecheries-du-bord-de-loire-10810","extension":"gpx","categorie":"","largeur":"","theme":"","hauteur":"","type":"Document","origine":"","liaisonPave":"","langue":"","id":"10810","poids":"198.27 Ko","alt":"circuit-les-pecheries-du-bord-de-loire-10810","title":"circuit-les-pecheries-du-bord-de-loire-10810"}],"ByCategorie":{"":[{"url":"https:\/\/www.saint-brevin.com\/medias\/images\/prestataires\/circuit-les-pecheries-du-bord-de-loire-10810.gpx","chemin":"..\/medias\/images\/prestataires\/circuit-les-pecheries-du-bord-de-loire-10810.gpx","libelle":"circuit-les-pecheries-du-bord-de-loire-10810","extension":"gpx","categorie":"","largeur":"","theme":"","hauteur":"","type":"Document","origine":"","liaisonPave":"","langue":"","id":"10810","poids":"198.27 Ko","alt":"circuit-les-pecheries-du-bord-de-loire-10810","title":"circuit-les-pecheries-du-bord-de-loire-10810"},{"url":"https:\/\/www.saint-brevin.com\/medias\/images\/prestataires\/corsept-maisonverte-pecheriesloire3-bd-ddufour-2021-10131.jpg","chemin":"..\/medias\/images\/prestataires\/corsept-maisonverte-pecheriesloire3-bd-ddufour-2021-10131.jpg","libelle":"corsept-maisonverte-pecheriesloire3-bd-ddufour-2021-10131","extension":"jpg","categorie":"","largeur":1621,"theme":"","hauteur":1080,"type":"Image","origine":"","liaisonPave":"","langue":"","id":"10131","urlVignette":"https:\/\/www.saint-brevin.com\/medias\/images\/prestataires\/v-corsept-maisonverte-pecheriesloire3-bd-ddufour-2021-10131.jpg","alt":"corsept-maisonverte-pecheriesloire3-bd-ddufour-2021-10131","title":"corsept-maisonverte-pecheriesloire3-bd-ddufour-2021-10131","MultiTaille":{"1920x1440":{"url":"https:\/\/www.saint-brevin.com\/medias\/images\/prestataires\/multitailles\/1920x1440_corsept-maisonverte-pecheriesloire3-bd-ddufour-2021-10131.jpg"},"1200x900":{"url":"https:\/\/www.saint-brevin.com\/medias\/images\/prestataires\/multitailles\/1200x900_corsept-maisonverte-pecheriesloire3-bd-ddufour-2021-10131.jpg"},"800x600":{"url":"https:\/\/www.saint-brevin.com\/medias\/images\/prestataires\/multitailles\/800x600_corsept-maisonverte-pecheriesloire3-bd-ddufour-2021-10131.jpg"},"640x480":{"url":"https:\/\/www.saint-brevin.com\/medias\/images\/prestataires\/multitailles\/640x480_corsept-maisonverte-pecheriesloire3-bd-ddufour-2021-10131.jpg"},"320x240":{"url":"https:\/\/www.saint-brevin.com\/medias\/images\/prestataires\/multitailles\/320x240_corsept-maisonverte-pecheriesloire3-bd-ddufour-2021-10131.jpg"},"160x120":{"url":"https:\/\/www.saint-brevin.com\/medias\/images\/prestataires\/multitailles\/160x120_corsept-maisonverte-pecheriesloire3-bd-ddufour-2021-10131.jpg"},"origine":{"url":"https:\/\/www.saint-brevin.com\/medias\/images\/prestataires\/corsept-maisonverte-pecheriesloire3-bd-ddufour-2021-10131.jpg"}},"urlLien":"","typeLien":"","nofollow":"N","copyright":""},{"url":"https:\/\/www.saint-brevin.com\/medias\/images\/prestataires\/corsept-maisonverte-velodyssee2-bd-ddufour-2021-10129.jpg","chemin":"..\/medias\/images\/prestataires\/corsept-maisonverte-velodyssee2-bd-ddufour-2021-10129.jpg","libelle":"corsept-maisonverte-velodyssee2-bd-ddufour-2021-10129","extension":"jpg","categorie":"","largeur":720,"theme":"","hauteur":1080,"type":"Image","origine":"","liaisonPave":"","langue":"","id":"10129","urlVignette":"https:\/\/www.saint-brevin.com\/medias\/images\/prestataires\/v-corsept-maisonverte-velodyssee2-bd-ddufour-2021-10129.jpg","alt":"corsept-maisonverte-velodyssee2-bd-ddufour-2021-10129","title":"corsept-maisonverte-velodyssee2-bd-ddufour-2021-10129","MultiTaille":{"1920x1440":{"url":"https:\/\/www.saint-brevin.com\/medias\/images\/prestataires\/multitailles\/1920x1440_corsept-maisonverte-velodyssee2-bd-ddufour-2021-10129.jpg"},"1200x900":{"url":"https:\/\/www.saint-brevin.com\/medias\/images\/prestataires\/multitailles\/1200x900_corsept-maisonverte-velodyssee2-bd-ddufour-2021-10129.jpg"},"800x600":{"url":"https:\/\/www.saint-brevin.com\/medias\/images\/prestataires\/multitailles\/800x600_corsept-maisonverte-velodyssee2-bd-ddufour-2021-10129.jpg"},"640x480":{"url":"https:\/\/www.saint-brevin.com\/medias\/images\/prestataires\/multitailles\/640x480_corsept-maisonverte-velodyssee2-bd-ddufour-2021-10129.jpg"},"320x240":{"url":"https:\/\/www.saint-brevin.com\/medias\/images\/prestataires\/multitailles\/320x240_corsept-maisonverte-velodyssee2-bd-ddufour-2021-10129.jpg"},"160x120":{"url":"https:\/\/www.saint-brevin.com\/medias\/images\/prestataires\/multitailles\/160x120_corsept-maisonverte-velodyssee2-bd-ddufour-2021-10129.jpg"},"origine":{"url":"https:\/\/www.saint-brevin.com\/medias\/images\/prestataires\/corsept-maisonverte-velodyssee2-bd-ddufour-2021-10129.jpg"}},"urlLien":"","typeLien":"","nofollow":"N","copyright":""},{"url":"https:\/\/www.saint-brevin.com\/medias\/images\/prestataires\/corsept-maisonverte-pecheriesloire2-bd-ddufour-2021-10130.jpg","chemin":"..\/medias\/images\/prestataires\/corsept-maisonverte-pecheriesloire2-bd-ddufour-2021-10130.jpg","libelle":"corsept-maisonverte-pecheriesloire2-bd-ddufour-2021-10130","extension":"jpg","categorie":"","largeur":1620,"theme":"","hauteur":1080,"type":"Image","origine":"","liaisonPave":"","langue":"","id":"10130","urlVignette":"https:\/\/www.saint-brevin.com\/medias\/images\/prestataires\/v-corsept-maisonverte-pecheriesloire2-bd-ddufour-2021-10130.jpg","alt":"corsept-maisonverte-pecheriesloire2-bd-ddufour-2021-10130","title":"corsept-maisonverte-pecheriesloire2-bd-ddufour-2021-10130","MultiTaille":{"1920x1440":{"url":"https:\/\/www.saint-brevin.com\/medias\/images\/prestataires\/multitailles\/1920x1440_corsept-maisonverte-pecheriesloire2-bd-ddufour-2021-10130.jpg"},"1200x900":{"url":"https:\/\/www.saint-brevin.com\/medias\/images\/prestataires\/multitailles\/1200x900_corsept-maisonverte-pecheriesloire2-bd-ddufour-2021-10130.jpg"},"800x600":{"url":"https:\/\/www.saint-brevin.com\/medias\/images\/prestataires\/multitailles\/800x600_corsept-maisonverte-pecheriesloire2-bd-ddufour-2021-10130.jpg"},"640x480":{"url":"https:\/\/www.saint-brevin.com\/medias\/images\/prestataires\/multitailles\/640x480_corsept-maisonverte-pecheriesloire2-bd-ddufour-2021-10130.jpg"},"320x240":{"url":"https:\/\/www.saint-brevin.com\/medias\/images\/prestataires\/multitailles\/320x240_corsept-maisonverte-pecheriesloire2-bd-ddufour-2021-10130.jpg"},"160x120":{"url":"https:\/\/www.saint-brevin.com\/medias\/images\/prestataires\/multitailles\/160x120_corsept-maisonverte-pecheriesloire2-bd-ddufour-2021-10130.jpg"},"origine":{"url":"https:\/\/www.saint-brevin.com\/medias\/images\/prestataires\/corsept-maisonverte-pecheriesloire2-bd-ddufour-2021-10130.jpg"}},"urlLien":"","typeLien":"","nofollow":"N","copyright":""},{"url":"https:\/\/www.saint-brevin.com\/medias\/images\/prestataires\/corsept-maisonverte-village-bd-ddufour-2021-10132.jpg","chemin":"..\/medias\/images\/prestataires\/corsept-maisonverte-village-bd-ddufour-2021-10132.jpg","libelle":"corsept-maisonverte-village-bd-ddufour-2021-10132","extension":"jpg","categorie":"","largeur":1620,"theme":"","hauteur":1080,"type":"Image","origine":"","liaisonPave":"","langue":"","id":"10132","urlVignette":"https:\/\/www.saint-brevin.com\/medias\/images\/prestataires\/v-corsept-maisonverte-village-bd-ddufour-2021-10132.jpg","alt":"corsept-maisonverte-village-bd-ddufour-2021-10132","title":"corsept-maisonverte-village-bd-ddufour-2021-10132","MultiTaille":{"1920x1440":{"url":"https:\/\/www.saint-brevin.com\/medias\/images\/prestataires\/multitailles\/1920x1440_corsept-maisonverte-village-bd-ddufour-2021-10132.jpg"},"1200x900":{"url":"https:\/\/www.saint-brevin.com\/medias\/images\/prestataires\/multitailles\/1200x900_corsept-maisonverte-village-bd-ddufour-2021-10132.jpg"},"800x600":{"url":"https:\/\/www.saint-brevin.com\/medias\/images\/prestataires\/multitailles\/800x600_corsept-maisonverte-village-bd-ddufour-2021-10132.jpg"},"640x480":{"url":"https:\/\/www.saint-brevin.com\/medias\/images\/prestataires\/multitailles\/640x480_corsept-maisonverte-village-bd-ddufour-2021-10132.jpg"},"320x240":{"url":"https:\/\/www.saint-brevin.com\/medias\/images\/prestataires\/multitailles\/320x240_corsept-maisonverte-village-bd-ddufour-2021-10132.jpg"},"160x120":{"url":"https:\/\/www.saint-brevin.com\/medias\/images\/prestataires\/multitailles\/160x120_corsept-maisonverte-village-bd-ddufour-2021-10132.jpg"},"origine":{"url":"https:\/\/www.saint-brevin.com\/medias\/images\/prestataires\/corsept-maisonverte-village-bd-ddufour-2021-10132.jpg"}},"urlLien":"","typeLien":"","nofollow":"N","copyright":""},{"url":"https:\/\/www.saint-brevin.com\/medias\/images\/prestataires\/phare-paimboeuf-douaud-10104-10124.jpg","chemin":"..\/medias\/images\/prestataires\/phare-paimboeuf-douaud-10104-10124.jpg","libelle":"phare-paimboeuf-douaud-10104","extension":"jpg","categorie":"","largeur":1496,"theme":"","hauteur":984,"type":"Image","origine":"","liaisonPave":"","langue":"","id":"10124","urlVignette":"https:\/\/www.saint-brevin.com\/medias\/images\/prestataires\/v-phare-paimboeuf-douaud-10104-10124.jpg","alt":"phare-paimboeuf-douaud-10104","title":"phare-paimboeuf-douaud-10104","MultiTaille":{"1920x1440":{"url":"https:\/\/www.saint-brevin.com\/medias\/images\/prestataires\/multitailles\/1920x1440_phare-paimboeuf-douaud-10104-10124.jpg"},"1200x900":{"url":"https:\/\/www.saint-brevin.com\/medias\/images\/prestataires\/multitailles\/1200x900_phare-paimboeuf-douaud-10104-10124.jpg"},"800x600":{"url":"https:\/\/www.saint-brevin.com\/medias\/images\/prestataires\/multitailles\/800x600_phare-paimboeuf-douaud-10104-10124.jpg"},"640x480":{"url":"https:\/\/www.saint-brevin.com\/medias\/images\/prestataires\/multitailles\/640x480_phare-paimboeuf-douaud-10104-10124.jpg"},"320x240":{"url":"https:\/\/www.saint-brevin.com\/medias\/images\/prestataires\/multitailles\/320x240_phare-paimboeuf-douaud-10104-10124.jpg"},"160x120":{"url":"https:\/\/www.saint-brevin.com\/medias\/images\/prestataires\/multitailles\/160x120_phare-paimboeuf-douaud-10104-10124.jpg"},"origine":{"url":"https:\/\/www.saint-brevin.com\/medias\/images\/prestataires\/phare-paimboeuf-douaud-10104-10124.jpg"}},"urlLien":"","typeLien":"","nofollow":"N","copyright":""},{"url":"https:\/\/www.saint-brevin.com\/medias\/images\/prestataires\/quais-paimboeuf-vincent-frasiak-9913-10093-10122.jpg","chemin":"..\/medias\/images\/prestataires\/quais-paimboeuf-vincent-frasiak-9913-10093-10122.jpg","libelle":"quais-paimboeuf-vincent-frasiak-9913","extension":"jpg","categorie":"","largeur":5472,"theme":"","hauteur":3648,"type":"Image","origine":"","liaisonPave":"","langue":"","id":"10122","urlVignette":"https:\/\/www.saint-brevin.com\/medias\/images\/prestataires\/v-quais-paimboeuf-vincent-frasiak-9913-10093-10122.jpg","alt":"quais-paimboeuf-vincent-frasiak-9913","title":"quais-paimboeuf-vincent-frasiak-9913","MultiTaille":{"1920x1440":{"url":"https:\/\/www.saint-brevin.com\/medias\/images\/prestataires\/multitailles\/1920x1440_quais-paimboeuf-vincent-frasiak-9913-10093-10122.jpg"},"1200x900":{"url":"https:\/\/www.saint-brevin.com\/medias\/images\/prestataires\/multitailles\/1200x900_quais-paimboeuf-vincent-frasiak-9913-10093-10122.jpg"},"800x600":{"url":"https:\/\/www.saint-brevin.com\/medias\/images\/prestataires\/multitailles\/800x600_quais-paimboeuf-vincent-frasiak-9913-10093-10122.jpg"},"640x480":{"url":"https:\/\/www.saint-brevin.com\/medias\/images\/prestataires\/multitailles\/640x480_quais-paimboeuf-vincent-frasiak-9913-10093-10122.jpg"},"320x240":{"url":"https:\/\/www.saint-brevin.com\/medias\/images\/prestataires\/multitailles\/320x240_quais-paimboeuf-vincent-frasiak-9913-10093-10122.jpg"},"160x120":{"url":"https:\/\/www.saint-brevin.com\/medias\/images\/prestataires\/multitailles\/160x120_quais-paimboeuf-vincent-frasiak-9913-10093-10122.jpg"},"origine":{"url":"https:\/\/www.saint-brevin.com\/medias\/images\/prestataires\/quais-paimboeuf-vincent-frasiak-9913-10093-10122.jpg"}},"urlLien":"","typeLien":"","nofollow":"N","copyright":""},{"url":"https:\/\/www.saint-brevin.com\/medias\/images\/prestataires\/panneau-v-lo-paimboeuf-sept2025-10758.jpg","chemin":"..\/medias\/images\/prestataires\/panneau-v-lo-paimboeuf-sept2025-10758.jpg","libelle":"panneau-v-lo-paimboeuf-sept2025-10758","extension":"jpg","categorie":"","largeur":4624,"theme":"","hauteur":2600,"type":"Image","origine":"","liaisonPave":"","langue":"","id":"10758","urlVignette":"https:\/\/www.saint-brevin.com\/medias\/images\/prestataires\/v-panneau-v-lo-paimboeuf-sept2025-10758.jpg","alt":"panneau-v-lo-paimboeuf-sept2025-10758","title":"panneau-v-lo-paimboeuf-sept2025-10758","MultiTaille":{"1920x1440":{"url":"https:\/\/www.saint-brevin.com\/medias\/images\/prestataires\/multitailles\/1920x1440_panneau-v-lo-paimboeuf-sept2025-10758.jpg"},"1200x900":{"url":"https:\/\/www.saint-brevin.com\/medias\/images\/prestataires\/multitailles\/1200x900_panneau-v-lo-paimboeuf-sept2025-10758.jpg"},"800x600":{"url":"https:\/\/www.saint-brevin.com\/medias\/images\/prestataires\/multitailles\/800x600_panneau-v-lo-paimboeuf-sept2025-10758.jpg"},"640x480":{"url":"https:\/\/www.saint-brevin.com\/medias\/images\/prestataires\/multitailles\/640x480_panneau-v-lo-paimboeuf-sept2025-10758.jpg"},"320x240":{"url":"https:\/\/www.saint-brevin.com\/medias\/images\/prestataires\/multitailles\/320x240_panneau-v-lo-paimboeuf-sept2025-10758.jpg"},"160x120":{"url":"https:\/\/www.saint-brevin.com\/medias\/images\/prestataires\/multitailles\/160x120_panneau-v-lo-paimboeuf-sept2025-10758.jpg"},"origine":{"url":"https:\/\/www.saint-brevin.com\/medias\/images\/prestataires\/panneau-v-lo-paimboeuf-sept2025-10758.jpg"}},"urlLien":"","typeLien":"","nofollow":"N","copyright":""}]},"Image":[{"url":"https:\/\/www.saint-brevin.com\/medias\/images\/prestataires\/corsept-maisonverte-pecheriesloire3-bd-ddufour-2021-10131.jpg","chemin":"..\/medias\/images\/prestataires\/corsept-maisonverte-pecheriesloire3-bd-ddufour-2021-10131.jpg","libelle":"corsept-maisonverte-pecheriesloire3-bd-ddufour-2021-10131","extension":"jpg","categorie":"","largeur":1621,"theme":"","hauteur":1080,"type":"Image","origine":"","liaisonPave":"","langue":"","id":"10131","urlVignette":"https:\/\/www.saint-brevin.com\/medias\/images\/prestataires\/v-corsept-maisonverte-pecheriesloire3-bd-ddufour-2021-10131.jpg","alt":"corsept-maisonverte-pecheriesloire3-bd-ddufour-2021-10131","title":"corsept-maisonverte-pecheriesloire3-bd-ddufour-2021-10131","MultiTaille":{"1920x1440":{"url":"https:\/\/www.saint-brevin.com\/medias\/images\/prestataires\/multitailles\/1920x1440_corsept-maisonverte-pecheriesloire3-bd-ddufour-2021-10131.jpg"},"1200x900":{"url":"https:\/\/www.saint-brevin.com\/medias\/images\/prestataires\/multitailles\/1200x900_corsept-maisonverte-pecheriesloire3-bd-ddufour-2021-10131.jpg"},"800x600":{"url":"https:\/\/www.saint-brevin.com\/medias\/images\/prestataires\/multitailles\/800x600_corsept-maisonverte-pecheriesloire3-bd-ddufour-2021-10131.jpg"},"640x480":{"url":"https:\/\/www.saint-brevin.com\/medias\/images\/prestataires\/multitailles\/640x480_corsept-maisonverte-pecheriesloire3-bd-ddufour-2021-10131.jpg"},"320x240":{"url":"https:\/\/www.saint-brevin.com\/medias\/images\/prestataires\/multitailles\/320x240_corsept-maisonverte-pecheriesloire3-bd-ddufour-2021-10131.jpg"},"160x120":{"url":"https:\/\/www.saint-brevin.com\/medias\/images\/prestataires\/multitailles\/160x120_corsept-maisonverte-pecheriesloire3-bd-ddufour-2021-10131.jpg"},"origine":{"url":"https:\/\/www.saint-brevin.com\/medias\/images\/prestataires\/corsept-maisonverte-pecheriesloire3-bd-ddufour-2021-10131.jpg"}},"urlLien":"","typeLien":"","nofollow":"N","copyright":""},{"url":"https:\/\/www.saint-brevin.com\/medias\/images\/prestataires\/corsept-maisonverte-velodyssee2-bd-ddufour-2021-10129.jpg","chemin":"..\/medias\/images\/prestataires\/corsept-maisonverte-velodyssee2-bd-ddufour-2021-10129.jpg","libelle":"corsept-maisonverte-velodyssee2-bd-ddufour-2021-10129","extension":"jpg","categorie":"","largeur":720,"theme":"","hauteur":1080,"type":"Image","origine":"","liaisonPave":"","langue":"","id":"10129","urlVignette":"https:\/\/www.saint-brevin.com\/medias\/images\/prestataires\/v-corsept-maisonverte-velodyssee2-bd-ddufour-2021-10129.jpg","alt":"corsept-maisonverte-velodyssee2-bd-ddufour-2021-10129","title":"corsept-maisonverte-velodyssee2-bd-ddufour-2021-10129","MultiTaille":{"1920x1440":{"url":"https:\/\/www.saint-brevin.com\/medias\/images\/prestataires\/multitailles\/1920x1440_corsept-maisonverte-velodyssee2-bd-ddufour-2021-10129.jpg"},"1200x900":{"url":"https:\/\/www.saint-brevin.com\/medias\/images\/prestataires\/multitailles\/1200x900_corsept-maisonverte-velodyssee2-bd-ddufour-2021-10129.jpg"},"800x600":{"url":"https:\/\/www.saint-brevin.com\/medias\/images\/prestataires\/multitailles\/800x600_corsept-maisonverte-velodyssee2-bd-ddufour-2021-10129.jpg"},"640x480":{"url":"https:\/\/www.saint-brevin.com\/medias\/images\/prestataires\/multitailles\/640x480_corsept-maisonverte-velodyssee2-bd-ddufour-2021-10129.jpg"},"320x240":{"url":"https:\/\/www.saint-brevin.com\/medias\/images\/prestataires\/multitailles\/320x240_corsept-maisonverte-velodyssee2-bd-ddufour-2021-10129.jpg"},"160x120":{"url":"https:\/\/www.saint-brevin.com\/medias\/images\/prestataires\/multitailles\/160x120_corsept-maisonverte-velodyssee2-bd-ddufour-2021-10129.jpg"},"origine":{"url":"https:\/\/www.saint-brevin.com\/medias\/images\/prestataires\/corsept-maisonverte-velodyssee2-bd-ddufour-2021-10129.jpg"}},"urlLien":"","typeLien":"","nofollow":"N","copyright":""},{"url":"https:\/\/www.saint-brevin.com\/medias\/images\/prestataires\/corsept-maisonverte-pecheriesloire2-bd-ddufour-2021-10130.jpg","chemin":"..\/medias\/images\/prestataires\/corsept-maisonverte-pecheriesloire2-bd-ddufour-2021-10130.jpg","libelle":"corsept-maisonverte-pecheriesloire2-bd-ddufour-2021-10130","extension":"jpg","categorie":"","largeur":1620,"theme":"","hauteur":1080,"type":"Image","origine":"","liaisonPave":"","langue":"","id":"10130","urlVignette":"https:\/\/www.saint-brevin.com\/medias\/images\/prestataires\/v-corsept-maisonverte-pecheriesloire2-bd-ddufour-2021-10130.jpg","alt":"corsept-maisonverte-pecheriesloire2-bd-ddufour-2021-10130","title":"corsept-maisonverte-pecheriesloire2-bd-ddufour-2021-10130","MultiTaille":{"1920x1440":{"url":"https:\/\/www.saint-brevin.com\/medias\/images\/prestataires\/multitailles\/1920x1440_corsept-maisonverte-pecheriesloire2-bd-ddufour-2021-10130.jpg"},"1200x900":{"url":"https:\/\/www.saint-brevin.com\/medias\/images\/prestataires\/multitailles\/1200x900_corsept-maisonverte-pecheriesloire2-bd-ddufour-2021-10130.jpg"},"800x600":{"url":"https:\/\/www.saint-brevin.com\/medias\/images\/prestataires\/multitailles\/800x600_corsept-maisonverte-pecheriesloire2-bd-ddufour-2021-10130.jpg"},"640x480":{"url":"https:\/\/www.saint-brevin.com\/medias\/images\/prestataires\/multitailles\/640x480_corsept-maisonverte-pecheriesloire2-bd-ddufour-2021-10130.jpg"},"320x240":{"url":"https:\/\/www.saint-brevin.com\/medias\/images\/prestataires\/multitailles\/320x240_corsept-maisonverte-pecheriesloire2-bd-ddufour-2021-10130.jpg"},"160x120":{"url":"https:\/\/www.saint-brevin.com\/medias\/images\/prestataires\/multitailles\/160x120_corsept-maisonverte-pecheriesloire2-bd-ddufour-2021-10130.jpg"},"origine":{"url":"https:\/\/www.saint-brevin.com\/medias\/images\/prestataires\/corsept-maisonverte-pecheriesloire2-bd-ddufour-2021-10130.jpg"}},"urlLien":"","typeLien":"","nofollow":"N","copyright":""},{"url":"https:\/\/www.saint-brevin.com\/medias\/images\/prestataires\/corsept-maisonverte-village-bd-ddufour-2021-10132.jpg","chemin":"..\/medias\/images\/prestataires\/corsept-maisonverte-village-bd-ddufour-2021-10132.jpg","libelle":"corsept-maisonverte-village-bd-ddufour-2021-10132","extension":"jpg","categorie":"","largeur":1620,"theme":"","hauteur":1080,"type":"Image","origine":"","liaisonPave":"","langue":"","id":"10132","urlVignette":"https:\/\/www.saint-brevin.com\/medias\/images\/prestataires\/v-corsept-maisonverte-village-bd-ddufour-2021-10132.jpg","alt":"corsept-maisonverte-village-bd-ddufour-2021-10132","title":"corsept-maisonverte-village-bd-ddufour-2021-10132","MultiTaille":{"1920x1440":{"url":"https:\/\/www.saint-brevin.com\/medias\/images\/prestataires\/multitailles\/1920x1440_corsept-maisonverte-village-bd-ddufour-2021-10132.jpg"},"1200x900":{"url":"https:\/\/www.saint-brevin.com\/medias\/images\/prestataires\/multitailles\/1200x900_corsept-maisonverte-village-bd-ddufour-2021-10132.jpg"},"800x600":{"url":"https:\/\/www.saint-brevin.com\/medias\/images\/prestataires\/multitailles\/800x600_corsept-maisonverte-village-bd-ddufour-2021-10132.jpg"},"640x480":{"url":"https:\/\/www.saint-brevin.com\/medias\/images\/prestataires\/multitailles\/640x480_corsept-maisonverte-village-bd-ddufour-2021-10132.jpg"},"320x240":{"url":"https:\/\/www.saint-brevin.com\/medias\/images\/prestataires\/multitailles\/320x240_corsept-maisonverte-village-bd-ddufour-2021-10132.jpg"},"160x120":{"url":"https:\/\/www.saint-brevin.com\/medias\/images\/prestataires\/multitailles\/160x120_corsept-maisonverte-village-bd-ddufour-2021-10132.jpg"},"origine":{"url":"https:\/\/www.saint-brevin.com\/medias\/images\/prestataires\/corsept-maisonverte-village-bd-ddufour-2021-10132.jpg"}},"urlLien":"","typeLien":"","nofollow":"N","copyright":""},{"url":"https:\/\/www.saint-brevin.com\/medias\/images\/prestataires\/phare-paimboeuf-douaud-10104-10124.jpg","chemin":"..\/medias\/images\/prestataires\/phare-paimboeuf-douaud-10104-10124.jpg","libelle":"phare-paimboeuf-douaud-10104","extension":"jpg","categorie":"","largeur":1496,"theme":"","hauteur":984,"type":"Image","origine":"","liaisonPave":"","langue":"","id":"10124","urlVignette":"https:\/\/www.saint-brevin.com\/medias\/images\/prestataires\/v-phare-paimboeuf-douaud-10104-10124.jpg","alt":"phare-paimboeuf-douaud-10104","title":"phare-paimboeuf-douaud-10104","MultiTaille":{"1920x1440":{"url":"https:\/\/www.saint-brevin.com\/medias\/images\/prestataires\/multitailles\/1920x1440_phare-paimboeuf-douaud-10104-10124.jpg"},"1200x900":{"url":"https:\/\/www.saint-brevin.com\/medias\/images\/prestataires\/multitailles\/1200x900_phare-paimboeuf-douaud-10104-10124.jpg"},"800x600":{"url":"https:\/\/www.saint-brevin.com\/medias\/images\/prestataires\/multitailles\/800x600_phare-paimboeuf-douaud-10104-10124.jpg"},"640x480":{"url":"https:\/\/www.saint-brevin.com\/medias\/images\/prestataires\/multitailles\/640x480_phare-paimboeuf-douaud-10104-10124.jpg"},"320x240":{"url":"https:\/\/www.saint-brevin.com\/medias\/images\/prestataires\/multitailles\/320x240_phare-paimboeuf-douaud-10104-10124.jpg"},"160x120":{"url":"https:\/\/www.saint-brevin.com\/medias\/images\/prestataires\/multitailles\/160x120_phare-paimboeuf-douaud-10104-10124.jpg"},"origine":{"url":"https:\/\/www.saint-brevin.com\/medias\/images\/prestataires\/phare-paimboeuf-douaud-10104-10124.jpg"}},"urlLien":"","typeLien":"","nofollow":"N","copyright":""},{"url":"https:\/\/www.saint-brevin.com\/medias\/images\/prestataires\/quais-paimboeuf-vincent-frasiak-9913-10093-10122.jpg","chemin":"..\/medias\/images\/prestataires\/quais-paimboeuf-vincent-frasiak-9913-10093-10122.jpg","libelle":"quais-paimboeuf-vincent-frasiak-9913","extension":"jpg","categorie":"","largeur":5472,"theme":"","hauteur":3648,"type":"Image","origine":"","liaisonPave":"","langue":"","id":"10122","urlVignette":"https:\/\/www.saint-brevin.com\/medias\/images\/prestataires\/v-quais-paimboeuf-vincent-frasiak-9913-10093-10122.jpg","alt":"quais-paimboeuf-vincent-frasiak-9913","title":"quais-paimboeuf-vincent-frasiak-9913","MultiTaille":{"1920x1440":{"url":"https:\/\/www.saint-brevin.com\/medias\/images\/prestataires\/multitailles\/1920x1440_quais-paimboeuf-vincent-frasiak-9913-10093-10122.jpg"},"1200x900":{"url":"https:\/\/www.saint-brevin.com\/medias\/images\/prestataires\/multitailles\/1200x900_quais-paimboeuf-vincent-frasiak-9913-10093-10122.jpg"},"800x600":{"url":"https:\/\/www.saint-brevin.com\/medias\/images\/prestataires\/multitailles\/800x600_quais-paimboeuf-vincent-frasiak-9913-10093-10122.jpg"},"640x480":{"url":"https:\/\/www.saint-brevin.com\/medias\/images\/prestataires\/multitailles\/640x480_quais-paimboeuf-vincent-frasiak-9913-10093-10122.jpg"},"320x240":{"url":"https:\/\/www.saint-brevin.com\/medias\/images\/prestataires\/multitailles\/320x240_quais-paimboeuf-vincent-frasiak-9913-10093-10122.jpg"},"160x120":{"url":"https:\/\/www.saint-brevin.com\/medias\/images\/prestataires\/multitailles\/160x120_quais-paimboeuf-vincent-frasiak-9913-10093-10122.jpg"},"origine":{"url":"https:\/\/www.saint-brevin.com\/medias\/images\/prestataires\/quais-paimboeuf-vincent-frasiak-9913-10093-10122.jpg"}},"urlLien":"","typeLien":"","nofollow":"N","copyright":""},{"url":"https:\/\/www.saint-brevin.com\/medias\/images\/prestataires\/panneau-v-lo-paimboeuf-sept2025-10758.jpg","chemin":"..\/medias\/images\/prestataires\/panneau-v-lo-paimboeuf-sept2025-10758.jpg","libelle":"panneau-v-lo-paimboeuf-sept2025-10758","extension":"jpg","categorie":"","largeur":4624,"theme":"","hauteur":2600,"type":"Image","origine":"","liaisonPave":"","langue":"","id":"10758","urlVignette":"https:\/\/www.saint-brevin.com\/medias\/images\/prestataires\/v-panneau-v-lo-paimboeuf-sept2025-10758.jpg","alt":"panneau-v-lo-paimboeuf-sept2025-10758","title":"panneau-v-lo-paimboeuf-sept2025-10758","MultiTaille":{"1920x1440":{"url":"https:\/\/www.saint-brevin.com\/medias\/images\/prestataires\/multitailles\/1920x1440_panneau-v-lo-paimboeuf-sept2025-10758.jpg"},"1200x900":{"url":"https:\/\/www.saint-brevin.com\/medias\/images\/prestataires\/multitailles\/1200x900_panneau-v-lo-paimboeuf-sept2025-10758.jpg"},"800x600":{"url":"https:\/\/www.saint-brevin.com\/medias\/images\/prestataires\/multitailles\/800x600_panneau-v-lo-paimboeuf-sept2025-10758.jpg"},"640x480":{"url":"https:\/\/www.saint-brevin.com\/medias\/images\/prestataires\/multitailles\/640x480_panneau-v-lo-paimboeuf-sept2025-10758.jpg"},"320x240":{"url":"https:\/\/www.saint-brevin.com\/medias\/images\/prestataires\/multitailles\/320x240_panneau-v-lo-paimboeuf-sept2025-10758.jpg"},"160x120":{"url":"https:\/\/www.saint-brevin.com\/medias\/images\/prestataires\/multitailles\/160x120_panneau-v-lo-paimboeuf-sept2025-10758.jpg"},"origine":{"url":"https:\/\/www.saint-brevin.com\/medias\/images\/prestataires\/panneau-v-lo-paimboeuf-sept2025-10758.jpg"}},"urlLien":"","typeLien":"","nofollow":"N","copyright":""}]},"Url":"","Localisation":{"GoogleMap":{"Latitude":"47.28944","Longitude":"-2.02844"}},"ZoneGeo":"","Criteres":{"ICOMMU[ICD":"Paimboeuf","ICOMMU[ICA":"Paimboeuf","COMMUNES[SAINTBREVIN":"","COMMUNES[PAIMBOEUF":"","COMMUNES[CORSEPT":"","INAI[ISPR":"","ITYITI[ICYCLO":"","ITHITI[IND":"","TDLTH[DHAACN":"","IDIITI[IFACI":"","IJESUIS[IFAMILLE":"","IDUITIAVELO[IDEMIJOURNEE":"","DISTANCEDELAGARE[KMGARESAINTBAZAIRE":"19","DISTANCEDELAGARE[KMGAREPORNIC":"23","IINITI[IDISTANCEKM":"30,4","IPRAT[IFACILE":"","MAJINGENIE[DATEDERNIEREMAJ":"20251119","MISEAJOUR[FABIENNE":""},"DateFinPublication":"","PrixAPartirDe":"","PrixPour":"","FicheListeEnCours":"fiche_liste_itineraires_touristiques_v2017","ParametresModele":{"AfficherPhotos":"1","NbPhotosMax":6,"AfficherReserver":0,"AfficherContact":0,"AfficherSalle":1,"AfficherZoneGeo":0,"AfficherEnSavoirPlus":"1","AfficherUneSeuleOuverture":0,"AfficherContactCarte":1,"AfficherTarifsChaudAPartirDe":0,"AfficherTarifChaudSansRecherche":0,"AfficherLiensCarnetVoyage":"1","BlocCritereInfo":{"critere1":{"libelle":"","liste_critere":["ITYITI|I"]},"critere2":{"libelle":"","liste_critere":["COMMUNES|I","IDIITI|I","IINITI|IMINUTES|I"]},"critere3":{"libelle":""},"critere4":{"libelle":""},"critere5":{"libelle":""},"critere6":{"libelle":""},"critere7":{"libelle":""},"critere8":{"libelle":""},"afficherpictoetpaslibelle":"1"},"PositionBloc":"NOM|GALLERIE|CARNET_VOYAGE|URL|AFFICHERZONEGEO|ZONEPRINCIPALFICHEPRESTA|PICTOSOUSPHOTOS|DESCRIPTIF","TypePrestataire":"I","ComportementResa":false,"ComportementDispo":false},"AffichageCoordonnees":[],"Coordonnees":{"Ville":"PAIMBOEUF"},"ContexteId":"PRESTATAIRE|I|PECHERIESDUBORDDELOIRE","ContexteIdHtml":"PRESTATAIRE-I-PECHERIESDUBORDDELOIRE","cleContexte":"I|PECHERIESDUBORDDELOIRE","Bloc":{"texte1":"","texte3":"","critere1":{"libelle":"","contenu":{"ITYITI":{"libelle":"ART DER ROUTE","contenu":{"2":"\u003Cimg src=\"https:\/\/www.saint-brevin.com\/medias\/images\/picto\/ITYITI-ICYCLO-I.png\"  alt=\"Radwandern\" title=\"Radwandern\" \/\u003E"},"codesValeurs":{"2":"ITYITI|ICYCLO|I"},"criteres_datas":{"valeurs":{"2":{"ICYCLO":{"descriptif":""}}}}}}},"critere2":{"libelle":"","contenu":{"COMMUNES":{"libelle":"geographische Zone","contenu":{"1":"Saint-Brevin","2":"Paimboeuf","3":"Corsept"},"codesValeurs":{"1":"COMMUNES|SAINTBREVIN|I","2":"COMMUNES|PAIMBOEUF|I","3":"COMMUNES|CORSEPT|I"},"criteres_datas":{"valeurs":{"1":{"SAINTBREVIN":{"descriptif":""}},"2":{"PAIMBOEUF":{"descriptif":""}},"3":{"CORSEPT":{"descriptif":""}}}}},"IDIITI":{"libelle":"Schwierigkeit der reiseroute","contenu":{"2":"Leicht"},"codesValeurs":{"2":"IDIITI|IFACI|I"},"criteres_datas":{"valeurs":{"2":{"IFACI":{"descriptif":""}}}}}}},"critere3":{"libelle":"","contenu":[]},"critere4":{"libelle":"","contenu":[]},"critere5":{"libelle":"","contenu":[]},"critere6":{"libelle":"","contenu":[]},"critere7":{"libelle":"","contenu":[]},"critere8":{"libelle":"","contenu":[]},"critere9":{"libelle":"","contenu":[]}},"LocalisationGps":{"Latitude":"47.28944","Longitude":"-2.02844"},"libelleDuPrestataire":"","listeCriteres":{"ICOMMU":{"ICD":"Paimboeuf","ICA":"Paimboeuf"},"COMMUNES":{"SAINTBREVIN":"","PAIMBOEUF":"","CORSEPT":""},"INAI":{"ISPR":""},"ITYITI":{"ICYCLO":""},"ITHITI":{"IND":""},"TDLTH":{"DHAACN":""},"IDIITI":{"IFACI":""},"IJESUIS":{"IFAMILLE":""},"IDUITIAVELO":{"IDEMIJOURNEE":""},"DISTANCEDELAGARE":{"KMGARESAINTBAZAIRE":"19","KMGAREPORNIC":"23"},"IINITI":{"IDISTANCEKM":"30,4"},"IPRAT":{"IFACILE":""},"MAJINGENIE":{"DATEDERNIEREMAJ":"20251119"},"MISEAJOUR":{"FABIENNE":""}},"dansCarnetVoyage":true,"Ouverture":""},"html":" \n \u003Cdiv id=\"CV-PRESTATAIRE-I-PECHERIESDUBORDDELOIRE\" data-contexte-id=\"PRESTATAIRE|I|PECHERIESDUBORDDELOIRE\" data-cle=\"I|PECHERIESDUBORDDELOIRE\" class=\"fiche-liste\"\u003E\n    \n\n    \u003C!-- partie photo --\u003E\n    \u003Cdiv class=\"photo\"\u003E\t\t\t\t\t\t\t\t\t\t\t\t\t\t\t\t\t\t\t\t\t\n        \u003Cdiv class=\"cadre_photo_principale\"\u003E\t\t\n        \n            \t\t\t\t\t\n                    \u003Ca href=\"?origine=carnet#media\"\u003E\n                        \u003Cimg class=\"photo_principale\" alt=\"corsept-maisonverte-pecheriesloire3-bd-ddufour-2021-10131\" src=\"https:\/\/www.saint-brevin.com\/medias\/images\/prestataires\/multitailles\/320x240_corsept-maisonverte-pecheriesloire3-bd-ddufour-2021-10131.jpg\" itemprop=\"image\"\u003E\n                    \u003C\/a\u003E\t\t\t\t\t\t\n                \n                    \u003C\/div\u003E\t\t\t\t\t\t\t\t\t\t\t\t\t\t\t\t\t\t\t \t\t\n    \u003C\/div\u003E\n    \n    \u003C!-- partie nom prest --\u003E\n    \u003Cdiv class=\"nom\"\u003E\n        \u003Ch2\u003ERadtour der Fischereien am Loire-Ufer\u003C\/h2\u003E\n        \n            \u003C\/div\u003E\n\n         \n    \u003C!-- partie adresse --\u003E\n    \u003Cdiv class=\"adresse\"\u003E\n    \n          \n    \u003C\/div\u003E\n    \n    \u003C!-- partie liens --\u003E\n    \u003Cdiv class=\"liens\"\u003E\n            \u003Ca class=\"btn-icon btn-view \" title=\"Detail  \" href=\"?origine=carnet\"\u003E\u003C\/a\u003E\u003C!--\u003Ca class=\"btn-icon btn-view \" title=\"\" href=\"?origine=carnet#thaut\"\u003E\u003C\/a\u003E--\u003E\n      \u003Ca class=\"btn-icon btn-trash carnet_voyage_supprimer\" title=\"Zur\u00fcckziehen \" href=\"carnet-voyage?action=remove&fiche=I|PECHERIESDUBORDDELOIRE\"\u003E\u003C\/a\u003E\n    \u003C\/div\u003E\n\n\u003C\/div\u003E\n\n","icon":"https:\/\/static.ingenie.fr\/images\/carnetVoyageV3\/I.png"},"fiche":"I|PECHERIESDUBORDDELOIRE","popup":"\u003Cdiv id=\"bloc_popup_ajout_fiche_carnet\"\u003E\n    \u003Cdiv class=\"info_popup_ajout_fiche_carnet\"\u003E\n        Sie haben gerade diesen Artikel zu Ihrer Auswahl hinzugef\u00fcgt :    \u003C\/div\u003E\n    \u003Cdiv class=\"prest_popup_ajout_fiche_carnet\"\u003E\n        Radtour der Fischereien am Loire-Ufer    \u003C\/div\u003E\n    \u003Cdiv class=\"bloc_btn_ajout_fiche_carnet form_submit_div\"\u003E\n        \u003Cinput type=\"button\" value=\"Fortsetzen  \" title=\"Fortsetzen  \" name=\"btn_close\" class=\"btn_close_popup_carnet form_submit\" onclick=\"$.colorbox.close()\" \/\u003E\n        \u003Cinput type=\"button\" value=\"Bewertung meiner Auswahl  \" title=\"Bewertung meiner Auswahl  \" name=\"btn_panier\" class=\"btn_panier_popup_carnet form_submit\" onclick=\"if(typeof CarnetVoyage != 'undefined') {CarnetVoyage.voirCarnet();}\" \/\u003E\n    \u003C\/div\u003E\n    \u003Cdiv class=\"bloc_btn_ajout_fiche_carnet\"\u003E\n        \u003Cinput type=\"checkbox\" value=\"1\" name=\"desactiver_popup\" id=\"desactiver_popup\" \/\u003E\n        \u003Clabel for=\"desactiver_popup\"\u003EStoppen Sie diese Nachricht aficher \u003C\/label\u003E\n    \u003C\/div\u003E\n\u003C\/div\u003E","success":1}