{"nbFiches":1,"dataPrest":{"infoPrest":{"pave1":{"libelle":"","contenu":""},"pave2":{"libelle":"","contenu":""},"pave3":{"libelle":"","contenu":""},"pave4":{"libelle":"","contenu":""},"pave5":{"libelle":"","contenu":""},"pave6":{"libelle":"","contenu":""},"pave7":{"libelle":"","contenu":""},"pave8":{"libelle":"","contenu":""},"pave9":{"libelle":"","contenu":""},"pave10":{"libelle":"","contenu":""},"pave11":{"libelle":"","contenu":""},"pave12":{"libelle":"","contenu":""},"pave13":{"libelle":"","contenu":""},"pave14":{"libelle":"","contenu":""},"pave15":{"libelle":"","contenu":""},"pave16":{"libelle":"","contenu":""},"pave17":{"libelle":"","contenu":""},"pave18":{"libelle":"","contenu":""},"pave19":{"libelle":"","contenu":""},"pave20":{"libelle":"","contenu":""},"pave21":{"libelle":"","contenu":""},"pave22":{"libelle":"","contenu":""},"pave23":{"libelle":"","contenu":""},"pave24":{"libelle":"","contenu":""},"pave25":{"libelle":"","contenu":""},"Libelle":"Circuit V\u00e9loc\u00e9an \u00e0 Saint-Brevin","Nom":"Circuit V\u00e9loc\u00e9an \u00e0 Saint-Brevin","Prenom":"","NomPrenom":"Circuit V\u00e9loc\u00e9an \u00e0 Saint-Brevin ","CiviliteNomPrenom":"Circuit V\u00e9loc\u00e9an \u00e0 Saint-Brevin ","Cle":"I|VELODYSSEESTBREVIN","PrestataireParent":"","ContexteStat":"PRESTATAIRE-I-VELODYSSEESTBREVIN","DateModificationIso":"2024-02-13T16:49:00+01:00","Type":"PRESTATAIRE","TypePrestataire":"I","Adresse":{"LigneAdresse1":"Place Bougainville","LigneAdresse2":"","LigneAdresse3":"","CodePostal":"44250","Ville":"ST BREVIN LES PINS","Cedex":"","Etat":"","Pays":"FRA"},"Email":"ot@tourisme-saint-brevin.fr","Telephone":"02 40 27 24 32","TelephoneBureau":"","Portable":"","SiteWeb":"","Fax":"","Id":"i-velodysseestbrevin","Code":"I|VELODYSSEESTBREVIN","Fichier":{"Image":[{"url":"https:\/\/www.saint-brevin.com\/medias\/images\/prestataires\/velodyssee-velocean-st-brevin-5252.jpg","chemin":"..\/medias\/images\/prestataires\/velodyssee-velocean-st-brevin-5252.jpg","libelle":"velodyssee-velocean-st-brevin-5252","extension":"jpg","categorie":"","largeur":4368,"theme":"","hauteur":2912,"type":"Image","origine":"","liaisonPave":"","langue":"","id":"5252","urlVignette":"https:\/\/www.saint-brevin.com\/medias\/images\/prestataires\/v-velodyssee-velocean-st-brevin-5252.jpg","alt":"velodyssee-velocean-st-brevin-5252","title":"velodyssee-velocean-st-brevin-5252","MultiTaille":{"1920x1440":{"url":"https:\/\/www.saint-brevin.com\/medias\/images\/prestataires\/multitailles\/1920x1440_velodyssee-velocean-st-brevin-5252.jpg"},"1200x900":{"url":"https:\/\/www.saint-brevin.com\/medias\/images\/prestataires\/multitailles\/1200x900_velodyssee-velocean-st-brevin-5252.jpg"},"800x600":{"url":"https:\/\/www.saint-brevin.com\/medias\/images\/prestataires\/multitailles\/800x600_velodyssee-velocean-st-brevin-5252.jpg"},"640x480":{"url":"https:\/\/www.saint-brevin.com\/medias\/images\/prestataires\/multitailles\/640x480_velodyssee-velocean-st-brevin-5252.jpg"},"320x240":{"url":"https:\/\/www.saint-brevin.com\/medias\/images\/prestataires\/multitailles\/320x240_velodyssee-velocean-st-brevin-5252.jpg"},"160x120":{"url":"https:\/\/www.saint-brevin.com\/medias\/images\/prestataires\/multitailles\/160x120_velodyssee-velocean-st-brevin-5252.jpg"},"origine":{"url":"https:\/\/www.saint-brevin.com\/medias\/images\/prestataires\/velodyssee-velocean-st-brevin-5252.jpg"}},"urlLien":"","typeLien":"","nofollow":"N","copyright":""},{"url":"https:\/\/www.saint-brevin.com\/medias\/images\/prestataires\/vincent-frasiak-st-brevin-10-5249.jpg","chemin":"..\/medias\/images\/prestataires\/vincent-frasiak-st-brevin-10-5249.jpg","libelle":"vincent-frasiak-st-brevin-10-5249","extension":"jpg","categorie":"","largeur":3648,"theme":"","hauteur":5472,"type":"Image","origine":"","liaisonPave":"","langue":"","id":"5249","urlVignette":"https:\/\/www.saint-brevin.com\/medias\/images\/prestataires\/v-vincent-frasiak-st-brevin-10-5249.jpg","alt":"vincent-frasiak-st-brevin-10-5249","title":"vincent-frasiak-st-brevin-10-5249","MultiTaille":{"1920x1440":{"url":"https:\/\/www.saint-brevin.com\/medias\/images\/prestataires\/multitailles\/1920x1440_vincent-frasiak-st-brevin-10-5249.jpg"},"1200x900":{"url":"https:\/\/www.saint-brevin.com\/medias\/images\/prestataires\/multitailles\/1200x900_vincent-frasiak-st-brevin-10-5249.jpg"},"800x600":{"url":"https:\/\/www.saint-brevin.com\/medias\/images\/prestataires\/multitailles\/800x600_vincent-frasiak-st-brevin-10-5249.jpg"},"640x480":{"url":"https:\/\/www.saint-brevin.com\/medias\/images\/prestataires\/multitailles\/640x480_vincent-frasiak-st-brevin-10-5249.jpg"},"320x240":{"url":"https:\/\/www.saint-brevin.com\/medias\/images\/prestataires\/multitailles\/320x240_vincent-frasiak-st-brevin-10-5249.jpg"},"160x120":{"url":"https:\/\/www.saint-brevin.com\/medias\/images\/prestataires\/multitailles\/160x120_vincent-frasiak-st-brevin-10-5249.jpg"},"origine":{"url":"https:\/\/www.saint-brevin.com\/medias\/images\/prestataires\/vincent-frasiak-st-brevin-10-5249.jpg"}},"urlLien":"","typeLien":"","nofollow":"N","copyright":""},{"url":"https:\/\/www.saint-brevin.com\/medias\/images\/prestataires\/vincent-frasiak-st-brevin-8-5250.jpg","chemin":"..\/medias\/images\/prestataires\/vincent-frasiak-st-brevin-8-5250.jpg","libelle":"vincent-frasiak-st-brevin-8-5250","extension":"jpg","categorie":"","largeur":3645,"theme":"","hauteur":5468,"type":"Image","origine":"","liaisonPave":"","langue":"","id":"5250","urlVignette":"https:\/\/www.saint-brevin.com\/medias\/images\/prestataires\/v-vincent-frasiak-st-brevin-8-5250.jpg","alt":"vincent-frasiak-st-brevin-8-5250","title":"vincent-frasiak-st-brevin-8-5250","MultiTaille":{"1920x1440":{"url":"https:\/\/www.saint-brevin.com\/medias\/images\/prestataires\/multitailles\/1920x1440_vincent-frasiak-st-brevin-8-5250.jpg"},"1200x900":{"url":"https:\/\/www.saint-brevin.com\/medias\/images\/prestataires\/multitailles\/1200x900_vincent-frasiak-st-brevin-8-5250.jpg"},"800x600":{"url":"https:\/\/www.saint-brevin.com\/medias\/images\/prestataires\/multitailles\/800x600_vincent-frasiak-st-brevin-8-5250.jpg"},"640x480":{"url":"https:\/\/www.saint-brevin.com\/medias\/images\/prestataires\/multitailles\/640x480_vincent-frasiak-st-brevin-8-5250.jpg"},"320x240":{"url":"https:\/\/www.saint-brevin.com\/medias\/images\/prestataires\/multitailles\/320x240_vincent-frasiak-st-brevin-8-5250.jpg"},"160x120":{"url":"https:\/\/www.saint-brevin.com\/medias\/images\/prestataires\/multitailles\/160x120_vincent-frasiak-st-brevin-8-5250.jpg"},"origine":{"url":"https:\/\/www.saint-brevin.com\/medias\/images\/prestataires\/vincent-frasiak-st-brevin-8-5250.jpg"}},"urlLien":"","typeLien":"","nofollow":"N","copyright":""},{"url":"https:\/\/www.saint-brevin.com\/medias\/images\/prestataires\/char-a-voile-st-brevin-eks-5248.jpg","chemin":"..\/medias\/images\/prestataires\/char-a-voile-st-brevin-eks-5248.jpg","libelle":"char-a-voile-st-brevin-eks-5248","extension":"jpg","categorie":"","largeur":800,"theme":"","hauteur":533,"type":"Image","origine":"","liaisonPave":"","langue":"","id":"5248","urlVignette":"https:\/\/www.saint-brevin.com\/medias\/images\/prestataires\/v-char-a-voile-st-brevin-eks-5248.jpg","alt":"char-a-voile-st-brevin-eks-5248","title":"char-a-voile-st-brevin-eks-5248","MultiTaille":{"1920x1440":{"url":"https:\/\/www.saint-brevin.com\/medias\/images\/prestataires\/multitailles\/1920x1440_char-a-voile-st-brevin-eks-5248.jpg"},"1200x900":{"url":"https:\/\/www.saint-brevin.com\/medias\/images\/prestataires\/multitailles\/1200x900_char-a-voile-st-brevin-eks-5248.jpg"},"800x600":{"url":"https:\/\/www.saint-brevin.com\/medias\/images\/prestataires\/multitailles\/800x600_char-a-voile-st-brevin-eks-5248.jpg"},"640x480":{"url":"https:\/\/www.saint-brevin.com\/medias\/images\/prestataires\/multitailles\/640x480_char-a-voile-st-brevin-eks-5248.jpg"},"320x240":{"url":"https:\/\/www.saint-brevin.com\/medias\/images\/prestataires\/multitailles\/320x240_char-a-voile-st-brevin-eks-5248.jpg"},"160x120":{"url":"https:\/\/www.saint-brevin.com\/medias\/images\/prestataires\/multitailles\/160x120_char-a-voile-st-brevin-eks-5248.jpg"},"origine":{"url":"https:\/\/www.saint-brevin.com\/medias\/images\/prestataires\/char-a-voile-st-brevin-eks-5248.jpg"}},"urlLien":"","typeLien":"","nofollow":"N","copyright":""},{"url":"https:\/\/www.saint-brevin.com\/medias\/images\/prestataires\/velo-foret-ot-st-brevin-5251.jpg","chemin":"..\/medias\/images\/prestataires\/velo-foret-ot-st-brevin-5251.jpg","libelle":"velo-foret-ot-st-brevin-5251","extension":"jpg","categorie":"","largeur":1536,"theme":"","hauteur":1024,"type":"Image","origine":"","liaisonPave":"","langue":"","id":"5251","urlVignette":"https:\/\/www.saint-brevin.com\/medias\/images\/prestataires\/v-velo-foret-ot-st-brevin-5251.jpg","alt":"velo-foret-ot-st-brevin-5251","title":"velo-foret-ot-st-brevin-5251","MultiTaille":{"1920x1440":{"url":"https:\/\/www.saint-brevin.com\/medias\/images\/prestataires\/multitailles\/1920x1440_velo-foret-ot-st-brevin-5251.jpg"},"1200x900":{"url":"https:\/\/www.saint-brevin.com\/medias\/images\/prestataires\/multitailles\/1200x900_velo-foret-ot-st-brevin-5251.jpg"},"800x600":{"url":"https:\/\/www.saint-brevin.com\/medias\/images\/prestataires\/multitailles\/800x600_velo-foret-ot-st-brevin-5251.jpg"},"640x480":{"url":"https:\/\/www.saint-brevin.com\/medias\/images\/prestataires\/multitailles\/640x480_velo-foret-ot-st-brevin-5251.jpg"},"320x240":{"url":"https:\/\/www.saint-brevin.com\/medias\/images\/prestataires\/multitailles\/320x240_velo-foret-ot-st-brevin-5251.jpg"},"160x120":{"url":"https:\/\/www.saint-brevin.com\/medias\/images\/prestataires\/multitailles\/160x120_velo-foret-ot-st-brevin-5251.jpg"},"origine":{"url":"https:\/\/www.saint-brevin.com\/medias\/images\/prestataires\/velo-foret-ot-st-brevin-5251.jpg"}},"urlLien":"","typeLien":"","nofollow":"N","copyright":""}],"ByCategorie":{"":[{"url":"https:\/\/www.saint-brevin.com\/medias\/images\/prestataires\/velodyssee-velocean-st-brevin-5252.jpg","chemin":"..\/medias\/images\/prestataires\/velodyssee-velocean-st-brevin-5252.jpg","libelle":"velodyssee-velocean-st-brevin-5252","extension":"jpg","categorie":"","largeur":4368,"theme":"","hauteur":2912,"type":"Image","origine":"","liaisonPave":"","langue":"","id":"5252","urlVignette":"https:\/\/www.saint-brevin.com\/medias\/images\/prestataires\/v-velodyssee-velocean-st-brevin-5252.jpg","alt":"velodyssee-velocean-st-brevin-5252","title":"velodyssee-velocean-st-brevin-5252","MultiTaille":{"1920x1440":{"url":"https:\/\/www.saint-brevin.com\/medias\/images\/prestataires\/multitailles\/1920x1440_velodyssee-velocean-st-brevin-5252.jpg"},"1200x900":{"url":"https:\/\/www.saint-brevin.com\/medias\/images\/prestataires\/multitailles\/1200x900_velodyssee-velocean-st-brevin-5252.jpg"},"800x600":{"url":"https:\/\/www.saint-brevin.com\/medias\/images\/prestataires\/multitailles\/800x600_velodyssee-velocean-st-brevin-5252.jpg"},"640x480":{"url":"https:\/\/www.saint-brevin.com\/medias\/images\/prestataires\/multitailles\/640x480_velodyssee-velocean-st-brevin-5252.jpg"},"320x240":{"url":"https:\/\/www.saint-brevin.com\/medias\/images\/prestataires\/multitailles\/320x240_velodyssee-velocean-st-brevin-5252.jpg"},"160x120":{"url":"https:\/\/www.saint-brevin.com\/medias\/images\/prestataires\/multitailles\/160x120_velodyssee-velocean-st-brevin-5252.jpg"},"origine":{"url":"https:\/\/www.saint-brevin.com\/medias\/images\/prestataires\/velodyssee-velocean-st-brevin-5252.jpg"}},"urlLien":"","typeLien":"","nofollow":"N","copyright":""},{"url":"https:\/\/www.saint-brevin.com\/medias\/images\/prestataires\/vincent-frasiak-st-brevin-10-5249.jpg","chemin":"..\/medias\/images\/prestataires\/vincent-frasiak-st-brevin-10-5249.jpg","libelle":"vincent-frasiak-st-brevin-10-5249","extension":"jpg","categorie":"","largeur":3648,"theme":"","hauteur":5472,"type":"Image","origine":"","liaisonPave":"","langue":"","id":"5249","urlVignette":"https:\/\/www.saint-brevin.com\/medias\/images\/prestataires\/v-vincent-frasiak-st-brevin-10-5249.jpg","alt":"vincent-frasiak-st-brevin-10-5249","title":"vincent-frasiak-st-brevin-10-5249","MultiTaille":{"1920x1440":{"url":"https:\/\/www.saint-brevin.com\/medias\/images\/prestataires\/multitailles\/1920x1440_vincent-frasiak-st-brevin-10-5249.jpg"},"1200x900":{"url":"https:\/\/www.saint-brevin.com\/medias\/images\/prestataires\/multitailles\/1200x900_vincent-frasiak-st-brevin-10-5249.jpg"},"800x600":{"url":"https:\/\/www.saint-brevin.com\/medias\/images\/prestataires\/multitailles\/800x600_vincent-frasiak-st-brevin-10-5249.jpg"},"640x480":{"url":"https:\/\/www.saint-brevin.com\/medias\/images\/prestataires\/multitailles\/640x480_vincent-frasiak-st-brevin-10-5249.jpg"},"320x240":{"url":"https:\/\/www.saint-brevin.com\/medias\/images\/prestataires\/multitailles\/320x240_vincent-frasiak-st-brevin-10-5249.jpg"},"160x120":{"url":"https:\/\/www.saint-brevin.com\/medias\/images\/prestataires\/multitailles\/160x120_vincent-frasiak-st-brevin-10-5249.jpg"},"origine":{"url":"https:\/\/www.saint-brevin.com\/medias\/images\/prestataires\/vincent-frasiak-st-brevin-10-5249.jpg"}},"urlLien":"","typeLien":"","nofollow":"N","copyright":""},{"url":"https:\/\/www.saint-brevin.com\/medias\/images\/prestataires\/vincent-frasiak-st-brevin-8-5250.jpg","chemin":"..\/medias\/images\/prestataires\/vincent-frasiak-st-brevin-8-5250.jpg","libelle":"vincent-frasiak-st-brevin-8-5250","extension":"jpg","categorie":"","largeur":3645,"theme":"","hauteur":5468,"type":"Image","origine":"","liaisonPave":"","langue":"","id":"5250","urlVignette":"https:\/\/www.saint-brevin.com\/medias\/images\/prestataires\/v-vincent-frasiak-st-brevin-8-5250.jpg","alt":"vincent-frasiak-st-brevin-8-5250","title":"vincent-frasiak-st-brevin-8-5250","MultiTaille":{"1920x1440":{"url":"https:\/\/www.saint-brevin.com\/medias\/images\/prestataires\/multitailles\/1920x1440_vincent-frasiak-st-brevin-8-5250.jpg"},"1200x900":{"url":"https:\/\/www.saint-brevin.com\/medias\/images\/prestataires\/multitailles\/1200x900_vincent-frasiak-st-brevin-8-5250.jpg"},"800x600":{"url":"https:\/\/www.saint-brevin.com\/medias\/images\/prestataires\/multitailles\/800x600_vincent-frasiak-st-brevin-8-5250.jpg"},"640x480":{"url":"https:\/\/www.saint-brevin.com\/medias\/images\/prestataires\/multitailles\/640x480_vincent-frasiak-st-brevin-8-5250.jpg"},"320x240":{"url":"https:\/\/www.saint-brevin.com\/medias\/images\/prestataires\/multitailles\/320x240_vincent-frasiak-st-brevin-8-5250.jpg"},"160x120":{"url":"https:\/\/www.saint-brevin.com\/medias\/images\/prestataires\/multitailles\/160x120_vincent-frasiak-st-brevin-8-5250.jpg"},"origine":{"url":"https:\/\/www.saint-brevin.com\/medias\/images\/prestataires\/vincent-frasiak-st-brevin-8-5250.jpg"}},"urlLien":"","typeLien":"","nofollow":"N","copyright":""},{"url":"https:\/\/www.saint-brevin.com\/medias\/images\/prestataires\/char-a-voile-st-brevin-eks-5248.jpg","chemin":"..\/medias\/images\/prestataires\/char-a-voile-st-brevin-eks-5248.jpg","libelle":"char-a-voile-st-brevin-eks-5248","extension":"jpg","categorie":"","largeur":800,"theme":"","hauteur":533,"type":"Image","origine":"","liaisonPave":"","langue":"","id":"5248","urlVignette":"https:\/\/www.saint-brevin.com\/medias\/images\/prestataires\/v-char-a-voile-st-brevin-eks-5248.jpg","alt":"char-a-voile-st-brevin-eks-5248","title":"char-a-voile-st-brevin-eks-5248","MultiTaille":{"1920x1440":{"url":"https:\/\/www.saint-brevin.com\/medias\/images\/prestataires\/multitailles\/1920x1440_char-a-voile-st-brevin-eks-5248.jpg"},"1200x900":{"url":"https:\/\/www.saint-brevin.com\/medias\/images\/prestataires\/multitailles\/1200x900_char-a-voile-st-brevin-eks-5248.jpg"},"800x600":{"url":"https:\/\/www.saint-brevin.com\/medias\/images\/prestataires\/multitailles\/800x600_char-a-voile-st-brevin-eks-5248.jpg"},"640x480":{"url":"https:\/\/www.saint-brevin.com\/medias\/images\/prestataires\/multitailles\/640x480_char-a-voile-st-brevin-eks-5248.jpg"},"320x240":{"url":"https:\/\/www.saint-brevin.com\/medias\/images\/prestataires\/multitailles\/320x240_char-a-voile-st-brevin-eks-5248.jpg"},"160x120":{"url":"https:\/\/www.saint-brevin.com\/medias\/images\/prestataires\/multitailles\/160x120_char-a-voile-st-brevin-eks-5248.jpg"},"origine":{"url":"https:\/\/www.saint-brevin.com\/medias\/images\/prestataires\/char-a-voile-st-brevin-eks-5248.jpg"}},"urlLien":"","typeLien":"","nofollow":"N","copyright":""},{"url":"https:\/\/www.saint-brevin.com\/medias\/images\/prestataires\/velo-foret-ot-st-brevin-5251.jpg","chemin":"..\/medias\/images\/prestataires\/velo-foret-ot-st-brevin-5251.jpg","libelle":"velo-foret-ot-st-brevin-5251","extension":"jpg","categorie":"","largeur":1536,"theme":"","hauteur":1024,"type":"Image","origine":"","liaisonPave":"","langue":"","id":"5251","urlVignette":"https:\/\/www.saint-brevin.com\/medias\/images\/prestataires\/v-velo-foret-ot-st-brevin-5251.jpg","alt":"velo-foret-ot-st-brevin-5251","title":"velo-foret-ot-st-brevin-5251","MultiTaille":{"1920x1440":{"url":"https:\/\/www.saint-brevin.com\/medias\/images\/prestataires\/multitailles\/1920x1440_velo-foret-ot-st-brevin-5251.jpg"},"1200x900":{"url":"https:\/\/www.saint-brevin.com\/medias\/images\/prestataires\/multitailles\/1200x900_velo-foret-ot-st-brevin-5251.jpg"},"800x600":{"url":"https:\/\/www.saint-brevin.com\/medias\/images\/prestataires\/multitailles\/800x600_velo-foret-ot-st-brevin-5251.jpg"},"640x480":{"url":"https:\/\/www.saint-brevin.com\/medias\/images\/prestataires\/multitailles\/640x480_velo-foret-ot-st-brevin-5251.jpg"},"320x240":{"url":"https:\/\/www.saint-brevin.com\/medias\/images\/prestataires\/multitailles\/320x240_velo-foret-ot-st-brevin-5251.jpg"},"160x120":{"url":"https:\/\/www.saint-brevin.com\/medias\/images\/prestataires\/multitailles\/160x120_velo-foret-ot-st-brevin-5251.jpg"},"origine":{"url":"https:\/\/www.saint-brevin.com\/medias\/images\/prestataires\/velo-foret-ot-st-brevin-5251.jpg"}},"urlLien":"","typeLien":"","nofollow":"N","copyright":""}]}},"Url":"","Localisation":{"GoogleMap":{"Latitude":"47.26830","Longitude":"-2.16780"}},"ZoneGeo":"","Criteres":{"ICOMMU[ICD":"Saint-Brevin","ICOMMU[ICA":"Saint-Brevin","COMMUNES[SAINTBREVIN":"","INAI[VY":"","INAI[IA":"V\u00e9loc\u00e9an","ITYITI[ICYCLO":"","ITHITI[IND":"","IDIITI[IFACI":"","IJESUIS[IFAMILLE":"","IDUITIAVELO[IMOINS2H":"","DISTANCEDELAGARE[KMGARESAINTBAZAIRE":"15","DISTANCEDELAGARE[KMGAREPORNIC":"20","IINITI[IDISTANCEKM":"18","IPRAT[IDEBUT":"","IPRAT[IFACILE":"","MAJINGENIE[DATEDERNIEREMAJ":"20201226","MISEAJOUR[FABIENNE":""},"DateFinPublication":"","PrixAPartirDe":"","PrixPour":"","FicheListeEnCours":"fiche_liste_itineraires_touristiques_v2017","ParametresModele":{"AfficherPhotos":"1","NbPhotosMax":6,"AfficherReserver":0,"AfficherContact":0,"AfficherSalle":1,"AfficherZoneGeo":0,"AfficherEnSavoirPlus":"1","AfficherUneSeuleOuverture":0,"AfficherContactCarte":1,"AfficherTarifsChaudAPartirDe":0,"AfficherTarifChaudSansRecherche":0,"AfficherLiensCarnetVoyage":"1","BlocCritereInfo":{"critere1":{"libelle":"","liste_critere":["ITYITI|I"]},"critere2":{"libelle":"","liste_critere":["COMMUNES|I","IDIITI|I","IINITI|IMINUTES|I"]},"critere3":{"libelle":""},"critere4":{"libelle":""},"critere5":{"libelle":""},"critere6":{"libelle":""},"critere7":{"libelle":""},"critere8":{"libelle":""},"afficherpictoetpaslibelle":"1"},"PositionBloc":"NOM|GALLERIE|CARNET_VOYAGE|URL|AFFICHERZONEGEO|ZONEPRINCIPALFICHEPRESTA|PICTOSOUSPHOTOS|DESCRIPTIF","TypePrestataire":"I","ComportementResa":false,"ComportementDispo":false},"AffichageCoordonnees":[],"Coordonnees":{"Ville":"ST BREVIN LES PINS"},"ContexteId":"PRESTATAIRE|I|VELODYSSEESTBREVIN","ContexteIdHtml":"PRESTATAIRE-I-VELODYSSEESTBREVIN","cleContexte":"I|VELODYSSEESTBREVIN","Bloc":{"texte1":"","texte3":"","critere1":{"libelle":"","contenu":{"ITYITI":{"libelle":"ART DER ROUTE","contenu":{"2":"\u003Cimg src=\"https:\/\/www.saint-brevin.com\/medias\/images\/picto\/ITYITI-ICYCLO-I.png\"  alt=\"Radwandern\" title=\"Radwandern\" \/\u003E"},"codesValeurs":{"2":"ITYITI|ICYCLO|I"},"criteres_datas":{"valeurs":{"2":{"ICYCLO":{"descriptif":""}}}}}}},"critere2":{"libelle":"","contenu":{"COMMUNES":{"libelle":"geographische Zone","contenu":{"1":"Saint-Brevin"},"codesValeurs":{"1":"COMMUNES|SAINTBREVIN|I"},"criteres_datas":{"valeurs":{"1":{"SAINTBREVIN":{"descriptif":""}}}}},"IDIITI":{"libelle":"Schwierigkeit der reiseroute","contenu":{"2":"Leicht"},"codesValeurs":{"2":"IDIITI|IFACI|I"},"criteres_datas":{"valeurs":{"2":{"IFACI":{"descriptif":""}}}}}}},"critere3":{"libelle":"","contenu":[]},"critere4":{"libelle":"","contenu":[]},"critere5":{"libelle":"","contenu":[]},"critere6":{"libelle":"","contenu":[]},"critere7":{"libelle":"","contenu":[]},"critere8":{"libelle":"","contenu":[]},"critere9":{"libelle":"","contenu":[]}},"LocalisationGps":{"Latitude":"47.26830","Longitude":"-2.16780"},"libelleDuPrestataire":"","listeCriteres":{"ICOMMU":{"ICD":"Saint-Brevin","ICA":"Saint-Brevin"},"COMMUNES":{"SAINTBREVIN":""},"INAI":{"VY":"","IA":"V\u00e9loc\u00e9an"},"ITYITI":{"ICYCLO":""},"ITHITI":{"IND":""},"IDIITI":{"IFACI":""},"IJESUIS":{"IFAMILLE":""},"IDUITIAVELO":{"IMOINS2H":""},"DISTANCEDELAGARE":{"KMGARESAINTBAZAIRE":"15","KMGAREPORNIC":"20"},"IINITI":{"IDISTANCEKM":"18"},"IPRAT":{"IDEBUT":"","IFACILE":""},"MAJINGENIE":{"DATEDERNIEREMAJ":"20201226"},"MISEAJOUR":{"FABIENNE":""}},"dansCarnetVoyage":true,"Ouverture":""},"html":" \n \u003Cdiv id=\"CV-PRESTATAIRE-I-VELODYSSEESTBREVIN\" data-contexte-id=\"PRESTATAIRE|I|VELODYSSEESTBREVIN\" data-cle=\"I|VELODYSSEESTBREVIN\" class=\"fiche-liste\"\u003E\n    \n\n    \u003C!-- partie photo --\u003E\n    \u003Cdiv class=\"photo\"\u003E\t\t\t\t\t\t\t\t\t\t\t\t\t\t\t\t\t\t\t\t\t\n        \u003Cdiv class=\"cadre_photo_principale\"\u003E\t\t\n        \n            \t\t\t\t\t\n                    \u003Ca href=\"?origine=carnet#media\"\u003E\n                        \u003Cimg class=\"photo_principale\" alt=\"velodyssee-velocean-st-brevin-5252\" src=\"https:\/\/www.saint-brevin.com\/medias\/images\/prestataires\/multitailles\/320x240_velodyssee-velocean-st-brevin-5252.jpg\" itemprop=\"image\"\u003E\n                    \u003C\/a\u003E\t\t\t\t\t\t\n                \n                    \u003C\/div\u003E\t\t\t\t\t\t\t\t\t\t\t\t\t\t\t\t\t\t\t \t\t\n    \u003C\/div\u003E\n    \n    \u003C!-- partie nom prest --\u003E\n    \u003Cdiv class=\"nom\"\u003E\n        \u003Ch2\u003ECircuit V\u00e9loc\u00e9an \u00e0 Saint-Brevin\u003C\/h2\u003E\n        \n            \u003C\/div\u003E\n\n         \n    \u003C!-- partie adresse --\u003E\n    \u003Cdiv class=\"adresse\"\u003E\n    \n          \n    \u003C\/div\u003E\n    \n    \u003C!-- partie liens --\u003E\n    \u003Cdiv class=\"liens\"\u003E\n            \u003Ca class=\"btn-icon btn-view \" title=\"Detail  \" href=\"?origine=carnet\"\u003E\u003C\/a\u003E\u003C!--\u003Ca class=\"btn-icon btn-view \" title=\"\" href=\"?origine=carnet#thaut\"\u003E\u003C\/a\u003E--\u003E\n      \u003Ca class=\"btn-icon btn-trash carnet_voyage_supprimer\" title=\"Zur\u00fcckziehen \" href=\"carnet-voyage?action=remove&fiche=I|VELODYSSEESTBREVIN\"\u003E\u003C\/a\u003E\n    \u003C\/div\u003E\n\n\u003C\/div\u003E\n\n","icon":"https:\/\/static.ingenie.fr\/images\/carnetVoyageV3\/I.png"},"fiche":"I|VELODYSSEESTBREVIN","popup":"\u003Cdiv id=\"bloc_popup_ajout_fiche_carnet\"\u003E\n    \u003Cdiv class=\"info_popup_ajout_fiche_carnet\"\u003E\n        Sie haben gerade diesen Artikel zu Ihrer Auswahl hinzugef\u00fcgt :    \u003C\/div\u003E\n    \u003Cdiv class=\"prest_popup_ajout_fiche_carnet\"\u003E\n        Circuit V&eacute;loc&eacute;an &agrave; Saint-Brevin     \u003C\/div\u003E\n    \u003Cdiv class=\"bloc_btn_ajout_fiche_carnet form_submit_div\"\u003E\n        \u003Cinput type=\"button\" value=\"Fortsetzen  \" title=\"Fortsetzen  \" name=\"btn_close\" class=\"btn_close_popup_carnet form_submit\" onclick=\"$.colorbox.close()\" \/\u003E\n        \u003Cinput type=\"button\" value=\"Bewertung meiner Auswahl  \" title=\"Bewertung meiner Auswahl  \" name=\"btn_panier\" class=\"btn_panier_popup_carnet form_submit\" onclick=\"if(typeof CarnetVoyage != 'undefined') {CarnetVoyage.voirCarnet();}\" \/\u003E\n    \u003C\/div\u003E\n    \u003Cdiv class=\"bloc_btn_ajout_fiche_carnet\"\u003E\n        \u003Cinput type=\"checkbox\" value=\"1\" name=\"desactiver_popup\" id=\"desactiver_popup\" \/\u003E\n        \u003Clabel for=\"desactiver_popup\"\u003EStoppen Sie diese Nachricht aficher \u003C\/label\u003E\n    \u003C\/div\u003E\n\u003C\/div\u003E","success":1}