{"nbFiches":4,"dataPrest":{"infoPrest":{"pave1":{"libelle":"","contenu":""},"pave2":{"libelle":"","contenu":""},"pave3":{"libelle":"","contenu":""},"pave4":{"libelle":"","contenu":""},"pave5":{"libelle":"","contenu":""},"pave6":{"libelle":"","contenu":""},"pave7":{"libelle":"","contenu":""},"pave8":{"libelle":"","contenu":""},"pave9":{"libelle":"","contenu":""},"pave10":{"libelle":"","contenu":""},"pave11":{"libelle":"","contenu":""},"pave12":{"libelle":"","contenu":""},"pave13":{"libelle":"","contenu":""},"pave14":{"libelle":"","contenu":""},"pave15":{"libelle":"","contenu":""},"pave16":{"libelle":"","contenu":""},"pave17":{"libelle":"","contenu":""},"pave18":{"libelle":"","contenu":""},"pave19":{"libelle":"","contenu":""},"pave20":{"libelle":"","contenu":""},"pave21":{"libelle":"","contenu":""},"pave22":{"libelle":"","contenu":""},"pave23":{"libelle":"","contenu":""},"pave24":{"libelle":"","contenu":""},"pave25":{"libelle":"","contenu":""},"Libelle":"Le gravelot \u00e0 collier interrompu","Nom":"Le gravelot \u00e0 collier interrompu","Prenom":"","NomPrenom":"Le gravelot \u00e0 collier interrompu ","CiviliteNomPrenom":"Le gravelot \u00e0 collier interrompu ","Cle":"N|LEGRAVELOTACOLLIERINTERROMPU","PrestataireParent":"","ContexteStat":"PRESTATAIRE-N-LEGRAVELOTACOLLIERINTERROMPU","DateModificationIso":"2024-05-11T16:13:00+02:00","Type":"PRESTATAIRE","TypePrestataire":"N","Adresse":{"LigneAdresse1":"","LigneAdresse2":"","LigneAdresse3":"","CodePostal":"44250","Ville":"ST BREVIN LES PINS","Cedex":"","Etat":"","Pays":"FRA"},"Email":"","Telephone":"","TelephoneBureau":"","Portable":"","SiteWeb":"","Fax":"","Id":"n-legravelotacollierinterrompu","Code":"N|LEGRAVELOTACOLLIERINTERROMPU","Fichier":{"Image":[{"url":"https:\/\/www.saint-brevin.com\/medias\/images\/prestataires\/4-gci-f-couvant-tavenon-9260.jpg","chemin":"..\/medias\/images\/prestataires\/4-gci-f-couvant-tavenon-9260.jpg","libelle":"4-gci-f-couvant-tavenon-9260","extension":"jpg","categorie":"","largeur":600,"theme":"","hauteur":450,"type":"Image","origine":"","liaisonPave":"","langue":"","id":"9260","urlVignette":"https:\/\/www.saint-brevin.com\/medias\/images\/prestataires\/v-4-gci-f-couvant-tavenon-9260.jpg","alt":"4-gci-f-couvant-tavenon-9260","title":"4-gci-f-couvant-tavenon-9260","MultiTaille":{"1920x1440":{"url":"https:\/\/www.saint-brevin.com\/medias\/images\/prestataires\/multitailles\/1920x1440_4-gci-f-couvant-tavenon-9260.jpg"},"1200x900":{"url":"https:\/\/www.saint-brevin.com\/medias\/images\/prestataires\/multitailles\/1200x900_4-gci-f-couvant-tavenon-9260.jpg"},"800x600":{"url":"https:\/\/www.saint-brevin.com\/medias\/images\/prestataires\/multitailles\/800x600_4-gci-f-couvant-tavenon-9260.jpg"},"640x480":{"url":"https:\/\/www.saint-brevin.com\/medias\/images\/prestataires\/multitailles\/640x480_4-gci-f-couvant-tavenon-9260.jpg"},"320x240":{"url":"https:\/\/www.saint-brevin.com\/medias\/images\/prestataires\/multitailles\/320x240_4-gci-f-couvant-tavenon-9260.jpg"},"160x120":{"url":"https:\/\/www.saint-brevin.com\/medias\/images\/prestataires\/multitailles\/160x120_4-gci-f-couvant-tavenon-9260.jpg"},"origine":{"url":"https:\/\/www.saint-brevin.com\/medias\/images\/prestataires\/4-gci-f-couvant-tavenon-9260.jpg"}},"urlLien":"","typeLien":"|","nofollow":"N","copyright":"@Dominique TAVENON"},{"url":"https:\/\/www.saint-brevin.com\/medias\/images\/prestataires\/7-gci-poussin-2-3-jours-tavenon-9261.jpg","chemin":"..\/medias\/images\/prestataires\/7-gci-poussin-2-3-jours-tavenon-9261.jpg","libelle":"7-gci-poussin-2-3-jours-tavenon-9261","extension":"jpg","categorie":"","largeur":600,"theme":"","hauteur":462,"type":"Image","origine":"","liaisonPave":"","langue":"","id":"9261","urlVignette":"https:\/\/www.saint-brevin.com\/medias\/images\/prestataires\/v-7-gci-poussin-2-3-jours-tavenon-9261.jpg","alt":"7-gci-poussin-2-3-jours-tavenon-9261","title":"7-gci-poussin-2-3-jours-tavenon-9261","MultiTaille":{"1920x1440":{"url":"https:\/\/www.saint-brevin.com\/medias\/images\/prestataires\/multitailles\/1920x1440_7-gci-poussin-2-3-jours-tavenon-9261.jpg"},"1200x900":{"url":"https:\/\/www.saint-brevin.com\/medias\/images\/prestataires\/multitailles\/1200x900_7-gci-poussin-2-3-jours-tavenon-9261.jpg"},"800x600":{"url":"https:\/\/www.saint-brevin.com\/medias\/images\/prestataires\/multitailles\/800x600_7-gci-poussin-2-3-jours-tavenon-9261.jpg"},"640x480":{"url":"https:\/\/www.saint-brevin.com\/medias\/images\/prestataires\/multitailles\/640x480_7-gci-poussin-2-3-jours-tavenon-9261.jpg"},"320x240":{"url":"https:\/\/www.saint-brevin.com\/medias\/images\/prestataires\/multitailles\/320x240_7-gci-poussin-2-3-jours-tavenon-9261.jpg"},"160x120":{"url":"https:\/\/www.saint-brevin.com\/medias\/images\/prestataires\/multitailles\/160x120_7-gci-poussin-2-3-jours-tavenon-9261.jpg"},"origine":{"url":"https:\/\/www.saint-brevin.com\/medias\/images\/prestataires\/7-gci-poussin-2-3-jours-tavenon-9261.jpg"}},"urlLien":"","typeLien":"|","nofollow":"N","copyright":"@Dominique TAVENON"},{"url":"https:\/\/www.saint-brevin.com\/medias\/images\/prestataires\/gci-nid-14-05-2020-tavenon-9262.jpg","chemin":"..\/medias\/images\/prestataires\/gci-nid-14-05-2020-tavenon-9262.jpg","libelle":"gci-nid-14-05-2020-tavenon-9262","extension":"jpg","categorie":"","largeur":640,"theme":"","hauteur":480,"type":"Image","origine":"","liaisonPave":"","langue":"","id":"9262","urlVignette":"https:\/\/www.saint-brevin.com\/medias\/images\/prestataires\/v-gci-nid-14-05-2020-tavenon-9262.jpg","alt":"gci-nid-14-05-2020-tavenon-9262","title":"gci-nid-14-05-2020-tavenon-9262","MultiTaille":{"1920x1440":{"url":"https:\/\/www.saint-brevin.com\/medias\/images\/prestataires\/multitailles\/1920x1440_gci-nid-14-05-2020-tavenon-9262.jpg"},"1200x900":{"url":"https:\/\/www.saint-brevin.com\/medias\/images\/prestataires\/multitailles\/1200x900_gci-nid-14-05-2020-tavenon-9262.jpg"},"800x600":{"url":"https:\/\/www.saint-brevin.com\/medias\/images\/prestataires\/multitailles\/800x600_gci-nid-14-05-2020-tavenon-9262.jpg"},"640x480":{"url":"https:\/\/www.saint-brevin.com\/medias\/images\/prestataires\/multitailles\/640x480_gci-nid-14-05-2020-tavenon-9262.jpg"},"320x240":{"url":"https:\/\/www.saint-brevin.com\/medias\/images\/prestataires\/multitailles\/320x240_gci-nid-14-05-2020-tavenon-9262.jpg"},"160x120":{"url":"https:\/\/www.saint-brevin.com\/medias\/images\/prestataires\/multitailles\/160x120_gci-nid-14-05-2020-tavenon-9262.jpg"},"origine":{"url":"https:\/\/www.saint-brevin.com\/medias\/images\/prestataires\/gci-nid-14-05-2020-tavenon-9262.jpg"}},"urlLien":"","typeLien":"|","nofollow":"N","copyright":"@Dominique TAVENON"},{"url":"https:\/\/www.saint-brevin.com\/medias\/images\/prestataires\/6-gci-naissances-tavenon-9263.jpg","chemin":"..\/medias\/images\/prestataires\/6-gci-naissances-tavenon-9263.jpg","libelle":"6-gci-naissances-tavenon-9263","extension":"jpg","categorie":"","largeur":1500,"theme":"","hauteur":1030,"type":"Image","origine":"","liaisonPave":"","langue":"","id":"9263","urlVignette":"https:\/\/www.saint-brevin.com\/medias\/images\/prestataires\/v-6-gci-naissances-tavenon-9263.jpg","alt":"6-gci-naissances-tavenon-9263","title":"6-gci-naissances-tavenon-9263","MultiTaille":{"1920x1440":{"url":"https:\/\/www.saint-brevin.com\/medias\/images\/prestataires\/multitailles\/1920x1440_6-gci-naissances-tavenon-9263.jpg"},"1200x900":{"url":"https:\/\/www.saint-brevin.com\/medias\/images\/prestataires\/multitailles\/1200x900_6-gci-naissances-tavenon-9263.jpg"},"800x600":{"url":"https:\/\/www.saint-brevin.com\/medias\/images\/prestataires\/multitailles\/800x600_6-gci-naissances-tavenon-9263.jpg"},"640x480":{"url":"https:\/\/www.saint-brevin.com\/medias\/images\/prestataires\/multitailles\/640x480_6-gci-naissances-tavenon-9263.jpg"},"320x240":{"url":"https:\/\/www.saint-brevin.com\/medias\/images\/prestataires\/multitailles\/320x240_6-gci-naissances-tavenon-9263.jpg"},"160x120":{"url":"https:\/\/www.saint-brevin.com\/medias\/images\/prestataires\/multitailles\/160x120_6-gci-naissances-tavenon-9263.jpg"},"origine":{"url":"https:\/\/www.saint-brevin.com\/medias\/images\/prestataires\/6-gci-naissances-tavenon-9263.jpg"}},"urlLien":"","typeLien":"|","nofollow":"N","copyright":"@Dominique TAVENON"}],"ByCategorie":{"":[{"url":"https:\/\/www.saint-brevin.com\/medias\/images\/prestataires\/4-gci-f-couvant-tavenon-9260.jpg","chemin":"..\/medias\/images\/prestataires\/4-gci-f-couvant-tavenon-9260.jpg","libelle":"4-gci-f-couvant-tavenon-9260","extension":"jpg","categorie":"","largeur":600,"theme":"","hauteur":450,"type":"Image","origine":"","liaisonPave":"","langue":"","id":"9260","urlVignette":"https:\/\/www.saint-brevin.com\/medias\/images\/prestataires\/v-4-gci-f-couvant-tavenon-9260.jpg","alt":"4-gci-f-couvant-tavenon-9260","title":"4-gci-f-couvant-tavenon-9260","MultiTaille":{"1920x1440":{"url":"https:\/\/www.saint-brevin.com\/medias\/images\/prestataires\/multitailles\/1920x1440_4-gci-f-couvant-tavenon-9260.jpg"},"1200x900":{"url":"https:\/\/www.saint-brevin.com\/medias\/images\/prestataires\/multitailles\/1200x900_4-gci-f-couvant-tavenon-9260.jpg"},"800x600":{"url":"https:\/\/www.saint-brevin.com\/medias\/images\/prestataires\/multitailles\/800x600_4-gci-f-couvant-tavenon-9260.jpg"},"640x480":{"url":"https:\/\/www.saint-brevin.com\/medias\/images\/prestataires\/multitailles\/640x480_4-gci-f-couvant-tavenon-9260.jpg"},"320x240":{"url":"https:\/\/www.saint-brevin.com\/medias\/images\/prestataires\/multitailles\/320x240_4-gci-f-couvant-tavenon-9260.jpg"},"160x120":{"url":"https:\/\/www.saint-brevin.com\/medias\/images\/prestataires\/multitailles\/160x120_4-gci-f-couvant-tavenon-9260.jpg"},"origine":{"url":"https:\/\/www.saint-brevin.com\/medias\/images\/prestataires\/4-gci-f-couvant-tavenon-9260.jpg"}},"urlLien":"","typeLien":"|","nofollow":"N","copyright":"@Dominique TAVENON"},{"url":"https:\/\/www.saint-brevin.com\/medias\/images\/prestataires\/7-gci-poussin-2-3-jours-tavenon-9261.jpg","chemin":"..\/medias\/images\/prestataires\/7-gci-poussin-2-3-jours-tavenon-9261.jpg","libelle":"7-gci-poussin-2-3-jours-tavenon-9261","extension":"jpg","categorie":"","largeur":600,"theme":"","hauteur":462,"type":"Image","origine":"","liaisonPave":"","langue":"","id":"9261","urlVignette":"https:\/\/www.saint-brevin.com\/medias\/images\/prestataires\/v-7-gci-poussin-2-3-jours-tavenon-9261.jpg","alt":"7-gci-poussin-2-3-jours-tavenon-9261","title":"7-gci-poussin-2-3-jours-tavenon-9261","MultiTaille":{"1920x1440":{"url":"https:\/\/www.saint-brevin.com\/medias\/images\/prestataires\/multitailles\/1920x1440_7-gci-poussin-2-3-jours-tavenon-9261.jpg"},"1200x900":{"url":"https:\/\/www.saint-brevin.com\/medias\/images\/prestataires\/multitailles\/1200x900_7-gci-poussin-2-3-jours-tavenon-9261.jpg"},"800x600":{"url":"https:\/\/www.saint-brevin.com\/medias\/images\/prestataires\/multitailles\/800x600_7-gci-poussin-2-3-jours-tavenon-9261.jpg"},"640x480":{"url":"https:\/\/www.saint-brevin.com\/medias\/images\/prestataires\/multitailles\/640x480_7-gci-poussin-2-3-jours-tavenon-9261.jpg"},"320x240":{"url":"https:\/\/www.saint-brevin.com\/medias\/images\/prestataires\/multitailles\/320x240_7-gci-poussin-2-3-jours-tavenon-9261.jpg"},"160x120":{"url":"https:\/\/www.saint-brevin.com\/medias\/images\/prestataires\/multitailles\/160x120_7-gci-poussin-2-3-jours-tavenon-9261.jpg"},"origine":{"url":"https:\/\/www.saint-brevin.com\/medias\/images\/prestataires\/7-gci-poussin-2-3-jours-tavenon-9261.jpg"}},"urlLien":"","typeLien":"|","nofollow":"N","copyright":"@Dominique TAVENON"},{"url":"https:\/\/www.saint-brevin.com\/medias\/images\/prestataires\/gci-nid-14-05-2020-tavenon-9262.jpg","chemin":"..\/medias\/images\/prestataires\/gci-nid-14-05-2020-tavenon-9262.jpg","libelle":"gci-nid-14-05-2020-tavenon-9262","extension":"jpg","categorie":"","largeur":640,"theme":"","hauteur":480,"type":"Image","origine":"","liaisonPave":"","langue":"","id":"9262","urlVignette":"https:\/\/www.saint-brevin.com\/medias\/images\/prestataires\/v-gci-nid-14-05-2020-tavenon-9262.jpg","alt":"gci-nid-14-05-2020-tavenon-9262","title":"gci-nid-14-05-2020-tavenon-9262","MultiTaille":{"1920x1440":{"url":"https:\/\/www.saint-brevin.com\/medias\/images\/prestataires\/multitailles\/1920x1440_gci-nid-14-05-2020-tavenon-9262.jpg"},"1200x900":{"url":"https:\/\/www.saint-brevin.com\/medias\/images\/prestataires\/multitailles\/1200x900_gci-nid-14-05-2020-tavenon-9262.jpg"},"800x600":{"url":"https:\/\/www.saint-brevin.com\/medias\/images\/prestataires\/multitailles\/800x600_gci-nid-14-05-2020-tavenon-9262.jpg"},"640x480":{"url":"https:\/\/www.saint-brevin.com\/medias\/images\/prestataires\/multitailles\/640x480_gci-nid-14-05-2020-tavenon-9262.jpg"},"320x240":{"url":"https:\/\/www.saint-brevin.com\/medias\/images\/prestataires\/multitailles\/320x240_gci-nid-14-05-2020-tavenon-9262.jpg"},"160x120":{"url":"https:\/\/www.saint-brevin.com\/medias\/images\/prestataires\/multitailles\/160x120_gci-nid-14-05-2020-tavenon-9262.jpg"},"origine":{"url":"https:\/\/www.saint-brevin.com\/medias\/images\/prestataires\/gci-nid-14-05-2020-tavenon-9262.jpg"}},"urlLien":"","typeLien":"|","nofollow":"N","copyright":"@Dominique TAVENON"},{"url":"https:\/\/www.saint-brevin.com\/medias\/images\/prestataires\/6-gci-naissances-tavenon-9263.jpg","chemin":"..\/medias\/images\/prestataires\/6-gci-naissances-tavenon-9263.jpg","libelle":"6-gci-naissances-tavenon-9263","extension":"jpg","categorie":"","largeur":1500,"theme":"","hauteur":1030,"type":"Image","origine":"","liaisonPave":"","langue":"","id":"9263","urlVignette":"https:\/\/www.saint-brevin.com\/medias\/images\/prestataires\/v-6-gci-naissances-tavenon-9263.jpg","alt":"6-gci-naissances-tavenon-9263","title":"6-gci-naissances-tavenon-9263","MultiTaille":{"1920x1440":{"url":"https:\/\/www.saint-brevin.com\/medias\/images\/prestataires\/multitailles\/1920x1440_6-gci-naissances-tavenon-9263.jpg"},"1200x900":{"url":"https:\/\/www.saint-brevin.com\/medias\/images\/prestataires\/multitailles\/1200x900_6-gci-naissances-tavenon-9263.jpg"},"800x600":{"url":"https:\/\/www.saint-brevin.com\/medias\/images\/prestataires\/multitailles\/800x600_6-gci-naissances-tavenon-9263.jpg"},"640x480":{"url":"https:\/\/www.saint-brevin.com\/medias\/images\/prestataires\/multitailles\/640x480_6-gci-naissances-tavenon-9263.jpg"},"320x240":{"url":"https:\/\/www.saint-brevin.com\/medias\/images\/prestataires\/multitailles\/320x240_6-gci-naissances-tavenon-9263.jpg"},"160x120":{"url":"https:\/\/www.saint-brevin.com\/medias\/images\/prestataires\/multitailles\/160x120_6-gci-naissances-tavenon-9263.jpg"},"origine":{"url":"https:\/\/www.saint-brevin.com\/medias\/images\/prestataires\/6-gci-naissances-tavenon-9263.jpg"}},"urlLien":"","typeLien":"|","nofollow":"N","copyright":"@Dominique TAVENON"}]}},"Url":"","Localisation":{"GoogleMap":{"Latitude":"","Longitude":""}},"ZoneGeo":"","Criteres":{"COMMUNES[SAINTBREVIN":"","NTYSIT[NAUT":"","NCATPA[ESPNATU":"","NCATPA[NAUTR":"oiseaux","NCATPA[ZONEDINTERET":"","MAJINGENIE[DATEDERNIEREMAJ":"20240509","MISEAJOUR[AMANDINE":""},"DateFinPublication":"","PrixAPartirDe":"","PrixPour":"","FicheListeEnCours":"fiche_liste_patrimoine_naturel_v2017","ParametresModele":{"AfficherPhotos":"1","NbPhotosMax":6,"AfficherReserver":0,"AfficherContact":0,"AfficherSalle":1,"AfficherZoneGeo":0,"AfficherEnSavoirPlus":"1","AfficherUneSeuleOuverture":0,"AfficherContactCarte":0,"AfficherTarifsChaudAPartirDe":0,"AfficherTarifChaudSansRecherche":0,"AfficherLiensCarnetVoyage":"1","BlocCritereInfo":{"critere1":{"libelle":""},"critere2":{"libelle":""},"critere3":{"libelle":""},"critere4":{"libelle":""},"critere5":{"libelle":""},"critere6":{"libelle":""},"critere7":{"libelle":"","liste_critere":["COMMUNES|N"]},"critere8":{"libelle":""},"afficherpictoetpaslibelle":"1"},"TypePrestataire":"N","ComportementResa":false,"ComportementDispo":false},"AffichageCoordonnees":[],"Coordonnees":{"Ville":"ST BREVIN LES PINS"},"ContexteId":"PRESTATAIRE|N|LEGRAVELOTACOLLIERINTERROMPU","ContexteIdHtml":"PRESTATAIRE-N-LEGRAVELOTACOLLIERINTERROMPU","cleContexte":"N|LEGRAVELOTACOLLIERINTERROMPU","Bloc":{"texte1":"","texte3":"","critere1":{"libelle":"","contenu":[]},"critere2":{"libelle":"","contenu":[]},"critere3":{"libelle":"","contenu":[]},"critere4":{"libelle":"","contenu":[]},"critere5":{"libelle":"","contenu":[]},"critere6":{"libelle":"","contenu":[]},"critere7":{"libelle":"","contenu":{"COMMUNES":{"libelle":"geographische Zone","contenu":{"1":"Saint-Brevin"},"codesValeurs":{"1":"COMMUNES|SAINTBREVIN|N"},"criteres_datas":{"valeurs":{"1":{"SAINTBREVIN":{"descriptif":""}}}}}}},"critere8":{"libelle":"","contenu":[]},"critere9":{"libelle":"","contenu":[]}},"libelleDuPrestataire":"","listeCriteres":{"COMMUNES":{"SAINTBREVIN":""},"NTYSIT":{"NAUT":""},"NCATPA":{"ESPNATU":"","NAUTR":"oiseaux","ZONEDINTERET":""},"MAJINGENIE":{"DATEDERNIEREMAJ":"20240509"},"MISEAJOUR":{"AMANDINE":""}},"dansCarnetVoyage":true,"Ouverture":""},"html":" \n \u003Cdiv id=\"CV-PRESTATAIRE-N-LEGRAVELOTACOLLIERINTERROMPU\" data-contexte-id=\"PRESTATAIRE|N|LEGRAVELOTACOLLIERINTERROMPU\" data-cle=\"N|LEGRAVELOTACOLLIERINTERROMPU\" class=\"fiche-liste\"\u003E\n    \n\n    \u003C!-- partie photo --\u003E\n    \u003Cdiv class=\"photo\"\u003E\t\t\t\t\t\t\t\t\t\t\t\t\t\t\t\t\t\t\t\t\t\n        \u003Cdiv class=\"cadre_photo_principale\"\u003E\t\t\n        \n            \t\t\t\t\t\n                    \u003Ca href=\"?origine=carnet#media\"\u003E\n                        \u003Cimg class=\"photo_principale\" alt=\"4-gci-f-couvant-tavenon-9260\" src=\"https:\/\/www.saint-brevin.com\/medias\/images\/prestataires\/multitailles\/320x240_4-gci-f-couvant-tavenon-9260.jpg\" itemprop=\"image\"\u003E\n                    \u003C\/a\u003E\t\t\t\t\t\t\n                \n                    \u003C\/div\u003E\t\t\t\t\t\t\t\t\t\t\t\t\t\t\t\t\t\t\t \t\t\n    \u003C\/div\u003E\n    \n    \u003C!-- partie nom prest --\u003E\n    \u003Cdiv class=\"nom\"\u003E\n        \u003Ch2\u003ELe gravelot \u00e0 collier interrompu\u003C\/h2\u003E\n        \n            \u003C\/div\u003E\n\n         \n    \u003C!-- partie adresse --\u003E\n    \u003Cdiv class=\"adresse\"\u003E\n    \n          \n    \u003C\/div\u003E\n    \n    \u003C!-- partie liens --\u003E\n    \u003Cdiv class=\"liens\"\u003E\n            \u003Ca class=\"btn-icon btn-view \" title=\"Detail  \" href=\"?origine=carnet\"\u003E\u003C\/a\u003E\u003C!--\u003Ca class=\"btn-icon btn-view \" title=\"\" href=\"?origine=carnet#thaut\"\u003E\u003C\/a\u003E--\u003E\n      \u003Ca class=\"btn-icon btn-trash carnet_voyage_supprimer\" title=\"Zur\u00fcckziehen \" href=\"carnet-voyage?action=remove&fiche=N|LEGRAVELOTACOLLIERINTERROMPU\"\u003E\u003C\/a\u003E\n    \u003C\/div\u003E\n\n\u003C\/div\u003E\n\n","icon":"https:\/\/static.ingenie.fr\/images\/carnetVoyageV3\/N.png"},"fiche":"N|LEGRAVELOTACOLLIERINTERROMPU","popup":"\u003Cdiv id=\"bloc_popup_ajout_fiche_carnet\"\u003E\n    \u003Cdiv class=\"info_popup_ajout_fiche_carnet\"\u003E\n        Sie haben gerade diesen Artikel zu Ihrer Auswahl hinzugef\u00fcgt :    \u003C\/div\u003E\n    \u003Cdiv class=\"prest_popup_ajout_fiche_carnet\"\u003E\n        Le gravelot &agrave; collier interrompu     \u003C\/div\u003E\n    \u003Cdiv class=\"bloc_btn_ajout_fiche_carnet form_submit_div\"\u003E\n        \u003Cinput type=\"button\" value=\"Fortsetzen  \" title=\"Fortsetzen  \" name=\"btn_close\" class=\"btn_close_popup_carnet form_submit\" onclick=\"$.colorbox.close()\" \/\u003E\n        \u003Cinput type=\"button\" value=\"Bewertung meiner Auswahl  \" title=\"Bewertung meiner Auswahl  \" name=\"btn_panier\" class=\"btn_panier_popup_carnet form_submit\" onclick=\"if(typeof CarnetVoyage != 'undefined') {CarnetVoyage.voirCarnet();}\" \/\u003E\n    \u003C\/div\u003E\n    \u003Cdiv class=\"bloc_btn_ajout_fiche_carnet\"\u003E\n        \u003Cinput type=\"checkbox\" value=\"1\" name=\"desactiver_popup\" id=\"desactiver_popup\" \/\u003E\n        \u003Clabel for=\"desactiver_popup\"\u003EStoppen Sie diese Nachricht aficher \u003C\/label\u003E\n    \u003C\/div\u003E\n\u003C\/div\u003E","success":1}