{"nbFiches":4,"dataPrest":{"infoPrest":{"pave1":{"libelle":"","contenu":""},"pave2":{"libelle":"","contenu":""},"pave3":{"libelle":"","contenu":""},"pave4":{"libelle":"","contenu":""},"pave5":{"libelle":"","contenu":""},"pave6":{"libelle":"","contenu":""},"pave7":{"libelle":"","contenu":""},"pave8":{"libelle":"","contenu":""},"pave9":{"libelle":"","contenu":""},"pave10":{"libelle":"","contenu":""},"pave11":{"libelle":"","contenu":""},"pave12":{"libelle":"","contenu":""},"pave13":{"libelle":"","contenu":""},"pave14":{"libelle":"","contenu":""},"pave15":{"libelle":"","contenu":""},"pave16":{"libelle":"","contenu":""},"pave17":{"libelle":"","contenu":""},"pave18":{"libelle":"","contenu":""},"pave19":{"libelle":"","contenu":""},"pave20":{"libelle":"","contenu":""},"pave21":{"libelle":"","contenu":""},"pave22":{"libelle":"","contenu":""},"pave23":{"libelle":"","contenu":""},"pave24":{"libelle":"","contenu":""},"pave25":{"libelle":"","contenu":""},"Libelle":"Embarcad\u00e8re de Mindin","Nom":"Embarcad\u00e8re de Mindin","Prenom":"","NomPrenom":"Embarcad\u00e8re de Mindin ","CiviliteNomPrenom":"Embarcad\u00e8re de Mindin ","Cle":"U|EMBARCADERE","PrestataireParent":"","ContexteStat":"PRESTATAIRE-U-EMBARCADERE","DateModificationIso":"2025-11-21T11:41:00+01:00","Type":"PRESTATAIRE","TypePrestataire":"U","Adresse":{"LigneAdresse1":"place Bougainville","LigneAdresse2":"","LigneAdresse3":"","CodePostal":"44250","Ville":"ST BREVIN LES PINS","Cedex":"","Etat":"","Pays":"FRA"},"Email":"","Telephone":"","TelephoneBureau":"","Portable":"","SiteWeb":"http:\/\/www.canal-maritime-basse-loire.fr","Fax":"","Id":"u-embarcadere","Code":"U|EMBARCADERE","Fichier":{"Image":[{"url":"https:\/\/www.saint-brevin.com\/medias\/images\/prestataires\/dsc7154-8643.jpg","chemin":"..\/medias\/images\/prestataires\/dsc7154-8643.jpg","libelle":"dsc7154-8643","extension":"jpg","categorie":"","largeur":4288,"theme":"","hauteur":2848,"type":"Image","origine":"","liaisonPave":"","langue":"","id":"8643","urlVignette":"https:\/\/www.saint-brevin.com\/medias\/images\/prestataires\/v-dsc7154-8643.jpg","alt":"dsc7154-8643","title":"dsc7154-8643","MultiTaille":{"1920x1440":{"url":"https:\/\/www.saint-brevin.com\/medias\/images\/prestataires\/multitailles\/1920x1440_dsc7154-8643.jpg"},"1200x900":{"url":"https:\/\/www.saint-brevin.com\/medias\/images\/prestataires\/multitailles\/1200x900_dsc7154-8643.jpg"},"800x600":{"url":"https:\/\/www.saint-brevin.com\/medias\/images\/prestataires\/multitailles\/800x600_dsc7154-8643.jpg"},"640x480":{"url":"https:\/\/www.saint-brevin.com\/medias\/images\/prestataires\/multitailles\/640x480_dsc7154-8643.jpg"},"320x240":{"url":"https:\/\/www.saint-brevin.com\/medias\/images\/prestataires\/multitailles\/320x240_dsc7154-8643.jpg"},"160x120":{"url":"https:\/\/www.saint-brevin.com\/medias\/images\/prestataires\/multitailles\/160x120_dsc7154-8643.jpg"},"origine":{"url":"https:\/\/www.saint-brevin.com\/medias\/images\/prestataires\/dsc7154-8643.jpg"}},"urlLien":"","typeLien":"","nofollow":"N","copyright":""},{"url":"https:\/\/www.saint-brevin.com\/medias\/images\/prestataires\/dsc7159-8642.jpg","chemin":"..\/medias\/images\/prestataires\/dsc7159-8642.jpg","libelle":"dsc7159-8642","extension":"jpg","categorie":"","largeur":4288,"theme":"","hauteur":2848,"type":"Image","origine":"","liaisonPave":"","langue":"","id":"8642","urlVignette":"https:\/\/www.saint-brevin.com\/medias\/images\/prestataires\/v-dsc7159-8642.jpg","alt":"dsc7159-8642","title":"dsc7159-8642","MultiTaille":{"1920x1440":{"url":"https:\/\/www.saint-brevin.com\/medias\/images\/prestataires\/multitailles\/1920x1440_dsc7159-8642.jpg"},"1200x900":{"url":"https:\/\/www.saint-brevin.com\/medias\/images\/prestataires\/multitailles\/1200x900_dsc7159-8642.jpg"},"800x600":{"url":"https:\/\/www.saint-brevin.com\/medias\/images\/prestataires\/multitailles\/800x600_dsc7159-8642.jpg"},"640x480":{"url":"https:\/\/www.saint-brevin.com\/medias\/images\/prestataires\/multitailles\/640x480_dsc7159-8642.jpg"},"320x240":{"url":"https:\/\/www.saint-brevin.com\/medias\/images\/prestataires\/multitailles\/320x240_dsc7159-8642.jpg"},"160x120":{"url":"https:\/\/www.saint-brevin.com\/medias\/images\/prestataires\/multitailles\/160x120_dsc7159-8642.jpg"},"origine":{"url":"https:\/\/www.saint-brevin.com\/medias\/images\/prestataires\/dsc7159-8642.jpg"}},"urlLien":"","typeLien":"","nofollow":"N","copyright":""},{"url":"https:\/\/www.saint-brevin.com\/medias\/images\/prestataires\/dsc7155-8644.jpg","chemin":"..\/medias\/images\/prestataires\/dsc7155-8644.jpg","libelle":"dsc7155-8644","extension":"jpg","categorie":"","largeur":4288,"theme":"","hauteur":2848,"type":"Image","origine":"","liaisonPave":"","langue":"","id":"8644","urlVignette":"https:\/\/www.saint-brevin.com\/medias\/images\/prestataires\/v-dsc7155-8644.jpg","alt":"dsc7155-8644","title":"dsc7155-8644","MultiTaille":{"1920x1440":{"url":"https:\/\/www.saint-brevin.com\/medias\/images\/prestataires\/multitailles\/1920x1440_dsc7155-8644.jpg"},"1200x900":{"url":"https:\/\/www.saint-brevin.com\/medias\/images\/prestataires\/multitailles\/1200x900_dsc7155-8644.jpg"},"800x600":{"url":"https:\/\/www.saint-brevin.com\/medias\/images\/prestataires\/multitailles\/800x600_dsc7155-8644.jpg"},"640x480":{"url":"https:\/\/www.saint-brevin.com\/medias\/images\/prestataires\/multitailles\/640x480_dsc7155-8644.jpg"},"320x240":{"url":"https:\/\/www.saint-brevin.com\/medias\/images\/prestataires\/multitailles\/320x240_dsc7155-8644.jpg"},"160x120":{"url":"https:\/\/www.saint-brevin.com\/medias\/images\/prestataires\/multitailles\/160x120_dsc7155-8644.jpg"},"origine":{"url":"https:\/\/www.saint-brevin.com\/medias\/images\/prestataires\/dsc7155-8644.jpg"}},"urlLien":"","typeLien":"","nofollow":"N","copyright":""}],"ByCategorie":{"":[{"url":"https:\/\/www.saint-brevin.com\/medias\/images\/prestataires\/dsc7154-8643.jpg","chemin":"..\/medias\/images\/prestataires\/dsc7154-8643.jpg","libelle":"dsc7154-8643","extension":"jpg","categorie":"","largeur":4288,"theme":"","hauteur":2848,"type":"Image","origine":"","liaisonPave":"","langue":"","id":"8643","urlVignette":"https:\/\/www.saint-brevin.com\/medias\/images\/prestataires\/v-dsc7154-8643.jpg","alt":"dsc7154-8643","title":"dsc7154-8643","MultiTaille":{"1920x1440":{"url":"https:\/\/www.saint-brevin.com\/medias\/images\/prestataires\/multitailles\/1920x1440_dsc7154-8643.jpg"},"1200x900":{"url":"https:\/\/www.saint-brevin.com\/medias\/images\/prestataires\/multitailles\/1200x900_dsc7154-8643.jpg"},"800x600":{"url":"https:\/\/www.saint-brevin.com\/medias\/images\/prestataires\/multitailles\/800x600_dsc7154-8643.jpg"},"640x480":{"url":"https:\/\/www.saint-brevin.com\/medias\/images\/prestataires\/multitailles\/640x480_dsc7154-8643.jpg"},"320x240":{"url":"https:\/\/www.saint-brevin.com\/medias\/images\/prestataires\/multitailles\/320x240_dsc7154-8643.jpg"},"160x120":{"url":"https:\/\/www.saint-brevin.com\/medias\/images\/prestataires\/multitailles\/160x120_dsc7154-8643.jpg"},"origine":{"url":"https:\/\/www.saint-brevin.com\/medias\/images\/prestataires\/dsc7154-8643.jpg"}},"urlLien":"","typeLien":"","nofollow":"N","copyright":""},{"url":"https:\/\/www.saint-brevin.com\/medias\/images\/prestataires\/dsc7159-8642.jpg","chemin":"..\/medias\/images\/prestataires\/dsc7159-8642.jpg","libelle":"dsc7159-8642","extension":"jpg","categorie":"","largeur":4288,"theme":"","hauteur":2848,"type":"Image","origine":"","liaisonPave":"","langue":"","id":"8642","urlVignette":"https:\/\/www.saint-brevin.com\/medias\/images\/prestataires\/v-dsc7159-8642.jpg","alt":"dsc7159-8642","title":"dsc7159-8642","MultiTaille":{"1920x1440":{"url":"https:\/\/www.saint-brevin.com\/medias\/images\/prestataires\/multitailles\/1920x1440_dsc7159-8642.jpg"},"1200x900":{"url":"https:\/\/www.saint-brevin.com\/medias\/images\/prestataires\/multitailles\/1200x900_dsc7159-8642.jpg"},"800x600":{"url":"https:\/\/www.saint-brevin.com\/medias\/images\/prestataires\/multitailles\/800x600_dsc7159-8642.jpg"},"640x480":{"url":"https:\/\/www.saint-brevin.com\/medias\/images\/prestataires\/multitailles\/640x480_dsc7159-8642.jpg"},"320x240":{"url":"https:\/\/www.saint-brevin.com\/medias\/images\/prestataires\/multitailles\/320x240_dsc7159-8642.jpg"},"160x120":{"url":"https:\/\/www.saint-brevin.com\/medias\/images\/prestataires\/multitailles\/160x120_dsc7159-8642.jpg"},"origine":{"url":"https:\/\/www.saint-brevin.com\/medias\/images\/prestataires\/dsc7159-8642.jpg"}},"urlLien":"","typeLien":"","nofollow":"N","copyright":""},{"url":"https:\/\/www.saint-brevin.com\/medias\/images\/prestataires\/dsc7155-8644.jpg","chemin":"..\/medias\/images\/prestataires\/dsc7155-8644.jpg","libelle":"dsc7155-8644","extension":"jpg","categorie":"","largeur":4288,"theme":"","hauteur":2848,"type":"Image","origine":"","liaisonPave":"","langue":"","id":"8644","urlVignette":"https:\/\/www.saint-brevin.com\/medias\/images\/prestataires\/v-dsc7155-8644.jpg","alt":"dsc7155-8644","title":"dsc7155-8644","MultiTaille":{"1920x1440":{"url":"https:\/\/www.saint-brevin.com\/medias\/images\/prestataires\/multitailles\/1920x1440_dsc7155-8644.jpg"},"1200x900":{"url":"https:\/\/www.saint-brevin.com\/medias\/images\/prestataires\/multitailles\/1200x900_dsc7155-8644.jpg"},"800x600":{"url":"https:\/\/www.saint-brevin.com\/medias\/images\/prestataires\/multitailles\/800x600_dsc7155-8644.jpg"},"640x480":{"url":"https:\/\/www.saint-brevin.com\/medias\/images\/prestataires\/multitailles\/640x480_dsc7155-8644.jpg"},"320x240":{"url":"https:\/\/www.saint-brevin.com\/medias\/images\/prestataires\/multitailles\/320x240_dsc7155-8644.jpg"},"160x120":{"url":"https:\/\/www.saint-brevin.com\/medias\/images\/prestataires\/multitailles\/160x120_dsc7155-8644.jpg"},"origine":{"url":"https:\/\/www.saint-brevin.com\/medias\/images\/prestataires\/dsc7155-8644.jpg"}},"urlLien":"","typeLien":"","nofollow":"N","copyright":""}]}},"Url":"","Localisation":{"GoogleMap":{"Latitude":"47.26911","Longitude":"-2.16841"}},"ZoneGeo":"","Criteres":{"NIVPARTENAIRE[COMPLET":"","COMMUNES[SAINTBREVIN":"","AUTOURL[STBREVINSE":"","UTYPC[PATRIMARITIME":"","UPERSI[UXIX":"","UPERSI[UXXI":"","UTHMUS[URAIT":"","ANIACC[ANOUI":"","UDLTH[SAAAA":"","MAJINGENIE[DATEDERNIEREMAJ":"20231204","MISEAJOUR[AMANDINE":""},"DateFinPublication":"","PrixAPartirDe":"","PrixPour":"","FicheListeEnCours":"fiche_liste_patrimoine_culturel_v2017","ParametresModele":{"AfficherPhotos":"1","NbPhotosMax":6,"AfficherReserver":0,"AfficherContact":0,"AfficherSalle":1,"AfficherZoneGeo":0,"AfficherEnSavoirPlus":"1","AfficherUneSeuleOuverture":0,"AfficherContactCarte":1,"AfficherTarifsChaudAPartirDe":0,"AfficherTarifChaudSansRecherche":0,"AfficherLiensCarnetVoyage":"1","AfficherOuverture":"0","BlocCritereInfo":{"critere1":{"libelle":""},"critere2":{"libelle":""},"critere3":{"libelle":"LIBELLE_GENERAL"},"critere4":{"libelle":""},"critere5":{"libelle":""},"critere6":{"libelle":""},"critere7":{"libelle":"","liste_critere":["COMMUNES|U"]},"critere8":{"libelle":""},"afficherpictoetpaslibelle":"1"},"Criteres":"NIVPARTENAIRE[COMPLET","PositionBloc":"GALLERIE|NOM|CARNET_VOYAGE|URL","TypePrestataire":"U","ComportementResa":false,"ComportementDispo":false},"AffichageCoordonnees":[],"Coordonnees":{"Ville":"ST BREVIN LES PINS"},"ContexteId":"PRESTATAIRE|U|EMBARCADERE","ContexteIdHtml":"PRESTATAIRE-U-EMBARCADERE","cleContexte":"U|EMBARCADERE","Bloc":{"texte1":"","texte3":"","critere1":{"libelle":"","contenu":[]},"critere2":{"libelle":"","contenu":[]},"critere3":{"libelle":"","contenu":[]},"critere4":{"libelle":"","contenu":[]},"critere5":{"libelle":"","contenu":[]},"critere6":{"libelle":"","contenu":[]},"critere7":{"libelle":"","contenu":{"COMMUNES":{"libelle":"geographische Zone","contenu":{"1":"Saint-Brevin"},"codesValeurs":{"1":"COMMUNES|SAINTBREVIN|U"},"criteres_datas":{"valeurs":{"1":{"SAINTBREVIN":{"descriptif":""}}}}}}},"critere8":{"libelle":"","contenu":[]},"critere9":{"libelle":"","contenu":[]}},"LocalisationGps":{"Latitude":"47.26911","Longitude":"-2.16841"},"libelleDuPrestataire":"","listeCriteres":{"NIVPARTENAIRE":{"COMPLET":""},"COMMUNES":{"SAINTBREVIN":""},"AUTOURL":{"STBREVINSE":""},"UTYPC":{"PATRIMARITIME":""},"UPERSI":{"UXIX":"","UXXI":""},"UTHMUS":{"URAIT":""},"ANIACC":{"ANOUI":""},"UDLTH":{"SAAAA":""},"MAJINGENIE":{"DATEDERNIEREMAJ":"20231204"},"MISEAJOUR":{"AMANDINE":""}},"dansCarnetVoyage":true,"Ouverture":""},"html":" \n \u003Cdiv id=\"CV-PRESTATAIRE-U-EMBARCADERE\" data-contexte-id=\"PRESTATAIRE|U|EMBARCADERE\" data-cle=\"U|EMBARCADERE\" class=\"fiche-liste\"\u003E\n    \n\n    \u003C!-- partie photo --\u003E\n    \u003Cdiv class=\"photo\"\u003E\t\t\t\t\t\t\t\t\t\t\t\t\t\t\t\t\t\t\t\t\t\n        \u003Cdiv class=\"cadre_photo_principale\"\u003E\t\t\n        \n            \t\t\t\t\t\n                    \u003Ca href=\"?origine=carnet#media\"\u003E\n                        \u003Cimg class=\"photo_principale\" alt=\"dsc7154-8643\" src=\"https:\/\/www.saint-brevin.com\/medias\/images\/prestataires\/multitailles\/320x240_dsc7154-8643.jpg\" itemprop=\"image\"\u003E\n                    \u003C\/a\u003E\t\t\t\t\t\t\n                \n                    \u003C\/div\u003E\t\t\t\t\t\t\t\t\t\t\t\t\t\t\t\t\t\t\t \t\t\n    \u003C\/div\u003E\n    \n    \u003C!-- partie nom prest --\u003E\n    \u003Cdiv class=\"nom\"\u003E\n        \u003Ch2\u003EEmbarcad\u00e8re de Mindin\u003C\/h2\u003E\n        \n            \u003C\/div\u003E\n\n         \n    \u003C!-- partie adresse --\u003E\n    \u003Cdiv class=\"adresse\"\u003E\n    \n          \n    \u003C\/div\u003E\n    \n    \u003C!-- partie liens --\u003E\n    \u003Cdiv class=\"liens\"\u003E\n            \u003Ca class=\"btn-icon btn-view \" title=\"Detail  \" href=\"?origine=carnet\"\u003E\u003C\/a\u003E\u003C!--\u003Ca class=\"btn-icon btn-view \" title=\"\" href=\"?origine=carnet#thaut\"\u003E\u003C\/a\u003E--\u003E\n      \u003Ca class=\"btn-icon btn-trash carnet_voyage_supprimer\" title=\"Zur\u00fcckziehen \" href=\"carnet-voyage?action=remove&fiche=U|EMBARCADERE\"\u003E\u003C\/a\u003E\n    \u003C\/div\u003E\n\n\u003C\/div\u003E\n\n","icon":"https:\/\/static.ingenie.fr\/images\/carnetVoyageV3\/U.png"},"fiche":"U|EMBARCADERE","popup":"\u003Cdiv id=\"bloc_popup_ajout_fiche_carnet\"\u003E\n    \u003Cdiv class=\"info_popup_ajout_fiche_carnet\"\u003E\n        Sie haben gerade diesen Artikel zu Ihrer Auswahl hinzugef\u00fcgt :    \u003C\/div\u003E\n    \u003Cdiv class=\"prest_popup_ajout_fiche_carnet\"\u003E\n        Embarcad&egrave;re de Mindin     \u003C\/div\u003E\n    \u003Cdiv class=\"bloc_btn_ajout_fiche_carnet form_submit_div\"\u003E\n        \u003Cinput type=\"button\" value=\"Fortsetzen  \" title=\"Fortsetzen  \" name=\"btn_close\" class=\"btn_close_popup_carnet form_submit\" onclick=\"$.colorbox.close()\" \/\u003E\n        \u003Cinput type=\"button\" value=\"Bewertung meiner Auswahl  \" title=\"Bewertung meiner Auswahl  \" name=\"btn_panier\" class=\"btn_panier_popup_carnet form_submit\" onclick=\"if(typeof CarnetVoyage != 'undefined') {CarnetVoyage.voirCarnet();}\" \/\u003E\n    \u003C\/div\u003E\n    \u003Cdiv class=\"bloc_btn_ajout_fiche_carnet\"\u003E\n        \u003Cinput type=\"checkbox\" value=\"1\" name=\"desactiver_popup\" id=\"desactiver_popup\" \/\u003E\n        \u003Clabel for=\"desactiver_popup\"\u003EStoppen Sie diese Nachricht aficher \u003C\/label\u003E\n    \u003C\/div\u003E\n\u003C\/div\u003E","success":1}