{"nbFiches":1,"dataPrest":{"infoPrest":{"pave1":{"libelle":"","contenu":""},"pave2":{"libelle":"","contenu":""},"pave3":{"libelle":"","contenu":""},"pave4":{"libelle":"","contenu":""},"pave5":{"libelle":"","contenu":""},"pave6":{"libelle":"","contenu":""},"pave7":{"libelle":"","contenu":""},"pave8":{"libelle":"","contenu":""},"pave9":{"libelle":"","contenu":""},"pave10":{"libelle":"","contenu":""},"pave11":{"libelle":"","contenu":""},"pave12":{"libelle":"","contenu":""},"pave13":{"libelle":"","contenu":""},"pave14":{"libelle":"","contenu":""},"pave15":{"libelle":"","contenu":""},"pave16":{"libelle":"","contenu":""},"pave17":{"libelle":"","contenu":""},"pave18":{"libelle":"","contenu":""},"pave19":{"libelle":"","contenu":""},"pave20":{"libelle":"","contenu":""},"pave21":{"libelle":"","contenu":""},"pave22":{"libelle":"","contenu":""},"pave23":{"libelle":"","contenu":""},"pave24":{"libelle":"","contenu":""},"pave25":{"libelle":"","contenu":""},"Libelle":"D\u00e9couverte des oiseaux migrateurs","Reference":"","Reftar":"","Type":"PRESTATION","TypePrestataire":"Y","ContexteStat":"PRESTATION-Y-DEPARTEMENT-DECOUVERTEOISEAUXMIGRATEURS","DateModificationIso":"2026-02-11T10:52:00+01:00","Adresse":{"LigneAdresse1":"R\u00e9serve du Massereau","LigneAdresse2":"Les Champs Neufs","LigneAdresse3":"","CodePostal":"44320","Ville":"FROSSAY","Cedex":"","Etat":"","Pays":"FRA"},"Id":"y-departement-decouverteoiseauxmigrateurs","Code":"Y|DEPARTEMENT|DECOUVERTEOISEAUXMIGRATEURS","Cle":"Y|DEPARTEMENT|DECOUVERTEOISEAUXMIGRATEURS","Url":"","Localisation":{"GoogleMap":{"Latitude":"47.23853","Longitude":"-1.87150"}},"ZoneGeo":"","Criteres":{"LIEUMANIF[FROSSAY":"","CATEGORIEANIMATION[SORTIENATURE":"","THEME[ANIMAU":"","THEME[NATUREETENVIRONNEMENT":"","ICA[DS":"2h","ICA[ICATP":"","ANIAH[ANINACC":"","GANIMA[GANIMNON":"","MODEPAIEMENT[GRATUIT":"","MISEAJOURINGENIE[DATEDERNIEREMAJ":"20260113","MISEAJOURPAR[AMANDINE":""},"Prestataire":{"pave1":{"libelle":"","contenu":""},"pave2":{"libelle":"","contenu":""},"pave3":{"libelle":"","contenu":""},"pave4":{"libelle":"","contenu":""},"pave5":{"libelle":"","contenu":""},"pave6":{"libelle":"","contenu":""},"pave7":{"libelle":"","contenu":""},"pave8":{"libelle":"","contenu":""},"pave9":{"libelle":"","contenu":""},"pave10":{"libelle":"","contenu":""},"pave11":{"libelle":"","contenu":""},"pave12":{"libelle":"","contenu":""},"pave13":{"libelle":"","contenu":""},"pave14":{"libelle":"","contenu":""},"pave15":{"libelle":"","contenu":""},"pave16":{"libelle":"","contenu":""},"pave17":{"libelle":"","contenu":""},"pave18":{"libelle":"","contenu":""},"pave19":{"libelle":"","contenu":""},"pave20":{"libelle":"","contenu":""},"pave21":{"libelle":"","contenu":""},"pave22":{"libelle":"","contenu":""},"pave23":{"libelle":"","contenu":""},"pave24":{"libelle":"","contenu":""},"pave25":{"libelle":"","contenu":""},"Libelle":"D\u00e9partement de Loire Atlantique","Nom":"D\u00e9partement de Loire Atlantique","Prenom":"","NomPrenom":"D\u00e9partement de Loire Atlantique ","CiviliteNomPrenom":"D\u00e9partement de Loire Atlantique ","Cle":"Y|DEPARTEMENT","PrestataireParent":"","ContexteStat":"PRESTATAIRE-Y-DEPARTEMENT","DateModificationIso":"2024-01-29T09:22:00+01:00","Type":"PRESTATAIRE","TypePrestataire":"Y","Adresse":{"LigneAdresse1":"3 quai Ceineray","LigneAdresse2":"CS 94109","LigneAdresse3":"","CodePostal":"44041","Ville":"NANTES","Cedex":"1","Etat":"","Pays":"FRA"},"Email":"","Telephone":"09 82 39 56 49","TelephoneBureau":"","Portable":"","SiteWeb":"","Fax":"","Id":"y-departement","Code":"Y|DEPARTEMENT","Fichier":[],"Url":"","Localisation":{"GoogleMap":{"Latitude":"47.22088","Longitude":"-1.55246"}},"ZoneGeo":"","Criteres":{"DESTINATION[HORSDESTINATION":"","MAJINGENIE[DATEDERNIEREMAJ":"20180129"},"DateFinPublication":""},"Fichier":{"Image":[{"url":"https:\/\/www.saint-brevin.com\/medias\/images\/prestations\/photo-5-phragmite-aquatique-cochard-g-29786.jpg","chemin":"..\/medias\/images\/prestations\/photo-5-phragmite-aquatique-cochard-g-29786.jpg","libelle":"photo-5-phragmite-aquatique-cochard-g-29786","extension":"jpg","categorie":"","largeur":600,"theme":"","hauteur":400,"type":"Image","origine":"","liaisonPave":"","langue":"","id":"29786","urlVignette":"https:\/\/www.saint-brevin.com\/medias\/images\/prestations\/v-photo-5-phragmite-aquatique-cochard-g-29786.jpg","alt":"photo-5-phragmite-aquatique-cochard-g-29786","title":"photo-5-phragmite-aquatique-cochard-g-29786","MultiTaille":{"1920x1440":{"url":"https:\/\/www.saint-brevin.com\/medias\/images\/prestations\/multitailles\/1920x1440_photo-5-phragmite-aquatique-cochard-g-29786.jpg"},"1200x900":{"url":"https:\/\/www.saint-brevin.com\/medias\/images\/prestations\/multitailles\/1200x900_photo-5-phragmite-aquatique-cochard-g-29786.jpg"},"800x600":{"url":"https:\/\/www.saint-brevin.com\/medias\/images\/prestations\/multitailles\/800x600_photo-5-phragmite-aquatique-cochard-g-29786.jpg"},"640x480":{"url":"https:\/\/www.saint-brevin.com\/medias\/images\/prestations\/multitailles\/640x480_photo-5-phragmite-aquatique-cochard-g-29786.jpg"},"320x240":{"url":"https:\/\/www.saint-brevin.com\/medias\/images\/prestations\/multitailles\/320x240_photo-5-phragmite-aquatique-cochard-g-29786.jpg"},"160x120":{"url":"https:\/\/www.saint-brevin.com\/medias\/images\/prestations\/multitailles\/160x120_photo-5-phragmite-aquatique-cochard-g-29786.jpg"},"origine":{"url":"https:\/\/www.saint-brevin.com\/medias\/images\/prestations\/photo-5-phragmite-aquatique-cochard-g-29786.jpg"}},"urlLien":"","typeLien":"|","nofollow":"N","copyright":"Guillaume COCHARD"}],"ByCategorie":{"":[{"url":"https:\/\/www.saint-brevin.com\/medias\/images\/prestations\/photo-5-phragmite-aquatique-cochard-g-29786.jpg","chemin":"..\/medias\/images\/prestations\/photo-5-phragmite-aquatique-cochard-g-29786.jpg","libelle":"photo-5-phragmite-aquatique-cochard-g-29786","extension":"jpg","categorie":"","largeur":600,"theme":"","hauteur":400,"type":"Image","origine":"","liaisonPave":"","langue":"","id":"29786","urlVignette":"https:\/\/www.saint-brevin.com\/medias\/images\/prestations\/v-photo-5-phragmite-aquatique-cochard-g-29786.jpg","alt":"photo-5-phragmite-aquatique-cochard-g-29786","title":"photo-5-phragmite-aquatique-cochard-g-29786","MultiTaille":{"1920x1440":{"url":"https:\/\/www.saint-brevin.com\/medias\/images\/prestations\/multitailles\/1920x1440_photo-5-phragmite-aquatique-cochard-g-29786.jpg"},"1200x900":{"url":"https:\/\/www.saint-brevin.com\/medias\/images\/prestations\/multitailles\/1200x900_photo-5-phragmite-aquatique-cochard-g-29786.jpg"},"800x600":{"url":"https:\/\/www.saint-brevin.com\/medias\/images\/prestations\/multitailles\/800x600_photo-5-phragmite-aquatique-cochard-g-29786.jpg"},"640x480":{"url":"https:\/\/www.saint-brevin.com\/medias\/images\/prestations\/multitailles\/640x480_photo-5-phragmite-aquatique-cochard-g-29786.jpg"},"320x240":{"url":"https:\/\/www.saint-brevin.com\/medias\/images\/prestations\/multitailles\/320x240_photo-5-phragmite-aquatique-cochard-g-29786.jpg"},"160x120":{"url":"https:\/\/www.saint-brevin.com\/medias\/images\/prestations\/multitailles\/160x120_photo-5-phragmite-aquatique-cochard-g-29786.jpg"},"origine":{"url":"https:\/\/www.saint-brevin.com\/medias\/images\/prestations\/photo-5-phragmite-aquatique-cochard-g-29786.jpg"}},"urlLien":"","typeLien":"|","nofollow":"N","copyright":"Guillaume COCHARD"}]}},"DateDebPublication":"","DateFinPublication":"20260823","PrixAPartirDe":"","PrixPour":"","FicheListeEnCours":"fiche_liste_agenda_prestation_v2017","ParametresModele":{"AfficherPhotos":"1","NbPhotosMax":6,"AfficherReserver":0,"AfficherContact":0,"AfficherSalle":1,"AfficherZoneGeo":0,"AfficherEnSavoirPlus":"1","AfficherUneSeuleOuverture":"1","AfficherContactCarte":1,"AfficherTarifsChaudAPartirDe":0,"AfficherTarifChaudSansRecherche":0,"AfficherLiensCarnetVoyage":"1","AfficherOuverture":"1","BlocCritereInfo":{"critere1":{"libelle":""},"critere2":{"libelle":""},"critere3":{"libelle":""},"critere4":{"libelle":""},"critere5":{"libelle":""},"critere6":{"libelle":""},"critere7":{"libelle":"","liste_critere":["COMMUNES|Y"]},"critere8":{"libelle":""},"critere9":{"libelle":""},"afficherpictoetpaslibelle":"1"},"CriteresComportementResa":"|RESABILLET[RESAENLIGNE|","PositionBloc":"GALLERIE|NOM|OUVERTURES|CARNET_VOYAGE|URL|LIEN_RESERVER_DETAIL","TypePrestataire":"Y","ComportementResa":false,"ComportementDispo":false},"AffichageCoordonnees":[],"Coordonnees":{"Ville":"FROSSAY"},"ContexteId":"PRESTATION|Y|DEPARTEMENT|DECOUVERTEOISEAUXMIGRATEURS","ContexteIdHtml":"PRESTATION-Y-DEPARTEMENT-DECOUVERTEOISEAUXMIGRATEURS","cleContexte":"Y|DEPARTEMENT|DECOUVERTEOISEAUXMIGRATEURS","Bloc":{"texte1":"","texte3":"","critere1":{"libelle":"","contenu":[]},"critere2":{"libelle":"","contenu":[]},"critere3":{"libelle":"","contenu":[]},"critere4":{"libelle":"","contenu":[]},"critere5":{"libelle":"","contenu":[]},"critere6":{"libelle":"","contenu":[]},"critere7":{"libelle":"","contenu":[]},"critere8":{"libelle":"","contenu":[]},"critere9":{"libelle":"","contenu":[]}},"LocalisationGps":{"Latitude":"47.23853","Longitude":"-1.87150"},"libelleDuPrestataire":"","vuePrestataire":{"pave1":{"libelle":"","contenu":""},"pave2":{"libelle":"","contenu":""},"pave3":{"libelle":"","contenu":""},"pave4":{"libelle":"","contenu":""},"pave5":{"libelle":"","contenu":""},"pave6":{"libelle":"","contenu":""},"pave7":{"libelle":"","contenu":""},"pave8":{"libelle":"","contenu":""},"pave9":{"libelle":"","contenu":""},"pave10":{"libelle":"","contenu":""},"pave11":{"libelle":"","contenu":""},"pave12":{"libelle":"","contenu":""},"pave13":{"libelle":"","contenu":""},"pave14":{"libelle":"","contenu":""},"pave15":{"libelle":"","contenu":""},"pave16":{"libelle":"","contenu":""},"pave17":{"libelle":"","contenu":""},"pave18":{"libelle":"","contenu":""},"pave19":{"libelle":"","contenu":""},"pave20":{"libelle":"","contenu":""},"pave21":{"libelle":"","contenu":""},"pave22":{"libelle":"","contenu":""},"pave23":{"libelle":"","contenu":""},"pave24":{"libelle":"","contenu":""},"pave25":{"libelle":"","contenu":""},"Libelle":"D\u00e9partement de Loire Atlantique","Nom":"D\u00e9partement de Loire Atlantique","Prenom":"","NomPrenom":"D\u00e9partement de Loire Atlantique ","CiviliteNomPrenom":"D\u00e9partement de Loire Atlantique ","Cle":"Y|DEPARTEMENT","PrestataireParent":"","ContexteStat":"PRESTATAIRE-Y-DEPARTEMENT","DateModificationIso":"2024-01-29T09:22:00+01:00","Type":"PRESTATAIRE","TypePrestataire":"Y","Adresse":{"LigneAdresse1":"3 quai Ceineray","LigneAdresse2":"CS 94109","LigneAdresse3":"","CodePostal":"44041","Ville":"NANTES","Cedex":"1","Etat":"","Pays":"FRA"},"Email":"","Telephone":"09 82 39 56 49","TelephoneBureau":"","Portable":"","SiteWeb":"","Fax":"","Id":"y-departement","Code":"Y|DEPARTEMENT","Fichier":[],"Url":"","Localisation":{"GoogleMap":{"Latitude":"47.22088","Longitude":"-1.55246"}},"ZoneGeo":"","Criteres":{"DESTINATION[HORSDESTINATION":"","MAJINGENIE[DATEDERNIEREMAJ":"20180129"},"DateFinPublication":"","AffichageCoordonnees":[]},"listeCriteres":{"LIEUMANIF":{"FROSSAY":""},"CATEGORIEANIMATION":{"SORTIENATURE":""},"THEME":{"ANIMAU":"","NATUREETENVIRONNEMENT":""},"ICA":{"DS":"2h","ICATP":""},"ANIAH":{"ANINACC":""},"GANIMA":{"GANIMNON":""},"MODEPAIEMENT":{"GRATUIT":""},"MISEAJOURINGENIE":{"DATEDERNIEREMAJ":"20260113"},"MISEAJOURPAR":{"AMANDINE":""},"DESTINATION":{"HORSDESTINATION":""},"MAJINGENIE":{"DATEDERNIEREMAJ":"20180129"}},"dansCarnetVoyage":true,"Ouverture":["\u003Cp class=\"date\" \u003Eam Mittwoch 05 August 2026\u003C\/p\u003E\u003Cp class=\"heure\" \u003Evon 08:00 bis 11:00\u003C\/p\u003E"],"OuverturePasse":[],"OuvertureObjs":[{},{}],"OuvertureTab":[["20260805","20260805"],["20260812","20260812"]]},"html":" \n \u003Cdiv id=\"CV-PRESTATION-Y-DEPARTEMENT-DECOUVERTEOISEAUXMIGRATEURS\" data-contexte-id=\"PRESTATION|Y|DEPARTEMENT|DECOUVERTEOISEAUXMIGRATEURS\" data-cle=\"Y|DEPARTEMENT|DECOUVERTEOISEAUXMIGRATEURS\" class=\"fiche-liste\"\u003E\n    \n\n    \u003C!-- partie photo --\u003E\n    \u003Cdiv class=\"photo\"\u003E\t\t\t\t\t\t\t\t\t\t\t\t\t\t\t\t\t\t\t\t\t\n        \u003Cdiv class=\"cadre_photo_principale\"\u003E\t\t\n        \n            \t\t\t\t\t\n                    \u003Ca href=\"?origine=carnet#media\"\u003E\n                        \u003Cimg class=\"photo_principale\" alt=\"photo-5-phragmite-aquatique-cochard-g-29786\" src=\"https:\/\/www.saint-brevin.com\/medias\/images\/prestations\/multitailles\/320x240_photo-5-phragmite-aquatique-cochard-g-29786.jpg\" itemprop=\"image\"\u003E\n                    \u003C\/a\u003E\t\t\t\t\t\t\n                \n                    \u003C\/div\u003E\t\t\t\t\t\t\t\t\t\t\t\t\t\t\t\t\t\t\t \t\t\n    \u003C\/div\u003E\n    \n    \u003C!-- partie nom prest --\u003E\n    \u003Cdiv class=\"nom\"\u003E\n        \u003Ch2\u003ED\u00e9couverte des oiseaux migrateurs\u003C\/h2\u003E\n        \n            \u003C\/div\u003E\n\n     \u003Cul style=\"display: none\" class=\"ouverture_list\"\u003E\u003Cli class=\"ouverture_item\"\u003E\u003Cp class=\"date\" \u003Eam Mittwoch 05 August 2026\u003C\/p\u003E\u003Cp class=\"heure\" \u003Evon 08:00 bis 11:00\u003C\/p\u003E\u003C\/li\u003E\u003C\/ul\u003E    \n    \u003C!-- partie adresse --\u003E\n    \u003Cdiv class=\"adresse\"\u003E\n    \n          \n    \u003C\/div\u003E\n    \n    \u003C!-- partie liens --\u003E\n    \u003Cdiv class=\"liens\"\u003E\n            \u003Ca class=\"btn-icon btn-view \" title=\"Detail  \" href=\"?origine=carnet\"\u003E\u003C\/a\u003E\u003C!--\u003Ca class=\"btn-icon btn-view \" title=\"\" href=\"?origine=carnet#thaut\"\u003E\u003C\/a\u003E--\u003E\n      \u003Ca class=\"btn-icon btn-trash carnet_voyage_supprimer\" title=\"Zur\u00fcckziehen \" href=\"carnet-voyage?action=remove&fiche=Y|DEPARTEMENT|DECOUVERTEOISEAUXMIGRATEURS\"\u003E\u003C\/a\u003E\n    \u003C\/div\u003E\n\n\u003C\/div\u003E\n\n","icon":"https:\/\/static.ingenie.fr\/images\/carnetVoyageV3\/Y.png"},"fiche":"Y|DEPARTEMENT|DECOUVERTEOISEAUXMIGRATEURS","popup":"\u003Cdiv id=\"bloc_popup_ajout_fiche_carnet\"\u003E\n    \u003Cdiv class=\"info_popup_ajout_fiche_carnet\"\u003E\n        Sie haben gerade diesen Artikel zu Ihrer Auswahl hinzugef\u00fcgt :    \u003C\/div\u003E\n    \u003Cdiv class=\"prest_popup_ajout_fiche_carnet\"\u003E\n        D&eacute;couverte des oiseaux migrateurs    \u003C\/div\u003E\n    \u003Cdiv class=\"bloc_btn_ajout_fiche_carnet form_submit_div\"\u003E\n        \u003Cinput type=\"button\" value=\"Fortsetzen  \" title=\"Fortsetzen  \" name=\"btn_close\" class=\"btn_close_popup_carnet form_submit\" onclick=\"$.colorbox.close()\" \/\u003E\n        \u003Cinput type=\"button\" value=\"Bewertung meiner Auswahl  \" title=\"Bewertung meiner Auswahl  \" name=\"btn_panier\" class=\"btn_panier_popup_carnet form_submit\" onclick=\"if(typeof CarnetVoyage != 'undefined') {CarnetVoyage.voirCarnet();}\" \/\u003E\n    \u003C\/div\u003E\n    \u003Cdiv class=\"bloc_btn_ajout_fiche_carnet\"\u003E\n        \u003Cinput type=\"checkbox\" value=\"1\" name=\"desactiver_popup\" id=\"desactiver_popup\" \/\u003E\n        \u003Clabel for=\"desactiver_popup\"\u003EStoppen Sie diese Nachricht aficher \u003C\/label\u003E\n    \u003C\/div\u003E\n\u003C\/div\u003E","success":1}